{"id":2943,"date":"2025-06-12T14:21:46","date_gmt":"2025-06-12T18:21:46","guid":{"rendered":"https:\/\/iamerica.org\/?page_id=2943"},"modified":"2025-06-12T17:35:33","modified_gmt":"2025-06-12T21:35:33","slug":"trumps-2025-travel-ban","status":"publish","type":"page","link":"https:\/\/iamerica.org\/de\/trumps-2025-travel-ban\/","title":{"rendered":"Was Sie \u00fcber Trumps Einreiseverbot f\u00fcr 2025 wissen sollten"},"content":{"rendered":"<div data-elementor-type=\"wp-page\" data-elementor-id=\"2943\" class=\"elementor elementor-2943\" data-elementor-post-type=\"page\">\n\t\t\t\t\t\t<section class=\"elementor-section elementor-top-section elementor-element elementor-element-1af0fee elementor-section-boxed elementor-section-height-default elementor-section-height-default\" data-id=\"1af0fee\" data-element_type=\"section\" data-e-type=\"section\">\n\t\t\t\t\t\t<div class=\"elementor-container elementor-column-gap-wider\">\n\t\t\t\t\t<div class=\"elementor-column elementor-col-66 elementor-top-column elementor-element elementor-element-b92d6b7\" data-id=\"b92d6b7\" data-element_type=\"column\" data-e-type=\"column\">\n\t\t\t<div class=\"elementor-widget-wrap elementor-element-populated\">\n\t\t\t\t\t\t<div class=\"elementor-element elementor-element-50bb508 elementor-widget elementor-widget-heading\" data-id=\"50bb508\" data-element_type=\"widget\" data-e-type=\"widget\" data-widget_type=\"heading.default\">\n\t\t\t\t<div class=\"elementor-widget-container\">\n\t\t\t\t\t<h2 class=\"elementor-heading-title elementor-size-default\">DAS EINREISEVERBOT TRAT AM MONTAG, DEN 9. JUNI 2025, IN KRAFT.<\/h2>\t\t\t\t<\/div>\n\t\t\t\t<\/div>\n\t\t\t\t<div class=\"elementor-element elementor-element-b2517c1 elementor-widget elementor-widget-heading\" data-id=\"b2517c1\" data-element_type=\"widget\" data-e-type=\"widget\" data-widget_type=\"heading.default\">\n\t\t\t\t<div class=\"elementor-widget-container\">\n\t\t\t\t\t<h4 class=\"elementor-heading-title elementor-size-default\">Wenn Sie Fragen zu diesem Verbot haben oder wissen m\u00f6chten, wie es sich auf Sie oder Ihre Familie auswirken k\u00f6nnte, wenden Sie sich bitte an einen vertrauensw\u00fcrdigen Einwanderungsanwalt. <\/h4>\t\t\t\t<\/div>\n\t\t\t\t<\/div>\n\t\t\t\t<div class=\"elementor-element elementor-element-ff1f845 elementor-widget elementor-widget-text-editor\" data-id=\"ff1f845\" data-element_type=\"widget\" data-e-type=\"widget\" data-widget_type=\"text-editor.default\">\n\t\t\t\t<div class=\"elementor-widget-container\">\n\t\t\t\t\t\t\t\t\t<p><em>Am 4. Juni 2025 erlie\u00df Trump eine <a href=\"https:\/\/www.whitehouse.gov\/presidential-actions\/2025\/06\/restricting-the-entry-of-foreign-nationals-to-protect-the-united-states-from-foreign-terrorists-and-other-national-security-and-public-safety-threats\/\" target=\"_blank\" rel=\"noopener\">Proklamation<\/a>Das am 9. Juni 2025 in Kraft tretende Einreiseverbot f\u00fcr Schwarze und Braune aus neunzehn L\u00e4ndern wird die meisten Menschen daran hindern, in die USA zu reisen, \u00e4hnlich wie die rassistischen und fremdenfeindlichen Einreiseverbote f\u00fcr Muslime und Afrikaner, die seine erste Amtszeit pr\u00e4gten. Nachstehend finden Sie weitere Informationen zu dem, was wir wissen und was wir erwarten k\u00f6nnen.<\/em><\/p>\t\t\t\t\t\t\t\t<\/div>\n\t\t\t\t<\/div>\n\t\t\t\t<div class=\"elementor-element elementor-element-033ace0 elementor-widget elementor-widget-heading\" data-id=\"033ace0\" data-element_type=\"widget\" data-e-type=\"widget\" id=\"whatis\" data-widget_type=\"heading.default\">\n\t\t\t\t<div class=\"elementor-widget-container\">\n\t\t\t\t\t<h3 class=\"elementor-heading-title elementor-size-default\">Was ist das aktuelle Einreiseverbot? <\/h3>\t\t\t\t<\/div>\n\t\t\t\t<\/div>\n\t\t\t\t<div class=\"elementor-element elementor-element-b13b319 elementor-widget elementor-widget-text-editor\" data-id=\"b13b319\" data-element_type=\"widget\" data-e-type=\"widget\" data-widget_type=\"text-editor.default\">\n\t\t\t\t<div class=\"elementor-widget-container\">\n\t\t\t\t\t\t\t\t\t<p>Trumps neuestes diskriminierendes und grausames Einreiseverbot verbietet Menschen aus 19 verschiedenen L\u00e4ndern - mit \u00fcberwiegend schwarzer, brauner und muslimischer Bev\u00f6lkerungsmehrheit - in unterschiedlichem Ausma\u00df die Einreise in die USA. F\u00fcr 12 L\u00e4nder ist die Einreise in die USA aus folgenden Gr\u00fcnden verboten <u>jede<\/u> Art von Visum - einschlie\u00dflich Visa auf der Grundlage von Familienpatenschaften (bekannt als \"Einwanderungsvisa\", da sie zu einer Green Card f\u00fchren) oder f\u00fcr Tourismus-, Gesch\u00e4fts- und Studentenvisa (bekannt als \"Nicht-Einwanderungsvisa\", da sie zeitlich begrenzt sind). F\u00fcr die anderen sieben L\u00e4nder ist das Reisen f\u00fcr fast alle Visumkategorien mit einigen wenigen Ausnahmen eingeschr\u00e4nkt.<\/p>\t\t\t\t\t\t\t\t<\/div>\n\t\t\t\t<\/div>\n\t\t\t\t<div class=\"elementor-element elementor-element-893e431 elementor-widget elementor-widget-heading\" data-id=\"893e431\" data-element_type=\"widget\" data-e-type=\"widget\" id=\"whatcountries\" data-widget_type=\"heading.default\">\n\t\t\t\t<div class=\"elementor-widget-container\">\n\t\t\t\t\t<h3 class=\"elementor-heading-title elementor-size-default\">F\u00fcr welche L\u00e4nder gilt das Verbot und wie? <\/h3>\t\t\t\t<\/div>\n\t\t\t\t<\/div>\n\t\t\t\t<div class=\"elementor-element elementor-element-e173190 elementor-widget elementor-widget-text-editor\" data-id=\"e173190\" data-element_type=\"widget\" data-e-type=\"widget\" data-widget_type=\"text-editor.default\">\n\t\t\t\t<div class=\"elementor-widget-container\">\n\t\t\t\t\t\t\t\t\t<p>19 L\u00e4nder insgesamt - wie unten angegeben:<\/p>\t\t\t\t\t\t\t\t<\/div>\n\t\t\t\t<\/div>\n\t\t\t\t<section class=\"elementor-section elementor-inner-section elementor-element elementor-element-1125147 elementor-section-boxed elementor-section-height-default elementor-section-height-default\" data-id=\"1125147\" data-element_type=\"section\" data-e-type=\"section\">\n\t\t\t\t\t\t<div class=\"elementor-container elementor-column-gap-default\">\n\t\t\t\t\t<div class=\"elementor-column elementor-col-50 elementor-inner-column elementor-element elementor-element-49e269f\" data-id=\"49e269f\" data-element_type=\"column\" data-e-type=\"column\">\n\t\t\t<div class=\"elementor-widget-wrap elementor-element-populated\">\n\t\t\t\t\t\t<div class=\"elementor-element elementor-element-b6c6b2f elementor-widget elementor-widget-text-editor\" data-id=\"b6c6b2f\" data-element_type=\"widget\" data-e-type=\"widget\" data-widget_type=\"text-editor.default\">\n\t\t\t\t<div class=\"elementor-widget-container\">\n\t\t\t\t\t\t\t\t\t<p><span style=\"text-decoration: underline;\"><strong>Alle Reiseverbote - 12 L\u00e4nder<\/strong><\/span><br \/><em>Beinhaltet Reisen mit JEDER Art von Visum (sowohl Einwanderer- als auch Nicht-Einwanderer-Visa)<\/em><\/p>\t\t\t\t\t\t\t\t<\/div>\n\t\t\t\t<\/div>\n\t\t\t\t<div class=\"elementor-element elementor-element-b0c16ac elementor-widget elementor-widget-text-editor\" data-id=\"b0c16ac\" data-element_type=\"widget\" data-e-type=\"widget\" data-widget_type=\"text-editor.default\">\n\t\t\t\t<div class=\"elementor-widget-container\">\n\t\t\t\t\t\t\t\t\t<ul><li>Afghanistan<\/li><li>Birma<\/li><li>Chad<\/li><li>Republik Kongo<\/li><li>\u00c4quatorialguinea<\/li><li>Eritrea<\/li><li>Haiti<\/li><li>Iran<\/li><li>Libyen<\/li><li>Somalia<\/li><li>Sudan<\/li><li>Jemen<\/li><\/ul>\t\t\t\t\t\t\t\t<\/div>\n\t\t\t\t<\/div>\n\t\t\t\t\t<\/div>\n\t\t<\/div>\n\t\t\t\t<div class=\"elementor-column elementor-col-50 elementor-inner-column elementor-element elementor-element-fd11ba8\" data-id=\"fd11ba8\" data-element_type=\"column\" data-e-type=\"column\">\n\t\t\t<div class=\"elementor-widget-wrap elementor-element-populated\">\n\t\t\t\t\t\t<div class=\"elementor-element elementor-element-4e76d6c elementor-widget elementor-widget-text-editor\" data-id=\"4e76d6c\" data-element_type=\"widget\" data-e-type=\"widget\" data-widget_type=\"text-editor.default\">\n\t\t\t\t<div class=\"elementor-widget-container\">\n\t\t\t\t\t\t\t\t\t<p><span style=\"text-decoration: underline;\"><strong>Die meisten Reiseverbote - 7 L\u00e4nder<\/strong><\/span><br \/><em>Umfasst Reisen mit Visa, die zu einer Green Card f\u00fchren (Einwanderungsvisa), und bestimmte Arten von befristeten Visa\/Nichteinwanderungsvisa (B-, F-, M- und J-Visa)<\/em><\/p>\t\t\t\t\t\t\t\t<\/div>\n\t\t\t\t<\/div>\n\t\t\t\t<div class=\"elementor-element elementor-element-ec7372c elementor-widget elementor-widget-text-editor\" data-id=\"ec7372c\" data-element_type=\"widget\" data-e-type=\"widget\" data-widget_type=\"text-editor.default\">\n\t\t\t\t<div class=\"elementor-widget-container\">\n\t\t\t\t\t\t\t\t\t<ul><li>Burundi<\/li><li>Kuba<\/li><li>Laos<\/li><li>Sierra Leone<\/li><li>Togo<\/li><li>Turkmenistan<\/li><li>Venezuela<\/li><\/ul>\t\t\t\t\t\t\t\t<\/div>\n\t\t\t\t<\/div>\n\t\t\t\t\t<\/div>\n\t\t<\/div>\n\t\t\t\t\t<\/div>\n\t\t<\/section>\n\t\t\t\t<div class=\"elementor-element elementor-element-3b7c705 elementor-widget elementor-widget-heading\" data-id=\"3b7c705\" data-element_type=\"widget\" data-e-type=\"widget\" id=\"isthisnew\" data-widget_type=\"heading.default\">\n\t\t\t\t<div class=\"elementor-widget-container\">\n\t\t\t\t\t<h3 class=\"elementor-heading-title elementor-size-default\">Ist das neu? <\/h3>\t\t\t\t<\/div>\n\t\t\t\t<\/div>\n\t\t\t\t<div class=\"elementor-element elementor-element-f058b64 elementor-widget elementor-widget-text-editor\" data-id=\"f058b64\" data-element_type=\"widget\" data-e-type=\"widget\" data-widget_type=\"text-editor.default\">\n\t\t\t\t<div class=\"elementor-widget-container\">\n\t\t\t\t\t\t\t\t\t<p>Nein. Im Januar 2017, in seiner ersten Amtszeit, erlie\u00df Trump mehrere Einreiseverbote, die vor Gericht angefochten wurden. Letztendlich best\u00e4tigte der Oberste Gerichtshof der USA im Juni 2018 eines dieser Verbote, das Reisebeschr\u00e4nkungen f\u00fcr bestimmte Staatsangeh\u00f6rige von Iran, Libyen, Nordkorea, Somalia, Syrien, Venezuela und Jemen vorsah. Anfang 2020 erlie\u00df Trump au\u00dferdem mehrere weitere Einreiseverbote, von denen einige mit der Ausbreitung der COVID-Pandemie zusammenhingen und andere generell die Einreise bestimmter Visakategorien untersagten, die bis zu Trumps Ausscheiden aus dem Amt in Kraft blieben.<\/p>\t\t\t\t\t\t\t\t<\/div>\n\t\t\t\t<\/div>\n\t\t\t\t<div class=\"elementor-element elementor-element-f1d8618 elementor-widget elementor-widget-heading\" data-id=\"f1d8618\" data-element_type=\"widget\" data-e-type=\"widget\" id=\"doestheban\" data-widget_type=\"heading.default\">\n\t\t\t\t<div class=\"elementor-widget-container\">\n\t\t\t\t\t<h3 class=\"elementor-heading-title elementor-size-default\">Gilt das Verbot f\u00fcr alle? <\/h3>\t\t\t\t<\/div>\n\t\t\t\t<\/div>\n\t\t\t\t<div class=\"elementor-element elementor-element-eed23d2 elementor-widget elementor-widget-text-editor\" data-id=\"eed23d2\" data-element_type=\"widget\" data-e-type=\"widget\" data-widget_type=\"text-editor.default\">\n\t\t\t\t<div class=\"elementor-widget-container\">\n\t\t\t\t\t\t\t\t\t<p>Nein. Das Verbot gilt nicht f\u00fcr Inhaber einer Green Card oder f\u00fcr Personen, die ab dem 9. Juni 2025 bereits ein Visum f\u00fcr die Einreise in die Vereinigten Staaten erhalten haben. Mit anderen Worten, das Verbot ist nicht r\u00fcckwirkend; es <strong>gilt nur f\u00fcr Personen, die sich ab dem 9. Juni 2025 au\u00dferhalb der USA aufhalten und zu diesem Zeitpunkt noch kein Visum besitzen.<\/strong> Es gibt auch andere Personen, die gem\u00e4\u00df der Proklamation von der Einreise in die USA befreit sind, d.h. denen die Einreise in die USA nicht verboten ist:<\/p><ul><li>Personen, denen in den USA bereits Asyl, Fl\u00fcchtlingsstatus und andere Formen des Schutzes gew\u00e4hrt wurden, wie z. B. die Aufrechterhaltung der Abschiebung oder der Schutz gem\u00e4\u00df dem \u00dcbereinkommen gegen Folter<\/li><li>Personen mit doppelter Staatsb\u00fcrgerschaft, die mit dem Reisepass eines nicht in der Proklamation aufgef\u00fchrten Landes reisen<\/li><li>Reisende mit bestimmten Diplomatenvisa<\/li><li>Athleten und Trainer, die zur Weltmeisterschaft, zu den Olympischen Spielen oder anderen gro\u00dfen Sportereignissen reisen<\/li><li>Personen, die in die USA reisen, um eine Green Card als Ehepartner, unverheiratetes Kind unter 21 Jahren oder Elternteil eines Erwachsenen \u00fcber 21 Jahren, der US-B\u00fcrger ist, zu erhalten.<\/li><li>Bestimmte Kinder, die zum Zwecke der Adoption in die Vereinigten Staaten reisen<\/li><li>Afghanen, die mit einem Sondervisum reisen, das f\u00fcr Personen ausgestellt wurde, die nachweislich im Auftrag der US-Regierung gearbeitet haben.<\/li><li>Personen, die mit einem Einwanderungsvisum f\u00fcr ethnische und religi\u00f6se Minderheiten reisen, die im Iran verfolgt werden<\/li><li>Personen, denen der Generalstaatsanwalt und der Au\u00dfenminister von Fall zu Fall eine Ausnahmegenehmigung erteilen, wenn dies im Interesse der Vereinigten Staaten liegt.<\/li><\/ul>\t\t\t\t\t\t\t\t<\/div>\n\t\t\t\t<\/div>\n\t\t\t\t<div class=\"elementor-element elementor-element-f439428 elementor-widget elementor-widget-heading\" data-id=\"f439428\" data-element_type=\"widget\" data-e-type=\"widget\" id=\"doweexpecttheban\" data-widget_type=\"heading.default\">\n\t\t\t\t<div class=\"elementor-widget-container\">\n\t\t\t\t\t<h3 class=\"elementor-heading-title elementor-size-default\">Ist damit zu rechnen, dass das Verbot vor Gericht angefochten wird? <\/h3>\t\t\t\t<\/div>\n\t\t\t\t<\/div>\n\t\t\t\t<div class=\"elementor-element elementor-element-63c62ae elementor-widget elementor-widget-text-editor\" data-id=\"63c62ae\" data-element_type=\"widget\" data-e-type=\"widget\" data-widget_type=\"text-editor.default\">\n\t\t\t\t<div class=\"elementor-widget-container\">\n\t\t\t\t\t\t\t\t\t<p>Ja, eine gerichtliche Anfechtung ist zwar wahrscheinlich, aber die Erfolgsaussichten sind angesichts der Entscheidung des Obersten Gerichtshofs von 2018 in <em>Trump vs. Hawaii<\/em>und best\u00e4tigte damit eine \u00fcberarbeitete, dritte Version von Trumps Einreiseverbot aus der ersten Amtszeit.<\/p>\t\t\t\t\t\t\t\t<\/div>\n\t\t\t\t<\/div>\n\t\t\t\t<div class=\"elementor-element elementor-element-e411898 elementor-widget elementor-widget-heading\" data-id=\"e411898\" data-element_type=\"widget\" data-e-type=\"widget\" data-widget_type=\"heading.default\">\n\t\t\t\t<div class=\"elementor-widget-container\">\n\t\t\t\t\t<h3 class=\"elementor-heading-title elementor-size-default\">Lassen Sie sich von einem seri\u00f6sen Rechtsdienstleister beraten<\/h3>\t\t\t\t<\/div>\n\t\t\t\t<\/div>\n\t\t\t\t<div class=\"elementor-element elementor-element-d502f91 elementor-widget elementor-widget-text-editor\" data-id=\"d502f91\" data-element_type=\"widget\" data-e-type=\"widget\" data-widget_type=\"text-editor.default\">\n\t\t\t\t<div class=\"elementor-widget-container\">\n\t\t\t\t\t\t\t\t\t<p>Es ist wichtig, dass Sie sich rechtlich beraten lassen, wenn Sie Fragen zum aktuellen Einreiseverbot haben oder wissen m\u00f6chten, wie es sich auf Sie oder Ihre Angeh\u00f6rigen auswirken k\u00f6nnte. H\u00fcten Sie sich vor \"Notarios\" oder Betr\u00fcgern. <a href=\"https:\/\/iamerica.org\/de\/legal-help\/\">Finden Sie einen seri\u00f6sen Rechtsdienstleister in Ihrer N\u00e4he.<\/a><\/p>\t\t\t\t\t\t\t\t<\/div>\n\t\t\t\t<\/div>\n\t\t\t\t<div class=\"elementor-element elementor-element-7c89cfb elementor-widget elementor-widget-heading\" data-id=\"7c89cfb\" data-element_type=\"widget\" data-e-type=\"widget\" data-widget_type=\"heading.default\">\n\t\t\t\t<div class=\"elementor-widget-container\">\n\t\t\t\t\t<h3 class=\"elementor-heading-title elementor-size-default\">Werden Sie aktiv und verschaffen Sie Ihrer Stimme Geh\u00f6r! <\/h3>\t\t\t\t<\/div>\n\t\t\t\t<\/div>\n\t\t\t\t<div class=\"elementor-element elementor-element-01e2197 elementor-widget elementor-widget-text-editor\" data-id=\"01e2197\" data-element_type=\"widget\" data-e-type=\"widget\" data-widget_type=\"text-editor.default\">\n\t\t\t\t<div class=\"elementor-widget-container\">\n\t\t\t\t\t\t\t\t\t<p>Unterst\u00fctzen Sie uns im Kampf f\u00fcr ein gerechteres, humaneres und geordneteres Einwanderungssystem - eines, das zus\u00e4tzliche legale Wege f\u00fcr Einwanderer schafft, um in den USA zu bleiben, und ihnen einen Weg zur Staatsb\u00fcrgerschaft er\u00f6ffnet.<\/p>\t\t\t\t\t\t\t\t<\/div>\n\t\t\t\t<\/div>\n\t\t\t\t<div class=\"elementor-element elementor-element-c79538b elementor-widget elementor-widget-button\" data-id=\"c79538b\" data-element_type=\"widget\" data-e-type=\"widget\" data-widget_type=\"button.default\">\n\t\t\t\t<div class=\"elementor-widget-container\">\n\t\t\t\t\t\t\t\t\t<div class=\"elementor-button-wrapper\">\n\t\t\t\t\t<a class=\"elementor-button elementor-button-link elementor-size-sm\" href=\"https:\/\/iamerica.org\/de\/join-us\/\">\n\t\t\t\t\t\t<span class=\"elementor-button-content-wrapper\">\n\t\t\t\t\t\t\t\t\t<span class=\"elementor-button-text\">Schlie\u00dfen Sie sich unserer Bewegung an<\/span>\n\t\t\t\t\t<\/span>\n\t\t\t\t\t<\/a>\n\t\t\t\t<\/div>\n\t\t\t\t\t\t\t\t<\/div>\n\t\t\t\t<\/div>\n\t\t\t\t\t<\/div>\n\t\t<\/div>\n\t\t\t\t<div class=\"elementor-column elementor-col-33 elementor-top-column elementor-element elementor-element-11f6408\" data-id=\"11f6408\" data-element_type=\"column\" data-e-type=\"column\">\n\t\t\t<div class=\"elementor-widget-wrap elementor-element-populated\">\n\t\t\t\t\t\t<div class=\"elementor-element elementor-element-2d5f6e5 elementor-align-start elementor-icon-list--layout-traditional elementor-list-item-link-full_width elementor-widget elementor-widget-icon-list\" data-id=\"2d5f6e5\" data-element_type=\"widget\" data-e-type=\"widget\" data-widget_type=\"icon-list.default\">\n\t\t\t\t<div class=\"elementor-widget-container\">\n\t\t\t\t\t\t\t<ul class=\"elementor-icon-list-items\">\n\t\t\t\t\t\t\t<li class=\"elementor-icon-list-item\">\n\t\t\t\t\t\t\t\t\t\t<span class=\"elementor-icon-list-text\">SCHNELL-LINKS<\/span>\n\t\t\t\t\t\t\t\t\t<\/li>\n\t\t\t\t\t\t\t\t<li class=\"elementor-icon-list-item\">\n\t\t\t\t\t\t\t\t\t\t\t<a href=\"#whatis\">\n\n\t\t\t\t\t\t\t\t\t\t\t\t<span class=\"elementor-icon-list-icon\">\n\t\t\t\t\t\t\t<svg aria-hidden=\"true\" class=\"e-font-icon-svg e-fas-chevron-circle-right\" viewbox=\"0 0 512 512\" xmlns=\"http:\/\/www.w3.org\/2000\/svg\"><path d=\"M256 8c137 0 248 111 248 248S393 504 256 504 8 393 8 256 119 8 256 8zm113.9 231L234.4 103.5c-9.4-9.4-24.6-9.4-33.9 0l-17 17c-9.4 9.4-9.4 24.6 0 33.9L285.1 256 183.5 357.6c-9.4 9.4-9.4 24.6 0 33.9l17 17c9.4 9.4 24.6 9.4 33.9 0L369.9 273c9.4-9.4 9.4-24.6 0-34z\"><\/path><\/svg>\t\t\t\t\t\t<\/span>\n\t\t\t\t\t\t\t\t\t\t<span class=\"elementor-icon-list-text\">Was ist das aktuelle Einreiseverbot?<\/span>\n\t\t\t\t\t\t\t\t\t\t\t<\/a>\n\t\t\t\t\t\t\t\t\t<\/li>\n\t\t\t\t\t\t\t\t<li class=\"elementor-icon-list-item\">\n\t\t\t\t\t\t\t\t\t\t\t<a href=\"#whatcountries\">\n\n\t\t\t\t\t\t\t\t\t\t\t\t<span class=\"elementor-icon-list-icon\">\n\t\t\t\t\t\t\t<svg aria-hidden=\"true\" class=\"e-font-icon-svg e-fas-chevron-circle-right\" viewbox=\"0 0 512 512\" xmlns=\"http:\/\/www.w3.org\/2000\/svg\"><path d=\"M256 8c137 0 248 111 248 248S393 504 256 504 8 393 8 256 119 8 256 8zm113.9 231L234.4 103.5c-9.4-9.4-24.6-9.4-33.9 0l-17 17c-9.4 9.4-9.4 24.6 0 33.9L285.1 256 183.5 357.6c-9.4 9.4-9.4 24.6 0 33.9l17 17c9.4 9.4 24.6 9.4 33.9 0L369.9 273c9.4-9.4 9.4-24.6 0-34z\"><\/path><\/svg>\t\t\t\t\t\t<\/span>\n\t\t\t\t\t\t\t\t\t\t<span class=\"elementor-icon-list-text\">F\u00fcr welche L\u00e4nder gilt das Verbot und wie?<\/span>\n\t\t\t\t\t\t\t\t\t\t\t<\/a>\n\t\t\t\t\t\t\t\t\t<\/li>\n\t\t\t\t\t\t\t\t<li class=\"elementor-icon-list-item\">\n\t\t\t\t\t\t\t\t\t\t\t<a href=\"#isthisnew\">\n\n\t\t\t\t\t\t\t\t\t\t\t\t<span class=\"elementor-icon-list-icon\">\n\t\t\t\t\t\t\t<svg aria-hidden=\"true\" class=\"e-font-icon-svg e-fas-chevron-circle-right\" viewbox=\"0 0 512 512\" xmlns=\"http:\/\/www.w3.org\/2000\/svg\"><path d=\"M256 8c137 0 248 111 248 248S393 504 256 504 8 393 8 256 119 8 256 8zm113.9 231L234.4 103.5c-9.4-9.4-24.6-9.4-33.9 0l-17 17c-9.4 9.4-9.4 24.6 0 33.9L285.1 256 183.5 357.6c-9.4 9.4-9.4 24.6 0 33.9l17 17c9.4 9.4 24.6 9.4 33.9 0L369.9 273c9.4-9.4 9.4-24.6 0-34z\"><\/path><\/svg>\t\t\t\t\t\t<\/span>\n\t\t\t\t\t\t\t\t\t\t<span class=\"elementor-icon-list-text\">Ist das neu?<\/span>\n\t\t\t\t\t\t\t\t\t\t\t<\/a>\n\t\t\t\t\t\t\t\t\t<\/li>\n\t\t\t\t\t\t\t\t<li class=\"elementor-icon-list-item\">\n\t\t\t\t\t\t\t\t\t\t\t<a href=\"#doestheban\">\n\n\t\t\t\t\t\t\t\t\t\t\t\t<span class=\"elementor-icon-list-icon\">\n\t\t\t\t\t\t\t<svg aria-hidden=\"true\" class=\"e-font-icon-svg e-fas-chevron-circle-right\" viewbox=\"0 0 512 512\" xmlns=\"http:\/\/www.w3.org\/2000\/svg\"><path d=\"M256 8c137 0 248 111 248 248S393 504 256 504 8 393 8 256 119 8 256 8zm113.9 231L234.4 103.5c-9.4-9.4-24.6-9.4-33.9 0l-17 17c-9.4 9.4-9.4 24.6 0 33.9L285.1 256 183.5 357.6c-9.4 9.4-9.4 24.6 0 33.9l17 17c9.4 9.4 24.6 9.4 33.9 0L369.9 273c9.4-9.4 9.4-24.6 0-34z\"><\/path><\/svg>\t\t\t\t\t\t<\/span>\n\t\t\t\t\t\t\t\t\t\t<span class=\"elementor-icon-list-text\">Gilt das Verbot f\u00fcr alle? <\/span>\n\t\t\t\t\t\t\t\t\t\t\t<\/a>\n\t\t\t\t\t\t\t\t\t<\/li>\n\t\t\t\t\t\t\t\t<li class=\"elementor-icon-list-item\">\n\t\t\t\t\t\t\t\t\t\t\t<a href=\"#doweexpecttheban\">\n\n\t\t\t\t\t\t\t\t\t\t\t\t<span class=\"elementor-icon-list-icon\">\n\t\t\t\t\t\t\t<svg aria-hidden=\"true\" class=\"e-font-icon-svg e-fas-chevron-circle-right\" viewbox=\"0 0 512 512\" xmlns=\"http:\/\/www.w3.org\/2000\/svg\"><path d=\"M256 8c137 0 248 111 248 248S393 504 256 504 8 393 8 256 119 8 256 8zm113.9 231L234.4 103.5c-9.4-9.4-24.6-9.4-33.9 0l-17 17c-9.4 9.4-9.4 24.6 0 33.9L285.1 256 183.5 357.6c-9.4 9.4-9.4 24.6 0 33.9l17 17c9.4 9.4 24.6 9.4 33.9 0L369.9 273c9.4-9.4 9.4-24.6 0-34z\"><\/path><\/svg>\t\t\t\t\t\t<\/span>\n\t\t\t\t\t\t\t\t\t\t<span class=\"elementor-icon-list-text\">Ist damit zu rechnen, dass das Verbot vor Gericht angefochten wird? <\/span>\n\t\t\t\t\t\t\t\t\t\t\t<\/a>\n\t\t\t\t\t\t\t\t\t<\/li>\n\t\t\t\t\t\t<\/ul>\n\t\t\t\t\t\t<\/div>\n\t\t\t\t<\/div>\n\t\t\t\t<div class=\"elementor-element elementor-element-3062f9b elementor-widget elementor-widget-image\" data-id=\"3062f9b\" data-element_type=\"widget\" data-e-type=\"widget\" data-widget_type=\"image.default\">\n\t\t\t\t<div class=\"elementor-widget-container\">\n\t\t\t\t\t\t\t\t\t\t\t\t\t\t\t<img fetchpriority=\"high\" decoding=\"async\" width=\"800\" height=\"400\" src=\"https:\/\/iamerica.org\/wp-content\/uploads\/2025\/06\/travel-iStock-1042534060-1024x512.jpg\" class=\"attachment-large size-large wp-image-2945\" alt=\"\" srcset=\"https:\/\/iamerica.org\/wp-content\/uploads\/2025\/06\/travel-iStock-1042534060-1024x512.jpg 1024w, https:\/\/iamerica.org\/wp-content\/uploads\/2025\/06\/travel-iStock-1042534060-300x150.jpg 300w, https:\/\/iamerica.org\/wp-content\/uploads\/2025\/06\/travel-iStock-1042534060-768x384.jpg 768w, https:\/\/iamerica.org\/wp-content\/uploads\/2025\/06\/travel-iStock-1042534060-1536x768.jpg 1536w, https:\/\/iamerica.org\/wp-content\/uploads\/2025\/06\/travel-iStock-1042534060-2048x1024.jpg 2048w, https:\/\/iamerica.org\/wp-content\/uploads\/2025\/06\/travel-iStock-1042534060-18x9.jpg 18w\" sizes=\"(max-width: 800px) 100vw, 800px\" \/>\t\t\t\t\t\t\t\t\t\t\t\t\t\t\t<\/div>\n\t\t\t\t<\/div>\n\t\t\t\t\t<\/div>\n\t\t<\/div>\n\t\t\t\t\t<\/div>\n\t\t<\/section>\n\t\t\t\t<section class=\"elementor-section elementor-top-section elementor-element elementor-element-7234691 elementor-section-full_width elementor-section-stretched elementor-section-height-default elementor-section-height-default\" data-id=\"7234691\" data-element_type=\"section\" data-e-type=\"section\" data-settings=\"{&quot;background_background&quot;:&quot;classic&quot;,&quot;stretch_section&quot;:&quot;section-stretched&quot;}\">\n\t\t\t\t\t\t<div class=\"elementor-container elementor-column-gap-default\">\n\t\t\t\t\t<div class=\"elementor-column elementor-col-50 elementor-top-column elementor-element elementor-element-825da1e\" data-id=\"825da1e\" data-element_type=\"column\" data-e-type=\"column\">\n\t\t\t<div class=\"elementor-widget-wrap elementor-element-populated\">\n\t\t\t\t\t\t<div class=\"elementor-element elementor-element-6913d97 elementor-align-center secondary elementor-widget elementor-widget-button\" data-id=\"6913d97\" data-element_type=\"widget\" data-e-type=\"widget\" data-widget_type=\"button.default\">\n\t\t\t\t<div class=\"elementor-widget-container\">\n\t\t\t\t\t\t\t\t\t<div class=\"elementor-button-wrapper\">\n\t\t\t\t\t<a class=\"elementor-button elementor-button-link elementor-size-sm\" href=\"https:\/\/iamerica.org\/de\/join-us\/\">\n\t\t\t\t\t\t<span class=\"elementor-button-content-wrapper\">\n\t\t\t\t\t\t<span class=\"elementor-button-icon\">\n\t\t\t\t<svg aria-hidden=\"true\" class=\"e-font-icon-svg e-fas-arrow-right\" viewbox=\"0 0 448 512\" xmlns=\"http:\/\/www.w3.org\/2000\/svg\"><path d=\"M190.5 66.9l22.2-22.2c9.4-9.4 24.6-9.4 33.9 0L441 239c9.4 9.4 9.4 24.6 0 33.9L246.6 467.3c-9.4 9.4-24.6 9.4-33.9 0l-22.2-22.2c-9.5-9.5-9.3-25 .4-34.3L311.4 296H24c-13.3 0-24-10.7-24-24v-32c0-13.3 10.7-24 24-24h287.4L190.9 101.2c-9.8-9.3-10-24.8-.4-34.3z\"><\/path><\/svg>\t\t\t<\/span>\n\t\t\t\t\t\t\t\t\t<span class=\"elementor-button-text\">Mitmachen<\/span>\n\t\t\t\t\t<\/span>\n\t\t\t\t\t<\/a>\n\t\t\t\t<\/div>\n\t\t\t\t\t\t\t\t<\/div>\n\t\t\t\t<\/div>\n\t\t\t\t\t<\/div>\n\t\t<\/div>\n\t\t\t\t<div class=\"elementor-column elementor-col-50 elementor-top-column elementor-element elementor-element-8971ea2\" data-id=\"8971ea2\" data-element_type=\"column\" data-e-type=\"column\">\n\t\t\t<div class=\"elementor-widget-wrap elementor-element-populated\">\n\t\t\t\t\t\t<div class=\"elementor-element elementor-element-d55428b elementor-align-center secondary elementor-widget elementor-widget-button\" data-id=\"d55428b\" data-element_type=\"widget\" data-e-type=\"widget\" data-widget_type=\"button.default\">\n\t\t\t\t<div class=\"elementor-widget-container\">\n\t\t\t\t\t\t\t\t\t<div class=\"elementor-button-wrapper\">\n\t\t\t\t\t<a class=\"elementor-button elementor-button-link elementor-size-sm\" href=\"https:\/\/iamerica.org\/de\/take-action\/\">\n\t\t\t\t\t\t<span class=\"elementor-button-content-wrapper\">\n\t\t\t\t\t\t<span class=\"elementor-button-icon\">\n\t\t\t\t<svg aria-hidden=\"true\" class=\"e-font-icon-svg e-fas-arrow-right\" viewbox=\"0 0 448 512\" xmlns=\"http:\/\/www.w3.org\/2000\/svg\"><path d=\"M190.5 66.9l22.2-22.2c9.4-9.4 24.6-9.4 33.9 0L441 239c9.4 9.4 9.4 24.6 0 33.9L246.6 467.3c-9.4 9.4-24.6 9.4-33.9 0l-22.2-22.2c-9.5-9.5-9.3-25 .4-34.3L311.4 296H24c-13.3 0-24-10.7-24-24v-32c0-13.3 10.7-24 24-24h287.4L190.9 101.2c-9.8-9.3-10-24.8-.4-34.3z\"><\/path><\/svg>\t\t\t<\/span>\n\t\t\t\t\t\t\t\t\t<span class=\"elementor-button-text\">Ma\u00dfnahmen ergreifen<\/span>\n\t\t\t\t\t<\/span>\n\t\t\t\t\t<\/a>\n\t\t\t\t<\/div>\n\t\t\t\t\t\t\t\t<\/div>\n\t\t\t\t<\/div>\n\t\t\t\t\t<\/div>\n\t\t<\/div>\n\t\t\t\t\t<\/div>\n\t\t<\/section>\n\t\t\t\t<\/div>","protected":false},"excerpt":{"rendered":"<p>THE TRAVEL BAN TOOK EFFECT ON MONDAY, JUNE 9, 2025. Please seek legal advice from a trusted immigration attorney with questions about this ban or how it might impact you or your family. On June 4, 2025, Trump issued a Proclamation, effective June 9, 2025, that will prevent a majority of Black and brown people [&hellip;]<\/p>\n","protected":false},"author":5,"featured_media":1080,"parent":0,"menu_order":0,"comment_status":"closed","ping_status":"closed","template":"","meta":{"footnotes":"","_links_to":"","_links_to_target":""},"class_list":["post-2943","page","type-page","status-publish","has-post-thumbnail","hentry"],"yoast_head":"<!-- This site is optimized with the Yoast SEO plugin v27.3 - https:\/\/yoast.com\/product\/yoast-seo-wordpress\/ -->\n<title>What You Should Know About Trump\u2019s 2025 Travel Ban - iAmerica<\/title>\n<meta name=\"description\" content=\"iAmerica is the national immigrant justice campaign platform of SEIU. We\u2019re empowering dreams and igniting change by advocating for the rights of all American families.\" \/>\n<meta name=\"robots\" content=\"index, follow, max-snippet:-1, max-image-preview:large, max-video-preview:-1\" \/>\n<link rel=\"canonical\" href=\"https:\/\/iamerica.org\/de\/trumps-2025-travel-ban\/\" \/>\n<meta property=\"og:locale\" content=\"de_DE\" \/>\n<meta property=\"og:type\" content=\"article\" \/>\n<meta property=\"og:title\" content=\"What You Should Know About Trump\u2019s 2025 Travel Ban - iAmerica\" \/>\n<meta property=\"og:description\" content=\"iAmerica is the national immigrant justice campaign platform of SEIU. We\u2019re empowering dreams and igniting change by advocating for the rights of all American families.\" \/>\n<meta property=\"og:url\" content=\"https:\/\/iamerica.org\/de\/trumps-2025-travel-ban\/\" \/>\n<meta property=\"og:site_name\" content=\"iAmerica\" \/>\n<meta property=\"article:publisher\" content=\"https:\/\/www.facebook.com\/iAmericaorg\/\" \/>\n<meta property=\"article:modified_time\" content=\"2025-06-12T21:35:33+00:00\" \/>\n<meta property=\"og:image\" content=\"https:\/\/iamerica.org\/wp-content\/uploads\/2024\/05\/iAmerica-About-Us-scaled.webp\" \/>\n\t<meta property=\"og:image:width\" content=\"2560\" \/>\n\t<meta property=\"og:image:height\" content=\"418\" \/>\n\t<meta property=\"og:image:type\" content=\"image\/webp\" \/>\n<meta name=\"twitter:card\" content=\"summary_large_image\" \/>\n<meta name=\"twitter:site\" content=\"@iamericaorg\" \/>\n<meta name=\"twitter:label1\" content=\"Gesch\u00e4tzte Lesezeit\" \/>\n\t<meta name=\"twitter:data1\" content=\"4 Minuten\" \/>\n<script type=\"application\/ld+json\" class=\"yoast-schema-graph\">{\"@context\":\"https:\\\/\\\/schema.org\",\"@graph\":[{\"@type\":\"WebPage\",\"@id\":\"https:\\\/\\\/iamerica.org\\\/trumps-2025-travel-ban\\\/\",\"url\":\"https:\\\/\\\/iamerica.org\\\/trumps-2025-travel-ban\\\/\",\"name\":\"What You Should Know About Trump\u2019s 2025 Travel Ban - iAmerica\",\"isPartOf\":{\"@id\":\"https:\\\/\\\/iamerica.org\\\/ru\\\/#website\"},\"primaryImageOfPage\":{\"@id\":\"https:\\\/\\\/iamerica.org\\\/trumps-2025-travel-ban\\\/#primaryimage\"},\"image\":{\"@id\":\"https:\\\/\\\/iamerica.org\\\/trumps-2025-travel-ban\\\/#primaryimage\"},\"thumbnailUrl\":\"https:\\\/\\\/iamerica.org\\\/wp-content\\\/uploads\\\/2024\\\/05\\\/iAmerica-About-Us-scaled.webp\",\"datePublished\":\"2025-06-12T18:21:46+00:00\",\"dateModified\":\"2025-06-12T21:35:33+00:00\",\"description\":\"iAmerica is the national immigrant justice campaign platform of SEIU. We\u2019re empowering dreams and igniting change by advocating for the rights of all American families.\",\"breadcrumb\":{\"@id\":\"https:\\\/\\\/iamerica.org\\\/trumps-2025-travel-ban\\\/#breadcrumb\"},\"inLanguage\":\"de-DE\",\"potentialAction\":[{\"@type\":\"ReadAction\",\"target\":[\"https:\\\/\\\/iamerica.org\\\/trumps-2025-travel-ban\\\/\"]}]},{\"@type\":\"ImageObject\",\"inLanguage\":\"de-DE\",\"@id\":\"https:\\\/\\\/iamerica.org\\\/trumps-2025-travel-ban\\\/#primaryimage\",\"url\":\"https:\\\/\\\/iamerica.org\\\/wp-content\\\/uploads\\\/2024\\\/05\\\/iAmerica-About-Us-scaled.webp\",\"contentUrl\":\"https:\\\/\\\/iamerica.org\\\/wp-content\\\/uploads\\\/2024\\\/05\\\/iAmerica-About-Us-scaled.webp\",\"width\":2560,\"height\":418,\"caption\":\"iAmerica About Us Banner\"},{\"@type\":\"BreadcrumbList\",\"@id\":\"https:\\\/\\\/iamerica.org\\\/trumps-2025-travel-ban\\\/#breadcrumb\",\"itemListElement\":[{\"@type\":\"ListItem\",\"position\":1,\"name\":\"Home\",\"item\":\"https:\\\/\\\/iamerica.org\\\/\"},{\"@type\":\"ListItem\",\"position\":2,\"name\":\"What You Should Know About Trump\u2019s 2025 Travel Ban\"}]},{\"@type\":\"WebSite\",\"@id\":\"https:\\\/\\\/iamerica.org\\\/ru\\\/#website\",\"url\":\"https:\\\/\\\/iamerica.org\\\/ru\\\/\",\"name\":\"iAmerica\",\"description\":\"\",\"publisher\":{\"@id\":\"https:\\\/\\\/iamerica.org\\\/ru\\\/#organization\"},\"potentialAction\":[{\"@type\":\"SearchAction\",\"target\":{\"@type\":\"EntryPoint\",\"urlTemplate\":\"https:\\\/\\\/iamerica.org\\\/ru\\\/?s={search_term_string}\"},\"query-input\":{\"@type\":\"PropertyValueSpecification\",\"valueRequired\":true,\"valueName\":\"search_term_string\"}}],\"inLanguage\":\"de-DE\"},{\"@type\":\"Organization\",\"@id\":\"https:\\\/\\\/iamerica.org\\\/ru\\\/#organization\",\"name\":\"iAmerica\",\"url\":\"https:\\\/\\\/iamerica.org\\\/ru\\\/\",\"logo\":{\"@type\":\"ImageObject\",\"inLanguage\":\"de-DE\",\"@id\":\"https:\\\/\\\/iamerica.org\\\/ru\\\/#\\\/schema\\\/logo\\\/image\\\/\",\"url\":\"https:\\\/\\\/iamerica.org\\\/wp-content\\\/uploads\\\/2024\\\/05\\\/iAmerica_Logo_Navy.png\",\"contentUrl\":\"https:\\\/\\\/iamerica.org\\\/wp-content\\\/uploads\\\/2024\\\/05\\\/iAmerica_Logo_Navy.png\",\"width\":2309,\"height\":626,\"caption\":\"iAmerica\"},\"image\":{\"@id\":\"https:\\\/\\\/iamerica.org\\\/ru\\\/#\\\/schema\\\/logo\\\/image\\\/\"},\"sameAs\":[\"https:\\\/\\\/www.facebook.com\\\/iAmericaorg\\\/\",\"https:\\\/\\\/x.com\\\/iamericaorg\",\"https:\\\/\\\/www.instagram.com\\\/iamericaorg\"]}]}<\/script>\n<!-- \/ Yoast SEO plugin. -->","yoast_head_json":{"title":"Was Sie \u00fcber Trumps Einreiseverbot f\u00fcr 2025 wissen sollten - iAmerica","description":"iAmerica ist die nationale Kampagnenplattform der SEIU f\u00fcr die Gerechtigkeit von Einwanderern. Wir st\u00e4rken Tr\u00e4ume und l\u00f6sen Ver\u00e4nderungen aus, indem wir uns f\u00fcr die Rechte aller amerikanischen Familien einsetzen.","robots":{"index":"index","follow":"follow","max-snippet":"max-snippet:-1","max-image-preview":"max-image-preview:large","max-video-preview":"max-video-preview:-1"},"canonical":"https:\/\/iamerica.org\/de\/trumps-2025-travel-ban\/","og_locale":"de_DE","og_type":"article","og_title":"What You Should Know About Trump\u2019s 2025 Travel Ban - iAmerica","og_description":"iAmerica is the national immigrant justice campaign platform of SEIU. We\u2019re empowering dreams and igniting change by advocating for the rights of all American families.","og_url":"https:\/\/iamerica.org\/de\/trumps-2025-travel-ban\/","og_site_name":"iAmerica","article_publisher":"https:\/\/www.facebook.com\/iAmericaorg\/","article_modified_time":"2025-06-12T21:35:33+00:00","og_image":[{"width":2560,"height":418,"url":"https:\/\/iamerica.org\/wp-content\/uploads\/2024\/05\/iAmerica-About-Us-scaled.webp","type":"image\/webp"}],"twitter_card":"summary_large_image","twitter_site":"@iamericaorg","twitter_misc":{"Gesch\u00e4tzte Lesezeit":"4 Minuten"},"schema":{"@context":"https:\/\/schema.org","@graph":[{"@type":"WebPage","@id":"https:\/\/iamerica.org\/trumps-2025-travel-ban\/","url":"https:\/\/iamerica.org\/trumps-2025-travel-ban\/","name":"Was Sie \u00fcber Trumps Einreiseverbot f\u00fcr 2025 wissen sollten - iAmerica","isPartOf":{"@id":"https:\/\/iamerica.org\/ru\/#website"},"primaryImageOfPage":{"@id":"https:\/\/iamerica.org\/trumps-2025-travel-ban\/#primaryimage"},"image":{"@id":"https:\/\/iamerica.org\/trumps-2025-travel-ban\/#primaryimage"},"thumbnailUrl":"https:\/\/iamerica.org\/wp-content\/uploads\/2024\/05\/iAmerica-About-Us-scaled.webp","datePublished":"2025-06-12T18:21:46+00:00","dateModified":"2025-06-12T21:35:33+00:00","description":"iAmerica ist die nationale Kampagnenplattform der SEIU f\u00fcr die Gerechtigkeit von Einwanderern. Wir st\u00e4rken Tr\u00e4ume und l\u00f6sen Ver\u00e4nderungen aus, indem wir uns f\u00fcr die Rechte aller amerikanischen Familien einsetzen.","breadcrumb":{"@id":"https:\/\/iamerica.org\/trumps-2025-travel-ban\/#breadcrumb"},"inLanguage":"de-DE","potentialAction":[{"@type":"ReadAction","target":["https:\/\/iamerica.org\/trumps-2025-travel-ban\/"]}]},{"@type":"ImageObject","inLanguage":"de-DE","@id":"https:\/\/iamerica.org\/trumps-2025-travel-ban\/#primaryimage","url":"https:\/\/iamerica.org\/wp-content\/uploads\/2024\/05\/iAmerica-About-Us-scaled.webp","contentUrl":"https:\/\/iamerica.org\/wp-content\/uploads\/2024\/05\/iAmerica-About-Us-scaled.webp","width":2560,"height":418,"caption":"iAmerica About Us Banner"},{"@type":"BreadcrumbList","@id":"https:\/\/iamerica.org\/trumps-2025-travel-ban\/#breadcrumb","itemListElement":[{"@type":"ListItem","position":1,"name":"Home","item":"https:\/\/iamerica.org\/"},{"@type":"ListItem","position":2,"name":"What You Should Know About Trump\u2019s 2025 Travel Ban"}]},{"@type":"WebSite","@id":"https:\/\/iamerica.org\/ru\/#website","url":"https:\/\/iamerica.org\/ru\/","name":"iAmerika","description":"","publisher":{"@id":"https:\/\/iamerica.org\/ru\/#organization"},"potentialAction":[{"@type":"SearchAction","target":{"@type":"EntryPoint","urlTemplate":"https:\/\/iamerica.org\/ru\/?s={search_term_string}"},"query-input":{"@type":"PropertyValueSpecification","valueRequired":true,"valueName":"search_term_string"}}],"inLanguage":"de-DE"},{"@type":"Organization","@id":"https:\/\/iamerica.org\/ru\/#organization","name":"iAmerika","url":"https:\/\/iamerica.org\/ru\/","logo":{"@type":"ImageObject","inLanguage":"de-DE","@id":"https:\/\/iamerica.org\/ru\/#\/schema\/logo\/image\/","url":"https:\/\/iamerica.org\/wp-content\/uploads\/2024\/05\/iAmerica_Logo_Navy.png","contentUrl":"https:\/\/iamerica.org\/wp-content\/uploads\/2024\/05\/iAmerica_Logo_Navy.png","width":2309,"height":626,"caption":"iAmerica"},"image":{"@id":"https:\/\/iamerica.org\/ru\/#\/schema\/logo\/image\/"},"sameAs":["https:\/\/www.facebook.com\/iAmericaorg\/","https:\/\/x.com\/iamericaorg","https:\/\/www.instagram.com\/iamericaorg"]}]}},"_links":{"self":[{"href":"https:\/\/iamerica.org\/de\/wp-json\/wp\/v2\/pages\/2943","targetHints":{"allow":["GET"]}}],"collection":[{"href":"https:\/\/iamerica.org\/de\/wp-json\/wp\/v2\/pages"}],"about":[{"href":"https:\/\/iamerica.org\/de\/wp-json\/wp\/v2\/types\/page"}],"author":[{"embeddable":true,"href":"https:\/\/iamerica.org\/de\/wp-json\/wp\/v2\/users\/5"}],"replies":[{"embeddable":true,"href":"https:\/\/iamerica.org\/de\/wp-json\/wp\/v2\/comments?post=2943"}],"version-history":[{"count":0,"href":"https:\/\/iamerica.org\/de\/wp-json\/wp\/v2\/pages\/2943\/revisions"}],"wp:featuredmedia":[{"embeddable":true,"href":"https:\/\/iamerica.org\/de\/wp-json\/wp\/v2\/media\/1080"}],"wp:attachment":[{"href":"https:\/\/iamerica.org\/de\/wp-json\/wp\/v2\/media?parent=2943"}],"curies":[{"name":"wp","href":"https:\/\/api.w.org\/{rel}","templated":true}]}}