{"id":875,"date":"2024-05-21T13:38:29","date_gmt":"2024-05-21T13:38:29","guid":{"rendered":"https:\/\/iamerica.wpenginepowered.com\/?page_id=875"},"modified":"2024-07-24T14:14:27","modified_gmt":"2024-07-24T18:14:27","slug":"our-stories","status":"publish","type":"page","link":"https:\/\/iamerica.org\/de\/our-stories\/","title":{"rendered":"Unsere Geschichten"},"content":{"rendered":"<div data-elementor-type=\"wp-page\" data-elementor-id=\"875\" class=\"elementor elementor-875\" data-elementor-post-type=\"page\">\n\t\t\t\t\t\t<section class=\"elementor-section elementor-top-section elementor-element elementor-element-8557994 elementor-section-boxed elementor-section-height-default elementor-section-height-default\" data-id=\"8557994\" data-element_type=\"section\" data-e-type=\"section\">\n\t\t\t\t\t\t<div class=\"elementor-container elementor-column-gap-default\">\n\t\t\t\t\t<div class=\"elementor-column elementor-col-100 elementor-top-column elementor-element elementor-element-b0266ef\" data-id=\"b0266ef\" data-element_type=\"column\" data-e-type=\"column\">\n\t\t\t<div class=\"elementor-widget-wrap elementor-element-populated\">\n\t\t\t\t\t\t<div class=\"elementor-element elementor-element-f41a4a3 elementor-widget elementor-widget-heading\" data-id=\"f41a4a3\" data-element_type=\"widget\" data-e-type=\"widget\" data-widget_type=\"heading.default\">\n\t\t\t\t<div class=\"elementor-widget-container\">\n\t\t\t\t\t<h2 class=\"elementor-heading-title elementor-size-default\">Mit unseren Augen: Geschichten von Einwanderern<\/h2>\t\t\t\t<\/div>\n\t\t\t\t<\/div>\n\t\t\t\t<div class=\"elementor-element elementor-element-91268ba elementor-widget elementor-widget-text-editor\" data-id=\"91268ba\" data-element_type=\"widget\" data-e-type=\"widget\" data-widget_type=\"text-editor.default\">\n\t\t\t\t<div class=\"elementor-widget-container\">\n\t\t\t\t\t\t\t\t\t<p>\"Through Our Eyes\" ist eine Sammlung von Arbeitergeschichten, jede eine einzigartige Erz\u00e4hlung, die die Widerstandsf\u00e4higkeit und Entschlossenheit der Einwanderer widerspiegelt, die auf der Suche nach einem besseren Leben nach Amerika kommen. Entdecken Sie die vielf\u00e4ltigen und inspirierenden Geschichten, die Amerika gemeinsam zu dem kulturellen Geflecht und der Wirtschaftsmacht gemacht haben, die es heute ist.<\/p>\t\t\t\t\t\t\t\t<\/div>\n\t\t\t\t<\/div>\n\t\t\t\t\t<\/div>\n\t\t<\/div>\n\t\t\t\t\t<\/div>\n\t\t<\/section>\n\t\t\t\t<section class=\"elementor-section elementor-top-section elementor-element elementor-element-7d1a83a elementor-section-boxed elementor-section-height-default elementor-section-height-default\" data-id=\"7d1a83a\" data-element_type=\"section\" data-e-type=\"section\">\n\t\t\t\t\t\t<div class=\"elementor-container elementor-column-gap-default\">\n\t\t\t\t\t<div class=\"elementor-column elementor-col-100 elementor-top-column elementor-element elementor-element-e848435\" data-id=\"e848435\" data-element_type=\"column\" data-e-type=\"column\">\n\t\t\t<div class=\"elementor-widget-wrap elementor-element-populated\">\n\t\t\t\t\t\t<section class=\"elementor-section elementor-inner-section elementor-element elementor-element-4324d38 elementor-section-boxed elementor-section-height-default elementor-section-height-default\" data-id=\"4324d38\" data-element_type=\"section\" data-e-type=\"section\">\n\t\t\t\t\t\t<div class=\"elementor-container elementor-column-gap-default\">\n\t\t\t\t\t<div class=\"elementor-column elementor-col-33 elementor-inner-column elementor-element elementor-element-66e4882\" data-id=\"66e4882\" data-element_type=\"column\" data-e-type=\"column\">\n\t\t\t<div class=\"elementor-widget-wrap elementor-element-populated\">\n\t\t\t\t\t\t<div class=\"elementor-element elementor-element-df9f0ae elementor-widget elementor-widget-heading\" data-id=\"df9f0ae\" data-element_type=\"widget\" data-e-type=\"widget\" data-widget_type=\"heading.default\">\n\t\t\t\t<div class=\"elementor-widget-container\">\n\t\t\t\t\t<h5 class=\"elementor-heading-title elementor-size-default\">Nach Art der Geschichte filtern:<\/h5>\t\t\t\t<\/div>\n\t\t\t\t<\/div>\n\t\t\t\t<div class=\"elementor-element elementor-element-a0918e7 elementor-widget elementor-widget-shortcode\" data-id=\"a0918e7\" data-element_type=\"widget\" data-e-type=\"widget\" data-widget_type=\"shortcode.default\">\n\t\t\t\t<div class=\"elementor-widget-container\">\n\t\t\t\t\t\t\t<div class=\"elementor-shortcode\"><div class=\"facetwp-facet facetwp-facet-our_stories_filter facetwp-type-dropdown\" data-name=\"our_stories_filter\" data-type=\"dropdown\"><\/div><\/div>\n\t\t\t\t\t\t<\/div>\n\t\t\t\t<\/div>\n\t\t\t\t\t<\/div>\n\t\t<\/div>\n\t\t\t\t<div class=\"elementor-column elementor-col-33 elementor-inner-column elementor-element elementor-element-2416e63\" data-id=\"2416e63\" data-element_type=\"column\" data-e-type=\"column\">\n\t\t\t<div class=\"elementor-widget-wrap\">\n\t\t\t\t\t\t\t<\/div>\n\t\t<\/div>\n\t\t\t\t<div class=\"elementor-column elementor-col-33 elementor-inner-column elementor-element elementor-element-165b86d\" data-id=\"165b86d\" data-element_type=\"column\" data-e-type=\"column\">\n\t\t\t<div class=\"elementor-widget-wrap\">\n\t\t\t\t\t\t\t<\/div>\n\t\t<\/div>\n\t\t\t\t\t<\/div>\n\t\t<\/section>\n\t\t\t\t<div class=\"facetwp-template facetwp-elementor-widget elementor-element elementor-element-240330a elementor-grid-3 elementor-grid-tablet-2 elementor-grid-mobile-1 elementor-posts--thumbnail-top elementor-card-shadow-yes elementor-posts__hover-gradient load-more-align-center elementor-widget elementor-widget-posts\" data-id=\"240330a\" data-element_type=\"widget\" data-e-type=\"widget\" data-settings=\"{&quot;pagination_type&quot;:&quot;load_more_on_click&quot;,&quot;cards_columns&quot;:&quot;3&quot;,&quot;cards_columns_tablet&quot;:&quot;2&quot;,&quot;cards_columns_mobile&quot;:&quot;1&quot;,&quot;cards_row_gap&quot;:{&quot;unit&quot;:&quot;px&quot;,&quot;size&quot;:35,&quot;sizes&quot;:[]},&quot;cards_row_gap_widescreen&quot;:{&quot;unit&quot;:&quot;px&quot;,&quot;size&quot;:&quot;&quot;,&quot;sizes&quot;:[]},&quot;cards_row_gap_laptop&quot;:{&quot;unit&quot;:&quot;px&quot;,&quot;size&quot;:&quot;&quot;,&quot;sizes&quot;:[]},&quot;cards_row_gap_tablet_extra&quot;:{&quot;unit&quot;:&quot;px&quot;,&quot;size&quot;:&quot;&quot;,&quot;sizes&quot;:[]},&quot;cards_row_gap_tablet&quot;:{&quot;unit&quot;:&quot;px&quot;,&quot;size&quot;:&quot;&quot;,&quot;sizes&quot;:[]},&quot;cards_row_gap_mobile_extra&quot;:{&quot;unit&quot;:&quot;px&quot;,&quot;size&quot;:&quot;&quot;,&quot;sizes&quot;:[]},&quot;cards_row_gap_mobile&quot;:{&quot;unit&quot;:&quot;px&quot;,&quot;size&quot;:&quot;&quot;,&quot;sizes&quot;:[]},&quot;load_more_spinner&quot;:{&quot;value&quot;:&quot;fas fa-spinner&quot;,&quot;library&quot;:&quot;fa-solid&quot;}}\" data-widget_type=\"posts.cards\">\n\t\t\t\t<div class=\"elementor-widget-container\">\n\t\t\t\t\t\t\t<div class=\"elementor-posts-container elementor-posts elementor-posts--skin-cards elementor-grid\" role=\"list\">\n\t\t\t\t<article class=\"elementor-post elementor-grid-item post-815 post type-post status-publish format-standard has-post-thumbnail hentry category-our-stories tag-first-generation tag-refugee\" role=\"listitem\">\n\t\t\t<div class=\"elementor-post__card\">\n\t\t\t\t<a class=\"elementor-post__thumbnail__link\" href=\"https:\/\/iamerica.org\/de\/yoshi-her-son-of-hmong-refugees-and-seiu-hcmn-member\/\" tabindex=\"-1\" ><div class=\"elementor-post__thumbnail\"><img fetchpriority=\"high\" decoding=\"async\" width=\"300\" height=\"167\" src=\"https:\/\/iamerica.org\/wp-content\/uploads\/2024\/05\/IAmerica_Yoshi-300x167.png\" class=\"attachment-medium size-medium wp-image-1835\" alt=\"man at microphone with illustrated speech bubble beside him\" srcset=\"https:\/\/iamerica.org\/wp-content\/uploads\/2024\/05\/IAmerica_Yoshi-300x167.png 300w, https:\/\/iamerica.org\/wp-content\/uploads\/2024\/05\/IAmerica_Yoshi.png 710w\" sizes=\"(max-width: 300px) 100vw, 300px\" \/><\/div><\/a>\n\t\t\t\t<div class=\"elementor-post__text\">\n\t\t\t\t<h3 class=\"elementor-post__title\">\n\t\t\t<a href=\"https:\/\/iamerica.org\/de\/yoshi-her-son-of-hmong-refugees-and-seiu-hcmn-member\/\" >\n\t\t\t\tYoshi Her, Sohn von Hmong-Fl\u00fcchtlingen und SEIU HCMN-Mitglied\t\t\t<\/a>\n\t\t<\/h3>\n\t\t\t\t<div class=\"elementor-post__excerpt\">\n\t\t\t<p>Ich wurde in den Vereinigten Staaten geboren, meine Eltern jedoch nicht. Als Hmong-Fl\u00fcchtlinge wanderten sie von Laos in ein Fl\u00fcchtlingslager in Thailand<\/p>\n\t\t<\/div>\n\t\t\t\t\t<div class=\"elementor-post__read-more-wrapper\">\n\t\t\n\t\t<a class=\"elementor-post__read-more\" href=\"https:\/\/iamerica.org\/de\/yoshi-her-son-of-hmong-refugees-and-seiu-hcmn-member\/\" aria-label=\"Mehr \u00fcber Yoshi Her, son of Hmong refugees and SEIU HCMN member\" tabindex=\"-1\" >\n\t\t\tMehr lesen <i class=\"fa-solid fa-arrow-right\"><\/i>\t\t<\/a>\n\n\t\t\t\t\t<\/div>\n\t\t\t\t<\/div>\n\t\t\t\t<div class=\"elementor-post__meta-data\">\n\t\t\t\t\t<span class=\"elementor-post-date\">\n\t\t\tMai 16, 2024\t\t<\/span>\n\t\t\t\t<\/div>\n\t\t\t\t\t<\/div>\n\t\t<\/article>\n\t\t\t\t<article class=\"elementor-post elementor-grid-item post-807 post type-post status-publish format-standard has-post-thumbnail hentry category-our-stories tag-first-generation tag-naturalized-citizen\" role=\"listitem\">\n\t\t\t<div class=\"elementor-post__card\">\n\t\t\t\t<a class=\"elementor-post__thumbnail__link\" href=\"https:\/\/iamerica.org\/de\/teresa-deleon-immigrant-from-the-philippines-and-member-of-seiu-1199nw\/\" tabindex=\"-1\" ><div class=\"elementor-post__thumbnail\"><img decoding=\"async\" width=\"300\" height=\"167\" src=\"https:\/\/iamerica.org\/wp-content\/uploads\/2024\/05\/IAmerica_Teresa-1-300x167.png\" class=\"attachment-medium size-medium wp-image-898\" alt=\"Teresa, SEIU Member\" srcset=\"https:\/\/iamerica.org\/wp-content\/uploads\/2024\/05\/IAmerica_Teresa-1-300x167.png 300w, https:\/\/iamerica.org\/wp-content\/uploads\/2024\/05\/IAmerica_Teresa-1.png 710w\" sizes=\"(max-width: 300px) 100vw, 300px\" \/><\/div><\/a>\n\t\t\t\t<div class=\"elementor-post__text\">\n\t\t\t\t<h3 class=\"elementor-post__title\">\n\t\t\t<a href=\"https:\/\/iamerica.org\/de\/teresa-deleon-immigrant-from-the-philippines-and-member-of-seiu-1199nw\/\" >\n\t\t\t\tTeresa DeLeon, Einwanderin von den Philippinen und Mitglied der SEIU 1199NW\t\t\t<\/a>\n\t\t<\/h3>\n\t\t\t\t<div class=\"elementor-post__excerpt\">\n\t\t\t<p>Als mein Vater zum ersten Mal in die USA kam, schlief er auf der Couch seines Cousins in einer Ein-Zimmer-Wohnung. Nachts schlich er sich in die Wohnung<\/p>\n\t\t<\/div>\n\t\t\t\t\t<div class=\"elementor-post__read-more-wrapper\">\n\t\t\n\t\t<a class=\"elementor-post__read-more\" href=\"https:\/\/iamerica.org\/de\/teresa-deleon-immigrant-from-the-philippines-and-member-of-seiu-1199nw\/\" aria-label=\"Mehr \u00fcber Teresa DeLeon, immigrant from the Philippines and member of SEIU 1199NW\" tabindex=\"-1\" >\n\t\t\tMehr lesen <i class=\"fa-solid fa-arrow-right\"><\/i>\t\t<\/a>\n\n\t\t\t\t\t<\/div>\n\t\t\t\t<\/div>\n\t\t\t\t<div class=\"elementor-post__meta-data\">\n\t\t\t\t\t<span class=\"elementor-post-date\">\n\t\t\tMai 16, 2024\t\t<\/span>\n\t\t\t\t<\/div>\n\t\t\t\t\t<\/div>\n\t\t<\/article>\n\t\t\t\t<article class=\"elementor-post elementor-grid-item post-804 post type-post status-publish format-standard has-post-thumbnail hentry category-featured category-our-stories tag-first-generation tag-naturalized-citizen\" role=\"listitem\">\n\t\t\t<div class=\"elementor-post__card\">\n\t\t\t\t<a class=\"elementor-post__thumbnail__link\" href=\"https:\/\/iamerica.org\/de\/mery-davis-home-care-worker-and-seiu-1199-member\/\" tabindex=\"-1\" ><div class=\"elementor-post__thumbnail\"><img decoding=\"async\" width=\"300\" height=\"167\" src=\"https:\/\/iamerica.org\/wp-content\/uploads\/2024\/05\/IAmerica_Mery-1-300x167.png\" class=\"attachment-medium size-medium wp-image-897\" alt=\"Mery, SEIU member\" srcset=\"https:\/\/iamerica.org\/wp-content\/uploads\/2024\/05\/IAmerica_Mery-1-300x167.png 300w, https:\/\/iamerica.org\/wp-content\/uploads\/2024\/05\/IAmerica_Mery-1.png 710w\" sizes=\"(max-width: 300px) 100vw, 300px\" \/><\/div><\/a>\n\t\t\t\t<div class=\"elementor-post__text\">\n\t\t\t\t<h3 class=\"elementor-post__title\">\n\t\t\t<a href=\"https:\/\/iamerica.org\/de\/mery-davis-home-care-worker-and-seiu-1199-member\/\" >\n\t\t\t\tMery Davis, Hauspflegerin und SEIU 1199-Mitglied\t\t\t<\/a>\n\t\t<\/h3>\n\t\t\t\t<div class=\"elementor-post__excerpt\">\n\t\t\t<p>Ich habe nur sehr wenige Fotos aus meinem Leben vor meiner Ankunft in Amerika. Irgendwann hatte ich mal ein Foto von meinen Schwestern und mir, als sie nach der Geburt meines ersten Kindes Honduras besuchten. Aber als ich anfing, in Amerika zu arbeiten, raubte mich jemand aus und nahm meine Tasche, in der das Foto war. Dieser Verlust hat mich aber nicht davon abgehalten, hier ein gutes Leben zu f\u00fchren.<\/p>\n\t\t<\/div>\n\t\t\t\t\t<div class=\"elementor-post__read-more-wrapper\">\n\t\t\n\t\t<a class=\"elementor-post__read-more\" href=\"https:\/\/iamerica.org\/de\/mery-davis-home-care-worker-and-seiu-1199-member\/\" aria-label=\"Mehr \u00fcber Mery Davis, home care worker and SEIU 1199 member\" tabindex=\"-1\" >\n\t\t\tMehr lesen <i class=\"fa-solid fa-arrow-right\"><\/i>\t\t<\/a>\n\n\t\t\t\t\t<\/div>\n\t\t\t\t<\/div>\n\t\t\t\t<div class=\"elementor-post__meta-data\">\n\t\t\t\t\t<span class=\"elementor-post-date\">\n\t\t\tMai 16, 2024\t\t<\/span>\n\t\t\t\t<\/div>\n\t\t\t\t\t<\/div>\n\t\t<\/article>\n\t\t\t\t<article class=\"elementor-post elementor-grid-item post-790 post type-post status-publish format-standard has-post-thumbnail hentry category-our-stories tag-first-generation tag-naturalized-citizen\" role=\"listitem\">\n\t\t\t<div class=\"elementor-post__card\">\n\t\t\t\t<a class=\"elementor-post__thumbnail__link\" href=\"https:\/\/iamerica.org\/de\/marlyn-hoilette-immigrant-from-jamaica-and-seiu-1199-member\/\" tabindex=\"-1\" ><div class=\"elementor-post__thumbnail\"><img loading=\"lazy\" decoding=\"async\" width=\"300\" height=\"167\" src=\"https:\/\/iamerica.org\/wp-content\/uploads\/2024\/05\/IAmerica_Marlyn-1-300x167.png\" class=\"attachment-medium size-medium wp-image-896\" alt=\"Marlyn, SEIU member\" srcset=\"https:\/\/iamerica.org\/wp-content\/uploads\/2024\/05\/IAmerica_Marlyn-1-300x167.png 300w, https:\/\/iamerica.org\/wp-content\/uploads\/2024\/05\/IAmerica_Marlyn-1.png 710w\" sizes=\"(max-width: 300px) 100vw, 300px\" \/><\/div><\/a>\n\t\t\t\t<div class=\"elementor-post__text\">\n\t\t\t\t<h3 class=\"elementor-post__title\">\n\t\t\t<a href=\"https:\/\/iamerica.org\/de\/marlyn-hoilette-immigrant-from-jamaica-and-seiu-1199-member\/\" >\n\t\t\t\tMarlyn Hoilette, Einwanderin aus Jamaika und SEIU 1199-Mitglied\t\t\t<\/a>\n\t\t<\/h3>\n\t\t\t\t<div class=\"elementor-post__excerpt\">\n\t\t\t<p>Ich bin eines von sieben Geschwistern. Drei von uns leben in Florida und vier in New York. Zwei meiner Br\u00fcder arbeiten im Transportwesen in<\/p>\n\t\t<\/div>\n\t\t\t\t\t<div class=\"elementor-post__read-more-wrapper\">\n\t\t\n\t\t<a class=\"elementor-post__read-more\" href=\"https:\/\/iamerica.org\/de\/marlyn-hoilette-immigrant-from-jamaica-and-seiu-1199-member\/\" aria-label=\"Mehr \u00fcber Marlyn Hoilette, immigrant from Jamaica and SEIU 1199 member\" tabindex=\"-1\" >\n\t\t\tMehr lesen <i class=\"fa-solid fa-arrow-right\"><\/i>\t\t<\/a>\n\n\t\t\t\t\t<\/div>\n\t\t\t\t<\/div>\n\t\t\t\t<div class=\"elementor-post__meta-data\">\n\t\t\t\t\t<span class=\"elementor-post-date\">\n\t\t\tMai 16, 2024\t\t<\/span>\n\t\t\t\t<\/div>\n\t\t\t\t\t<\/div>\n\t\t<\/article>\n\t\t\t\t<article class=\"elementor-post elementor-grid-item post-783 post type-post status-publish format-standard has-post-thumbnail hentry category-our-stories tag-ally\" role=\"listitem\">\n\t\t\t<div class=\"elementor-post__card\">\n\t\t\t\t<a class=\"elementor-post__thumbnail__link\" href=\"https:\/\/iamerica.org\/de\/markita-blanchard-public-school-janitor-from-detroit-michigan-and-seiu-local-1-member\/\" tabindex=\"-1\" ><div class=\"elementor-post__thumbnail\"><img loading=\"lazy\" decoding=\"async\" width=\"300\" height=\"167\" src=\"https:\/\/iamerica.org\/wp-content\/uploads\/2024\/05\/IAmerica_Markita-1-300x167.png\" class=\"attachment-medium size-medium wp-image-895\" alt=\"Markita, SEIU member\" srcset=\"https:\/\/iamerica.org\/wp-content\/uploads\/2024\/05\/IAmerica_Markita-1-300x167.png 300w, https:\/\/iamerica.org\/wp-content\/uploads\/2024\/05\/IAmerica_Markita-1.png 710w\" sizes=\"(max-width: 300px) 100vw, 300px\" \/><\/div><\/a>\n\t\t\t\t<div class=\"elementor-post__text\">\n\t\t\t\t<h3 class=\"elementor-post__title\">\n\t\t\t<a href=\"https:\/\/iamerica.org\/de\/markita-blanchard-public-school-janitor-from-detroit-michigan-and-seiu-local-1-member\/\" >\n\t\t\t\tMarkita Blanchard, Hausmeisterin einer \u00f6ffentlichen Schule in Detroit, Michigan und Mitglied der SEIU Local 1\t\t\t<\/a>\n\t\t<\/h3>\n\t\t\t\t<div class=\"elementor-post__excerpt\">\n\t\t\t<p>Ich hatte eine m\u00e4rchenhafte Kindheit, als ich in der Westside von Detroit aufwuchs. Meine drei Br\u00fcder und ich leben in dem Haus, in dem wir aufgewachsen sind.<\/p>\n\t\t<\/div>\n\t\t\t\t\t<div class=\"elementor-post__read-more-wrapper\">\n\t\t\n\t\t<a class=\"elementor-post__read-more\" href=\"https:\/\/iamerica.org\/de\/markita-blanchard-public-school-janitor-from-detroit-michigan-and-seiu-local-1-member\/\" aria-label=\"Mehr \u00fcber Markita Blanchard, public school janitor from Detroit, Michigan and SEIU Local 1 member\" tabindex=\"-1\" >\n\t\t\tMehr lesen <i class=\"fa-solid fa-arrow-right\"><\/i>\t\t<\/a>\n\n\t\t\t\t\t<\/div>\n\t\t\t\t<\/div>\n\t\t\t\t<div class=\"elementor-post__meta-data\">\n\t\t\t\t\t<span class=\"elementor-post-date\">\n\t\t\tMai 16, 2024\t\t<\/span>\n\t\t\t\t<\/div>\n\t\t\t\t\t<\/div>\n\t\t<\/article>\n\t\t\t\t<article class=\"elementor-post elementor-grid-item post-775 post type-post status-publish format-standard has-post-thumbnail hentry category-our-stories tag-first-generation\" role=\"listitem\">\n\t\t\t<div class=\"elementor-post__card\">\n\t\t\t\t<a class=\"elementor-post__thumbnail__link\" href=\"https:\/\/iamerica.org\/de\/maria-nuno-estrada-first-generation-immigrant-and-workers-united-member\/\" tabindex=\"-1\" ><div class=\"elementor-post__thumbnail\"><img loading=\"lazy\" decoding=\"async\" width=\"300\" height=\"167\" src=\"https:\/\/iamerica.org\/wp-content\/uploads\/2024\/05\/IAmerica_Maria-1-300x167.png\" class=\"attachment-medium size-medium wp-image-894\" alt=\"Maria, SEIU worker, holding a sign that says &quot;Tu Yo Somos America&quot;\" srcset=\"https:\/\/iamerica.org\/wp-content\/uploads\/2024\/05\/IAmerica_Maria-1-300x167.png 300w, https:\/\/iamerica.org\/wp-content\/uploads\/2024\/05\/IAmerica_Maria-1.png 710w\" sizes=\"(max-width: 300px) 100vw, 300px\" \/><\/div><\/a>\n\t\t\t\t<div class=\"elementor-post__text\">\n\t\t\t\t<h3 class=\"elementor-post__title\">\n\t\t\t<a href=\"https:\/\/iamerica.org\/de\/maria-nuno-estrada-first-generation-immigrant-and-workers-united-member\/\" >\n\t\t\t\tMaria Nuno-Estrada, Einwanderin der ersten Generation und Mitglied von Workers United\t\t\t<\/a>\n\t\t<\/h3>\n\t\t\t\t<div class=\"elementor-post__excerpt\">\n\t\t\t<p>Der amerikanische Traum - ein Ethos, das viele anstreben und doch nur schwer zu erreichen ist. F\u00fcr einige ist es eine grundlegende Hoffnung, friedlich schlafen zu k\u00f6nnen<\/p>\n\t\t<\/div>\n\t\t\t\t\t<div class=\"elementor-post__read-more-wrapper\">\n\t\t\n\t\t<a class=\"elementor-post__read-more\" href=\"https:\/\/iamerica.org\/de\/maria-nuno-estrada-first-generation-immigrant-and-workers-united-member\/\" aria-label=\"Mehr \u00fcber Maria Nuno-Estrada, first-generation immigrant and Workers United member\" tabindex=\"-1\" >\n\t\t\tMehr lesen <i class=\"fa-solid fa-arrow-right\"><\/i>\t\t<\/a>\n\n\t\t\t\t\t<\/div>\n\t\t\t\t<\/div>\n\t\t\t\t<div class=\"elementor-post__meta-data\">\n\t\t\t\t\t<span class=\"elementor-post-date\">\n\t\t\tMai 16, 2024\t\t<\/span>\n\t\t\t\t<\/div>\n\t\t\t\t\t<\/div>\n\t\t<\/article>\n\t\t\t\t<article class=\"elementor-post elementor-grid-item post-768 post type-post status-publish format-standard has-post-thumbnail hentry category-our-stories tag-first-generation tag-naturalized-citizen\" role=\"listitem\">\n\t\t\t<div class=\"elementor-post__card\">\n\t\t\t\t<a class=\"elementor-post__thumbnail__link\" href=\"https:\/\/iamerica.org\/de\/bobby-dutta-immigrant-from-india-and-seiu-local-1000-member\/\" tabindex=\"-1\" ><div class=\"elementor-post__thumbnail\"><img loading=\"lazy\" decoding=\"async\" width=\"300\" height=\"217\" src=\"https:\/\/iamerica.org\/wp-content\/uploads\/2024\/05\/BobbyDutta-300x217.png\" class=\"attachment-medium size-medium wp-image-834\" alt=\"Bobby Dutta, immigrant from India and SEIU Local 1000 member\" srcset=\"https:\/\/iamerica.org\/wp-content\/uploads\/2024\/05\/BobbyDutta-300x217.png 300w, https:\/\/iamerica.org\/wp-content\/uploads\/2024\/05\/BobbyDutta-1024x740.png 1024w, https:\/\/iamerica.org\/wp-content\/uploads\/2024\/05\/BobbyDutta-768x555.png 768w, https:\/\/iamerica.org\/wp-content\/uploads\/2024\/05\/BobbyDutta.png 1440w\" sizes=\"(max-width: 300px) 100vw, 300px\" \/><\/div><\/a>\n\t\t\t\t<div class=\"elementor-post__text\">\n\t\t\t\t<h3 class=\"elementor-post__title\">\n\t\t\t<a href=\"https:\/\/iamerica.org\/de\/bobby-dutta-immigrant-from-india-and-seiu-local-1000-member\/\" >\n\t\t\t\tBobby Dutta, Einwanderer aus Indien und Mitglied der SEIU Local 1000\t\t\t<\/a>\n\t\t<\/h3>\n\t\t\t\t<div class=\"elementor-post__excerpt\">\n\t\t\t<p>Ich bin in Indien geboren und aufgewachsen und kam in den sp\u00e4ten 1970er Jahren als Teenager in die Vereinigten Staaten. Meine Geschichte der Familientrennung begann, als<\/p>\n\t\t<\/div>\n\t\t\t\t\t<div class=\"elementor-post__read-more-wrapper\">\n\t\t\n\t\t<a class=\"elementor-post__read-more\" href=\"https:\/\/iamerica.org\/de\/bobby-dutta-immigrant-from-india-and-seiu-local-1000-member\/\" aria-label=\"Mehr \u00fcber Bobby Dutta, immigrant from India and SEIU Local 1000 member\" tabindex=\"-1\" >\n\t\t\tMehr lesen <i class=\"fa-solid fa-arrow-right\"><\/i>\t\t<\/a>\n\n\t\t\t\t\t<\/div>\n\t\t\t\t<\/div>\n\t\t\t\t<div class=\"elementor-post__meta-data\">\n\t\t\t\t\t<span class=\"elementor-post-date\">\n\t\t\tMai 16, 2024\t\t<\/span>\n\t\t\t\t<\/div>\n\t\t\t\t\t<\/div>\n\t\t<\/article>\n\t\t\t\t<\/div>\n\t\t\t\t\t<span class=\"e-load-more-spinner\">\n\t\t\t\t<svg aria-hidden=\"true\" class=\"e-font-icon-svg e-fas-spinner\" viewbox=\"0 0 512 512\" xmlns=\"http:\/\/www.w3.org\/2000\/svg\"><path d=\"M304 48c0 26.51-21.49 48-48 48s-48-21.49-48-48 21.49-48 48-48 48 21.49 48 48zm-48 368c-26.51 0-48 21.49-48 48s21.49 48 48 48 48-21.49 48-48-21.49-48-48-48zm208-208c-26.51 0-48 21.49-48 48s21.49 48 48 48 48-21.49 48-48-21.49-48-48-48zM96 256c0-26.51-21.49-48-48-48S0 229.49 0 256s21.49 48 48 48 48-21.49 48-48zm12.922 99.078c-26.51 0-48 21.49-48 48s21.49 48 48 48 48-21.49 48-48c0-26.509-21.491-48-48-48zm294.156 0c-26.51 0-48 21.49-48 48s21.49 48 48 48 48-21.49 48-48c0-26.509-21.49-48-48-48zM108.922 60.922c-26.51 0-48 21.49-48 48s21.49 48 48 48 48-21.49 48-48-21.491-48-48-48z\"><\/path><\/svg>\t\t\t<\/span>\n\t\t\n\t\t\t\t\t\t<\/div>\n\t\t\t\t<\/div>\n\t\t\t\t\t<\/div>\n\t\t<\/div>\n\t\t\t\t\t<\/div>\n\t\t<\/section>\n\t\t\t\t<section class=\"elementor-section elementor-top-section elementor-element elementor-element-37ff880 elementor-section-full_width elementor-section-content-middle elementor-section-stretched elementor-section-height-default elementor-section-height-default\" data-id=\"37ff880\" data-element_type=\"section\" data-e-type=\"section\" data-settings=\"{&quot;stretch_section&quot;:&quot;section-stretched&quot;}\">\n\t\t\t\t\t\t<div class=\"elementor-container elementor-column-gap-default\">\n\t\t\t\t\t<div class=\"elementor-column elementor-col-50 elementor-top-column elementor-element elementor-element-2d7c7f9\" data-id=\"2d7c7f9\" data-element_type=\"column\" data-e-type=\"column\" data-settings=\"{&quot;background_background&quot;:&quot;classic&quot;}\">\n\t\t\t<div class=\"elementor-widget-wrap elementor-element-populated\">\n\t\t\t\t\t\t<div class=\"elementor-element elementor-element-ee98309 elementor-widget elementor-widget-heading\" data-id=\"ee98309\" data-element_type=\"widget\" data-e-type=\"widget\" data-widget_type=\"heading.default\">\n\t\t\t\t<div class=\"elementor-widget-container\">\n\t\t\t\t\t<h2 class=\"elementor-heading-title elementor-size-default\">Teilen Sie Ihre Geschichte<\/h2>\t\t\t\t<\/div>\n\t\t\t\t<\/div>\n\t\t\t\t<div class=\"elementor-element elementor-element-6fc8b7b elementor-widget elementor-widget-text-editor\" data-id=\"6fc8b7b\" data-element_type=\"widget\" data-e-type=\"widget\" data-widget_type=\"text-editor.default\">\n\t\t\t\t<div class=\"elementor-widget-container\">\n\t\t\t\t\t\t\t\t\t<p>M\u00f6chten Sie Ihre eigene Einwanderergeschichte erz\u00e4hlen? F\u00fcllen Sie jetzt das Formular aus, und wir werden uns mit Ihnen in Verbindung setzen. Schlie\u00dfen Sie sich \"Through Our Eyes\" an und feiern Sie die vielf\u00e4ltigen Geschichten, die Amerika pr\u00e4gen. Lassen Sie uns Ihrer Stimme Geh\u00f6r verschaffen und Ihre Reise w\u00fcrdigen.<\/p>\t\t\t\t\t\t\t\t<\/div>\n\t\t\t\t<\/div>\n\t\t\t\t<div class=\"elementor-element elementor-element-667ab2f elementor-widget elementor-widget-button\" data-id=\"667ab2f\" data-element_type=\"widget\" data-e-type=\"widget\" data-widget_type=\"button.default\">\n\t\t\t\t<div class=\"elementor-widget-container\">\n\t\t\t\t\t\t\t\t\t<div class=\"elementor-button-wrapper\">\n\t\t\t\t\t<a class=\"elementor-button elementor-button-link elementor-size-sm\" href=\"https:\/\/act.seiu.org\/a\/share-your-immigration-story-eng\" target=\"_blank\">\n\t\t\t\t\t\t<span class=\"elementor-button-content-wrapper\">\n\t\t\t\t\t\t\t\t\t<span class=\"elementor-button-text\">Teilen Sie Ihre Geschichte<\/span>\n\t\t\t\t\t<\/span>\n\t\t\t\t\t<\/a>\n\t\t\t\t<\/div>\n\t\t\t\t\t\t\t\t<\/div>\n\t\t\t\t<\/div>\n\t\t\t\t\t<\/div>\n\t\t<\/div>\n\t\t\t\t<div class=\"elementor-column elementor-col-50 elementor-top-column elementor-element elementor-element-11febb8\" data-id=\"11febb8\" data-element_type=\"column\" data-e-type=\"column\" data-settings=\"{&quot;background_background&quot;:&quot;classic&quot;}\">\n\t\t\t<div class=\"elementor-widget-wrap elementor-element-populated\">\n\t\t\t\t\t\t<div class=\"elementor-element elementor-element-975e36e elementor-widget elementor-widget-spacer\" data-id=\"975e36e\" data-element_type=\"widget\" data-e-type=\"widget\" data-widget_type=\"spacer.default\">\n\t\t\t\t<div class=\"elementor-widget-container\">\n\t\t\t\t\t\t\t<div class=\"elementor-spacer\">\n\t\t\t<div class=\"elementor-spacer-inner\"><\/div>\n\t\t<\/div>\n\t\t\t\t\t\t<\/div>\n\t\t\t\t<\/div>\n\t\t\t\t\t<\/div>\n\t\t<\/div>\n\t\t\t\t\t<\/div>\n\t\t<\/section>\n\t\t\t\t<\/div>","protected":false},"excerpt":{"rendered":"<p>Through Our Eyes: Immigrant Stories &#8220;Through Our Eyes&#8221; is a collection of worker stories, each a unique narrative that echoes the resilience and determination of the immigrant experience when coming to America in pursuit of a better life. Explore the diverse and inspiring tales that have collectively shaped America into the cultural tapestry and economic [&hellip;]<\/p>\n","protected":false},"author":1,"featured_media":1095,"parent":0,"menu_order":0,"comment_status":"closed","ping_status":"closed","template":"","meta":{"footnotes":"","_links_to":"","_links_to_target":""},"class_list":["post-875","page","type-page","status-publish","has-post-thumbnail","hentry"],"yoast_head":"<!-- This site is optimized with the Yoast SEO plugin v27.3 - https:\/\/yoast.com\/product\/yoast-seo-wordpress\/ -->\n<title>Our Stories - iAmerica<\/title>\n<meta name=\"description\" content=\"Explore the diverse and inspiring tales that have collectively shaped America into the cultural tapestry and economic powerhouse it is today.\" \/>\n<meta name=\"robots\" content=\"index, follow, max-snippet:-1, max-image-preview:large, max-video-preview:-1\" \/>\n<link rel=\"canonical\" href=\"https:\/\/iamerica.org\/de\/our-stories\/\" \/>\n<meta property=\"og:locale\" content=\"de_DE\" \/>\n<meta property=\"og:type\" content=\"article\" \/>\n<meta property=\"og:title\" content=\"Our Stories - iAmerica\" \/>\n<meta property=\"og:description\" content=\"Explore the diverse and inspiring tales that have collectively shaped America into the cultural tapestry and economic powerhouse it is today.\" \/>\n<meta property=\"og:url\" content=\"https:\/\/iamerica.org\/de\/our-stories\/\" \/>\n<meta property=\"og:site_name\" content=\"iAmerica\" \/>\n<meta property=\"article:publisher\" content=\"https:\/\/www.facebook.com\/iAmericaorg\/\" \/>\n<meta property=\"article:modified_time\" content=\"2024-07-24T18:14:27+00:00\" \/>\n<meta property=\"og:image\" content=\"https:\/\/iamerica.org\/wp-content\/uploads\/2024\/05\/OurStories.png\" \/>\n\t<meta property=\"og:image:width\" content=\"2160\" \/>\n\t<meta property=\"og:image:height\" content=\"353\" \/>\n\t<meta property=\"og:image:type\" content=\"image\/png\" \/>\n<meta name=\"twitter:card\" content=\"summary_large_image\" \/>\n<meta name=\"twitter:site\" content=\"@iamericaorg\" \/>\n<meta name=\"twitter:label1\" content=\"Gesch\u00e4tzte Lesezeit\" \/>\n\t<meta name=\"twitter:data1\" content=\"6 Minuten\" \/>\n<script type=\"application\/ld+json\" class=\"yoast-schema-graph\">{\"@context\":\"https:\\\/\\\/schema.org\",\"@graph\":[{\"@type\":\"WebPage\",\"@id\":\"https:\\\/\\\/iamerica.org\\\/our-stories\\\/\",\"url\":\"https:\\\/\\\/iamerica.org\\\/our-stories\\\/\",\"name\":\"Our Stories - iAmerica\",\"isPartOf\":{\"@id\":\"https:\\\/\\\/iamerica.org\\\/ru\\\/#website\"},\"primaryImageOfPage\":{\"@id\":\"https:\\\/\\\/iamerica.org\\\/our-stories\\\/#primaryimage\"},\"image\":{\"@id\":\"https:\\\/\\\/iamerica.org\\\/our-stories\\\/#primaryimage\"},\"thumbnailUrl\":\"https:\\\/\\\/iamerica.org\\\/wp-content\\\/uploads\\\/2024\\\/05\\\/OurStories.png\",\"datePublished\":\"2024-05-21T13:38:29+00:00\",\"dateModified\":\"2024-07-24T18:14:27+00:00\",\"description\":\"Explore the diverse and inspiring tales that have collectively shaped America into the cultural tapestry and economic powerhouse it is today.\",\"breadcrumb\":{\"@id\":\"https:\\\/\\\/iamerica.org\\\/our-stories\\\/#breadcrumb\"},\"inLanguage\":\"de-DE\",\"potentialAction\":[{\"@type\":\"ReadAction\",\"target\":[\"https:\\\/\\\/iamerica.org\\\/our-stories\\\/\"]}]},{\"@type\":\"ImageObject\",\"inLanguage\":\"de-DE\",\"@id\":\"https:\\\/\\\/iamerica.org\\\/our-stories\\\/#primaryimage\",\"url\":\"https:\\\/\\\/iamerica.org\\\/wp-content\\\/uploads\\\/2024\\\/05\\\/OurStories.png\",\"contentUrl\":\"https:\\\/\\\/iamerica.org\\\/wp-content\\\/uploads\\\/2024\\\/05\\\/OurStories.png\",\"width\":2160,\"height\":353},{\"@type\":\"BreadcrumbList\",\"@id\":\"https:\\\/\\\/iamerica.org\\\/our-stories\\\/#breadcrumb\",\"itemListElement\":[{\"@type\":\"ListItem\",\"position\":1,\"name\":\"Home\",\"item\":\"https:\\\/\\\/iamerica.org\\\/\"},{\"@type\":\"ListItem\",\"position\":2,\"name\":\"Our Stories\"}]},{\"@type\":\"WebSite\",\"@id\":\"https:\\\/\\\/iamerica.org\\\/ru\\\/#website\",\"url\":\"https:\\\/\\\/iamerica.org\\\/ru\\\/\",\"name\":\"iAmerica\",\"description\":\"\",\"publisher\":{\"@id\":\"https:\\\/\\\/iamerica.org\\\/ru\\\/#organization\"},\"potentialAction\":[{\"@type\":\"SearchAction\",\"target\":{\"@type\":\"EntryPoint\",\"urlTemplate\":\"https:\\\/\\\/iamerica.org\\\/ru\\\/?s={search_term_string}\"},\"query-input\":{\"@type\":\"PropertyValueSpecification\",\"valueRequired\":true,\"valueName\":\"search_term_string\"}}],\"inLanguage\":\"de-DE\"},{\"@type\":\"Organization\",\"@id\":\"https:\\\/\\\/iamerica.org\\\/ru\\\/#organization\",\"name\":\"iAmerica\",\"url\":\"https:\\\/\\\/iamerica.org\\\/ru\\\/\",\"logo\":{\"@type\":\"ImageObject\",\"inLanguage\":\"de-DE\",\"@id\":\"https:\\\/\\\/iamerica.org\\\/ru\\\/#\\\/schema\\\/logo\\\/image\\\/\",\"url\":\"https:\\\/\\\/iamerica.org\\\/wp-content\\\/uploads\\\/2024\\\/05\\\/iAmerica_Logo_Navy.png\",\"contentUrl\":\"https:\\\/\\\/iamerica.org\\\/wp-content\\\/uploads\\\/2024\\\/05\\\/iAmerica_Logo_Navy.png\",\"width\":2309,\"height\":626,\"caption\":\"iAmerica\"},\"image\":{\"@id\":\"https:\\\/\\\/iamerica.org\\\/ru\\\/#\\\/schema\\\/logo\\\/image\\\/\"},\"sameAs\":[\"https:\\\/\\\/www.facebook.com\\\/iAmericaorg\\\/\",\"https:\\\/\\\/x.com\\\/iamericaorg\",\"https:\\\/\\\/www.instagram.com\\\/iamericaorg\"]}]}<\/script>\n<!-- \/ Yoast SEO plugin. -->","yoast_head_json":{"title":"Unsere Geschichten - iAmerica","description":"Erforschen Sie die vielf\u00e4ltigen und inspirierenden Geschichten, die Amerika zu dem kulturellen Teppich und dem wirtschaftlichen Kraftzentrum gemacht haben, das es heute ist.","robots":{"index":"index","follow":"follow","max-snippet":"max-snippet:-1","max-image-preview":"max-image-preview:large","max-video-preview":"max-video-preview:-1"},"canonical":"https:\/\/iamerica.org\/de\/our-stories\/","og_locale":"de_DE","og_type":"article","og_title":"Our Stories - iAmerica","og_description":"Explore the diverse and inspiring tales that have collectively shaped America into the cultural tapestry and economic powerhouse it is today.","og_url":"https:\/\/iamerica.org\/de\/our-stories\/","og_site_name":"iAmerica","article_publisher":"https:\/\/www.facebook.com\/iAmericaorg\/","article_modified_time":"2024-07-24T18:14:27+00:00","og_image":[{"width":2160,"height":353,"url":"https:\/\/iamerica.org\/wp-content\/uploads\/2024\/05\/OurStories.png","type":"image\/png"}],"twitter_card":"summary_large_image","twitter_site":"@iamericaorg","twitter_misc":{"Gesch\u00e4tzte Lesezeit":"6 Minuten"},"schema":{"@context":"https:\/\/schema.org","@graph":[{"@type":"WebPage","@id":"https:\/\/iamerica.org\/our-stories\/","url":"https:\/\/iamerica.org\/our-stories\/","name":"Unsere Geschichten - iAmerica","isPartOf":{"@id":"https:\/\/iamerica.org\/ru\/#website"},"primaryImageOfPage":{"@id":"https:\/\/iamerica.org\/our-stories\/#primaryimage"},"image":{"@id":"https:\/\/iamerica.org\/our-stories\/#primaryimage"},"thumbnailUrl":"https:\/\/iamerica.org\/wp-content\/uploads\/2024\/05\/OurStories.png","datePublished":"2024-05-21T13:38:29+00:00","dateModified":"2024-07-24T18:14:27+00:00","description":"Erforschen Sie die vielf\u00e4ltigen und inspirierenden Geschichten, die Amerika zu dem kulturellen Teppich und dem wirtschaftlichen Kraftzentrum gemacht haben, das es heute ist.","breadcrumb":{"@id":"https:\/\/iamerica.org\/our-stories\/#breadcrumb"},"inLanguage":"de-DE","potentialAction":[{"@type":"ReadAction","target":["https:\/\/iamerica.org\/our-stories\/"]}]},{"@type":"ImageObject","inLanguage":"de-DE","@id":"https:\/\/iamerica.org\/our-stories\/#primaryimage","url":"https:\/\/iamerica.org\/wp-content\/uploads\/2024\/05\/OurStories.png","contentUrl":"https:\/\/iamerica.org\/wp-content\/uploads\/2024\/05\/OurStories.png","width":2160,"height":353},{"@type":"BreadcrumbList","@id":"https:\/\/iamerica.org\/our-stories\/#breadcrumb","itemListElement":[{"@type":"ListItem","position":1,"name":"Home","item":"https:\/\/iamerica.org\/"},{"@type":"ListItem","position":2,"name":"Our Stories"}]},{"@type":"WebSite","@id":"https:\/\/iamerica.org\/ru\/#website","url":"https:\/\/iamerica.org\/ru\/","name":"iAmerika","description":"","publisher":{"@id":"https:\/\/iamerica.org\/ru\/#organization"},"potentialAction":[{"@type":"SearchAction","target":{"@type":"EntryPoint","urlTemplate":"https:\/\/iamerica.org\/ru\/?s={search_term_string}"},"query-input":{"@type":"PropertyValueSpecification","valueRequired":true,"valueName":"search_term_string"}}],"inLanguage":"de-DE"},{"@type":"Organization","@id":"https:\/\/iamerica.org\/ru\/#organization","name":"iAmerika","url":"https:\/\/iamerica.org\/ru\/","logo":{"@type":"ImageObject","inLanguage":"de-DE","@id":"https:\/\/iamerica.org\/ru\/#\/schema\/logo\/image\/","url":"https:\/\/iamerica.org\/wp-content\/uploads\/2024\/05\/iAmerica_Logo_Navy.png","contentUrl":"https:\/\/iamerica.org\/wp-content\/uploads\/2024\/05\/iAmerica_Logo_Navy.png","width":2309,"height":626,"caption":"iAmerica"},"image":{"@id":"https:\/\/iamerica.org\/ru\/#\/schema\/logo\/image\/"},"sameAs":["https:\/\/www.facebook.com\/iAmericaorg\/","https:\/\/x.com\/iamericaorg","https:\/\/www.instagram.com\/iamericaorg"]}]}},"_links":{"self":[{"href":"https:\/\/iamerica.org\/de\/wp-json\/wp\/v2\/pages\/875","targetHints":{"allow":["GET"]}}],"collection":[{"href":"https:\/\/iamerica.org\/de\/wp-json\/wp\/v2\/pages"}],"about":[{"href":"https:\/\/iamerica.org\/de\/wp-json\/wp\/v2\/types\/page"}],"author":[{"embeddable":true,"href":"https:\/\/iamerica.org\/de\/wp-json\/wp\/v2\/users\/1"}],"replies":[{"embeddable":true,"href":"https:\/\/iamerica.org\/de\/wp-json\/wp\/v2\/comments?post=875"}],"version-history":[{"count":0,"href":"https:\/\/iamerica.org\/de\/wp-json\/wp\/v2\/pages\/875\/revisions"}],"wp:featuredmedia":[{"embeddable":true,"href":"https:\/\/iamerica.org\/de\/wp-json\/wp\/v2\/media\/1095"}],"wp:attachment":[{"href":"https:\/\/iamerica.org\/de\/wp-json\/wp\/v2\/media?parent=875"}],"curies":[{"name":"wp","href":"https:\/\/api.w.org\/{rel}","templated":true}]}}