{"id":2671,"date":"2024-10-04T14:57:22","date_gmt":"2024-10-04T18:57:22","guid":{"rendered":"https:\/\/iamerica.org\/?page_id=2671"},"modified":"2024-10-08T15:20:31","modified_gmt":"2024-10-08T19:20:31","slug":"la-verdad-sobre-la-inmigracion","status":"publish","type":"page","link":"https:\/\/iamerica.org\/ht\/la-verdad-sobre-la-inmigracion\/","title":{"rendered":"La verite sou imigrasyon"},"content":{"rendered":"<link rel=\"stylesheet\" href=\"https:\/\/cdnjs.cloudflare.com\/ajax\/libs\/bootstrap\/5.0.2\/css\/bootstrap.min.css\"><script src=\"https:\/\/cdnjs.cloudflare.com\/ajax\/libs\/jquery\/3.6.3\/jquery.min.js\"><\/script><script src=\"https:\/\/cdnjs.cloudflare.com\/ajax\/libs\/bootstrap\/5.2.3\/js\/bootstrap.min.js\"><\/script>\n\n<meta name=\"twitter:card\" content=\"summary_large_image\" \/>\n\n<style> \n\n.hide {display:none;} \n\n\n.compare .one,\n.compare-esp .one-esp,\n.compare .two,\n.compare-esp .two-esp,\n.compare-2 .second-slide-one,\n.compare-2-esp .second-slide-one-esp,\n.compare-2 .second-slide-two,\n.compare-2-esp .second-slide-two-esp,\n.compare-3 .third-slide-one,\n.compare-3-esp .third-slide-one-esp, \n.compare-3 .third-slide-two,\n.compare-3-esp .third-slide-two-esp,\n.compare-4 .fourth-slide-one,\n.compare-4-esp .fourth-slide-one-esp,\n.compare-4 .fourth-slide-two,\n.compare-4-esp .fourth-slide-two-esp,\n.compare-5 .fifth-slide-one,\n.compare-5-esp .fifth-slide-one-esp,\n.compare-5 .fifth-slide-two,\n.compare-5-esp .fifth-slide-two-esp,\n.compare-6 .sixth-slide-one,\n.compare-6-esp .sixth-slide-one-esp,\n.compare-6 .sixth-slide-two,\n.compare-6-esp .sixth-slide-two-esp {\n  height: 100%;\n  width: 100%;\n  background-size: auto 100%;\n  z-index: 1;\n}\n\n.compare .one,\n.compare-esp .one-esp,\n.compare-2 .second-slide-one,\n.compare-2-esp .second-slide-one-esp,\n.compare-3 .third-slide-one,\n.compare-3-esp .third-slide-one-esp,\n.compare-4 .fourth-slide-one,\n.compare-4-esp .fourth-slide-one-esp,\n.compare-5 .fifth-slide-one,\n.compare-5-esp .fifth-slide-one-esp,\n.compare-6 .sixth-slide-one,\n.compare-6-esp .sixth-slide-one-esp {\n  width: 75%;\n  z-index: 2;\n  border-right: 12px solid #EF3742;\n}\n<\/style>\n\n\n\n  <div class=\"container\" style=\"width: 100%; max-width: 800px;\">\n                        <div class=\"row\">\n                            <div class=\"col p-3\">\n                                <p class=\"lead\">La <span class=\"border border-dark-subtle p-1 rounded lh-base\">VERDAD<\/span> sou la imigrasyon ak las <span class=\"fw-bold bg-warning p-1 pe-2 rounded fst-italic\">MENTIRAS de MAGA<\/span> ki inonde tout rezo sosyal yo ak odyo ak alarmis. Mant\u00e9ngase informado y conozca los hechos.<\/p>\n                            <\/div>\n                        <\/div><!-- end title row -->\n  \n    <!-- begin 1 -->\n    <div class=\"row\">\n      <div class=\"col\">\n        <h2 class=\"h4 fst-italic fw-bold lie\">VERDAD #1 <span class=\"text-muted fs-6\"><span class=\"d-none d-md-inline\">Pase el cursor sobre<\/span> <span class=\"d-md-none\">Toque<\/span> la imagen para revelar la mentira de MAGA.<\/span><\/h2>\n  \n        <div class=\"compare-esp ratio ratio-16x9 d-none d-md-block\">\n          <div class=\"one-esp\" style=\"background-image:url('https:\/\/iamerica.org\/wp-content\/uploads\/2024\/09\/Truth1esp.jpg');\">\n            <p class=\"visually-hidden\">VERDAD: Los inmigrantes pagan casi $100 mil millones en impuestos al a\u00f1o.<\/p>\n          <\/div>\n  \n          <div class=\"two-esp\" style=\"background-image:url('https:\/\/iamerica.org\/wp-content\/uploads\/2024\/09\/Lie1esp.jpg');\">\n  \n            <p class=\"visually-hidden\">MENTIRA: Los inmigrantes no pagan impuestos.<\/p>\n  \n          <\/div><!-- end two -->\n        <\/div><!-- end compare -->\n  \n      <\/div><!-- end col -->\n    <\/div><!-- end row -->\n  \n  <div class=\"row my-3\">\n    <div class=\"col\">\n        <a target=\"_blank\" href=\"https:\/\/www.facebook.com\/sharer\/sharer.php?u=https%3A\/\/iamerica.org\/the-truth-about-immigration\/\" rel=\"noopener\"> <i class=\"fa-brands fa-facebook fa-2xl me-3\"><\/i><\/a> <a target=\"_blank\" href=\"https:\/\/ctt.ec\/3D0d2\" rel=\"noopener\"><i class=\"fa-brands fa-x-twitter fa-2xl\"><\/i><\/a>\n    <\/div>\n  <\/div>\n    \n     <div class=\"ratio ratio-16x9 d-md-none\">\n        \n         <img decoding=\"async\" loading=\"lazy\" src=\"https:\/\/iamerica.org\/wp-content\/uploads\/2024\/09\/Truth1esp.jpg\" class=\"compareimg1 compareimg img-fluid\" alt=\"VERDAD: Los inmigrantes pagan casi $100 mil millones en impuestos al a\u00f1o.\" \/>\n       \n       \n          <img decoding=\"async\" loading=\"lazy\" src=\"https:\/\/iamerica.org\/wp-content\/uploads\/2024\/09\/Lie1esp.jpg\" class=\"compareimg1 compareimg img-fluid\" alt=\"MENTIRA: Los inmigrantes no pagan impuestos.\" style=\"display:none;\" \/>\n  \n        <\/div><!-- end compare -->\n     \n    \n    <div class=\"row\">\n      <div class=\"col p-3\">\n         \n      <p class=\"fs-5\">An mway\u00e8n, <strong>los inmigrantes indocumentados contribuyen plis en tax de lo que consumen en benefis piblik.<\/strong> Estos <a target=\"_blank\" href=\"https:\/\/itep.org\/study-undocumented-immigrants-contribute-nearly-100-billion-in-taxes-a-year\/\" rel=\"noopener\">kontribiye yo te bay $100 mil milyon dola nan taks federal, estatal ak lokal yo an 2022.<\/a>. Enpoze yo ede yo ak pwogram finansy\u00e8 yo ki depann de yo, tankou Seguro Social ak Medicare, pwogram yo pa ka mande yo.<\/p>\n\n      <p class=\"fs-5\">Otorgar permisos de travail ak bay yon evanty\u00e8l wout pou la ciudadan\u00eda ogmante kontribisyon fiskal yo nan $40.2 mil milyon dola pou ane, jiska $136.9 mil milyon dola.<\/p>\n        \n      <p class=\"fs-5\">Los inmigrantes pagan m\u00e1s de lo que les correspond de impuestos, yon diferans de anpil direkt\u00e8 egzekitif ak s\u00e8ten politik.<\/p>\n        \n        \n       \n      <\/div>\n    <\/div>  \n  \n  \n \n   \n  <!-- begin 2 -->\n    <div class=\"row border-top\">\n      <div class=\"col pt-5\">\n        <h2 class=\"h4 fst-italic fw-bold lie\">VERDAD #2\n  \n          <span class=\"text-muted fs-6\"><span class=\"d-none d-md-inline\">Pase el cursor sobre<\/span> <span class=\"d-md-none\">Toque<\/span> la imagen para revelar la mentira de MAGA.<\/span>\n        <\/h2>\n        \n        <div class=\"compare-2-esp ratio ratio-16x9 d-none d-md-block\">\n          <div class=\"second-slide-one-esp\" style=\"background-image:url('https:\/\/iamerica.org\/wp-content\/uploads\/2024\/09\/Truth2esp.jpg');\">\n            <p class=\"visually-hidden\">VERDAD: Los inmigrantes generan empleos.<\/p>\n          <\/div>\n  \n          <div class=\"second-slide-two-esp\" style=\"background-image:url('https:\/\/iamerica.org\/wp-content\/uploads\/2024\/09\/Lie2esp.jpg');\">\n          \n            <p class=\"visually-hidden\"> <strong>MENTIRA: Los inmigrantes nos est\u00e1n quitando nuestros empleos. <\/strong><\/p>\n  \n          <\/div> \n        <\/div> \n      <\/div>  \n    <\/div><!-- end row -->\n  \n  <div class=\"row my-3\">\n    <div class=\"col\">\n        <a target=\"_blank\" href=\"https:\/\/www.facebook.com\/sharer\/sharer.php?u=https%3A\/\/iamerica.org\/the-truth-about-immigration\/\" rel=\"noopener\">\n       <i class=\"fa-brands fa-facebook fa-2xl me-3\"><\/i><\/a>\n\n       <a target=\"_blank\" href=\"https:\/\/ctt.ec\/c24la\" rel=\"noopener\">\n       <i class=\"fa-brands fa-x-twitter fa-2xl\"><\/i><\/a>\n    <\/div>\n  <\/div>\n  \n    <div class=\"ratio ratio-16x9 d-md-none\">\n     \n      <img decoding=\"async\" loading=\"lazy\" src=\"https:\/\/iamerica.org\/wp-content\/uploads\/2024\/09\/Lie2esp.jpg\" class=\"compareimg2 compareimg img-fluid\" alt=\"MENTIRA: Los inmigrantes nos est\u00e1n quitando nuestros empleos.'\" style=\"display:none;\" \/>\n      \n       <img decoding=\"async\" loading=\"lazy\" src=\"https:\/\/iamerica.org\/wp-content\/uploads\/2024\/09\/Truth2esp.jpg\" class=\"compareimg2 compareimg img-fluid\" alt=\"VERDAD: Los inmigrantes generan empleos.\" \/>\n  \n    <\/div><!-- end compare -->\n  \n  \n    <div class=\"row\">\n      <div class=\"col p-3\">\n        <p class=\"fs-5\">Los inmigrantes generan empleos, no los quitan. Los inmigrantes jenera nouvo travay yo ka louvri nouvo biznis, achte kay ak depanse revni nan pwodwi Ameriken yo. An reyalite, <a href=\"https:\/\/www.americanimmigrationcouncil.org\/research\/new-american-fortune-500-2023\" target=\"_blank\" rel=\"noopener\">casi el 45% de las empresas de Fortune 500 en 2023 fueron fundadas por inmigrantes o sus hijos<\/a>. Li se gwo konpayi ameriken yo anplwaye plis pase 14.8 milyon moun nan tout mond lan. Sin mencionar otros negocios propiedad de inmigrantes, as bodegas, restaurant, startups of alta technology and other businesses that impulsan the economy and create new jobs.<\/p>\n  \n        <p class=\"fs-5\">Contrario a la ret\u00f3rica de MAGA, la inmigraci\u00f3n no desplaza a los trabajadores estadounidenses de sus empleos; \u00a1las investigaciones lo demuestran! De hecho, la inmigraci\u00f3n ogmante los salarios de todos los trabajadores, especialmente de los trabajadores afroamericanos y latinos.\n  <\/p>\n      <\/div>\n    <\/div>\n  \n    \n    \n    \n    <!-- begin 3 --> \n    <div class=\"row border-top\">\n  \n      <div class=\"col pt-5\">\n        <h2 class=\"h4 fst-italic fw-bold lie\">VERDAD #3 <span class=\"text-muted fs-6\"><span class=\"d-none d-md-inline\">Pase el cursor sobre<\/span> <span class=\"d-md-none\">Toque<\/span> la imagen para revelar la mentira de MAGA.<\/span>\n        <\/h2>\n        <div class=\"compare-3-esp ratio ratio-16x9 d-none d-md-block\">\n  \n          <div class=\"third-slide-one-esp\" style=\"background-image:url('https:\/\/iamerica.org\/wp-content\/uploads\/2024\/10\/truth3esp.jpg');\">\n            <p class=\"visually-hidden\">VERDAD: Los inmigrantes vienen a EE.UU. av\u00e8k ou bezwen travay ak konstwi yon avni pi bon pou fanmi yo.\n              <\/p>\n  \n          <\/div>\n  \n          <div class=\"third-slide-two-esp\" style=\"background-image:url('https:\/\/iamerica.org\/wp-content\/uploads\/2024\/10\/lie3esp.jpg');\">\n           \n  \n            <p class=\"visually-hidden\"> <strong>MENTIRA: Los inmigrantes est\u00e1n trayendo crimen a EE.UU.<\/strong><\/p>\n  \n          <\/div> \n  \n        <\/div> \n      <\/div> \n    <\/div>\n  \n  <div class=\"row my-3\">\n    <div class=\"col\">\n            <a target=\"_blank\" href=\"\/\/www.facebook.com\/sharer\/sharer.php?u=https%3A\/\/iamerica.org\/the-truth-about-immigration\/\" rel=\"noopener\"><i class=\"fa-brands fa-facebook fa-2xl me-3\"><\/i><\/a>\n        <a target=\"_blank\" href=\"https:\/\/ctt.ec\/8h2b8\" rel=\"noopener\"> <i class=\"fa-brands fa-x-twitter fa-2xl\"><\/i><\/a>\n    <\/div>\n  <\/div>\n  \n    <div class=\"ratio ratio-16x9 d-md-none\">\n      <img decoding=\"async\" loading=\"lazy\" src=\"https:\/\/iamerica.org\/wp-content\/uploads\/2024\/10\/truth3esp.jpg\" class=\"compareimg3 compareimg img-fluid\" alt=\"VERDAD: Los inmigrantes vienen a EE.UU. con ganas de trabajar y construir un futuro mejor para sus familias.\" \/>\n      <img decoding=\"async\" loading=\"lazy\" src=\"https:\/\/iamerica.org\/wp-content\/uploads\/2024\/10\/lie3esp.jpg\" class=\"compareimg3 compareimg img-fluid\" alt=\"MENTIRA: Los inmigrantes est\u00e1n trayendo crimen a EE.UU.\" style=\"display:none;\" \/>\n  \n    <\/div><!-- end compare -->\n  \n    <div class=\"row\">\n      <div class=\"col p-3\">\n        <p class=\"fs-5\">Imigran yo vin nan peyi Etazini. en busca de un futuro mejor, con ganas de trabajar y de contribuir en sus comunidades. Meterse en problemas pondr\u00eda en peligro su futuro y sus sue\u00f1os. Eso could ser la raison pou la cual los inmigrantes tienen las tasas de criminalidad m\u00e1s bajas en EE.UU. Yon estudio tras otro demuestra ke yo <a href=\"https:\/\/www.npr.org\/2024\/03\/08\/1237103158\/immigrants-are-less-likely-to-commit-crimes-than-us-born-americans-studies-find\" target=\"_blank\" rel=\"noopener\">inmigrantes indocumentados no son m\u00e1s propensos al crimen.<\/a> A pesar de las afirmaciones de los pol\u00edticos de MAGA culpando a los inmigrantes por la crisis del fentanilo, la realidad es que la <a href=\"https:\/\/www.npr.org\/2023\/08\/09\/1191638114\/fentanyl-smuggling-migrants-mexico-border-drugs\" target=\"_blank\" rel=\"noopener\">majorite de los que trafican fentanilo son, de hecho, ciudadanos americans.<\/a><\/p>\n        <p class=\"fs-5\">Al acoger las contributions de los inmigrantes and enfocarnos in the problems reals, we can construct a nation more forti, safe and unida to all the americans. <\/p>\n      <\/div>\n  \n    <\/div>\n  \n  \n  \n   \n  \n  \n  <!-- begin 4 -->\n    <div class=\"row border-top\">\n  \n      <div class=\"col pt-5\">\n        <h2 class=\"h4 fst-italic fw-bold lie\">VERDAD #4\n          <span class=\"text-muted fs-6\"><span class=\"d-none d-md-inline\">Pase el cursor sobre<\/span> <span class=\"d-md-none\">Toque<\/span> la imagen para revelar la mentira de MAGA.<\/span>\n            \n          <\/h2>\n  \n  \n        <div class=\"compare-4-esp ratio ratio-16x9 d-none d-md-block\">\n  \n          <div class=\"fourth-slide-one-esp\" style=\"background-image:url('https:\/\/iamerica.org\/wp-content\/uploads\/2024\/10\/truth4esp.jpg');\">\n            <p class=\"visually-hidden\">VERDAD: Una reforma migratoria integral que aborde las razones por las cuales las personas se ven obligadas a dejar sus pa\u00edses de origen y que proporcione v\u00edas legales es esencial para manejar eficazmente los desaf\u00edos en nuestra frontera. <\/p>\n  \n          <\/div>\n  \n          <div class=\"fourth-slide-two-esp\" style=\"background-image:url('https:\/\/iamerica.org\/wp-content\/uploads\/2024\/10\/lie4esp.jpg');\">\n         \n  \n            <p class=\"visually-hidden\">MENTIRA: La stricte application de la ley and the security fronteriza son tout lo que necesitamos para detener la inmigraci\u00f3n ilegal. <\/p>\n  \n          <\/div>\n  \n        <\/div> \n      <\/div> \n    <\/div>\n  \n  \n  \n  <div class=\"row my-3\">\n    <div class=\"col\">\n        <a target=\"_blank\" href=\"https:\/\/www.facebook.com\/sharer\/sharer.php?u=https%3A\/\/iamerica.org\/the-truth-about-immigration\/\" rel=\"noopener\">\n       <i class=\"fa-brands fa-facebook fa-2xl me-3\"><\/i><\/a>\n        <a target=\"_blank\" href=\"https:\/\/ctt.ec\/K1w03\" rel=\"noopener\">\n       <i class=\"fa-brands fa-x-twitter fa-2xl\"><\/i><\/a>\n    <\/div>\n  <\/div>\n\n  \n    <div class=\"ratio ratio-16x9 d-md-none\">\n      <img decoding=\"async\" loading=\"lazy\" src=\"https:\/\/iamerica.org\/wp-content\/uploads\/2024\/10\/truth4esp.jpg\" class=\"compareimg4 compareimg img-fluid\" alt=\"VERDAD: Una reforma migratoria integral que aborde las razones por las cuales las personas se ven obligadas a dejar sus pa\u00edses de origen y que proporcione v\u00edas legales es esencial para manejar eficazmente los desaf\u00edos en nuestra frontera.\" \/>\n      <img decoding=\"async\" loading=\"lazy\" src=\"https:\/\/iamerica.org\/wp-content\/uploads\/2024\/10\/lie4esp.jpg\" class=\"compareimg4 compareimg img-fluid\" alt=\"MENTIRA: La estricta aplicaci\u00f3n de la ley y la seguridad fronteriza son todo lo que necesitamos para detener la inmigraci\u00f3n ilegal.\" style=\"display:none;\" \/>\n  \n    <\/div><!-- end compare -->\n  \n  \n    <div class=\"row\">\n      <div class=\"col p-3\">\n        <p class=\"fs-5\">Tout moun k ap ab\u00f2de kriz imanit\u00e8 nan nou fwonty\u00e8, men yon miray ak yon apw\u00f2ch ki baze s\u00e8lman nan aplikasyon ley ponen vidas en peligro y desperdician miles de milyon dola nan kontribiye yo. Sa a se koute ou siquiera k\u00f2manse yon kontablite devastasyon rezilta pou kominote yo, piti piti konpayi yo, ekonomi lokal yo oswa separasyon fanmi Ameriken yo.  <\/p>\n        <p class=\"fs-5\">Las personas que llegan a nuestras fronteras son mamas, papas y familias que buscan seguridad y escapan de situaciones que ponen en peligro sus vidas. Ou dwe gen yon op\u00f2tinite jis pou mande asilo, ou gen dwa legal. <\/p>\n        <p class=\"fs-5\">Es por eso que las solutions reals include dotar adecuadamente of personal las oficinas of asilo and the tribunales de inmigraci\u00f3n para ke las demandes can processarse of way more efficient, and provide permisos de travay rapidman a las person eligible to that can could work and ser autosuficientes more pronto. Solisyon rey\u00e8l yo enkli tou yon chemen nan sitwayen ameriken pou milyon moun ki te viv isit la pandan plizy\u00e8 deseni, fanmi Ameriken yo ak kontribisyon nan ekonomi an.<\/p>\n        <p class=\"fs-5\">Las actualizaciones a nuestro sistema de inmigraci\u00f3n obsoleto dwe moun yo, \u00f2done ak trete tout moun ki gen diyite.<\/p>\n      <\/div>\n    <\/div> \n  \n    \n  \n  \n  \n  \n  \n  \n    <!-- begin 5 -->\n    <div class=\"row border-top\">\n      <div class=\"col pt-5\">\n        <h2 class=\"h4 fst-italic fw-bold lie\">VERDAD #5\n          <span class=\"text-muted fs-6\"><span class=\"d-none d-md-inline\">Pase el cursor sobre<\/span> <span class=\"d-md-none\">Toque<\/span> la imagen para revelar la mentira de MAGA.<\/span><\/h2>\n        <div class=\"compare-5-esp ratio ratio-16x9 d-none d-md-block\">\n  \n          <div class=\"fifth-slide-one-esp\" style=\"background-image:url('https:\/\/iamerica.org\/wp-content\/uploads\/2024\/10\/truth5esp.jpg');\">\n            <p class=\"visually-hidden\">VERDAD: Para la gran mayor\u00eda de los inmigrantes en EE.UU., no existe una &quot;fila&quot; disponible para solicitar la ciudadan\u00eda.<\/p>\n          <\/div>\n  \n          <div class=\"fifth-slide-two-esp\" style=\"background-image:url('https:\/\/iamerica.org\/wp-content\/uploads\/2024\/10\/lie5esp.jpg');\">\n  \n            <p class=\"visually-hidden\">MENTIRA: Venga aqu\u00ed &#039;de la manera correcta&#039; y &#039;espere su turno en la fila&#039;<\/p>\n  \n          <\/div>\n  \n        <\/div> \n      <\/div> \n    <\/div> \n  \n  <div class=\"row my-3\">\n    <div class=\"col\">\n\n    <a target=\"_blank\" href=\"https:\/\/www.facebook.com\/sharer\/sharer.php?u=https%3A\/\/iamerica.org\/the-truth-about-immigration\/\" rel=\"noopener\">   <i class=\"fa-brands fa-facebook fa-2xl me-3\"><\/i><\/a> <a target=\"_blank\" href=\"https:\/\/ctt.ec\/De28N\" rel=\"noopener\"><i class=\"fa-brands fa-x-twitter fa-2xl\"><\/i><\/a>\n    <\/div>\n  <\/div>\n  \n  \n    <div class=\"ratio ratio-16x9 d-md-none\">\n      <img decoding=\"async\" loading=\"lazy\" src=\"https:\/\/iamerica.org\/wp-content\/uploads\/2024\/10\/truth5esp.jpg\" class=\"compareimg5 compareimg img-fluid\" alt=\"VERDAD: Para la gran mayor\u00eda de los inmigrantes en EE.UU., no existe una 'fila' disponible para solicitar la ciudadan\u00eda.\" \/>\n      <img decoding=\"async\" loading=\"lazy\" src=\"https:\/\/iamerica.org\/wp-content\/uploads\/2024\/10\/lie5esp.jpg\" class=\"compareimg5 compareimg img-fluid\" alt=\"MENTIRA: Venga aqu\u00ed 'de la manera correcta' y 'espere su turno en la fila'.\"  style=\"display:none;\" \/>\n  \n    <\/div><!-- end compare -->\n    <div class=\"row\">\n      <div class=\"col p-3\">\n        <p class=\"fs-5\">Para la gran mayor\u00eda de los inmigrantes que llevan mucho tiempo establecidos en EE.UU., no existe una \u201cfila\u201d disponib para solicitar la ciudadan\u00eda, a pesar de ke la majorite te viv isit la pandan plis pase yon deseni, travay arduamente, peye taks ak kontribiye nan kominote nou yo nan ekonomi an nan EE.UU. <\/p>\n  \n  <p class=\"fs-5\">Sin embargo, para las personas que quieren reunirse con su familia en EE.UU. y espere en la llamada &quot;fila&quot;, yo atrasos nan USCIS f\u00e8 ke las personas esperen d\u00e8 dekad, oswa nan k\u00e8k ka, plis nan yon lavi. Lamentablement, k\u00e8k moun te tonbe anvan yo nan pouvwa reyini ak tout moun ki te poze nan EE.UU.\n  <\/p>\n  \n  <p class=\"fs-5\">Sin aksyon del Congreso, muchos kapab viv toda su vida en EE.UU. sin la op\u00f2tinite de convertir en ciudadanos americans.   <\/p>\n      <\/div>\n    <\/div>\n  \n  \n  \n  \n  \n  \n  \n  \n  \n  \n  \n  \n      <!-- begin 6 -->\n     <div class=\"row border-top\">\n      <div class=\"col pt-5\">\n        <h2 class=\"h4 fst-italic fw-bold lie\">VERDAD #6\n        <span class=\"text-muted fs-6\"><span class=\"d-none d-md-inline\">Pase el cursor sobre<\/span> <span class=\"d-md-none\">Toque<\/span> la imagen para revelar la mentira de MAGA.<\/span>  \n        <\/h2>\n        <div class=\"compare-6-esp ratio ratio-16x9 d-none d-md-block\">\n  \n          <div class=\"sixth-slide-one-esp\" style=\"background-image:url('https:\/\/iamerica.org\/wp-content\/uploads\/2024\/10\/truth6esp.jpg');\">\n            <p class=\"visually-hidden\">VERDAD: Existen leys that hacen ilegal that those that no son ciudadanos voten in las elecciones federales de EE.UU. Requerir prueba de ciudadan\u00eda para el registro de votantes evite que muchos votantes elegibles\u2014ciudadanos americans\u2014ejercieran su derecho al voto.<\/p>\n          <\/div>\n  \n          <div class=\"sixth-slide-two-esp\" style=\"background-image:url('https:\/\/iamerica.org\/wp-content\/uploads\/2024\/10\/lie6esp.jpg');\">\n          <p class=\"visually-hidden\">MENTIRA: Aquellos que no son ciudadanos est\u00e1n votando en n\u00fameros grandes en las elecciones federales de EE.UU.<\/p>\n          <\/div>\n  \n        <\/div> \n      <\/div> \n    <\/div> \n  \n  <div class=\"row my-3\">\n    <div class=\"col\"><!--  -->\n        <a target=\"_blank\" href=\"https:\/\/www.facebook.com\/sharer\/sharer.php?u=https%3A\/\/iamerica.org\/the-truth-about-immigration\/\" rel=\"noopener\"><i class=\"fa-brands fa-facebook fa-2xl me-3\"><\/i><\/a> <a target=\"_blank\" href=\"https:\/\/ctt.ec\/Gfe3b\" rel=\"noopener\"> <i class=\"fa-brands fa-x-twitter fa-2xl\"><\/i><\/a>\n    <\/div>\n  <\/div>\n  \n    <div class=\"ratio ratio-16x9 d-md-none\">\n      <img decoding=\"async\" loading=\"lazy\" src=\"https:\/\/iamerica.org\/wp-content\/uploads\/2024\/10\/truth6esp.jpg\" class=\"compareimg6 compareimg img-fluid\" alt=\"VERDAD: Existen leyes que hacen ilegal que aquellos que no son ciudadanos voten en las elecciones federales de EE.UU. Requerir prueba de ciudadan\u00eda para el registro de votantes evitar\u00eda que muchos votantes elegibles\u2014ciudadanos estadounidenses\u2014ejercieran su derecho al voto. \" \/>\n      <img decoding=\"async\" loading=\"lazy\" src=\"https:\/\/iamerica.org\/wp-content\/uploads\/2024\/10\/lie6esp.jpg\" class=\"compareimg6 compareimg img-fluid\" alt=\"MENTIRA: Aquellos que no son ciudadanos est\u00e1n votando en n\u00fameros  grandes en las elecciones federales de EE.UU.\" style=\"display:none;\" \/>\n  \n    <\/div><!-- end compare -->\n  \n  \n  \n    <div class=\"row\">\n      <div class=\"col p-3\">\n\n        <p class=\"fs-5\">Ya existe leyes que hacen ilegal que aquellos que no son ciudadanos voten en las elecciones federales de EE.UU. Anplis de sa, pa gen okenn evidans rey\u00e8l ke respalde la ret\u00f3rica de MAGA de ke yon gran kantite moun ki pa gen okenn sitwayen sitwayen yo ap vote. Los funcionarios electorales trabajan durante todo el a\u00f1o para garantizar la integridad y seguridad de nuestras elecciones. Los esfuerzos liderados por los republicanos para requerir prueba de ciudadan\u00eda al registrarse para votar en realidad impedir\u00edan que muchos ciudadanos americans\u2014votantes elegibles\u2014ejercieran su derecho al voto.<\/p>\n        <p class=\"fs-5\">De hecho, los ciudadanos americans de color se ver\u00edan m\u00e1s afectados por estos requisitos. Los estudios muestran que los votantes de color tienen m\u00e1s probabilidades que los votantes blancos de no tener, o no poder acceder r\u00e1pidamente a, documents de ciudadan\u00eda. Piense en los estadounidenses mayores and los americans afroamericas, specialmente en el sur, ki gen plis chans pou yo gen nacido fuera de un lopital e yo pa kapab resevwa otomatikman yon s\u00e8tifika nacimiento.<\/p>\n        <p class=\"fs-5\">Donk, \u00bfpou ki sa ki kantite repibliken yo ap pwomouvwa gen deklarasyon ki fo? Est\u00e1n preparando el terreno para alegar fraude electoral cuando las elecciones no est\u00e9n a su favor. Vimos esto el 6 de enero, cuando las falsas afirmaciones de una elecci\u00f3n robada te mennen yon atak al Capitolio de EE.UU. ou demokratik nou an.<\/p>\n        <p class=\"fs-5\">Requerir prueba de ciudadan\u00eda al registrarse para votar no har\u00eda nada m\u00e1s que impedir que los ciudadanos estadounidenses ejerzan su derecho al voto. Deber\u00edamos estar facilitando, no dificultando, que los votantes elegibles yo em\u00e8t tout v\u00f2t yo epi yo pa bezwen tande vwa yo.<\/p>  \n      <\/div>\n    <\/div>\n\n\n\n \n  \n  <\/div><!-- end spanish container --> \n  \n\n\n\n\n<script>\n\n            $(\".compare, .compare-2, .compare-3, .compare-4, .compare-5, .compare-6\"\n            ).mousemove(function (e) {\n                var $div = $(\".compare, .compare-2, .compare-3, .compare-4, .compare-5, .compare-6\");\n                var $totalWidth = $(\".compare, .compare-2, .compare-3, .compare-4, .compare-5, .compare-6\").width();\n                var $left = e.pageX - $div.offset().left;\n                \/\/ console.log($left \/ $totalWidth);\n                $(\".one, .second-slide-one, .third-slide-one, .fourth-slide-one, .fifth-slide-one, .sixth-slide-one\"\n                ).css(\"width\", ($left \/ $totalWidth) * 100 + \"%\");\n            });\n\n\n            $(\".compare-esp, .compare-2-esp, .compare-3-esp, .compare-4-esp, .compare-5-esp, .compare-6-esp\"\n            ).mousemove(function (e) {\n                var $div = $(\".compare-esp, .compare-2-esp, .compare-3-esp, .compare-4-esp, .compare-5-esp, .compare-6-esp\");\n                var $totalWidth = $(\".compare-esp, .compare-2-esp, .compare-3-esp, .compare-4-esp, .compare-5-esp, .compare-6-esp\").width();\n                var $left = e.pageX - $div.offset().left;\n                \/\/ console.log($left \/ $totalWidth);\n                $(\".one-esp, .second-slide-one-esp, .third-slide-one-esp, .fourth-slide-one-esp, .fifth-slide-one-esp, .sixth-slide-one-esp\"\n                ).css(\"width\", ($left \/ $totalWidth) * 100 + \"%\");\n            });\n\n            \/\/toggle on mobile \n          \n\n                $(\"img.compareimg1\").click(function () { \n                    $(\"img.compareimg1\").toggle();\n                });\n                $(\"img.compareimg2\").click(function () { \n                    $(\"img.compareimg2\").toggle();\n                });\n\n                $(\"img.compareimg3\").click(function () { \n                    $(\"img.compareimg3\").toggle();\n                });\n\n                $(\"img.compareimg4\").click(function () { \n                    $(\"img.compareimg4\").toggle();\n                });\n\n                $(\"img.compareimg5\").click(function () { \n                    $(\"img.compareimg5\").toggle();\n                });\n\n                $(\"img.compareimg6\").click(function () { \n                    $(\"img.compareimg6\").toggle();\n                });\n \n\n<\/script>","protected":false},"excerpt":{"rendered":"<p>La VERDAD sobre la inmigraci\u00f3n y las MENTIRAS de MAGA que inundar\u00e1n sus redes sociales con odio y alarmismo. Mant\u00e9ngase informado y conozca los hechos. VERDAD #1 Pase el cursor sobre Toque la imagen para revelar la mentira de MAGA. VERDAD: Los inmigrantes pagan casi $100 mil millones en impuestos al a\u00f1o. MENTIRA: Los inmigrantes [&hellip;]<\/p>\n","protected":false},"author":4,"featured_media":2692,"parent":0,"menu_order":0,"comment_status":"closed","ping_status":"closed","template":"elementor_header_footer","meta":{"footnotes":"","_links_to":"","_links_to_target":""},"class_list":["post-2671","page","type-page","status-publish","has-post-thumbnail","hentry"],"yoast_head":"<!-- This site is optimized with the Yoast SEO plugin v27.3 - https:\/\/yoast.com\/product\/yoast-seo-wordpress\/ -->\n<title>La verdad sobre la inmigraci\u00f3n - iAmerica<\/title>\n<meta name=\"description\" content=\"The TRUTH about immigration and the MAGA LIES that will flood your timeline with hate and fear-mongering. Stay informed and know the facts.\" \/>\n<meta name=\"robots\" content=\"index, follow, max-snippet:-1, max-image-preview:large, max-video-preview:-1\" \/>\n<link rel=\"canonical\" href=\"https:\/\/iamerica.org\/ht\/la-verdad-sobre-la-inmigracion\/\" \/>\n<meta property=\"og:locale\" content=\"ht_HT\" \/>\n<meta property=\"og:type\" content=\"article\" \/>\n<meta property=\"og:title\" content=\"La verdad sobre la inmigraci\u00f3n - iAmerica\" \/>\n<meta property=\"og:description\" content=\"The TRUTH about immigration and the MAGA LIES that will flood your timeline with hate and fear-mongering. Stay informed and know the facts.\" \/>\n<meta property=\"og:url\" content=\"https:\/\/iamerica.org\/ht\/la-verdad-sobre-la-inmigracion\/\" \/>\n<meta property=\"og:site_name\" content=\"iAmerica\" \/>\n<meta property=\"article:publisher\" content=\"https:\/\/www.facebook.com\/iAmericaorg\/\" \/>\n<meta property=\"article:modified_time\" content=\"2024-10-08T19:20:31+00:00\" \/>\n<meta property=\"og:image\" content=\"https:\/\/iamerica.org\/wp-content\/uploads\/2024\/10\/FB-preview-2-fb-esp.png\" \/>\n\t<meta property=\"og:image:width\" content=\"1200\" \/>\n\t<meta property=\"og:image:height\" content=\"630\" \/>\n\t<meta property=\"og:image:type\" content=\"image\/png\" \/>\n<meta name=\"twitter:card\" content=\"summary_large_image\" \/>\n<meta name=\"twitter:site\" content=\"@iamericaorg\" \/>\n<meta name=\"twitter:label1\" content=\"Est. reading time\" \/>\n\t<meta name=\"twitter:data1\" content=\"1 minute\" \/>\n<script type=\"application\/ld+json\" class=\"yoast-schema-graph\">{\"@context\":\"https:\\\/\\\/schema.org\",\"@graph\":[{\"@type\":\"WebPage\",\"@id\":\"https:\\\/\\\/iamerica.org\\\/la-verdad-sobre-la-inmigracion\\\/\",\"url\":\"https:\\\/\\\/iamerica.org\\\/la-verdad-sobre-la-inmigracion\\\/\",\"name\":\"La verdad sobre la inmigraci\u00f3n - iAmerica\",\"isPartOf\":{\"@id\":\"https:\\\/\\\/iamerica.org\\\/ru\\\/#website\"},\"primaryImageOfPage\":{\"@id\":\"https:\\\/\\\/iamerica.org\\\/la-verdad-sobre-la-inmigracion\\\/#primaryimage\"},\"image\":{\"@id\":\"https:\\\/\\\/iamerica.org\\\/la-verdad-sobre-la-inmigracion\\\/#primaryimage\"},\"thumbnailUrl\":\"https:\\\/\\\/iamerica.org\\\/wp-content\\\/uploads\\\/2024\\\/10\\\/FB-preview-2-fb-esp.png\",\"datePublished\":\"2024-10-04T18:57:22+00:00\",\"dateModified\":\"2024-10-08T19:20:31+00:00\",\"description\":\"The TRUTH about immigration and the MAGA LIES that will flood your timeline with hate and fear-mongering. Stay informed and know the facts.\",\"breadcrumb\":{\"@id\":\"https:\\\/\\\/iamerica.org\\\/la-verdad-sobre-la-inmigracion\\\/#breadcrumb\"},\"inLanguage\":\"ht\",\"potentialAction\":[{\"@type\":\"ReadAction\",\"target\":[\"https:\\\/\\\/iamerica.org\\\/la-verdad-sobre-la-inmigracion\\\/\"]}]},{\"@type\":\"ImageObject\",\"inLanguage\":\"ht\",\"@id\":\"https:\\\/\\\/iamerica.org\\\/la-verdad-sobre-la-inmigracion\\\/#primaryimage\",\"url\":\"https:\\\/\\\/iamerica.org\\\/wp-content\\\/uploads\\\/2024\\\/10\\\/FB-preview-2-fb-esp.png\",\"contentUrl\":\"https:\\\/\\\/iamerica.org\\\/wp-content\\\/uploads\\\/2024\\\/10\\\/FB-preview-2-fb-esp.png\",\"width\":1200,\"height\":630},{\"@type\":\"BreadcrumbList\",\"@id\":\"https:\\\/\\\/iamerica.org\\\/la-verdad-sobre-la-inmigracion\\\/#breadcrumb\",\"itemListElement\":[{\"@type\":\"ListItem\",\"position\":1,\"name\":\"Home\",\"item\":\"https:\\\/\\\/iamerica.org\\\/\"},{\"@type\":\"ListItem\",\"position\":2,\"name\":\"La verdad sobre la inmigraci\u00f3n\"}]},{\"@type\":\"WebSite\",\"@id\":\"https:\\\/\\\/iamerica.org\\\/ru\\\/#website\",\"url\":\"https:\\\/\\\/iamerica.org\\\/ru\\\/\",\"name\":\"iAmerica\",\"description\":\"\",\"publisher\":{\"@id\":\"https:\\\/\\\/iamerica.org\\\/ru\\\/#organization\"},\"potentialAction\":[{\"@type\":\"SearchAction\",\"target\":{\"@type\":\"EntryPoint\",\"urlTemplate\":\"https:\\\/\\\/iamerica.org\\\/ru\\\/?s={search_term_string}\"},\"query-input\":{\"@type\":\"PropertyValueSpecification\",\"valueRequired\":true,\"valueName\":\"search_term_string\"}}],\"inLanguage\":\"ht\"},{\"@type\":\"Organization\",\"@id\":\"https:\\\/\\\/iamerica.org\\\/ru\\\/#organization\",\"name\":\"iAmerica\",\"url\":\"https:\\\/\\\/iamerica.org\\\/ru\\\/\",\"logo\":{\"@type\":\"ImageObject\",\"inLanguage\":\"ht\",\"@id\":\"https:\\\/\\\/iamerica.org\\\/ru\\\/#\\\/schema\\\/logo\\\/image\\\/\",\"url\":\"https:\\\/\\\/iamerica.org\\\/wp-content\\\/uploads\\\/2024\\\/05\\\/iAmerica_Logo_Navy.png\",\"contentUrl\":\"https:\\\/\\\/iamerica.org\\\/wp-content\\\/uploads\\\/2024\\\/05\\\/iAmerica_Logo_Navy.png\",\"width\":2309,\"height\":626,\"caption\":\"iAmerica\"},\"image\":{\"@id\":\"https:\\\/\\\/iamerica.org\\\/ru\\\/#\\\/schema\\\/logo\\\/image\\\/\"},\"sameAs\":[\"https:\\\/\\\/www.facebook.com\\\/iAmericaorg\\\/\",\"https:\\\/\\\/x.com\\\/iamericaorg\",\"https:\\\/\\\/www.instagram.com\\\/iamericaorg\"]}]}<\/script>\n<!-- \/ Yoast SEO plugin. -->","yoast_head_json":{"title":"La verdad sobre la inmigraci\u00f3n - iAmerica","description":"VERITE a sou imigrasyon ak MANTI MAGA yo ki pral anvayi tan ou ak rayisman ak laper\u00e8z. Rete enf\u00f2me epi konnen reyalite yo.","robots":{"index":"index","follow":"follow","max-snippet":"max-snippet:-1","max-image-preview":"max-image-preview:large","max-video-preview":"max-video-preview:-1"},"canonical":"https:\/\/iamerica.org\/ht\/la-verdad-sobre-la-inmigracion\/","og_locale":"ht_HT","og_type":"article","og_title":"La verdad sobre la inmigraci\u00f3n - iAmerica","og_description":"The TRUTH about immigration and the MAGA LIES that will flood your timeline with hate and fear-mongering. Stay informed and know the facts.","og_url":"https:\/\/iamerica.org\/ht\/la-verdad-sobre-la-inmigracion\/","og_site_name":"iAmerica","article_publisher":"https:\/\/www.facebook.com\/iAmericaorg\/","article_modified_time":"2024-10-08T19:20:31+00:00","og_image":[{"width":1200,"height":630,"url":"https:\/\/iamerica.org\/wp-content\/uploads\/2024\/10\/FB-preview-2-fb-esp.png","type":"image\/png"}],"twitter_card":"summary_large_image","twitter_site":"@iamericaorg","twitter_misc":{"Est. reading time":"1 minute"},"schema":{"@context":"https:\/\/schema.org","@graph":[{"@type":"WebPage","@id":"https:\/\/iamerica.org\/la-verdad-sobre-la-inmigracion\/","url":"https:\/\/iamerica.org\/la-verdad-sobre-la-inmigracion\/","name":"La verdad sobre la inmigraci\u00f3n - iAmerica","isPartOf":{"@id":"https:\/\/iamerica.org\/ru\/#website"},"primaryImageOfPage":{"@id":"https:\/\/iamerica.org\/la-verdad-sobre-la-inmigracion\/#primaryimage"},"image":{"@id":"https:\/\/iamerica.org\/la-verdad-sobre-la-inmigracion\/#primaryimage"},"thumbnailUrl":"https:\/\/iamerica.org\/wp-content\/uploads\/2024\/10\/FB-preview-2-fb-esp.png","datePublished":"2024-10-04T18:57:22+00:00","dateModified":"2024-10-08T19:20:31+00:00","description":"VERITE a sou imigrasyon ak MANTI MAGA yo ki pral anvayi tan ou ak rayisman ak laper\u00e8z. Rete enf\u00f2me epi konnen reyalite yo.","breadcrumb":{"@id":"https:\/\/iamerica.org\/la-verdad-sobre-la-inmigracion\/#breadcrumb"},"inLanguage":"ht","potentialAction":[{"@type":"ReadAction","target":["https:\/\/iamerica.org\/la-verdad-sobre-la-inmigracion\/"]}]},{"@type":"ImageObject","inLanguage":"ht","@id":"https:\/\/iamerica.org\/la-verdad-sobre-la-inmigracion\/#primaryimage","url":"https:\/\/iamerica.org\/wp-content\/uploads\/2024\/10\/FB-preview-2-fb-esp.png","contentUrl":"https:\/\/iamerica.org\/wp-content\/uploads\/2024\/10\/FB-preview-2-fb-esp.png","width":1200,"height":630},{"@type":"BreadcrumbList","@id":"https:\/\/iamerica.org\/la-verdad-sobre-la-inmigracion\/#breadcrumb","itemListElement":[{"@type":"ListItem","position":1,"name":"Home","item":"https:\/\/iamerica.org\/"},{"@type":"ListItem","position":2,"name":"La verdad sobre la inmigraci\u00f3n"}]},{"@type":"WebSite","@id":"https:\/\/iamerica.org\/ru\/#website","url":"https:\/\/iamerica.org\/ru\/","name":"iAmerik","description":"","publisher":{"@id":"https:\/\/iamerica.org\/ru\/#organization"},"potentialAction":[{"@type":"SearchAction","target":{"@type":"EntryPoint","urlTemplate":"https:\/\/iamerica.org\/ru\/?s={search_term_string}"},"query-input":{"@type":"PropertyValueSpecification","valueRequired":true,"valueName":"search_term_string"}}],"inLanguage":"ht"},{"@type":"Organization","@id":"https:\/\/iamerica.org\/ru\/#organization","name":"iAmerik","url":"https:\/\/iamerica.org\/ru\/","logo":{"@type":"ImageObject","inLanguage":"ht","@id":"https:\/\/iamerica.org\/ru\/#\/schema\/logo\/image\/","url":"https:\/\/iamerica.org\/wp-content\/uploads\/2024\/05\/iAmerica_Logo_Navy.png","contentUrl":"https:\/\/iamerica.org\/wp-content\/uploads\/2024\/05\/iAmerica_Logo_Navy.png","width":2309,"height":626,"caption":"iAmerica"},"image":{"@id":"https:\/\/iamerica.org\/ru\/#\/schema\/logo\/image\/"},"sameAs":["https:\/\/www.facebook.com\/iAmericaorg\/","https:\/\/x.com\/iamericaorg","https:\/\/www.instagram.com\/iamericaorg"]}]}},"_links":{"self":[{"href":"https:\/\/iamerica.org\/ht\/wp-json\/wp\/v2\/pages\/2671","targetHints":{"allow":["GET"]}}],"collection":[{"href":"https:\/\/iamerica.org\/ht\/wp-json\/wp\/v2\/pages"}],"about":[{"href":"https:\/\/iamerica.org\/ht\/wp-json\/wp\/v2\/types\/page"}],"author":[{"embeddable":true,"href":"https:\/\/iamerica.org\/ht\/wp-json\/wp\/v2\/users\/4"}],"replies":[{"embeddable":true,"href":"https:\/\/iamerica.org\/ht\/wp-json\/wp\/v2\/comments?post=2671"}],"version-history":[{"count":0,"href":"https:\/\/iamerica.org\/ht\/wp-json\/wp\/v2\/pages\/2671\/revisions"}],"wp:featuredmedia":[{"embeddable":true,"href":"https:\/\/iamerica.org\/ht\/wp-json\/wp\/v2\/media\/2692"}],"wp:attachment":[{"href":"https:\/\/iamerica.org\/ht\/wp-json\/wp\/v2\/media?parent=2671"}],"curies":[{"name":"wp","href":"https:\/\/api.w.org\/{rel}","templated":true}]}}