{"id":2018,"date":"2024-06-05T20:22:23","date_gmt":"2024-06-05T20:22:23","guid":{"rendered":"https:\/\/iamerica.wpenginepowered.com\/?page_id=2018"},"modified":"2026-04-24T11:22:33","modified_gmt":"2026-04-24T18:22:33","slug":"temporary-protected-status-afghanistan","status":"publish","type":"page","link":"https:\/\/iamerica.org\/it\/temporary-protected-status\/temporary-protected-status-afghanistan\/","title":{"rendered":"Temporary Protected Status \u2013 Afghanistan\u200b"},"content":{"rendered":"<div data-elementor-type=\"wp-page\" data-elementor-id=\"2018\" class=\"elementor elementor-2018\" data-elementor-post-type=\"page\">\n\t\t\t\t\t\t<section class=\"elementor-section elementor-top-section elementor-element elementor-element-bd9d1b8 elementor-section-boxed elementor-section-height-default elementor-section-height-default\" data-id=\"bd9d1b8\" data-element_type=\"section\" data-e-type=\"section\">\n\t\t\t\t\t\t<div class=\"elementor-container elementor-column-gap-wider\">\n\t\t\t\t\t<div class=\"elementor-column elementor-col-66 elementor-top-column elementor-element elementor-element-95abad4\" data-id=\"95abad4\" data-element_type=\"column\" data-e-type=\"column\">\n\t\t\t<div class=\"elementor-widget-wrap elementor-element-populated\">\n\t\t\t\t\t\t<div class=\"elementor-element elementor-element-4d119cc elementor-widget elementor-widget-heading\" data-id=\"4d119cc\" data-element_type=\"widget\" data-e-type=\"widget\" data-widget_type=\"heading.default\">\n\t\t\t\t<div class=\"elementor-widget-container\">\n\t\t\t\t\t<h2 class=\"elementor-heading-title elementor-size-default\">Afghanistan<\/h2>\t\t\t\t<\/div>\n\t\t\t\t<\/div>\n\t\t\t\t<div class=\"elementor-element elementor-element-68f1a48 elementor-widget elementor-widget-text-editor\" data-id=\"68f1a48\" data-element_type=\"widget\" data-e-type=\"widget\" data-widget_type=\"text-editor.default\">\n\t\t\t\t<div class=\"elementor-widget-container\">\n\t\t\t\t\t\t\t\t\t<p><strong>TPS for Afghanistan has ended, along with TPS-related work authorization for Afghan TPS holders while the legal challenge to the Trump administration\u2019s termination of Afghan TPS continues.<\/strong><\/p><p>On May 13, 2025, the Trump administration <a href=\"https:\/\/www.federalregister.gov\/documents\/2025\/05\/13\/2025-08201\/termination-of-the-designation-of-afghanistan-for-temporary-protected-status\" target=\"_blank\" rel=\"noopener\">deciso<\/a> di porre fine al TPS per i titolari di TPS afghani. Il Dipartimento per la Sicurezza Nazionale di Trump ha previsto la fine del TPS dall'Afghanistan a partire dal 14 luglio 2025, causando la perdita del TPS e della relativa autorizzazione al lavoro per i titolari.<\/p>\t\t\t\t\t\t\t\t<\/div>\n\t\t\t\t<\/div>\n\t\t\t\t<div class=\"elementor-element elementor-element-840e43c elementor-widget elementor-widget-heading\" data-id=\"840e43c\" data-element_type=\"widget\" data-e-type=\"widget\" data-widget_type=\"heading.default\">\n\t\t\t\t<div class=\"elementor-widget-container\">\n\t\t\t\t\t<h4 class=\"elementor-heading-title elementor-size-default\">Chiedere un parere legale<\/h4>\t\t\t\t<\/div>\n\t\t\t\t<\/div>\n\t\t\t\t<div class=\"elementor-element elementor-element-9cd24ec elementor-widget elementor-widget-text-editor\" data-id=\"9cd24ec\" data-element_type=\"widget\" data-e-type=\"widget\" data-widget_type=\"text-editor.default\">\n\t\t\t\t<div class=\"elementor-widget-container\">\n\t\t\t\t\t\t\t\t\t<p>\u00c8 importante che i titolari di TPS <a style=\"background-color: #ffffff;\" href=\"https:\/\/iamerica.org\/it\/legal-help\/\">rivolgersi a un avvocato di fiducia per l'immigrazione.<\/a> per ulteriori informazioni su questa o altre agevolazioni per l'immigrazione che possono essere disponibili per voi.<\/p>\t\t\t\t\t\t\t\t<\/div>\n\t\t\t\t<\/div>\n\t\t\t\t<div class=\"elementor-element elementor-element-99784cd elementor-widget elementor-widget-toggle\" data-id=\"99784cd\" data-element_type=\"widget\" data-e-type=\"widget\" data-widget_type=\"toggle.default\">\n\t\t\t\t<div class=\"elementor-widget-container\">\n\t\t\t\t\t\t\t<div class=\"elementor-toggle\">\n\t\t\t\t\t\t\t<div class=\"elementor-toggle-item\">\n\t\t\t\t\t<div id=\"elementor-tab-title-1601\" class=\"elementor-tab-title\" data-tab=\"1\" role=\"button\" aria-controls=\"elementor-tab-content-1601\" aria-expanded=\"false\">\n\t\t\t\t\t\t\t\t\t\t\t\t<span class=\"elementor-toggle-icon elementor-toggle-icon-right\" aria-hidden=\"true\">\n\t\t\t\t\t\t\t\t\t\t\t\t\t\t\t<span class=\"elementor-toggle-icon-closed\"><svg class=\"e-font-icon-svg e-fas-chevron-down\" viewbox=\"0 0 448 512\" xmlns=\"http:\/\/www.w3.org\/2000\/svg\"><path d=\"M207.029 381.476L12.686 187.132c-9.373-9.373-9.373-24.569 0-33.941l22.667-22.667c9.357-9.357 24.522-9.375 33.901-.04L224 284.505l154.745-154.021c9.379-9.335 24.544-9.317 33.901.04l22.667 22.667c9.373 9.373 9.373 24.569 0 33.941L240.971 381.476c-9.373 9.372-24.569 9.372-33.942 0z\"><\/path><\/svg><\/span>\n\t\t\t\t\t\t\t\t<span class=\"elementor-toggle-icon-opened\"><svg class=\"elementor-toggle-icon-opened e-font-icon-svg e-fas-chevron-up\" viewbox=\"0 0 448 512\" xmlns=\"http:\/\/www.w3.org\/2000\/svg\"><path d=\"M240.971 130.524l194.343 194.343c9.373 9.373 9.373 24.569 0 33.941l-22.667 22.667c-9.357 9.357-24.522 9.375-33.901.04L224 227.495 69.255 381.516c-9.379 9.335-24.544 9.317-33.901-.04l-22.667-22.667c-9.373-9.373-9.373-24.569 0-33.941L207.03 130.525c9.372-9.373 24.568-9.373 33.941-.001z\"><\/path><\/svg><\/span>\n\t\t\t\t\t\t\t\t\t\t\t\t\t<\/span>\n\t\t\t\t\t\t\t\t\t\t\t\t<a class=\"elementor-toggle-title\" tabindex=\"0\">Cosa succeder\u00e0 alla mia autorizzazione al lavoro?<\/a>\n\t\t\t\t\t<\/div>\n\n\t\t\t\t\t<div id=\"elementor-tab-content-1601\" class=\"elementor-tab-content elementor-clearfix\" data-tab=\"1\" role=\"region\" aria-labelledby=\"elementor-tab-title-1601\"><ul><li>I titolari di TPS non potranno utilizzare i permessi di lavoro scaduti come prova di autorizzazione al lavoro.<\/li><li>Un titolare di TPS che ha fatto richiesta di altre agevolazioni per l'immigrazione, ad esempio l'asilo, pu\u00f2 essere autorizzato a lavorare sulla base di un'altra richiesta in corso e pu\u00f2 fornire ai datori di lavoro la prova di altre forme di autorizzazione all'impiego.<\/li><\/ul><\/div>\n\t\t\t\t<\/div>\n\t\t\t\t\t\t\t<div class=\"elementor-toggle-item\">\n\t\t\t\t\t<div id=\"elementor-tab-title-1602\" class=\"elementor-tab-title\" data-tab=\"2\" role=\"button\" aria-controls=\"elementor-tab-content-1602\" aria-expanded=\"false\">\n\t\t\t\t\t\t\t\t\t\t\t\t<span class=\"elementor-toggle-icon elementor-toggle-icon-right\" aria-hidden=\"true\">\n\t\t\t\t\t\t\t\t\t\t\t\t\t\t\t<span class=\"elementor-toggle-icon-closed\"><svg class=\"e-font-icon-svg e-fas-chevron-down\" viewbox=\"0 0 448 512\" xmlns=\"http:\/\/www.w3.org\/2000\/svg\"><path d=\"M207.029 381.476L12.686 187.132c-9.373-9.373-9.373-24.569 0-33.941l22.667-22.667c9.357-9.357 24.522-9.375 33.901-.04L224 284.505l154.745-154.021c9.379-9.335 24.544-9.317 33.901.04l22.667 22.667c9.373 9.373 9.373 24.569 0 33.941L240.971 381.476c-9.373 9.372-24.569 9.372-33.942 0z\"><\/path><\/svg><\/span>\n\t\t\t\t\t\t\t\t<span class=\"elementor-toggle-icon-opened\"><svg class=\"elementor-toggle-icon-opened e-font-icon-svg e-fas-chevron-up\" viewbox=\"0 0 448 512\" xmlns=\"http:\/\/www.w3.org\/2000\/svg\"><path d=\"M240.971 130.524l194.343 194.343c9.373 9.373 9.373 24.569 0 33.941l-22.667 22.667c-9.357 9.357-24.522 9.375-33.901.04L224 227.495 69.255 381.516c-9.379 9.335-24.544 9.317-33.901-.04l-22.667-22.667c-9.373-9.373-9.373-24.569 0-33.941L207.03 130.525c9.372-9.373 24.568-9.373 33.941-.001z\"><\/path><\/svg><\/span>\n\t\t\t\t\t\t\t\t\t\t\t\t\t<\/span>\n\t\t\t\t\t\t\t\t\t\t\t\t<a class=\"elementor-toggle-title\" tabindex=\"0\">What If My Employer Asks Me To Prove My Work Authorization?<\/a>\n\t\t\t\t\t<\/div>\n\n\t\t\t\t\t<div id=\"elementor-tab-content-1602\" class=\"elementor-tab-content elementor-clearfix\" data-tab=\"2\" role=\"region\" aria-labelledby=\"elementor-tab-title-1602\"><ul><li>If your employer asks, and you have work authorization pursuant to another form of immigration relief, such as a pending asylum claim, you can show them your work permit pursuant to other immigration relief.<\/li><li>Se siete rappresentati da un sindacato, contattate il vostro rappresentante sindacale.<\/li><\/ul><\/div>\n\t\t\t\t<\/div>\n\t\t\t\t\t\t\t<div class=\"elementor-toggle-item\">\n\t\t\t\t\t<div id=\"elementor-tab-title-1603\" class=\"elementor-tab-title\" data-tab=\"3\" role=\"button\" aria-controls=\"elementor-tab-content-1603\" aria-expanded=\"false\">\n\t\t\t\t\t\t\t\t\t\t\t\t<span class=\"elementor-toggle-icon elementor-toggle-icon-right\" aria-hidden=\"true\">\n\t\t\t\t\t\t\t\t\t\t\t\t\t\t\t<span class=\"elementor-toggle-icon-closed\"><svg class=\"e-font-icon-svg e-fas-chevron-down\" viewbox=\"0 0 448 512\" xmlns=\"http:\/\/www.w3.org\/2000\/svg\"><path d=\"M207.029 381.476L12.686 187.132c-9.373-9.373-9.373-24.569 0-33.941l22.667-22.667c9.357-9.357 24.522-9.375 33.901-.04L224 284.505l154.745-154.021c9.379-9.335 24.544-9.317 33.901.04l22.667 22.667c9.373 9.373 9.373 24.569 0 33.941L240.971 381.476c-9.373 9.372-24.569 9.372-33.942 0z\"><\/path><\/svg><\/span>\n\t\t\t\t\t\t\t\t<span class=\"elementor-toggle-icon-opened\"><svg class=\"elementor-toggle-icon-opened e-font-icon-svg e-fas-chevron-up\" viewbox=\"0 0 448 512\" xmlns=\"http:\/\/www.w3.org\/2000\/svg\"><path d=\"M240.971 130.524l194.343 194.343c9.373 9.373 9.373 24.569 0 33.941l-22.667 22.667c-9.357 9.357-24.522 9.375-33.901.04L224 227.495 69.255 381.516c-9.379 9.335-24.544 9.317-33.901-.04l-22.667-22.667c-9.373-9.373-9.373-24.569 0-33.941L207.03 130.525c9.372-9.373 24.568-9.373 33.941-.001z\"><\/path><\/svg><\/span>\n\t\t\t\t\t\t\t\t\t\t\t\t\t<\/span>\n\t\t\t\t\t\t\t\t\t\t\t\t<a class=\"elementor-toggle-title\" tabindex=\"0\">Cosa devo fare se la mia autorizzazione al lavoro e il TPS sono terminati?<\/a>\n\t\t\t\t\t<\/div>\n\n\t\t\t\t\t<div id=\"elementor-tab-content-1603\" class=\"elementor-tab-content elementor-clearfix\" data-tab=\"3\" role=\"region\" aria-labelledby=\"elementor-tab-title-1603\"><ul><li>Se siete rappresentati da un sindacato, contattate il vostro rappresentante sindacale. Il vostro sindacato pu\u00f2 contrattare con il datore di lavoro per ottenere un'aspettativa non retribuita, un'indennit\u00e0 di licenziamento o altre indennit\u00e0 di separazione.<\/li><li>Contattate immediatamente un avvocato specializzato in immigrazione di fiducia. Diffidate dei \"notarios\" o dei truffatori. <a href=\"https:\/\/iamerica.org\/it\/legal-help\/\">Trovate un fornitore di servizi legali affidabile vicino a voi.<\/a><\/li><\/ul><\/div>\n\t\t\t\t<\/div>\n\t\t\t\t\t\t\t<div class=\"elementor-toggle-item\">\n\t\t\t\t\t<div id=\"elementor-tab-title-1604\" class=\"elementor-tab-title\" data-tab=\"4\" role=\"button\" aria-controls=\"elementor-tab-content-1604\" aria-expanded=\"false\">\n\t\t\t\t\t\t\t\t\t\t\t\t<span class=\"elementor-toggle-icon elementor-toggle-icon-right\" aria-hidden=\"true\">\n\t\t\t\t\t\t\t\t\t\t\t\t\t\t\t<span class=\"elementor-toggle-icon-closed\"><svg class=\"e-font-icon-svg e-fas-chevron-down\" viewbox=\"0 0 448 512\" xmlns=\"http:\/\/www.w3.org\/2000\/svg\"><path d=\"M207.029 381.476L12.686 187.132c-9.373-9.373-9.373-24.569 0-33.941l22.667-22.667c9.357-9.357 24.522-9.375 33.901-.04L224 284.505l154.745-154.021c9.379-9.335 24.544-9.317 33.901.04l22.667 22.667c9.373 9.373 9.373 24.569 0 33.941L240.971 381.476c-9.373 9.372-24.569 9.372-33.942 0z\"><\/path><\/svg><\/span>\n\t\t\t\t\t\t\t\t<span class=\"elementor-toggle-icon-opened\"><svg class=\"elementor-toggle-icon-opened e-font-icon-svg e-fas-chevron-up\" viewbox=\"0 0 448 512\" xmlns=\"http:\/\/www.w3.org\/2000\/svg\"><path d=\"M240.971 130.524l194.343 194.343c9.373 9.373 9.373 24.569 0 33.941l-22.667 22.667c-9.357 9.357-24.522 9.375-33.901.04L224 227.495 69.255 381.516c-9.379 9.335-24.544 9.317-33.901-.04l-22.667-22.667c-9.373-9.373-9.373-24.569 0-33.941L207.03 130.525c9.372-9.373 24.568-9.373 33.941-.001z\"><\/path><\/svg><\/span>\n\t\t\t\t\t\t\t\t\t\t\t\t\t<\/span>\n\t\t\t\t\t\t\t\t\t\t\t\t<a class=\"elementor-toggle-title\" tabindex=\"0\">Cosa succede dopo?<\/a>\n\t\t\t\t\t<\/div>\n\n\t\t\t\t\t<div id=\"elementor-tab-content-1604\" class=\"elementor-tab-content elementor-clearfix\" data-tab=\"4\" role=\"region\" aria-labelledby=\"elementor-tab-title-1604\"><p>On May 7, 2025, CASA filed a lawsuit challenging the Trump administration\u2019s termination of TPS for Cameroon and Afghanistan in the U.S. District Court, Maryland. The case is <em>CASA contro Noem<\/em>, n. 3:25-cv-01484 (D. Ct. MD).<\/p><p>La causa continuer\u00e0 e ulteriori dettagli saranno noti nei prossimi giorni e settimane. Il giudice non ha ancora preso una decisione definitiva sul caso. Le domande di asilo possono ancora essere presentate.<\/p><\/div>\n\t\t\t\t<\/div>\n\t\t\t\t\t\t\t\t<\/div>\n\t\t\t\t\t\t<\/div>\n\t\t\t\t<\/div>\n\t\t\t\t<div class=\"elementor-element elementor-element-65b3bf4 elementor-widget elementor-widget-heading\" data-id=\"65b3bf4\" data-element_type=\"widget\" data-e-type=\"widget\" data-widget_type=\"heading.default\">\n\t\t\t\t<div class=\"elementor-widget-container\">\n\t\t\t\t\t<h4 class=\"elementor-heading-title elementor-size-default\">Agite e fate sentire la vostra voce!<\/h4>\t\t\t\t<\/div>\n\t\t\t\t<\/div>\n\t\t\t\t<div class=\"elementor-element elementor-element-50ffcc6 elementor-widget elementor-widget-text-editor\" data-id=\"50ffcc6\" data-element_type=\"widget\" data-e-type=\"widget\" data-widget_type=\"text-editor.default\">\n\t\t\t\t<div class=\"elementor-widget-container\">\n\t\t\t\t\t\t\t\t\t<p>Unitevi a noi nella lotta per un sistema di immigrazione pi\u00f9 giusto, umano e ordinato, che crei ulteriori percorsi legali per gli immigrati per rimanere negli Stati Uniti con un percorso verso la cittadinanza.<\/p>\t\t\t\t\t\t\t\t<\/div>\n\t\t\t\t<\/div>\n\t\t\t\t<div class=\"elementor-element elementor-element-0dd02e6 elementor-widget elementor-widget-button\" data-id=\"0dd02e6\" data-element_type=\"widget\" data-e-type=\"widget\" data-widget_type=\"button.default\">\n\t\t\t\t<div class=\"elementor-widget-container\">\n\t\t\t\t\t\t\t\t\t<div class=\"elementor-button-wrapper\">\n\t\t\t\t\t<a class=\"elementor-button elementor-button-link elementor-size-sm\" href=\"https:\/\/iamerica.org\/it\/join-us\/\">\n\t\t\t\t\t\t<span class=\"elementor-button-content-wrapper\">\n\t\t\t\t\t\t\t\t\t<span class=\"elementor-button-text\">Unisciti a noi<\/span>\n\t\t\t\t\t<\/span>\n\t\t\t\t\t<\/a>\n\t\t\t\t<\/div>\n\t\t\t\t\t\t\t\t<\/div>\n\t\t\t\t<\/div>\n\t\t\t\t<div class=\"elementor-element elementor-element-5fde6d5 elementor-widget-divider--view-line elementor-widget elementor-widget-divider\" data-id=\"5fde6d5\" data-element_type=\"widget\" data-e-type=\"widget\" data-widget_type=\"divider.default\">\n\t\t\t\t<div class=\"elementor-widget-container\">\n\t\t\t\t\t\t\t<div class=\"elementor-divider\">\n\t\t\t<span class=\"elementor-divider-separator\">\n\t\t\t\t\t\t<\/span>\n\t\t<\/div>\n\t\t\t\t\t\t<\/div>\n\t\t\t\t<\/div>\n\t\t\t\t<div class=\"elementor-element elementor-element-5da7530 elementor-widget elementor-widget-button\" data-id=\"5da7530\" data-element_type=\"widget\" data-e-type=\"widget\" data-widget_type=\"button.default\">\n\t\t\t\t<div class=\"elementor-widget-container\">\n\t\t\t\t\t\t\t\t\t<div class=\"elementor-button-wrapper\">\n\t\t\t\t\t<a class=\"elementor-button elementor-button-link elementor-size-sm\" href=\"https:\/\/iamerica.org\/it\/temporary-protected-status\/\">\n\t\t\t\t\t\t<span class=\"elementor-button-content-wrapper\">\n\t\t\t\t\t\t\t\t\t<span class=\"elementor-button-text\">Torna alle risorse TPS<\/span>\n\t\t\t\t\t<\/span>\n\t\t\t\t\t<\/a>\n\t\t\t\t<\/div>\n\t\t\t\t\t\t\t\t<\/div>\n\t\t\t\t<\/div>\n\t\t\t\t\t<\/div>\n\t\t<\/div>\n\t\t\t\t<div class=\"elementor-column elementor-col-33 elementor-top-column elementor-element elementor-element-c2ccc40\" data-id=\"c2ccc40\" data-element_type=\"column\" data-e-type=\"column\">\n\t\t\t<div class=\"elementor-widget-wrap\">\n\t\t\t\t\t\t\t<\/div>\n\t\t<\/div>\n\t\t\t\t\t<\/div>\n\t\t<\/section>\n\t\t\t\t<\/div>","protected":false},"excerpt":{"rendered":"<p>Afghanistan\u200b TPS for Afghanistan has ended, along with TPS-related work authorization for Afghan TPS holders while the legal challenge to the Trump administration\u2019s termination of Afghan TPS continues. On May 13, 2025, the Trump administration decided to terminate TPS for Afghan TPS holders. The Trump Department of Homeland Security scheduled TPS from Afghanistan to end [&hellip;]<\/p>\n","protected":false},"author":2,"featured_media":3088,"parent":241,"menu_order":0,"comment_status":"closed","ping_status":"closed","template":"","meta":{"footnotes":"","_links_to":"","_links_to_target":""},"class_list":["post-2018","page","type-page","status-publish","has-post-thumbnail","hentry"],"yoast_head":"<!-- This site is optimized with the Yoast SEO plugin v27.3 - https:\/\/yoast.com\/product\/yoast-seo-wordpress\/ -->\n<title>Temporary Protected Status - Afghanistan\u200b - iAmerica<\/title>\n<meta name=\"description\" content=\"Temporary Protected Status (TPS) for Afghanistan with iAmerica. Find information on eligibility, application process, and support.\" \/>\n<meta name=\"robots\" content=\"index, follow, max-snippet:-1, max-image-preview:large, max-video-preview:-1\" \/>\n<link rel=\"canonical\" href=\"https:\/\/iamerica.org\/it\/temporary-protected-status\/temporary-protected-status-afghanistan\/\" \/>\n<meta property=\"og:locale\" content=\"it_IT\" \/>\n<meta property=\"og:type\" content=\"article\" \/>\n<meta property=\"og:title\" content=\"Temporary Protected Status - Afghanistan\u200b - iAmerica\" \/>\n<meta property=\"og:description\" content=\"Temporary Protected Status (TPS) for Afghanistan with iAmerica. Find information on eligibility, application process, and support.\" \/>\n<meta property=\"og:url\" content=\"https:\/\/iamerica.org\/it\/temporary-protected-status\/temporary-protected-status-afghanistan\/\" \/>\n<meta property=\"og:site_name\" content=\"iAmerica\" \/>\n<meta property=\"article:publisher\" content=\"https:\/\/www.facebook.com\/iAmericaorg\/\" \/>\n<meta property=\"article:modified_time\" content=\"2026-04-24T18:22:33+00:00\" \/>\n<meta property=\"og:image\" content=\"https:\/\/iamerica.org\/wp-content\/uploads\/2026\/04\/page-header-tps.png\" \/>\n\t<meta property=\"og:image:width\" content=\"1200\" \/>\n\t<meta property=\"og:image:height\" content=\"500\" \/>\n\t<meta property=\"og:image:type\" content=\"image\/png\" \/>\n<meta name=\"twitter:card\" content=\"summary_large_image\" \/>\n<meta name=\"twitter:site\" content=\"@iamericaorg\" \/>\n<meta name=\"twitter:label1\" content=\"Tempo di lettura stimato\" \/>\n\t<meta name=\"twitter:data1\" content=\"2 minuti\" \/>\n<script type=\"application\/ld+json\" class=\"yoast-schema-graph\">{\"@context\":\"https:\\\/\\\/schema.org\",\"@graph\":[{\"@type\":\"WebPage\",\"@id\":\"https:\\\/\\\/iamerica.org\\\/temporary-protected-status\\\/temporary-protected-status-afghanistan\\\/\",\"url\":\"https:\\\/\\\/iamerica.org\\\/temporary-protected-status\\\/temporary-protected-status-afghanistan\\\/\",\"name\":\"Temporary Protected Status - Afghanistan\u200b - iAmerica\",\"isPartOf\":{\"@id\":\"https:\\\/\\\/iamerica.org\\\/ru\\\/#website\"},\"primaryImageOfPage\":{\"@id\":\"https:\\\/\\\/iamerica.org\\\/temporary-protected-status\\\/temporary-protected-status-afghanistan\\\/#primaryimage\"},\"image\":{\"@id\":\"https:\\\/\\\/iamerica.org\\\/temporary-protected-status\\\/temporary-protected-status-afghanistan\\\/#primaryimage\"},\"thumbnailUrl\":\"https:\\\/\\\/iamerica.org\\\/wp-content\\\/uploads\\\/2026\\\/04\\\/page-header-tps.png\",\"datePublished\":\"2024-06-05T20:22:23+00:00\",\"dateModified\":\"2026-04-24T18:22:33+00:00\",\"description\":\"Temporary Protected Status (TPS) for Afghanistan with iAmerica. Find information on eligibility, application process, and support.\",\"breadcrumb\":{\"@id\":\"https:\\\/\\\/iamerica.org\\\/temporary-protected-status\\\/temporary-protected-status-afghanistan\\\/#breadcrumb\"},\"inLanguage\":\"it-IT\",\"potentialAction\":[{\"@type\":\"ReadAction\",\"target\":[\"https:\\\/\\\/iamerica.org\\\/temporary-protected-status\\\/temporary-protected-status-afghanistan\\\/\"]}]},{\"@type\":\"ImageObject\",\"inLanguage\":\"it-IT\",\"@id\":\"https:\\\/\\\/iamerica.org\\\/temporary-protected-status\\\/temporary-protected-status-afghanistan\\\/#primaryimage\",\"url\":\"https:\\\/\\\/iamerica.org\\\/wp-content\\\/uploads\\\/2026\\\/04\\\/page-header-tps.png\",\"contentUrl\":\"https:\\\/\\\/iamerica.org\\\/wp-content\\\/uploads\\\/2026\\\/04\\\/page-header-tps.png\",\"width\":1200,\"height\":500},{\"@type\":\"BreadcrumbList\",\"@id\":\"https:\\\/\\\/iamerica.org\\\/temporary-protected-status\\\/temporary-protected-status-afghanistan\\\/#breadcrumb\",\"itemListElement\":[{\"@type\":\"ListItem\",\"position\":1,\"name\":\"Home\",\"item\":\"https:\\\/\\\/iamerica.org\\\/\"},{\"@type\":\"ListItem\",\"position\":2,\"name\":\"Temporary Protected Status\",\"item\":\"https:\\\/\\\/iamerica.org\\\/temporary-protected-status\\\/\"},{\"@type\":\"ListItem\",\"position\":3,\"name\":\"Temporary Protected Status &#8211; Afghanistan\u200b\"}]},{\"@type\":\"WebSite\",\"@id\":\"https:\\\/\\\/iamerica.org\\\/ru\\\/#website\",\"url\":\"https:\\\/\\\/iamerica.org\\\/ru\\\/\",\"name\":\"iAmerica\",\"description\":\"\",\"publisher\":{\"@id\":\"https:\\\/\\\/iamerica.org\\\/ru\\\/#organization\"},\"potentialAction\":[{\"@type\":\"SearchAction\",\"target\":{\"@type\":\"EntryPoint\",\"urlTemplate\":\"https:\\\/\\\/iamerica.org\\\/ru\\\/?s={search_term_string}\"},\"query-input\":{\"@type\":\"PropertyValueSpecification\",\"valueRequired\":true,\"valueName\":\"search_term_string\"}}],\"inLanguage\":\"it-IT\"},{\"@type\":\"Organization\",\"@id\":\"https:\\\/\\\/iamerica.org\\\/ru\\\/#organization\",\"name\":\"iAmerica\",\"url\":\"https:\\\/\\\/iamerica.org\\\/ru\\\/\",\"logo\":{\"@type\":\"ImageObject\",\"inLanguage\":\"it-IT\",\"@id\":\"https:\\\/\\\/iamerica.org\\\/ru\\\/#\\\/schema\\\/logo\\\/image\\\/\",\"url\":\"https:\\\/\\\/iamerica.org\\\/wp-content\\\/uploads\\\/2024\\\/05\\\/iAmerica_Logo_Navy.png\",\"contentUrl\":\"https:\\\/\\\/iamerica.org\\\/wp-content\\\/uploads\\\/2024\\\/05\\\/iAmerica_Logo_Navy.png\",\"width\":2309,\"height\":626,\"caption\":\"iAmerica\"},\"image\":{\"@id\":\"https:\\\/\\\/iamerica.org\\\/ru\\\/#\\\/schema\\\/logo\\\/image\\\/\"},\"sameAs\":[\"https:\\\/\\\/www.facebook.com\\\/iAmericaorg\\\/\",\"https:\\\/\\\/x.com\\\/iamericaorg\",\"https:\\\/\\\/www.instagram.com\\\/iamericaorg\"]}]}<\/script>\n<!-- \/ Yoast SEO plugin. -->","yoast_head_json":{"title":"Status di protezione temporanea - Afghanistan - iAmerica","description":"Status di protezione temporanea (TPS) per l'Afghanistan con iAmerica. Informazioni sull'ammissibilit\u00e0, sulla procedura di richiesta e sull'assistenza.","robots":{"index":"index","follow":"follow","max-snippet":"max-snippet:-1","max-image-preview":"max-image-preview:large","max-video-preview":"max-video-preview:-1"},"canonical":"https:\/\/iamerica.org\/it\/temporary-protected-status\/temporary-protected-status-afghanistan\/","og_locale":"it_IT","og_type":"article","og_title":"Temporary Protected Status - Afghanistan\u200b - iAmerica","og_description":"Temporary Protected Status (TPS) for Afghanistan with iAmerica. Find information on eligibility, application process, and support.","og_url":"https:\/\/iamerica.org\/it\/temporary-protected-status\/temporary-protected-status-afghanistan\/","og_site_name":"iAmerica","article_publisher":"https:\/\/www.facebook.com\/iAmericaorg\/","article_modified_time":"2026-04-24T18:22:33+00:00","og_image":[{"width":1200,"height":500,"url":"https:\/\/iamerica.org\/wp-content\/uploads\/2026\/04\/page-header-tps.png","type":"image\/png"}],"twitter_card":"summary_large_image","twitter_site":"@iamericaorg","twitter_misc":{"Tempo di lettura stimato":"2 minuti"},"schema":{"@context":"https:\/\/schema.org","@graph":[{"@type":"WebPage","@id":"https:\/\/iamerica.org\/temporary-protected-status\/temporary-protected-status-afghanistan\/","url":"https:\/\/iamerica.org\/temporary-protected-status\/temporary-protected-status-afghanistan\/","name":"Status di protezione temporanea - Afghanistan - iAmerica","isPartOf":{"@id":"https:\/\/iamerica.org\/ru\/#website"},"primaryImageOfPage":{"@id":"https:\/\/iamerica.org\/temporary-protected-status\/temporary-protected-status-afghanistan\/#primaryimage"},"image":{"@id":"https:\/\/iamerica.org\/temporary-protected-status\/temporary-protected-status-afghanistan\/#primaryimage"},"thumbnailUrl":"https:\/\/iamerica.org\/wp-content\/uploads\/2026\/04\/page-header-tps.png","datePublished":"2024-06-05T20:22:23+00:00","dateModified":"2026-04-24T18:22:33+00:00","description":"Status di protezione temporanea (TPS) per l'Afghanistan con iAmerica. Informazioni sull'ammissibilit\u00e0, sulla procedura di richiesta e sull'assistenza.","breadcrumb":{"@id":"https:\/\/iamerica.org\/temporary-protected-status\/temporary-protected-status-afghanistan\/#breadcrumb"},"inLanguage":"it-IT","potentialAction":[{"@type":"ReadAction","target":["https:\/\/iamerica.org\/temporary-protected-status\/temporary-protected-status-afghanistan\/"]}]},{"@type":"ImageObject","inLanguage":"it-IT","@id":"https:\/\/iamerica.org\/temporary-protected-status\/temporary-protected-status-afghanistan\/#primaryimage","url":"https:\/\/iamerica.org\/wp-content\/uploads\/2026\/04\/page-header-tps.png","contentUrl":"https:\/\/iamerica.org\/wp-content\/uploads\/2026\/04\/page-header-tps.png","width":1200,"height":500},{"@type":"BreadcrumbList","@id":"https:\/\/iamerica.org\/temporary-protected-status\/temporary-protected-status-afghanistan\/#breadcrumb","itemListElement":[{"@type":"ListItem","position":1,"name":"Home","item":"https:\/\/iamerica.org\/"},{"@type":"ListItem","position":2,"name":"Temporary Protected Status","item":"https:\/\/iamerica.org\/temporary-protected-status\/"},{"@type":"ListItem","position":3,"name":"Temporary Protected Status &#8211; Afghanistan\u200b"}]},{"@type":"WebSite","@id":"https:\/\/iamerica.org\/ru\/#website","url":"https:\/\/iamerica.org\/ru\/","name":"iAmerica","description":"","publisher":{"@id":"https:\/\/iamerica.org\/ru\/#organization"},"potentialAction":[{"@type":"SearchAction","target":{"@type":"EntryPoint","urlTemplate":"https:\/\/iamerica.org\/ru\/?s={search_term_string}"},"query-input":{"@type":"PropertyValueSpecification","valueRequired":true,"valueName":"search_term_string"}}],"inLanguage":"it-IT"},{"@type":"Organization","@id":"https:\/\/iamerica.org\/ru\/#organization","name":"iAmerica","url":"https:\/\/iamerica.org\/ru\/","logo":{"@type":"ImageObject","inLanguage":"it-IT","@id":"https:\/\/iamerica.org\/ru\/#\/schema\/logo\/image\/","url":"https:\/\/iamerica.org\/wp-content\/uploads\/2024\/05\/iAmerica_Logo_Navy.png","contentUrl":"https:\/\/iamerica.org\/wp-content\/uploads\/2024\/05\/iAmerica_Logo_Navy.png","width":2309,"height":626,"caption":"iAmerica"},"image":{"@id":"https:\/\/iamerica.org\/ru\/#\/schema\/logo\/image\/"},"sameAs":["https:\/\/www.facebook.com\/iAmericaorg\/","https:\/\/x.com\/iamericaorg","https:\/\/www.instagram.com\/iamericaorg"]}]}},"_links":{"self":[{"href":"https:\/\/iamerica.org\/it\/wp-json\/wp\/v2\/pages\/2018","targetHints":{"allow":["GET"]}}],"collection":[{"href":"https:\/\/iamerica.org\/it\/wp-json\/wp\/v2\/pages"}],"about":[{"href":"https:\/\/iamerica.org\/it\/wp-json\/wp\/v2\/types\/page"}],"author":[{"embeddable":true,"href":"https:\/\/iamerica.org\/it\/wp-json\/wp\/v2\/users\/2"}],"replies":[{"embeddable":true,"href":"https:\/\/iamerica.org\/it\/wp-json\/wp\/v2\/comments?post=2018"}],"version-history":[{"count":0,"href":"https:\/\/iamerica.org\/it\/wp-json\/wp\/v2\/pages\/2018\/revisions"}],"up":[{"embeddable":true,"href":"https:\/\/iamerica.org\/it\/wp-json\/wp\/v2\/pages\/241"}],"wp:featuredmedia":[{"embeddable":true,"href":"https:\/\/iamerica.org\/it\/wp-json\/wp\/v2\/media\/3088"}],"wp:attachment":[{"href":"https:\/\/iamerica.org\/it\/wp-json\/wp\/v2\/media?parent=2018"}],"curies":[{"name":"wp","href":"https:\/\/api.w.org\/{rel}","templated":true}]}}