{"id":2671,"date":"2024-10-04T14:57:22","date_gmt":"2024-10-04T18:57:22","guid":{"rendered":"https:\/\/iamerica.org\/?page_id=2671"},"modified":"2024-10-08T15:20:31","modified_gmt":"2024-10-08T19:20:31","slug":"la-verdad-sobre-la-inmigracion","status":"publish","type":"page","link":"https:\/\/iamerica.org\/it\/la-verdad-sobre-la-inmigracion\/","title":{"rendered":"La verit\u00e0 sull'immigrazione"},"content":{"rendered":"<link rel=\"stylesheet\" href=\"https:\/\/cdnjs.cloudflare.com\/ajax\/libs\/bootstrap\/5.0.2\/css\/bootstrap.min.css\"><script src=\"https:\/\/cdnjs.cloudflare.com\/ajax\/libs\/jquery\/3.6.3\/jquery.min.js\"><\/script><script src=\"https:\/\/cdnjs.cloudflare.com\/ajax\/libs\/bootstrap\/5.2.3\/js\/bootstrap.min.js\"><\/script>\n\n<meta name=\"twitter:card\" content=\"summary_large_image\" \/>\n\n<style> \n\n.hide {display:none;} \n\n\n.compare .one,\n.compare-esp .one-esp,\n.compare .two,\n.compare-esp .two-esp,\n.compare-2 .second-slide-one,\n.compare-2-esp .second-slide-one-esp,\n.compare-2 .second-slide-two,\n.compare-2-esp .second-slide-two-esp,\n.compare-3 .third-slide-one,\n.compare-3-esp .third-slide-one-esp, \n.compare-3 .third-slide-two,\n.compare-3-esp .third-slide-two-esp,\n.compare-4 .fourth-slide-one,\n.compare-4-esp .fourth-slide-one-esp,\n.compare-4 .fourth-slide-two,\n.compare-4-esp .fourth-slide-two-esp,\n.compare-5 .fifth-slide-one,\n.compare-5-esp .fifth-slide-one-esp,\n.compare-5 .fifth-slide-two,\n.compare-5-esp .fifth-slide-two-esp,\n.compare-6 .sixth-slide-one,\n.compare-6-esp .sixth-slide-one-esp,\n.compare-6 .sixth-slide-two,\n.compare-6-esp .sixth-slide-two-esp {\n  height: 100%;\n  width: 100%;\n  background-size: auto 100%;\n  z-index: 1;\n}\n\n.compare .one,\n.compare-esp .one-esp,\n.compare-2 .second-slide-one,\n.compare-2-esp .second-slide-one-esp,\n.compare-3 .third-slide-one,\n.compare-3-esp .third-slide-one-esp,\n.compare-4 .fourth-slide-one,\n.compare-4-esp .fourth-slide-one-esp,\n.compare-5 .fifth-slide-one,\n.compare-5-esp .fifth-slide-one-esp,\n.compare-6 .sixth-slide-one,\n.compare-6-esp .sixth-slide-one-esp {\n  width: 75%;\n  z-index: 2;\n  border-right: 12px solid #EF3742;\n}\n<\/style>\n\n\n\n  <div class=\"container\" style=\"width: 100%; max-width: 800px;\">\n                        <div class=\"row\">\n                            <div class=\"col p-3\">\n                                <p class=\"lead\">La <span class=\"border border-dark-subtle p-1 rounded lh-base\">VERDAD<\/span> sull'immigrazione e sulle <span class=\"fw-bold bg-warning p-1 pe-2 rounded fst-italic\">MENTIRAS de MAGA<\/span> che inondano i social network di odio e allarmismo. Mantenetevi informati e conoscete gli incidenti.<\/p>\n                            <\/div>\n                        <\/div><!-- end title row -->\n  \n    <!-- begin 1 -->\n    <div class=\"row\">\n      <div class=\"col\">\n        <h2 class=\"h4 fst-italic fw-bold lie\">VERDAD #1 <span class=\"text-muted fs-6\"><span class=\"d-none d-md-inline\">Posizionare il cursore su<\/span> <span class=\"d-md-none\">Toque<\/span> l'immagine per rivelare la mentira del MAGA.<\/span><\/h2>\n  \n        <div class=\"compare-esp ratio ratio-16x9 d-none d-md-block\">\n          <div class=\"one-esp\" style=\"background-image:url('https:\/\/iamerica.org\/wp-content\/uploads\/2024\/09\/Truth1esp.jpg');\">\n            <p class=\"visually-hidden\">VERDAD: Gli immigrati pagano quasi $100 milioni di euro di tasse all'anno.<\/p>\n          <\/div>\n  \n          <div class=\"two-esp\" style=\"background-image:url('https:\/\/iamerica.org\/wp-content\/uploads\/2024\/09\/Lie1esp.jpg');\">\n  \n            <p class=\"visually-hidden\">MENTIRA: Gli immigrati non pagano le tasse.<\/p>\n  \n          <\/div><!-- end two -->\n        <\/div><!-- end compare -->\n  \n      <\/div><!-- end col -->\n    <\/div><!-- end row -->\n  \n  <div class=\"row my-3\">\n    <div class=\"col\">\n        <a target=\"_blank\" href=\"https:\/\/www.facebook.com\/sharer\/sharer.php?u=https%3A\/\/iamerica.org\/the-truth-about-immigration\/\" rel=\"noopener\"> <i class=\"fa-brands fa-facebook fa-2xl me-3\"><\/i><\/a> <a target=\"_blank\" href=\"https:\/\/ctt.ec\/3D0d2\" rel=\"noopener\"><i class=\"fa-brands fa-x-twitter fa-2xl\"><\/i><\/a>\n    <\/div>\n  <\/div>\n    \n     <div class=\"ratio ratio-16x9 d-md-none\">\n        \n         <img decoding=\"async\" loading=\"lazy\" src=\"https:\/\/iamerica.org\/wp-content\/uploads\/2024\/09\/Truth1esp.jpg\" class=\"compareimg1 compareimg img-fluid\" alt=\"VERDAD: Los inmigrantes pagan casi $100 mil millones en impuestos al a\u00f1o.\" \/>\n       \n       \n          <img decoding=\"async\" loading=\"lazy\" src=\"https:\/\/iamerica.org\/wp-content\/uploads\/2024\/09\/Lie1esp.jpg\" class=\"compareimg1 compareimg img-fluid\" alt=\"MENTIRA: Los inmigrantes no pagan impuestos.\" style=\"display:none;\" \/>\n  \n        <\/div><!-- end compare -->\n     \n    \n    <div class=\"row\">\n      <div class=\"col p-3\">\n         \n      <p class=\"fs-5\">En promedio, <strong>gli immigrati indocumentati contribuiscono maggiormente alle imposte di quanto consumano in benefici pubblici.<\/strong> Estos <a target=\"_blank\" href=\"https:\/\/itep.org\/study-undocumented-immigrants-contribute-nearly-100-billion-in-taxes-a-year\/\" rel=\"noopener\">i contribuenti hanno versato circa $100 milioni di euro in imposte federali, statali e locali nel 2022<\/a>. Le imposte contribuiscono a finanziare i programmi da cui dipendiamo, come il Seguro Social e Medicare, programmi che non possono richiedere.<\/p>\n\n      <p class=\"fs-5\">Ottenere i permessi di lavoro e offrire un eventuale accesso alla cittadinanza aumenter\u00e0 i contributi fiscali di $40,2 milioni di euro all'anno, fino a $136,9 milioni di euro.<\/p>\n        \n      <p class=\"fs-5\">Gli immigrati pagano di pi\u00f9 di quello che corrisponde alle tasse, a differenza di molti dirigenti e politici.<\/p>\n        \n        \n       \n      <\/div>\n    <\/div>  \n  \n  \n \n   \n  <!-- begin 2 -->\n    <div class=\"row border-top\">\n      <div class=\"col pt-5\">\n        <h2 class=\"h4 fst-italic fw-bold lie\">VERDAD #2\n  \n          <span class=\"text-muted fs-6\"><span class=\"d-none d-md-inline\">Posizionare il cursore su<\/span> <span class=\"d-md-none\">Toque<\/span> l'immagine per rivelare la mentira del MAGA.<\/span>\n        <\/h2>\n        \n        <div class=\"compare-2-esp ratio ratio-16x9 d-none d-md-block\">\n          <div class=\"second-slide-one-esp\" style=\"background-image:url('https:\/\/iamerica.org\/wp-content\/uploads\/2024\/09\/Truth2esp.jpg');\">\n            <p class=\"visually-hidden\">VERDAD: Gli immigrati generano posti di lavoro.<\/p>\n          <\/div>\n  \n          <div class=\"second-slide-two-esp\" style=\"background-image:url('https:\/\/iamerica.org\/wp-content\/uploads\/2024\/09\/Lie2esp.jpg');\">\n          \n            <p class=\"visually-hidden\"> <strong>MENTIRA:\n                Gli immigrati ci stanno togliendo i nostri posti di lavoro. <\/strong><\/p>\n  \n          <\/div> \n        <\/div> \n      <\/div>  \n    <\/div><!-- end row -->\n  \n  <div class=\"row my-3\">\n    <div class=\"col\">\n        <a target=\"_blank\" href=\"https:\/\/www.facebook.com\/sharer\/sharer.php?u=https%3A\/\/iamerica.org\/the-truth-about-immigration\/\" rel=\"noopener\">\n       <i class=\"fa-brands fa-facebook fa-2xl me-3\"><\/i><\/a>\n\n       <a target=\"_blank\" href=\"https:\/\/ctt.ec\/c24la\" rel=\"noopener\">\n       <i class=\"fa-brands fa-x-twitter fa-2xl\"><\/i><\/a>\n    <\/div>\n  <\/div>\n  \n    <div class=\"ratio ratio-16x9 d-md-none\">\n     \n      <img decoding=\"async\" loading=\"lazy\" src=\"https:\/\/iamerica.org\/wp-content\/uploads\/2024\/09\/Lie2esp.jpg\" class=\"compareimg2 compareimg img-fluid\" alt=\"MENTIRA: Los inmigrantes nos est\u00e1n quitando nuestros empleos.'\" style=\"display:none;\" \/>\n      \n       <img decoding=\"async\" loading=\"lazy\" src=\"https:\/\/iamerica.org\/wp-content\/uploads\/2024\/09\/Truth2esp.jpg\" class=\"compareimg2 compareimg img-fluid\" alt=\"VERDAD: Los inmigrantes generan empleos.\" \/>\n  \n    <\/div><!-- end compare -->\n  \n  \n    <div class=\"row\">\n      <div class=\"col p-3\">\n        <p class=\"fs-5\">Gli immigrati generano posti di lavoro, non li abbandonano. Gli immigrati generano nuovi posti di lavoro aprendo nuovi negozi, comprando case e spendendo i loro guadagni in prodotti statunitensi. In effetti, <a href=\"https:\/\/www.americanimmigrationcouncil.org\/research\/new-american-fortune-500-2023\" target=\"_blank\" rel=\"noopener\">circa 45% delle imprese di Fortune 500 nel 2023 sono state fondate da immigrati o dai loro figli<\/a>. Queste grandi imprese statunitensi danno lavoro a oltre 14,8 milioni di persone in tutto il mondo. Senza contare le altre aziende di propriet\u00e0 degli immigrati, come le attivit\u00e0 commerciali, i ristoranti, le startup ad alta tecnologia e altre attivit\u00e0 che danno impulso all'economia e creano nuovi posti di lavoro.<\/p>\n  \n        <p class=\"fs-5\">Contrariamente alla retorica del MAGA, l'immigrazione non priva i lavoratori statunitensi dei loro posti di lavoro; le indagini lo dimostrano! Anzi, l'immigrazione aumenta i salari di tutti i lavoratori, in particolare di quelli afroamericani e latini.\n  <\/p>\n      <\/div>\n    <\/div>\n  \n    \n    \n    \n    <!-- begin 3 --> \n    <div class=\"row border-top\">\n  \n      <div class=\"col pt-5\">\n        <h2 class=\"h4 fst-italic fw-bold lie\">VERDAD #3 <span class=\"text-muted fs-6\"><span class=\"d-none d-md-inline\">Posizionare il cursore su<\/span> <span class=\"d-md-none\">Toque<\/span> l'immagine per rivelare la mentira del MAGA.<\/span>\n        <\/h2>\n        <div class=\"compare-3-esp ratio ratio-16x9 d-none d-md-block\">\n  \n          <div class=\"third-slide-one-esp\" style=\"background-image:url('https:\/\/iamerica.org\/wp-content\/uploads\/2024\/10\/truth3esp.jpg');\">\n            <p class=\"visually-hidden\">VERDAD: Gli immigrati arrivano negli Stati Uniti con la voglia di lavorare e di costruire un futuro migliore per le loro famiglie.\n              <\/p>\n  \n          <\/div>\n  \n          <div class=\"third-slide-two-esp\" style=\"background-image:url('https:\/\/iamerica.org\/wp-content\/uploads\/2024\/10\/lie3esp.jpg');\">\n           \n  \n            <p class=\"visually-hidden\"> <strong>MENTIRA: Gli immigrati stanno commettendo reati negli Stati Uniti.<\/strong><\/p>\n  \n          <\/div> \n  \n        <\/div> \n      <\/div> \n    <\/div>\n  \n  <div class=\"row my-3\">\n    <div class=\"col\">\n            <a target=\"_blank\" href=\"\/\/www.facebook.com\/sharer\/sharer.php?u=https%3A\/\/iamerica.org\/the-truth-about-immigration\/\" rel=\"noopener\"><i class=\"fa-brands fa-facebook fa-2xl me-3\"><\/i><\/a>\n        <a target=\"_blank\" href=\"https:\/\/ctt.ec\/8h2b8\" rel=\"noopener\"> <i class=\"fa-brands fa-x-twitter fa-2xl\"><\/i><\/a>\n    <\/div>\n  <\/div>\n  \n    <div class=\"ratio ratio-16x9 d-md-none\">\n      <img decoding=\"async\" loading=\"lazy\" src=\"https:\/\/iamerica.org\/wp-content\/uploads\/2024\/10\/truth3esp.jpg\" class=\"compareimg3 compareimg img-fluid\" alt=\"VERDAD: Los inmigrantes vienen a EE.UU. con ganas de trabajar y construir un futuro mejor para sus familias.\" \/>\n      <img decoding=\"async\" loading=\"lazy\" src=\"https:\/\/iamerica.org\/wp-content\/uploads\/2024\/10\/lie3esp.jpg\" class=\"compareimg3 compareimg img-fluid\" alt=\"MENTIRA: Los inmigrantes est\u00e1n trayendo crimen a EE.UU.\" style=\"display:none;\" \/>\n  \n    <\/div><!-- end compare -->\n  \n    <div class=\"row\">\n      <div class=\"col p-3\">\n        <p class=\"fs-5\">Gli immigrati arrivano negli Stati Uniti alla ricerca di un futuro migliore, con la voglia di lavorare e di contribuire alle loro comunit\u00e0. Se si trovano in difficolt\u00e0, il loro futuro e i loro sogni sono a rischio. Questo potrebbe essere il motivo per cui gli immigrati hanno i tassi di criminalit\u00e0 pi\u00f9 bassi negli Stati Uniti. Uno studio dopo l'altro dimostrano che gli <a href=\"https:\/\/www.npr.org\/2024\/03\/08\/1237103158\/immigrants-are-less-likely-to-commit-crimes-than-us-born-americans-studies-find\" target=\"_blank\" rel=\"noopener\">gli immigrati indocumentati non sono pi\u00f9 propensi al crimine.<\/a> A dispetto delle affermazioni dei politici del MAGA che accusano gli immigrati della crisi del fentanilo, la realt\u00e0 \u00e8 che la crisi del fentanilo non \u00e8 stata mai superata. <a href=\"https:\/\/www.npr.org\/2023\/08\/09\/1191638114\/fentanyl-smuggling-migrants-mexico-border-drugs\" target=\"_blank\" rel=\"noopener\">la maggior parte dei trafficanti di fentanilo sono, di fatto, cittadini statunitensi.<\/a><\/p>\n        <p class=\"fs-5\">Accogliendo il contributo degli immigrati e concentrandoci sui problemi reali, potremo costruire una nazione pi\u00f9 forte, sicura e unita per tutti gli Stati Uniti. <\/p>\n      <\/div>\n  \n    <\/div>\n  \n  \n  \n   \n  \n  \n  <!-- begin 4 -->\n    <div class=\"row border-top\">\n  \n      <div class=\"col pt-5\">\n        <h2 class=\"h4 fst-italic fw-bold lie\">VERDAD #4\n          <span class=\"text-muted fs-6\"><span class=\"d-none d-md-inline\">Posizionare il cursore su<\/span> <span class=\"d-md-none\">Toque<\/span> l'immagine per rivelare la mentira del MAGA.<\/span>\n            \n          <\/h2>\n  \n  \n        <div class=\"compare-4-esp ratio ratio-16x9 d-none d-md-block\">\n  \n          <div class=\"fourth-slide-one-esp\" style=\"background-image:url('https:\/\/iamerica.org\/wp-content\/uploads\/2024\/10\/truth4esp.jpg');\">\n            <p class=\"visually-hidden\">VERDAD: Una riforma migratoria integrale che abolisca le ragioni per cui le persone sono obbligate a lasciare i loro Paesi d'origine e che offra vie legali \u00e8 fondamentale per gestire in modo efficace i problemi alla frontiera. <\/p>\n  \n          <\/div>\n  \n          <div class=\"fourth-slide-two-esp\" style=\"background-image:url('https:\/\/iamerica.org\/wp-content\/uploads\/2024\/10\/lie4esp.jpg');\">\n         \n  \n            <p class=\"visually-hidden\">MENTIRA: L'applicazione rigorosa della legge e la sicurezza delle frontiere sono tutto ci\u00f2 di cui abbiamo bisogno per fermare l'immigrazione illegale. <\/p>\n  \n          <\/div>\n  \n        <\/div> \n      <\/div> \n    <\/div>\n  \n  \n  \n  <div class=\"row my-3\">\n    <div class=\"col\">\n        <a target=\"_blank\" href=\"https:\/\/www.facebook.com\/sharer\/sharer.php?u=https%3A\/\/iamerica.org\/the-truth-about-immigration\/\" rel=\"noopener\">\n       <i class=\"fa-brands fa-facebook fa-2xl me-3\"><\/i><\/a>\n        <a target=\"_blank\" href=\"https:\/\/ctt.ec\/K1w03\" rel=\"noopener\">\n       <i class=\"fa-brands fa-x-twitter fa-2xl\"><\/i><\/a>\n    <\/div>\n  <\/div>\n\n  \n    <div class=\"ratio ratio-16x9 d-md-none\">\n      <img decoding=\"async\" loading=\"lazy\" src=\"https:\/\/iamerica.org\/wp-content\/uploads\/2024\/10\/truth4esp.jpg\" class=\"compareimg4 compareimg img-fluid\" alt=\"VERDAD: Una reforma migratoria integral que aborde las razones por las cuales las personas se ven obligadas a dejar sus pa\u00edses de origen y que proporcione v\u00edas legales es esencial para manejar eficazmente los desaf\u00edos en nuestra frontera.\" \/>\n      <img decoding=\"async\" loading=\"lazy\" src=\"https:\/\/iamerica.org\/wp-content\/uploads\/2024\/10\/lie4esp.jpg\" class=\"compareimg4 compareimg img-fluid\" alt=\"MENTIRA: La estricta aplicaci\u00f3n de la ley y la seguridad fronteriza son todo lo que necesitamos para detener la inmigraci\u00f3n ilegal.\" style=\"display:none;\" \/>\n  \n    <\/div><!-- end compare -->\n  \n  \n    <div class=\"row\">\n      <div class=\"col p-3\">\n        <p class=\"fs-5\">Tutti desideriamo affrontare la crisi umanitaria nelle nostre frontiere, ma un muro e un approccio basato solo sull'applicazione della legge mettono a repentaglio vite e disperdono milioni di dollari dei contribuenti. Questo costo non \u00e8 sufficiente a compensare la devastazione che ne deriva per le comunit\u00e0, le piccole imprese, le economie locali o la separazione delle famiglie statunitensi.  <\/p>\n        <p class=\"fs-5\">Le persone che si recano alle nostre frontiere sono mamme, pap\u00e0 e famiglie che cercano sicurezza e scappano da situazioni che mettono a repentaglio le loro vite. Devono avere un'opportunit\u00e0 giusta per chiedere asilo, perch\u00e9 \u00e8 un diritto legale. <\/p>\n        <p class=\"fs-5\">Per questo motivo, le soluzioni reali includono la presenza di personale adeguato negli uffici di asilo e nei tribunali per l'immigrazione, in modo che le richieste possano essere elaborate in modo pi\u00f9 efficiente, e la concessione di permessi di lavoro in tempi brevi alle persone idonee, affinch\u00e9 possano lavorare e diventare autosufficienti pi\u00f9 rapidamente. Le soluzioni reali comprendono anche un percorso verso la cittadinanza per i milioni di persone che hanno vissuto qui per decenni, creando famiglie straniere e contribuendo all'economia.<\/p>\n        <p class=\"fs-5\">Le modifiche al nostro sistema di immigrazione obsoleto devono essere umane, ordinate e trattare tutti con dignit\u00e0.<\/p>\n      <\/div>\n    <\/div> \n  \n    \n  \n  \n  \n  \n  \n  \n    <!-- begin 5 -->\n    <div class=\"row border-top\">\n      <div class=\"col pt-5\">\n        <h2 class=\"h4 fst-italic fw-bold lie\">VERDAD #5\n          <span class=\"text-muted fs-6\"><span class=\"d-none d-md-inline\">Posizionare il cursore su<\/span> <span class=\"d-md-none\">Toque<\/span> l'immagine per rivelare la mentira del MAGA.<\/span><\/h2>\n        <div class=\"compare-5-esp ratio ratio-16x9 d-none d-md-block\">\n  \n          <div class=\"fifth-slide-one-esp\" style=\"background-image:url('https:\/\/iamerica.org\/wp-content\/uploads\/2024\/10\/truth5esp.jpg');\">\n            <p class=\"visually-hidden\">VERDAD: per la maggior parte degli immigrati negli Stati Uniti non esiste una \"fila\" per richiedere lo status di cittadino.<\/p>\n          <\/div>\n  \n          <div class=\"fifth-slide-two-esp\" style=\"background-image:url('https:\/\/iamerica.org\/wp-content\/uploads\/2024\/10\/lie5esp.jpg');\">\n  \n            <p class=\"visually-hidden\">MENTIRA: Venga qui 'de la manera correcta' e 'espere su turno en la fila'.<\/p>\n  \n          <\/div>\n  \n        <\/div> \n      <\/div> \n    <\/div> \n  \n  <div class=\"row my-3\">\n    <div class=\"col\">\n\n    <a target=\"_blank\" href=\"https:\/\/www.facebook.com\/sharer\/sharer.php?u=https%3A\/\/iamerica.org\/the-truth-about-immigration\/\" rel=\"noopener\">   <i class=\"fa-brands fa-facebook fa-2xl me-3\"><\/i><\/a> <a target=\"_blank\" href=\"https:\/\/ctt.ec\/De28N\" rel=\"noopener\"><i class=\"fa-brands fa-x-twitter fa-2xl\"><\/i><\/a>\n    <\/div>\n  <\/div>\n  \n  \n    <div class=\"ratio ratio-16x9 d-md-none\">\n      <img decoding=\"async\" loading=\"lazy\" src=\"https:\/\/iamerica.org\/wp-content\/uploads\/2024\/10\/truth5esp.jpg\" class=\"compareimg5 compareimg img-fluid\" alt=\"VERDAD: Para la gran mayor\u00eda de los inmigrantes en EE.UU., no existe una 'fila' disponible para solicitar la ciudadan\u00eda.\" \/>\n      <img decoding=\"async\" loading=\"lazy\" src=\"https:\/\/iamerica.org\/wp-content\/uploads\/2024\/10\/lie5esp.jpg\" class=\"compareimg5 compareimg img-fluid\" alt=\"MENTIRA: Venga aqu\u00ed 'de la manera correcta' y 'espere su turno en la fila'.\"  style=\"display:none;\" \/>\n  \n    <\/div><!-- end compare -->\n    <div class=\"row\">\n      <div class=\"col p-3\">\n        <p class=\"fs-5\">Per la maggior parte degli immigrati, che hanno trascorso molto tempo negli Stati Uniti, non esiste una \"fila\" per richiedere la cittadinanza, anche se la maggior parte di loro ha vissuto qui per pi\u00f9 di una decade, lavorando duramente, pagando tasse e contribuendo alle nostre comunit\u00e0 e all'economia degli Stati Uniti. <\/p>\n  \n  <p class=\"fs-5\">Tuttavia, per le persone che desiderano ricongiungersi con la propria famiglia negli Stati Uniti e attendere la cosiddetta \"fila\", gli ostacoli dell'USCIS fanno s\u00ec che le persone debbano attendere decenni o, in alcuni casi, pi\u00f9 di una vita. Purtroppo, alcune persone sono morte prima di potersi ricongiungere con i loro cari negli Stati Uniti.\n  <\/p>\n  \n  <p class=\"fs-5\">Senza l'intervento del Congresso, molti potrebbero vivere per tutta la vita negli Stati Uniti senza avere la possibilit\u00e0 di convertirsi in cittadini statunitensi.   <\/p>\n      <\/div>\n    <\/div>\n  \n  \n  \n  \n  \n  \n  \n  \n  \n  \n  \n  \n      <!-- begin 6 -->\n     <div class=\"row border-top\">\n      <div class=\"col pt-5\">\n        <h2 class=\"h4 fst-italic fw-bold lie\">VERDAD #6\n        <span class=\"text-muted fs-6\"><span class=\"d-none d-md-inline\">Posizionare il cursore su<\/span> <span class=\"d-md-none\">Toque<\/span> l'immagine per rivelare la mentira del MAGA.<\/span>  \n        <\/h2>\n        <div class=\"compare-6-esp ratio ratio-16x9 d-none d-md-block\">\n  \n          <div class=\"sixth-slide-one-esp\" style=\"background-image:url('https:\/\/iamerica.org\/wp-content\/uploads\/2024\/10\/truth6esp.jpg');\">\n            <p class=\"visually-hidden\">VERDAD: Esistono leggi che rendono illegale il voto di chi non \u00e8 cittadino nelle elezioni federali degli Stati Uniti. La richiesta di una prova di cittadinanza per il registro degli elettori evita che molti elettori eleggibili - cittadini statunitensi - possano perdere il diritto al voto.<\/p>\n          <\/div>\n  \n          <div class=\"sixth-slide-two-esp\" style=\"background-image:url('https:\/\/iamerica.org\/wp-content\/uploads\/2024\/10\/lie6esp.jpg');\">\n          <p class=\"visually-hidden\">MENTIRA: Gli aquellos que no son ciudadanos est\u00e1n votando en n\u00famero grandes en las eleciones federales de EE.UU.<\/p>\n          <\/div>\n  \n        <\/div> \n      <\/div> \n    <\/div> \n  \n  <div class=\"row my-3\">\n    <div class=\"col\"><!--  -->\n        <a target=\"_blank\" href=\"https:\/\/www.facebook.com\/sharer\/sharer.php?u=https%3A\/\/iamerica.org\/the-truth-about-immigration\/\" rel=\"noopener\"><i class=\"fa-brands fa-facebook fa-2xl me-3\"><\/i><\/a> <a target=\"_blank\" href=\"https:\/\/ctt.ec\/Gfe3b\" rel=\"noopener\"> <i class=\"fa-brands fa-x-twitter fa-2xl\"><\/i><\/a>\n    <\/div>\n  <\/div>\n  \n    <div class=\"ratio ratio-16x9 d-md-none\">\n      <img decoding=\"async\" loading=\"lazy\" src=\"https:\/\/iamerica.org\/wp-content\/uploads\/2024\/10\/truth6esp.jpg\" class=\"compareimg6 compareimg img-fluid\" alt=\"VERDAD: Existen leyes que hacen ilegal que aquellos que no son ciudadanos voten en las elecciones federales de EE.UU. Requerir prueba de ciudadan\u00eda para el registro de votantes evitar\u00eda que muchos votantes elegibles\u2014ciudadanos estadounidenses\u2014ejercieran su derecho al voto. \" \/>\n      <img decoding=\"async\" loading=\"lazy\" src=\"https:\/\/iamerica.org\/wp-content\/uploads\/2024\/10\/lie6esp.jpg\" class=\"compareimg6 compareimg img-fluid\" alt=\"MENTIRA: Aquellos que no son ciudadanos est\u00e1n votando en n\u00fameros  grandes en las elecciones federales de EE.UU.\" style=\"display:none;\" \/>\n  \n    <\/div><!-- end compare -->\n  \n  \n  \n    <div class=\"row\">\n      <div class=\"col p-3\">\n\n        <p class=\"fs-5\">Esistono gi\u00e0 leggi che rendono illegale il voto di coloro che non sono cittadini nelle elezioni federali degli Stati Uniti. Inoltre, non esistono prove reali che confermino la tesi del MAGA secondo cui un gran numero di persone che non sono cittadine sta votando. I funzionari elettorali lavorano durante tutto l'anno per garantire l'integrit\u00e0 e la sicurezza delle nostre elezioni. Gli sforzi dei repubblicani per richiedere una prova di cittadinanza al momento di registrarsi per votare impediscono in realt\u00e0 a molti cittadini statunitensi - elettori eleggibili - di esercitare il loro diritto al voto.<\/p>\n        <p class=\"fs-5\">Di fatto, i cittadini statunitensi di colore sono pi\u00f9 colpiti da questi requisiti. Gli studi dimostrano che gli elettori di colore hanno maggiori probabilit\u00e0 rispetto agli elettori bianchi di non avere o di non poter accedere rapidamente ai documenti di cittadinanza. I cittadini americani pi\u00f9 anziani e quelli afroamericani, soprattutto nel sud, hanno maggiori probabilit\u00e0 di essere nati fuori dall'ospedale e di non aver ricevuto automaticamente un certificato di nascita.<\/p>\n        <p class=\"fs-5\">Quindi, per quale motivo i repubblicani stanno promuovendo queste affermazioni false? Stanno preparando il terreno per poter gridare alla frode elettorale quando le elezioni non saranno a loro favore. Lo abbiamo visto il 6 gennaio, quando le false affermazioni di un'elezione truccata hanno portato a un attentato al Campidoglio degli Stati Uniti e alla nostra democrazia.<\/p>\n        <p class=\"fs-5\">Richiedere una prova di cittadinanza per registrarsi al voto non serve a nulla, se non a impedire che i cittadini statunitensi possano esercitare il loro diritto al voto. Dobbiamo facilitare, non ostacolare, che gli elettori eleggibili emettano i loro voti e che le loro voci siano ascoltate.<\/p>  \n      <\/div>\n    <\/div>\n\n\n\n \n  \n  <\/div><!-- end spanish container --> \n  \n\n\n\n\n<script>\n\n            $(\".compare, .compare-2, .compare-3, .compare-4, .compare-5, .compare-6\"\n            ).mousemove(function (e) {\n                var $div = $(\".compare, .compare-2, .compare-3, .compare-4, .compare-5, .compare-6\");\n                var $totalWidth = $(\".compare, .compare-2, .compare-3, .compare-4, .compare-5, .compare-6\").width();\n                var $left = e.pageX - $div.offset().left;\n                \/\/ console.log($left \/ $totalWidth);\n                $(\".one, .second-slide-one, .third-slide-one, .fourth-slide-one, .fifth-slide-one, .sixth-slide-one\"\n                ).css(\"width\", ($left \/ $totalWidth) * 100 + \"%\");\n            });\n\n\n            $(\".compare-esp, .compare-2-esp, .compare-3-esp, .compare-4-esp, .compare-5-esp, .compare-6-esp\"\n            ).mousemove(function (e) {\n                var $div = $(\".compare-esp, .compare-2-esp, .compare-3-esp, .compare-4-esp, .compare-5-esp, .compare-6-esp\");\n                var $totalWidth = $(\".compare-esp, .compare-2-esp, .compare-3-esp, .compare-4-esp, .compare-5-esp, .compare-6-esp\").width();\n                var $left = e.pageX - $div.offset().left;\n                \/\/ console.log($left \/ $totalWidth);\n                $(\".one-esp, .second-slide-one-esp, .third-slide-one-esp, .fourth-slide-one-esp, .fifth-slide-one-esp, .sixth-slide-one-esp\"\n                ).css(\"width\", ($left \/ $totalWidth) * 100 + \"%\");\n            });\n\n            \/\/toggle on mobile \n          \n\n                $(\"img.compareimg1\").click(function () { \n                    $(\"img.compareimg1\").toggle();\n                });\n                $(\"img.compareimg2\").click(function () { \n                    $(\"img.compareimg2\").toggle();\n                });\n\n                $(\"img.compareimg3\").click(function () { \n                    $(\"img.compareimg3\").toggle();\n                });\n\n                $(\"img.compareimg4\").click(function () { \n                    $(\"img.compareimg4\").toggle();\n                });\n\n                $(\"img.compareimg5\").click(function () { \n                    $(\"img.compareimg5\").toggle();\n                });\n\n                $(\"img.compareimg6\").click(function () { \n                    $(\"img.compareimg6\").toggle();\n                });\n \n\n<\/script>","protected":false},"excerpt":{"rendered":"<p>La VERDAD sobre la inmigraci\u00f3n y las MENTIRAS de MAGA que inundar\u00e1n sus redes sociales con odio y alarmismo. Mant\u00e9ngase informado y conozca los hechos. VERDAD #1 Pase el cursor sobre Toque la imagen para revelar la mentira de MAGA. VERDAD: Los inmigrantes pagan casi $100 mil millones en impuestos al a\u00f1o. MENTIRA: Los inmigrantes [&hellip;]<\/p>\n","protected":false},"author":4,"featured_media":2692,"parent":0,"menu_order":0,"comment_status":"closed","ping_status":"closed","template":"elementor_header_footer","meta":{"footnotes":"","_links_to":"","_links_to_target":""},"class_list":["post-2671","page","type-page","status-publish","has-post-thumbnail","hentry"],"yoast_head":"<!-- This site is optimized with the Yoast SEO plugin v27.3 - https:\/\/yoast.com\/product\/yoast-seo-wordpress\/ -->\n<title>La verdad sobre la inmigraci\u00f3n - iAmerica<\/title>\n<meta name=\"description\" content=\"The TRUTH about immigration and the MAGA LIES that will flood your timeline with hate and fear-mongering. Stay informed and know the facts.\" \/>\n<meta name=\"robots\" content=\"index, follow, max-snippet:-1, max-image-preview:large, max-video-preview:-1\" \/>\n<link rel=\"canonical\" href=\"https:\/\/iamerica.org\/it\/la-verdad-sobre-la-inmigracion\/\" \/>\n<meta property=\"og:locale\" content=\"it_IT\" \/>\n<meta property=\"og:type\" content=\"article\" \/>\n<meta property=\"og:title\" content=\"La verdad sobre la inmigraci\u00f3n - iAmerica\" \/>\n<meta property=\"og:description\" content=\"The TRUTH about immigration and the MAGA LIES that will flood your timeline with hate and fear-mongering. Stay informed and know the facts.\" \/>\n<meta property=\"og:url\" content=\"https:\/\/iamerica.org\/it\/la-verdad-sobre-la-inmigracion\/\" \/>\n<meta property=\"og:site_name\" content=\"iAmerica\" \/>\n<meta property=\"article:publisher\" content=\"https:\/\/www.facebook.com\/iAmericaorg\/\" \/>\n<meta property=\"article:modified_time\" content=\"2024-10-08T19:20:31+00:00\" \/>\n<meta property=\"og:image\" content=\"https:\/\/iamerica.org\/wp-content\/uploads\/2024\/10\/FB-preview-2-fb-esp.png\" \/>\n\t<meta property=\"og:image:width\" content=\"1200\" \/>\n\t<meta property=\"og:image:height\" content=\"630\" \/>\n\t<meta property=\"og:image:type\" content=\"image\/png\" \/>\n<meta name=\"twitter:card\" content=\"summary_large_image\" \/>\n<meta name=\"twitter:site\" content=\"@iamericaorg\" \/>\n<meta name=\"twitter:label1\" content=\"Tempo di lettura stimato\" \/>\n\t<meta name=\"twitter:data1\" content=\"1 minuto\" \/>\n<script type=\"application\/ld+json\" class=\"yoast-schema-graph\">{\"@context\":\"https:\\\/\\\/schema.org\",\"@graph\":[{\"@type\":\"WebPage\",\"@id\":\"https:\\\/\\\/iamerica.org\\\/la-verdad-sobre-la-inmigracion\\\/\",\"url\":\"https:\\\/\\\/iamerica.org\\\/la-verdad-sobre-la-inmigracion\\\/\",\"name\":\"La verdad sobre la inmigraci\u00f3n - iAmerica\",\"isPartOf\":{\"@id\":\"https:\\\/\\\/iamerica.org\\\/ru\\\/#website\"},\"primaryImageOfPage\":{\"@id\":\"https:\\\/\\\/iamerica.org\\\/la-verdad-sobre-la-inmigracion\\\/#primaryimage\"},\"image\":{\"@id\":\"https:\\\/\\\/iamerica.org\\\/la-verdad-sobre-la-inmigracion\\\/#primaryimage\"},\"thumbnailUrl\":\"https:\\\/\\\/iamerica.org\\\/wp-content\\\/uploads\\\/2024\\\/10\\\/FB-preview-2-fb-esp.png\",\"datePublished\":\"2024-10-04T18:57:22+00:00\",\"dateModified\":\"2024-10-08T19:20:31+00:00\",\"description\":\"The TRUTH about immigration and the MAGA LIES that will flood your timeline with hate and fear-mongering. Stay informed and know the facts.\",\"breadcrumb\":{\"@id\":\"https:\\\/\\\/iamerica.org\\\/la-verdad-sobre-la-inmigracion\\\/#breadcrumb\"},\"inLanguage\":\"it-IT\",\"potentialAction\":[{\"@type\":\"ReadAction\",\"target\":[\"https:\\\/\\\/iamerica.org\\\/la-verdad-sobre-la-inmigracion\\\/\"]}]},{\"@type\":\"ImageObject\",\"inLanguage\":\"it-IT\",\"@id\":\"https:\\\/\\\/iamerica.org\\\/la-verdad-sobre-la-inmigracion\\\/#primaryimage\",\"url\":\"https:\\\/\\\/iamerica.org\\\/wp-content\\\/uploads\\\/2024\\\/10\\\/FB-preview-2-fb-esp.png\",\"contentUrl\":\"https:\\\/\\\/iamerica.org\\\/wp-content\\\/uploads\\\/2024\\\/10\\\/FB-preview-2-fb-esp.png\",\"width\":1200,\"height\":630},{\"@type\":\"BreadcrumbList\",\"@id\":\"https:\\\/\\\/iamerica.org\\\/la-verdad-sobre-la-inmigracion\\\/#breadcrumb\",\"itemListElement\":[{\"@type\":\"ListItem\",\"position\":1,\"name\":\"Home\",\"item\":\"https:\\\/\\\/iamerica.org\\\/\"},{\"@type\":\"ListItem\",\"position\":2,\"name\":\"La verdad sobre la inmigraci\u00f3n\"}]},{\"@type\":\"WebSite\",\"@id\":\"https:\\\/\\\/iamerica.org\\\/ru\\\/#website\",\"url\":\"https:\\\/\\\/iamerica.org\\\/ru\\\/\",\"name\":\"iAmerica\",\"description\":\"\",\"publisher\":{\"@id\":\"https:\\\/\\\/iamerica.org\\\/ru\\\/#organization\"},\"potentialAction\":[{\"@type\":\"SearchAction\",\"target\":{\"@type\":\"EntryPoint\",\"urlTemplate\":\"https:\\\/\\\/iamerica.org\\\/ru\\\/?s={search_term_string}\"},\"query-input\":{\"@type\":\"PropertyValueSpecification\",\"valueRequired\":true,\"valueName\":\"search_term_string\"}}],\"inLanguage\":\"it-IT\"},{\"@type\":\"Organization\",\"@id\":\"https:\\\/\\\/iamerica.org\\\/ru\\\/#organization\",\"name\":\"iAmerica\",\"url\":\"https:\\\/\\\/iamerica.org\\\/ru\\\/\",\"logo\":{\"@type\":\"ImageObject\",\"inLanguage\":\"it-IT\",\"@id\":\"https:\\\/\\\/iamerica.org\\\/ru\\\/#\\\/schema\\\/logo\\\/image\\\/\",\"url\":\"https:\\\/\\\/iamerica.org\\\/wp-content\\\/uploads\\\/2024\\\/05\\\/iAmerica_Logo_Navy.png\",\"contentUrl\":\"https:\\\/\\\/iamerica.org\\\/wp-content\\\/uploads\\\/2024\\\/05\\\/iAmerica_Logo_Navy.png\",\"width\":2309,\"height\":626,\"caption\":\"iAmerica\"},\"image\":{\"@id\":\"https:\\\/\\\/iamerica.org\\\/ru\\\/#\\\/schema\\\/logo\\\/image\\\/\"},\"sameAs\":[\"https:\\\/\\\/www.facebook.com\\\/iAmericaorg\\\/\",\"https:\\\/\\\/x.com\\\/iamericaorg\",\"https:\\\/\\\/www.instagram.com\\\/iamericaorg\"]}]}<\/script>\n<!-- \/ Yoast SEO plugin. -->","yoast_head_json":{"title":"La verit\u00e0 sull'immigrazione - iAmerica","description":"La VERIT\u00c0 sull'immigrazione e le bugie del MAGA che inonderanno la vostra timeline di odio e paura. Rimanete informati e conoscete i fatti.","robots":{"index":"index","follow":"follow","max-snippet":"max-snippet:-1","max-image-preview":"max-image-preview:large","max-video-preview":"max-video-preview:-1"},"canonical":"https:\/\/iamerica.org\/it\/la-verdad-sobre-la-inmigracion\/","og_locale":"it_IT","og_type":"article","og_title":"La verdad sobre la inmigraci\u00f3n - iAmerica","og_description":"The TRUTH about immigration and the MAGA LIES that will flood your timeline with hate and fear-mongering. Stay informed and know the facts.","og_url":"https:\/\/iamerica.org\/it\/la-verdad-sobre-la-inmigracion\/","og_site_name":"iAmerica","article_publisher":"https:\/\/www.facebook.com\/iAmericaorg\/","article_modified_time":"2024-10-08T19:20:31+00:00","og_image":[{"width":1200,"height":630,"url":"https:\/\/iamerica.org\/wp-content\/uploads\/2024\/10\/FB-preview-2-fb-esp.png","type":"image\/png"}],"twitter_card":"summary_large_image","twitter_site":"@iamericaorg","twitter_misc":{"Tempo di lettura stimato":"1 minuto"},"schema":{"@context":"https:\/\/schema.org","@graph":[{"@type":"WebPage","@id":"https:\/\/iamerica.org\/la-verdad-sobre-la-inmigracion\/","url":"https:\/\/iamerica.org\/la-verdad-sobre-la-inmigracion\/","name":"La verit\u00e0 sull'immigrazione - iAmerica","isPartOf":{"@id":"https:\/\/iamerica.org\/ru\/#website"},"primaryImageOfPage":{"@id":"https:\/\/iamerica.org\/la-verdad-sobre-la-inmigracion\/#primaryimage"},"image":{"@id":"https:\/\/iamerica.org\/la-verdad-sobre-la-inmigracion\/#primaryimage"},"thumbnailUrl":"https:\/\/iamerica.org\/wp-content\/uploads\/2024\/10\/FB-preview-2-fb-esp.png","datePublished":"2024-10-04T18:57:22+00:00","dateModified":"2024-10-08T19:20:31+00:00","description":"La VERIT\u00c0 sull'immigrazione e le bugie del MAGA che inonderanno la vostra timeline di odio e paura. Rimanete informati e conoscete i fatti.","breadcrumb":{"@id":"https:\/\/iamerica.org\/la-verdad-sobre-la-inmigracion\/#breadcrumb"},"inLanguage":"it-IT","potentialAction":[{"@type":"ReadAction","target":["https:\/\/iamerica.org\/la-verdad-sobre-la-inmigracion\/"]}]},{"@type":"ImageObject","inLanguage":"it-IT","@id":"https:\/\/iamerica.org\/la-verdad-sobre-la-inmigracion\/#primaryimage","url":"https:\/\/iamerica.org\/wp-content\/uploads\/2024\/10\/FB-preview-2-fb-esp.png","contentUrl":"https:\/\/iamerica.org\/wp-content\/uploads\/2024\/10\/FB-preview-2-fb-esp.png","width":1200,"height":630},{"@type":"BreadcrumbList","@id":"https:\/\/iamerica.org\/la-verdad-sobre-la-inmigracion\/#breadcrumb","itemListElement":[{"@type":"ListItem","position":1,"name":"Home","item":"https:\/\/iamerica.org\/"},{"@type":"ListItem","position":2,"name":"La verdad sobre la inmigraci\u00f3n"}]},{"@type":"WebSite","@id":"https:\/\/iamerica.org\/ru\/#website","url":"https:\/\/iamerica.org\/ru\/","name":"iAmerica","description":"","publisher":{"@id":"https:\/\/iamerica.org\/ru\/#organization"},"potentialAction":[{"@type":"SearchAction","target":{"@type":"EntryPoint","urlTemplate":"https:\/\/iamerica.org\/ru\/?s={search_term_string}"},"query-input":{"@type":"PropertyValueSpecification","valueRequired":true,"valueName":"search_term_string"}}],"inLanguage":"it-IT"},{"@type":"Organization","@id":"https:\/\/iamerica.org\/ru\/#organization","name":"iAmerica","url":"https:\/\/iamerica.org\/ru\/","logo":{"@type":"ImageObject","inLanguage":"it-IT","@id":"https:\/\/iamerica.org\/ru\/#\/schema\/logo\/image\/","url":"https:\/\/iamerica.org\/wp-content\/uploads\/2024\/05\/iAmerica_Logo_Navy.png","contentUrl":"https:\/\/iamerica.org\/wp-content\/uploads\/2024\/05\/iAmerica_Logo_Navy.png","width":2309,"height":626,"caption":"iAmerica"},"image":{"@id":"https:\/\/iamerica.org\/ru\/#\/schema\/logo\/image\/"},"sameAs":["https:\/\/www.facebook.com\/iAmericaorg\/","https:\/\/x.com\/iamericaorg","https:\/\/www.instagram.com\/iamericaorg"]}]}},"_links":{"self":[{"href":"https:\/\/iamerica.org\/it\/wp-json\/wp\/v2\/pages\/2671","targetHints":{"allow":["GET"]}}],"collection":[{"href":"https:\/\/iamerica.org\/it\/wp-json\/wp\/v2\/pages"}],"about":[{"href":"https:\/\/iamerica.org\/it\/wp-json\/wp\/v2\/types\/page"}],"author":[{"embeddable":true,"href":"https:\/\/iamerica.org\/it\/wp-json\/wp\/v2\/users\/4"}],"replies":[{"embeddable":true,"href":"https:\/\/iamerica.org\/it\/wp-json\/wp\/v2\/comments?post=2671"}],"version-history":[{"count":0,"href":"https:\/\/iamerica.org\/it\/wp-json\/wp\/v2\/pages\/2671\/revisions"}],"wp:featuredmedia":[{"embeddable":true,"href":"https:\/\/iamerica.org\/it\/wp-json\/wp\/v2\/media\/2692"}],"wp:attachment":[{"href":"https:\/\/iamerica.org\/it\/wp-json\/wp\/v2\/media?parent=2671"}],"curies":[{"name":"wp","href":"https:\/\/api.w.org\/{rel}","templated":true}]}}