{"id":2917,"date":"2025-05-08T20:32:06","date_gmt":"2025-05-09T00:32:06","guid":{"rendered":"https:\/\/iamerica.org\/?page_id=2917"},"modified":"2025-05-08T20:32:37","modified_gmt":"2025-05-09T00:32:37","slug":"stand-with-detained-immigrant-workers-and-protect-our-freedom-of-speech","status":"publish","type":"page","link":"https:\/\/iamerica.org\/ko\/stand-with-detained-immigrant-workers-and-protect-our-freedom-of-speech\/","title":{"rendered":"\uad6c\uae08\ub41c \uc774\ubbfc \ub178\ub3d9\uc790\uc758 \ud3b8\uc5d0 \uc11c\uc11c \uc5b8\ub860\uc758 \uc790\uc720\ub97c \ubcf4\ud638\ud558\uc138\uc694."},"content":{"rendered":"<div data-elementor-type=\"wp-page\" data-elementor-id=\"2917\" class=\"elementor elementor-2917\" data-elementor-post-type=\"page\">\n\t\t\t\t\t\t<section class=\"elementor-section elementor-top-section elementor-element elementor-element-9513d47 elementor-section-boxed elementor-section-height-default elementor-section-height-default\" data-id=\"9513d47\" data-element_type=\"section\" data-e-type=\"section\">\n\t\t\t\t\t\t<div class=\"elementor-container elementor-column-gap-default\">\n\t\t\t\t\t<div class=\"elementor-column elementor-col-100 elementor-top-column elementor-element elementor-element-ad443b9\" data-id=\"ad443b9\" data-element_type=\"column\" data-e-type=\"column\">\n\t\t\t<div class=\"elementor-widget-wrap elementor-element-populated\">\n\t\t\t\t\t\t<div class=\"elementor-element elementor-element-c64b5e9 elementor-widget elementor-widget-text-editor\" data-id=\"c64b5e9\" data-element_type=\"widget\" data-e-type=\"widget\" data-widget_type=\"text-editor.default\">\n\t\t\t\t<div class=\"elementor-widget-container\">\n\t\t\t\t\t\t\t\t\t<p>\uc9c0\ub09c 3\uc6d4 25\uc77c, \ud130\ud504\uce20 \ub300\ud559\uad50 \ub300\ud559\uc6d0\uc0dd\uc774\uc790 \ub178\ub3d9\uc870\ud569 SEIU\uc758 \ud68c\uc6d0\uc778 \ub93c\uba54\uc774\uc0ac \uc678\uc988\ud22c\ub974\ud06c\uac00 \ubcf5\uba74\uc744 \uc4f4 \uc5f0\ubc29 \uc774\ubbfc \ub2f9\uad6d\uc5d0 \uc758\ud574 \uacf5\uacf5 \ub3c4\ub85c\uc5d0\uc11c \ub0a9\uce58\ub2f9\ud588\uc2b5\ub2c8\ub2e4. \uadf8\ub140\uc758 \uccb4\ud3ec\ub294 \uc5b8\ub860\uc758 \uc790\uc720\uc5d0 \ub300\ud55c \uba85\ubc31\ud55c \uacf5\uaca9\uc785\ub2c8\ub2e4. \ud130\ud0a4 \ucd9c\uc2e0\uc778 \ub93c\uba54\uc774\uc0ac\ub294 \uc720\ud6a8\ud55c \ud559\uc0dd \ube44\uc790\ub97c \uc18c\uc9c0\ud558\uace0 \uc788\uc5c8\uc9c0\ub9cc \uccb4\ud3ec\ub418\uc5b4 \ub8e8\uc774\uc9c0\uc560\ub098\uc758 \uad6c\uce58\uc18c\ub85c \uc774\uc1a1\ub418\uc5c8\uc2b5\ub2c8\ub2e4. \uc65c \uadf8\ub7ac\uc744\uae4c\uc694? \uadf8\ub140\ub294 \ucd5c\uadfc \ud559\uc0dd \uc2e0\ubb38\uc5d0 \ud314\ub808\uc2a4\ud0c0\uc778 \uc0ac\ub78c\ub4e4\uc744 \uc9c0\uc9c0\ud558\ub294 \uc0ac\uc124\uc744 \uae30\uace0\ud558\uc5ec \uc218\uc815\ud5cc\ubc95 \uc81c1\uc870\uc5d0 \uba85\uc2dc\ub41c \uc5b8\ub860\uc758 \uc790\uc720\ub97c \ud589\uc0ac\ud588\uae30 \ub54c\ubb38\uc785\ub2c8\ub2e4.<\/p><p>\uc6b0\ub9ac\ub294 \uc218\uc815\ud5cc\ubc95 1\uc870\uac00 \uc6b0\ub9ac \ub208\uc55e\uc5d0\uc11c \ubd88\ud0c0\uace0 \uc788\ub294 \uac83\uc744 \uac00\ub9cc\ud788 \ubcf4\uace0\ub9cc \uc788\uc9c0 \uc54a\uc744 \uac83\uc785\ub2c8\ub2e4. \ub610\ud55c \ub178\ub3d9\uc790\ub4e4\uc774 \ub0a9\uce58\ub418\ub294 \uac83\uc744 \ubcf4\uace0\ub3c4 \uce68\ubb35\ud558\uc9c0 \uc54a\uc744 \uac83\uc785\ub2c8\ub2e4.<\/p><p><strong>\uc774 \ud3ec\uc2a4\ud130\ub97c \uacf5\uc720\ud558\uc5ec \uc5ec\ub7ec\ubd84\uc758 \uc5f0\ub300\ub97c \ubcf4\uc5ec\uc8fc\uc138\uc694! \ud574\uc2dc\ud0dc\uadf8\uc640 \ud568\uaed8 \uc18c\uc15c \ubbf8\ub514\uc5b4\uc5d0 \uac8c\uc2dc\ud558\uc138\uc694. <em>#4the1st<\/em> \ubc0f \ud0dc\uadf8 <em>SEIULocal509.<\/em><br \/><\/strong><\/p>\t\t\t\t\t\t\t\t<\/div>\n\t\t\t\t<\/div>\n\t\t\t\t<div class=\"elementor-element elementor-element-9039b32 elementor-widget elementor-widget-button\" data-id=\"9039b32\" data-element_type=\"widget\" data-e-type=\"widget\" data-widget_type=\"button.default\">\n\t\t\t\t<div class=\"elementor-widget-container\">\n\t\t\t\t\t\t\t\t\t<div class=\"elementor-button-wrapper\">\n\t\t\t\t\t<a class=\"elementor-button elementor-button-link elementor-size-sm\" href=\"https:\/\/drive.google.com\/drive\/folders\/1mmCSHYy4Q-2yGwYqn0V2OOJaXXy-_DjJ?usp=drive_link\" target=\"_blank\">\n\t\t\t\t\t\t<span class=\"elementor-button-content-wrapper\">\n\t\t\t\t\t\t\t\t\t<span class=\"elementor-button-text\">\ub2e4\uc6b4\ub85c\ub4dc<\/span>\n\t\t\t\t\t<\/span>\n\t\t\t\t\t<\/a>\n\t\t\t\t<\/div>\n\t\t\t\t\t\t\t\t<\/div>\n\t\t\t\t<\/div>\n\t\t\t\t<div class=\"elementor-element elementor-element-380d673 elementor-widget elementor-widget-image\" data-id=\"380d673\" data-element_type=\"widget\" data-e-type=\"widget\" data-widget_type=\"image.default\">\n\t\t\t\t<div class=\"elementor-widget-container\">\n\t\t\t\t\t\t\t\t\t\t\t\t\t\t\t<img fetchpriority=\"high\" decoding=\"async\" width=\"300\" height=\"300\" src=\"https:\/\/iamerica.org\/wp-content\/uploads\/2025\/05\/Rumeysa-FreeSpeech-IGsquare-150ppi-300x300.jpg\" class=\"attachment-medium size-medium wp-image-2918\" alt=\"\" srcset=\"https:\/\/iamerica.org\/wp-content\/uploads\/2025\/05\/Rumeysa-FreeSpeech-IGsquare-150ppi-300x300.jpg 300w, https:\/\/iamerica.org\/wp-content\/uploads\/2025\/05\/Rumeysa-FreeSpeech-IGsquare-150ppi-1024x1024.jpg 1024w, https:\/\/iamerica.org\/wp-content\/uploads\/2025\/05\/Rumeysa-FreeSpeech-IGsquare-150ppi-150x150.jpg 150w, https:\/\/iamerica.org\/wp-content\/uploads\/2025\/05\/Rumeysa-FreeSpeech-IGsquare-150ppi-768x768.jpg 768w, https:\/\/iamerica.org\/wp-content\/uploads\/2025\/05\/Rumeysa-FreeSpeech-IGsquare-150ppi-1536x1536.jpg 1536w, https:\/\/iamerica.org\/wp-content\/uploads\/2025\/05\/Rumeysa-FreeSpeech-IGsquare-150ppi-12x12.jpg 12w, https:\/\/iamerica.org\/wp-content\/uploads\/2025\/05\/Rumeysa-FreeSpeech-IGsquare-150ppi.jpg 1650w\" sizes=\"(max-width: 300px) 100vw, 300px\" \/>\t\t\t\t\t\t\t\t\t\t\t\t\t\t\t<\/div>\n\t\t\t\t<\/div>\n\t\t\t\t\t<\/div>\n\t\t<\/div>\n\t\t\t\t\t<\/div>\n\t\t<\/section>\n\t\t\t\t<\/div>","protected":false},"excerpt":{"rendered":"<p>On March 25th, R\u00fcmeysa \u00d6zt\u00fcrk, a graduate student at Tufts University and a member of labor union SEIU, was snatched by masked federal immigration authorities on a public street. Her arrest is a clear attack on our freedom of speech. R\u00fcmeysa&#8217;s from Turkey, she had a valid student visa, but was arrested and taken to [&hellip;]<\/p>\n","protected":false},"author":5,"featured_media":0,"parent":0,"menu_order":0,"comment_status":"closed","ping_status":"closed","template":"","meta":{"footnotes":"","_links_to":"","_links_to_target":""},"class_list":["post-2917","page","type-page","status-publish","hentry"],"yoast_head":"<!-- This site is optimized with the Yoast SEO plugin v27.3 - https:\/\/yoast.com\/product\/yoast-seo-wordpress\/ -->\n<title>Stand with Detained Immigrant Workers and Protect Our Freedom of Speech - iAmerica<\/title>\n<meta name=\"robots\" content=\"index, follow, max-snippet:-1, max-image-preview:large, max-video-preview:-1\" \/>\n<link rel=\"canonical\" href=\"https:\/\/iamerica.org\/ko\/stand-with-detained-immigrant-workers-and-protect-our-freedom-of-speech\/\" \/>\n<meta property=\"og:locale\" content=\"ko_KR\" \/>\n<meta property=\"og:type\" content=\"article\" \/>\n<meta property=\"og:title\" content=\"Stand with Detained Immigrant Workers and Protect Our Freedom of Speech - iAmerica\" \/>\n<meta property=\"og:description\" content=\"On March 25th, R\u00fcmeysa \u00d6zt\u00fcrk, a graduate student at Tufts University and a member of labor union SEIU, was snatched by masked federal immigration authorities on a public street. Her arrest is a clear attack on our freedom of speech. R\u00fcmeysa&#8217;s from Turkey, she had a valid student visa, but was arrested and taken to [&hellip;]\" \/>\n<meta property=\"og:url\" content=\"https:\/\/iamerica.org\/ko\/stand-with-detained-immigrant-workers-and-protect-our-freedom-of-speech\/\" \/>\n<meta property=\"og:site_name\" content=\"iAmerica\" \/>\n<meta property=\"article:publisher\" content=\"https:\/\/www.facebook.com\/iAmericaorg\/\" \/>\n<meta property=\"article:modified_time\" content=\"2025-05-09T00:32:37+00:00\" \/>\n<meta property=\"og:image\" content=\"https:\/\/iamerica.org\/wp-content\/uploads\/2025\/05\/Rumeysa-FreeSpeech-IGsquare-150ppi.jpg\" \/>\n\t<meta property=\"og:image:width\" content=\"1650\" \/>\n\t<meta property=\"og:image:height\" content=\"1650\" \/>\n\t<meta property=\"og:image:type\" content=\"image\/jpeg\" \/>\n<meta name=\"twitter:card\" content=\"summary_large_image\" \/>\n<meta name=\"twitter:site\" content=\"@iamericaorg\" \/>\n<meta name=\"twitter:label1\" content=\"\uc608\uc0c1 \ub418\ub294 \ud310\ub3c5 \uc2dc\uac04\" \/>\n\t<meta name=\"twitter:data1\" content=\"1\ubd84\" \/>\n<script type=\"application\/ld+json\" class=\"yoast-schema-graph\">{\"@context\":\"https:\\\/\\\/schema.org\",\"@graph\":[{\"@type\":\"WebPage\",\"@id\":\"https:\\\/\\\/iamerica.org\\\/stand-with-detained-immigrant-workers-and-protect-our-freedom-of-speech\\\/\",\"url\":\"https:\\\/\\\/iamerica.org\\\/stand-with-detained-immigrant-workers-and-protect-our-freedom-of-speech\\\/\",\"name\":\"Stand with Detained Immigrant Workers and Protect Our Freedom of Speech - iAmerica\",\"isPartOf\":{\"@id\":\"https:\\\/\\\/iamerica.org\\\/ru\\\/#website\"},\"primaryImageOfPage\":{\"@id\":\"https:\\\/\\\/iamerica.org\\\/stand-with-detained-immigrant-workers-and-protect-our-freedom-of-speech\\\/#primaryimage\"},\"image\":{\"@id\":\"https:\\\/\\\/iamerica.org\\\/stand-with-detained-immigrant-workers-and-protect-our-freedom-of-speech\\\/#primaryimage\"},\"thumbnailUrl\":\"https:\\\/\\\/iamerica.org\\\/wp-content\\\/uploads\\\/2025\\\/05\\\/Rumeysa-FreeSpeech-IGsquare-150ppi-300x300.jpg\",\"datePublished\":\"2025-05-09T00:32:06+00:00\",\"dateModified\":\"2025-05-09T00:32:37+00:00\",\"breadcrumb\":{\"@id\":\"https:\\\/\\\/iamerica.org\\\/stand-with-detained-immigrant-workers-and-protect-our-freedom-of-speech\\\/#breadcrumb\"},\"inLanguage\":\"ko-KR\",\"potentialAction\":[{\"@type\":\"ReadAction\",\"target\":[\"https:\\\/\\\/iamerica.org\\\/stand-with-detained-immigrant-workers-and-protect-our-freedom-of-speech\\\/\"]}]},{\"@type\":\"ImageObject\",\"inLanguage\":\"ko-KR\",\"@id\":\"https:\\\/\\\/iamerica.org\\\/stand-with-detained-immigrant-workers-and-protect-our-freedom-of-speech\\\/#primaryimage\",\"url\":\"https:\\\/\\\/iamerica.org\\\/wp-content\\\/uploads\\\/2025\\\/05\\\/Rumeysa-FreeSpeech-IGsquare-150ppi-300x300.jpg\",\"contentUrl\":\"https:\\\/\\\/iamerica.org\\\/wp-content\\\/uploads\\\/2025\\\/05\\\/Rumeysa-FreeSpeech-IGsquare-150ppi-300x300.jpg\"},{\"@type\":\"BreadcrumbList\",\"@id\":\"https:\\\/\\\/iamerica.org\\\/stand-with-detained-immigrant-workers-and-protect-our-freedom-of-speech\\\/#breadcrumb\",\"itemListElement\":[{\"@type\":\"ListItem\",\"position\":1,\"name\":\"Home\",\"item\":\"https:\\\/\\\/iamerica.org\\\/\"},{\"@type\":\"ListItem\",\"position\":2,\"name\":\"Stand with Detained Immigrant Workers and Protect Our Freedom of Speech\"}]},{\"@type\":\"WebSite\",\"@id\":\"https:\\\/\\\/iamerica.org\\\/ru\\\/#website\",\"url\":\"https:\\\/\\\/iamerica.org\\\/ru\\\/\",\"name\":\"iAmerica\",\"description\":\"\",\"publisher\":{\"@id\":\"https:\\\/\\\/iamerica.org\\\/ru\\\/#organization\"},\"potentialAction\":[{\"@type\":\"SearchAction\",\"target\":{\"@type\":\"EntryPoint\",\"urlTemplate\":\"https:\\\/\\\/iamerica.org\\\/ru\\\/?s={search_term_string}\"},\"query-input\":{\"@type\":\"PropertyValueSpecification\",\"valueRequired\":true,\"valueName\":\"search_term_string\"}}],\"inLanguage\":\"ko-KR\"},{\"@type\":\"Organization\",\"@id\":\"https:\\\/\\\/iamerica.org\\\/ru\\\/#organization\",\"name\":\"iAmerica\",\"url\":\"https:\\\/\\\/iamerica.org\\\/ru\\\/\",\"logo\":{\"@type\":\"ImageObject\",\"inLanguage\":\"ko-KR\",\"@id\":\"https:\\\/\\\/iamerica.org\\\/ru\\\/#\\\/schema\\\/logo\\\/image\\\/\",\"url\":\"https:\\\/\\\/iamerica.org\\\/wp-content\\\/uploads\\\/2024\\\/05\\\/iAmerica_Logo_Navy.png\",\"contentUrl\":\"https:\\\/\\\/iamerica.org\\\/wp-content\\\/uploads\\\/2024\\\/05\\\/iAmerica_Logo_Navy.png\",\"width\":2309,\"height\":626,\"caption\":\"iAmerica\"},\"image\":{\"@id\":\"https:\\\/\\\/iamerica.org\\\/ru\\\/#\\\/schema\\\/logo\\\/image\\\/\"},\"sameAs\":[\"https:\\\/\\\/www.facebook.com\\\/iAmericaorg\\\/\",\"https:\\\/\\\/x.com\\\/iamericaorg\",\"https:\\\/\\\/www.instagram.com\\\/iamericaorg\"]}]}<\/script>\n<!-- \/ Yoast SEO plugin. -->","yoast_head_json":{"title":"\uad6c\uae08\ub41c \uc774\ubbfc \ub178\ub3d9\uc790\uc758 \ud3b8\uc5d0 \uc11c\uc11c \uc5b8\ub860\uc758 \uc790\uc720\ub97c \ubcf4\ud638\ud558\ub77c - iAmerica","robots":{"index":"index","follow":"follow","max-snippet":"max-snippet:-1","max-image-preview":"max-image-preview:large","max-video-preview":"max-video-preview:-1"},"canonical":"https:\/\/iamerica.org\/ko\/stand-with-detained-immigrant-workers-and-protect-our-freedom-of-speech\/","og_locale":"ko_KR","og_type":"article","og_title":"Stand with Detained Immigrant Workers and Protect Our Freedom of Speech - iAmerica","og_description":"On March 25th, R\u00fcmeysa \u00d6zt\u00fcrk, a graduate student at Tufts University and a member of labor union SEIU, was snatched by masked federal immigration authorities on a public street. Her arrest is a clear attack on our freedom of speech. R\u00fcmeysa&#8217;s from Turkey, she had a valid student visa, but was arrested and taken to [&hellip;]","og_url":"https:\/\/iamerica.org\/ko\/stand-with-detained-immigrant-workers-and-protect-our-freedom-of-speech\/","og_site_name":"iAmerica","article_publisher":"https:\/\/www.facebook.com\/iAmericaorg\/","article_modified_time":"2025-05-09T00:32:37+00:00","og_image":[{"width":1650,"height":1650,"url":"https:\/\/iamerica.org\/wp-content\/uploads\/2025\/05\/Rumeysa-FreeSpeech-IGsquare-150ppi.jpg","type":"image\/jpeg"}],"twitter_card":"summary_large_image","twitter_site":"@iamericaorg","twitter_misc":{"\uc608\uc0c1 \ub418\ub294 \ud310\ub3c5 \uc2dc\uac04":"1\ubd84"},"schema":{"@context":"https:\/\/schema.org","@graph":[{"@type":"WebPage","@id":"https:\/\/iamerica.org\/stand-with-detained-immigrant-workers-and-protect-our-freedom-of-speech\/","url":"https:\/\/iamerica.org\/stand-with-detained-immigrant-workers-and-protect-our-freedom-of-speech\/","name":"\uad6c\uae08\ub41c \uc774\ubbfc \ub178\ub3d9\uc790\uc758 \ud3b8\uc5d0 \uc11c\uc11c \uc5b8\ub860\uc758 \uc790\uc720\ub97c \ubcf4\ud638\ud558\ub77c - iAmerica","isPartOf":{"@id":"https:\/\/iamerica.org\/ru\/#website"},"primaryImageOfPage":{"@id":"https:\/\/iamerica.org\/stand-with-detained-immigrant-workers-and-protect-our-freedom-of-speech\/#primaryimage"},"image":{"@id":"https:\/\/iamerica.org\/stand-with-detained-immigrant-workers-and-protect-our-freedom-of-speech\/#primaryimage"},"thumbnailUrl":"https:\/\/iamerica.org\/wp-content\/uploads\/2025\/05\/Rumeysa-FreeSpeech-IGsquare-150ppi-300x300.jpg","datePublished":"2025-05-09T00:32:06+00:00","dateModified":"2025-05-09T00:32:37+00:00","breadcrumb":{"@id":"https:\/\/iamerica.org\/stand-with-detained-immigrant-workers-and-protect-our-freedom-of-speech\/#breadcrumb"},"inLanguage":"ko-KR","potentialAction":[{"@type":"ReadAction","target":["https:\/\/iamerica.org\/stand-with-detained-immigrant-workers-and-protect-our-freedom-of-speech\/"]}]},{"@type":"ImageObject","inLanguage":"ko-KR","@id":"https:\/\/iamerica.org\/stand-with-detained-immigrant-workers-and-protect-our-freedom-of-speech\/#primaryimage","url":"https:\/\/iamerica.org\/wp-content\/uploads\/2025\/05\/Rumeysa-FreeSpeech-IGsquare-150ppi-300x300.jpg","contentUrl":"https:\/\/iamerica.org\/wp-content\/uploads\/2025\/05\/Rumeysa-FreeSpeech-IGsquare-150ppi-300x300.jpg"},{"@type":"BreadcrumbList","@id":"https:\/\/iamerica.org\/stand-with-detained-immigrant-workers-and-protect-our-freedom-of-speech\/#breadcrumb","itemListElement":[{"@type":"ListItem","position":1,"name":"Home","item":"https:\/\/iamerica.org\/"},{"@type":"ListItem","position":2,"name":"Stand with Detained Immigrant Workers and Protect Our Freedom of Speech"}]},{"@type":"WebSite","@id":"https:\/\/iamerica.org\/ru\/#website","url":"https:\/\/iamerica.org\/ru\/","name":"iAmerica","description":"","publisher":{"@id":"https:\/\/iamerica.org\/ru\/#organization"},"potentialAction":[{"@type":"SearchAction","target":{"@type":"EntryPoint","urlTemplate":"https:\/\/iamerica.org\/ru\/?s={search_term_string}"},"query-input":{"@type":"PropertyValueSpecification","valueRequired":true,"valueName":"search_term_string"}}],"inLanguage":"ko-KR"},{"@type":"Organization","@id":"https:\/\/iamerica.org\/ru\/#organization","name":"iAmerica","url":"https:\/\/iamerica.org\/ru\/","logo":{"@type":"ImageObject","inLanguage":"ko-KR","@id":"https:\/\/iamerica.org\/ru\/#\/schema\/logo\/image\/","url":"https:\/\/iamerica.org\/wp-content\/uploads\/2024\/05\/iAmerica_Logo_Navy.png","contentUrl":"https:\/\/iamerica.org\/wp-content\/uploads\/2024\/05\/iAmerica_Logo_Navy.png","width":2309,"height":626,"caption":"iAmerica"},"image":{"@id":"https:\/\/iamerica.org\/ru\/#\/schema\/logo\/image\/"},"sameAs":["https:\/\/www.facebook.com\/iAmericaorg\/","https:\/\/x.com\/iamericaorg","https:\/\/www.instagram.com\/iamericaorg"]}]}},"_links":{"self":[{"href":"https:\/\/iamerica.org\/ko\/wp-json\/wp\/v2\/pages\/2917","targetHints":{"allow":["GET"]}}],"collection":[{"href":"https:\/\/iamerica.org\/ko\/wp-json\/wp\/v2\/pages"}],"about":[{"href":"https:\/\/iamerica.org\/ko\/wp-json\/wp\/v2\/types\/page"}],"author":[{"embeddable":true,"href":"https:\/\/iamerica.org\/ko\/wp-json\/wp\/v2\/users\/5"}],"replies":[{"embeddable":true,"href":"https:\/\/iamerica.org\/ko\/wp-json\/wp\/v2\/comments?post=2917"}],"version-history":[{"count":0,"href":"https:\/\/iamerica.org\/ko\/wp-json\/wp\/v2\/pages\/2917\/revisions"}],"wp:attachment":[{"href":"https:\/\/iamerica.org\/ko\/wp-json\/wp\/v2\/media?parent=2917"}],"curies":[{"name":"wp","href":"https:\/\/api.w.org\/{rel}","templated":true}]}}