{"id":2784,"date":"2025-04-07T23:48:08","date_gmt":"2025-04-08T03:48:08","guid":{"rendered":"https:\/\/iamerica.org\/?page_id=2784"},"modified":"2025-04-26T13:52:51","modified_gmt":"2025-04-26T17:52:51","slug":"may-day-2025-events","status":"publish","type":"page","link":"https:\/\/iamerica.org\/nl\/may-day-2025-events\/","title":{"rendered":"Meidag 2025 Evenementen"},"content":{"rendered":"<div data-elementor-type=\"wp-page\" data-elementor-id=\"2784\" class=\"elementor elementor-2784\" data-elementor-post-type=\"page\">\n\t\t\t\t\t\t<section class=\"elementor-section elementor-top-section elementor-element elementor-element-983183e elementor-section-boxed elementor-section-height-default elementor-section-height-default\" data-id=\"983183e\" data-element_type=\"section\" data-e-type=\"section\">\n\t\t\t\t\t\t<div class=\"elementor-container elementor-column-gap-wider\">\n\t\t\t\t\t<div class=\"elementor-column elementor-col-50 elementor-top-column elementor-element elementor-element-f0b6388\" data-id=\"f0b6388\" data-element_type=\"column\" data-e-type=\"column\">\n\t\t\t<div class=\"elementor-widget-wrap elementor-element-populated\">\n\t\t\t\t\t\t<div class=\"elementor-element elementor-element-e51771c elementor-widget elementor-widget-text-editor\" data-id=\"e51771c\" data-element_type=\"widget\" data-e-type=\"widget\" data-widget_type=\"text-editor.default\">\n\t\t\t\t<div class=\"elementor-widget-container\">\n\t\t\t\t\t\t\t\t\t<h4><strong>#WeMakeAmericaWork! <\/strong>Op 1 mei, Internationale Dag van de Arbeider, zullen SEIU Locals en onze bondgenoten samenkomen om solidair te zijn met immigrantengemeenschappen door middel van grootschalige mobilisatieacties in het hele land.  We zullen de onschatbare bijdragen eren en vieren die alle arbeiders leveren aan onze gezinnen, gemeenschappen en economie. Tegelijkertijd zullen we het tot zondebok maken van immigranten en wrede tactieken aan de kaak stellen die bedoeld zijn om ons af te leiden van de kwesties die echt van invloed zijn op werkende mensen, zoals de stijgende kosten van levensonderhoud en de dringende behoefte aan betaalbare gezondheidszorg, terwijl bedrijven en miljardairs belastingvoordelen blijven genieten. Laten we laten zien dat werkende mensen van alle achtergronden dit land echt laten draaien.\u00a0<\/h4><h4><strong>Kom regelmatig terug als er meer evenementen en details worden toegevoegd.\u00a0<\/strong><b>Hebben we een May Day-actie gemist? Stuur dan een e-mail naar info@iAmerica.org.<\/b><\/h4>\t\t\t\t\t\t\t\t<\/div>\n\t\t\t\t<\/div>\n\t\t\t\t<div class=\"elementor-element elementor-element-36bfb9a elementor-widget elementor-widget-button\" data-id=\"36bfb9a\" data-element_type=\"widget\" data-e-type=\"widget\" data-widget_type=\"button.default\">\n\t\t\t\t<div class=\"elementor-widget-container\">\n\t\t\t\t\t\t\t\t\t<div class=\"elementor-button-wrapper\">\n\t\t\t\t\t<a class=\"elementor-button elementor-button-link elementor-size-sm\" href=\"https:\/\/iamerica.org\/nl\/join-us\/\">\n\t\t\t\t\t\t<span class=\"elementor-button-content-wrapper\">\n\t\t\t\t\t\t\t\t\t<span class=\"elementor-button-text\">Word lid van iAmerica om op de hoogte te blijven van aankomende evenementen!<\/span>\n\t\t\t\t\t<\/span>\n\t\t\t\t\t<\/a>\n\t\t\t\t<\/div>\n\t\t\t\t\t\t\t\t<\/div>\n\t\t\t\t<\/div>\n\t\t\t\t<div class=\"elementor-element elementor-element-d509342 elementor-widget-divider--view-line elementor-widget elementor-widget-divider\" data-id=\"d509342\" data-element_type=\"widget\" data-e-type=\"widget\" data-widget_type=\"divider.default\">\n\t\t\t\t<div class=\"elementor-widget-container\">\n\t\t\t\t\t\t\t<div class=\"elementor-divider\">\n\t\t\t<span class=\"elementor-divider-separator\">\n\t\t\t\t\t\t<\/span>\n\t\t<\/div>\n\t\t\t\t\t\t<\/div>\n\t\t\t\t<\/div>\n\t\t\t\t<div class=\"elementor-element elementor-element-0bd0a4d elementor-widget elementor-widget-heading\" data-id=\"0bd0a4d\" data-element_type=\"widget\" data-e-type=\"widget\" id=\"findevent\" data-widget_type=\"heading.default\">\n\t\t\t\t<div class=\"elementor-widget-container\">\n\t\t\t\t\t<h2 class=\"elementor-heading-title elementor-size-default\">Zoek een evenement bij jou in de buurt:<\/h2>\t\t\t\t<\/div>\n\t\t\t\t<\/div>\n\t\t\t\t<div class=\"elementor-element elementor-element-3c200d4 elementor-widget elementor-widget-text-editor\" data-id=\"3c200d4\" data-element_type=\"widget\" data-e-type=\"widget\" data-widget_type=\"text-editor.default\">\n\t\t\t\t<div class=\"elementor-widget-container\">\n\t\t\t\t\t\t\t\t\t<p><em>Om uw privacy te beschermen, is registratie niet verplicht. Houd rekening met immigratieoverwegingen en andere mogelijke implicaties bij het delen van persoonlijke informatie.<\/em><\/p>\t\t\t\t\t\t\t\t<\/div>\n\t\t\t\t<\/div>\n\t\t\t\t<div class=\"elementor-element elementor-element-aa41c4c elementor-widget elementor-widget-accordion\" data-id=\"aa41c4c\" data-element_type=\"widget\" data-e-type=\"widget\" data-widget_type=\"accordion.default\">\n\t\t\t\t<div class=\"elementor-widget-container\">\n\t\t\t\t\t\t\t<div class=\"elementor-accordion\">\n\t\t\t\t\t\t\t<div class=\"elementor-accordion-item\">\n\t\t\t\t\t<div id=\"elementor-tab-title-1781\" class=\"elementor-tab-title\" data-tab=\"1\" role=\"button\" aria-controls=\"elementor-tab-content-1781\" aria-expanded=\"false\">\n\t\t\t\t\t\t\t\t\t\t\t\t\t<span class=\"elementor-accordion-icon elementor-accordion-icon-left\" aria-hidden=\"true\">\n\t\t\t\t\t\t\t\t\t\t\t\t\t\t\t<span class=\"elementor-accordion-icon-closed\"><svg class=\"e-font-icon-svg e-fas-plus\" viewbox=\"0 0 448 512\" xmlns=\"http:\/\/www.w3.org\/2000\/svg\"><path d=\"M416 208H272V64c0-17.67-14.33-32-32-32h-32c-17.67 0-32 14.33-32 32v144H32c-17.67 0-32 14.33-32 32v32c0 17.67 14.33 32 32 32h144v144c0 17.67 14.33 32 32 32h32c17.67 0 32-14.33 32-32V304h144c17.67 0 32-14.33 32-32v-32c0-17.67-14.33-32-32-32z\"><\/path><\/svg><\/span>\n\t\t\t\t\t\t\t\t<span class=\"elementor-accordion-icon-opened\"><svg class=\"e-font-icon-svg e-fas-minus\" viewbox=\"0 0 448 512\" xmlns=\"http:\/\/www.w3.org\/2000\/svg\"><path d=\"M416 208H32c-17.67 0-32 14.33-32 32v32c0 17.67 14.33 32 32 32h384c17.67 0 32-14.33 32-32v-32c0-17.67-14.33-32-32-32z\"><\/path><\/svg><\/span>\n\t\t\t\t\t\t\t\t\t\t\t\t\t\t<\/span>\n\t\t\t\t\t\t\t\t\t\t\t\t<a class=\"elementor-accordion-title\" tabindex=\"0\">Arizona<\/a>\n\t\t\t\t\t<\/div>\n\t\t\t\t\t<div id=\"elementor-tab-content-1781\" class=\"elementor-tab-content elementor-clearfix\" data-tab=\"1\" role=\"region\" aria-labelledby=\"elementor-tab-title-1781\"><p><strong>Phoenix<\/strong><\/p><p><span style=\"font-weight: 400;\">Evenement: Maart\u00a0<\/span><\/p><p><span style=\"font-weight: 400;\">Datum: Donderdag 1 mei 2025\u00a0<\/span><\/p><p><span style=\"font-weight: 400;\">Tijd: 9 uur<\/span><\/p><p><span style=\"font-weight: 400;\">Locatie: Verzamelen bij het Arizona Capitol op 1700 W. Washington St. en mars naar het Federal Courthouse op 401 W. Washington St. #10<br \/><\/span><\/p><p><span style=\"font-weight: 400;\">RSVP <a href=\"https:\/\/www.mobilize.us\/mayday\/event\/777220\/\" target=\"_blank\" rel=\"noopener\">hier<\/a>\u00a0<br \/><\/span><\/p><p>\u00a0<\/p><p><strong>Tucson<\/strong><\/p><p><span style=\"font-weight: 400;\">Evenement: Maart\u00a0<\/span><\/p><p><span style=\"font-weight: 400;\">Datum: Donderdag 1 mei 2025\u00a0<\/span><\/p><p><span style=\"font-weight: 400;\">Tijd: 17:30<\/span><\/p><p><span style=\"font-weight: 400;\">Locatie: Southside Presbyterian Church, 317 W 23rd St., Tucson, AZ<\/span><\/p><p>Meer info <a href=\"https:\/\/www.facebook.com\/events\/584825047946858\/\">hier<\/a>\u00a0<\/p><\/div>\n\t\t\t\t<\/div>\n\t\t\t\t\t\t\t<div class=\"elementor-accordion-item\">\n\t\t\t\t\t<div id=\"elementor-tab-title-1782\" class=\"elementor-tab-title\" data-tab=\"2\" role=\"button\" aria-controls=\"elementor-tab-content-1782\" aria-expanded=\"false\">\n\t\t\t\t\t\t\t\t\t\t\t\t\t<span class=\"elementor-accordion-icon elementor-accordion-icon-left\" aria-hidden=\"true\">\n\t\t\t\t\t\t\t\t\t\t\t\t\t\t\t<span class=\"elementor-accordion-icon-closed\"><svg class=\"e-font-icon-svg e-fas-plus\" viewbox=\"0 0 448 512\" xmlns=\"http:\/\/www.w3.org\/2000\/svg\"><path d=\"M416 208H272V64c0-17.67-14.33-32-32-32h-32c-17.67 0-32 14.33-32 32v144H32c-17.67 0-32 14.33-32 32v32c0 17.67 14.33 32 32 32h144v144c0 17.67 14.33 32 32 32h32c17.67 0 32-14.33 32-32V304h144c17.67 0 32-14.33 32-32v-32c0-17.67-14.33-32-32-32z\"><\/path><\/svg><\/span>\n\t\t\t\t\t\t\t\t<span class=\"elementor-accordion-icon-opened\"><svg class=\"e-font-icon-svg e-fas-minus\" viewbox=\"0 0 448 512\" xmlns=\"http:\/\/www.w3.org\/2000\/svg\"><path d=\"M416 208H32c-17.67 0-32 14.33-32 32v32c0 17.67 14.33 32 32 32h384c17.67 0 32-14.33 32-32v-32c0-17.67-14.33-32-32-32z\"><\/path><\/svg><\/span>\n\t\t\t\t\t\t\t\t\t\t\t\t\t\t<\/span>\n\t\t\t\t\t\t\t\t\t\t\t\t<a class=\"elementor-accordion-title\" tabindex=\"0\">Californi\u00eb <\/a>\n\t\t\t\t\t<\/div>\n\t\t\t\t\t<div id=\"elementor-tab-content-1782\" class=\"elementor-tab-content elementor-clearfix\" data-tab=\"2\" role=\"region\" aria-labelledby=\"elementor-tab-title-1782\"><p><strong>Los Angeles<\/strong><\/p><p><span style=\"font-weight: 400;\">Evenement: Rally &amp; mars\u00a0<\/span><\/p><p><span style=\"font-weight: 400;\">Datum: Donderdag 1 mei 2025\u00a0<\/span><\/p><p><span style=\"font-weight: 400;\">Tijd: 8:30 - 17:00<\/span><\/p><p><span style=\"font-weight: 400;\">Locatie: Olympic &amp; N. Figueroa\u00a0<\/span><\/p><p><span style=\"font-weight: 400;\">Beschrijving: E\u00e9n strijd, \u00e9\u00e9n gevecht! Arbeiders verenigt u!\u00a0<\/span><\/p><p><span style=\"font-weight: 400;\">RSVP <a href=\"https:\/\/dsa-la.org\/event\/may-day-one-struggle-one-fight-workers-unite\/\" target=\"_blank\" rel=\"noopener\">hier<\/a>\u00a0<\/span><\/p><p><strong>Oakland<\/strong><\/p><p><span style=\"font-weight: 400;\">Evenement: Rally, mars &amp; middelenbeurs\u00a0<\/span><\/p><p><span style=\"font-weight: 400;\">Datum: Donderdag 1 mei 2025\u00a0<\/span><\/p><p><span style=\"font-weight: 400;\">Tijd: 15.00-19.00<\/span><\/p><p><span style=\"font-weight: 400;\">Locatie: Fruitvale Plaza tot San Antonio Park\u00a0<\/span><\/p><p><span style=\"font-weight: 400;\">Beschrijving: Verdedigen, Opheffen, Organiseren, Terugvechten! Alle macht aan de arbeiders!\u00a0<\/span><\/p><p><span style=\"font-weight: 400;\">Meer info <a href=\"https:\/\/www.instagram.com\/p\/DHteBLrJiX-\/?igsh=NjZiM2M3MzIxNA%3D%3D\" target=\"_blank\" rel=\"noopener\">hier<\/a><\/span><\/p><p><strong>San Francisco<\/strong><\/p><p>Datum: Donderdag 1 mei 2025<\/p><p>Tijd: 16.00 uur<\/p><p>Evenement: Meidag in de baai<\/p><p>Locatie: SF Civic Center Plaza<\/p><p>Beschrijving: Rechten van immigranten en arbeiders: E\u00e9n strijd, \u00e9\u00e9n gevecht!<\/p><p>RSVP <a href=\"https:\/\/docs.google.com\/forms\/d\/e\/1FAIpQLSfXNb5NSykJykSy9zBzDJFnDX_cc8K9p7pYMk2wXa9L1B32AA\/viewform\" target=\"_blank\" rel=\"noopener\">hier<\/a><\/p><p><strong>San Jose<\/strong><\/p><p><span style=\"font-weight: 400;\">Evenement: Maart\u00a0<\/span><\/p><p><span style=\"font-weight: 400;\">Datum: Donderdag 1 mei 2025\u00a0<\/span><\/p><p><span style=\"font-weight: 400;\">Tijd: Rally om 14.30 uur en mars om 16.00 uur<\/span><\/p><p><span style=\"font-weight: 400;\">Locatie: Het evenement begint bij Story &amp; King en eindigt bij het stadhuis van San Jose.<\/span><\/p><p>Meer info <a href=\"https:\/\/maydaysanjose.org\/\" target=\"_blank\" rel=\"noopener\">hier<\/a><\/p><p><strong><br \/>Ukiah<\/strong><\/p><p><span style=\"font-weight: 400;\">Evenement: Stand Indivisible op May Day <\/span><\/p><p><span style=\"font-weight: 400;\">Datum: Donderdag 1 mei 2025\u00a0<\/span><\/p><p><span style=\"font-weight: 400;\">Tijd: 12:15<\/span><\/p><p><span style=\"font-weight: 400;\">Locatie: Alex Thomas Plaza, 310 S State Street, Ukiah, CA 95482<\/span><\/p><p><strong>Ventura<\/strong><\/p><p><span style=\"font-weight: 400;\">Datum: Donderdag 1 mei 2025\u00a0<\/span><\/p><p><span style=\"font-weight: 400;\">Tijd: 11.00 - 13.00<\/span><\/p><p><span style=\"font-weight: 400;\">Locatie: Ventura County Government Center, 800 S. Victoria Avenue, Ventura, CA 93003 VS\u00a0<\/span><\/p><p><span style=\"font-weight: 400;\">RSVP <a href=\"https:\/\/actionnetwork.org\/events\/may-day-strong-ventura-fights-back\" target=\"_blank\" rel=\"noopener\">hier<\/a><\/span><\/p><\/div>\n\t\t\t\t<\/div>\n\t\t\t\t\t\t\t<div class=\"elementor-accordion-item\">\n\t\t\t\t\t<div id=\"elementor-tab-title-1783\" class=\"elementor-tab-title\" data-tab=\"3\" role=\"button\" aria-controls=\"elementor-tab-content-1783\" aria-expanded=\"false\">\n\t\t\t\t\t\t\t\t\t\t\t\t\t<span class=\"elementor-accordion-icon elementor-accordion-icon-left\" aria-hidden=\"true\">\n\t\t\t\t\t\t\t\t\t\t\t\t\t\t\t<span class=\"elementor-accordion-icon-closed\"><svg class=\"e-font-icon-svg e-fas-plus\" viewbox=\"0 0 448 512\" xmlns=\"http:\/\/www.w3.org\/2000\/svg\"><path d=\"M416 208H272V64c0-17.67-14.33-32-32-32h-32c-17.67 0-32 14.33-32 32v144H32c-17.67 0-32 14.33-32 32v32c0 17.67 14.33 32 32 32h144v144c0 17.67 14.33 32 32 32h32c17.67 0 32-14.33 32-32V304h144c17.67 0 32-14.33 32-32v-32c0-17.67-14.33-32-32-32z\"><\/path><\/svg><\/span>\n\t\t\t\t\t\t\t\t<span class=\"elementor-accordion-icon-opened\"><svg class=\"e-font-icon-svg e-fas-minus\" viewbox=\"0 0 448 512\" xmlns=\"http:\/\/www.w3.org\/2000\/svg\"><path d=\"M416 208H32c-17.67 0-32 14.33-32 32v32c0 17.67 14.33 32 32 32h384c17.67 0 32-14.33 32-32v-32c0-17.67-14.33-32-32-32z\"><\/path><\/svg><\/span>\n\t\t\t\t\t\t\t\t\t\t\t\t\t\t<\/span>\n\t\t\t\t\t\t\t\t\t\t\t\t<a class=\"elementor-accordion-title\" tabindex=\"0\">Colorado <\/a>\n\t\t\t\t\t<\/div>\n\t\t\t\t\t<div id=\"elementor-tab-content-1783\" class=\"elementor-tab-content elementor-clearfix\" data-tab=\"3\" role=\"region\" aria-labelledby=\"elementor-tab-title-1783\"><p><strong>Denver<\/strong><\/p><p><span style=\"font-weight: 400;\">Evenement: Dia de Los Immigrantes\u00a0\u00a0<\/span><\/p><p><span style=\"font-weight: 400;\">Datum: Donderdag 1 mei 2025<\/span><\/p><p>Tijd: 15.00 uur<\/p><p>Locatie: Capitool van de staat Colorado<\/p><p>Meer info <a href=\"https:\/\/www.facebook.com\/SEIU105\/posts\/pfbid0RbWQ8R3jnHTHbrajQeL2S7KwYRNvrNoGuND9eHjtAqG3kqsiSywrdGHCPrbTjrTdl\" target=\"_blank\" rel=\"noopener\">hier<\/a><\/p><\/div>\n\t\t\t\t<\/div>\n\t\t\t\t\t\t\t<div class=\"elementor-accordion-item\">\n\t\t\t\t\t<div id=\"elementor-tab-title-1784\" class=\"elementor-tab-title\" data-tab=\"4\" role=\"button\" aria-controls=\"elementor-tab-content-1784\" aria-expanded=\"false\">\n\t\t\t\t\t\t\t\t\t\t\t\t\t<span class=\"elementor-accordion-icon elementor-accordion-icon-left\" aria-hidden=\"true\">\n\t\t\t\t\t\t\t\t\t\t\t\t\t\t\t<span class=\"elementor-accordion-icon-closed\"><svg class=\"e-font-icon-svg e-fas-plus\" viewbox=\"0 0 448 512\" xmlns=\"http:\/\/www.w3.org\/2000\/svg\"><path d=\"M416 208H272V64c0-17.67-14.33-32-32-32h-32c-17.67 0-32 14.33-32 32v144H32c-17.67 0-32 14.33-32 32v32c0 17.67 14.33 32 32 32h144v144c0 17.67 14.33 32 32 32h32c17.67 0 32-14.33 32-32V304h144c17.67 0 32-14.33 32-32v-32c0-17.67-14.33-32-32-32z\"><\/path><\/svg><\/span>\n\t\t\t\t\t\t\t\t<span class=\"elementor-accordion-icon-opened\"><svg class=\"e-font-icon-svg e-fas-minus\" viewbox=\"0 0 448 512\" xmlns=\"http:\/\/www.w3.org\/2000\/svg\"><path d=\"M416 208H32c-17.67 0-32 14.33-32 32v32c0 17.67 14.33 32 32 32h384c17.67 0 32-14.33 32-32v-32c0-17.67-14.33-32-32-32z\"><\/path><\/svg><\/span>\n\t\t\t\t\t\t\t\t\t\t\t\t\t\t<\/span>\n\t\t\t\t\t\t\t\t\t\t\t\t<a class=\"elementor-accordion-title\" tabindex=\"0\">Connecticut<\/a>\n\t\t\t\t\t<\/div>\n\t\t\t\t\t<div id=\"elementor-tab-content-1784\" class=\"elementor-tab-content elementor-clearfix\" data-tab=\"4\" role=\"region\" aria-labelledby=\"elementor-tab-title-1784\"><p><span style=\"font-weight: 400;\"><strong>Hartford<\/strong>\u00a0<\/span><\/p><p><span style=\"font-weight: 400;\">Datum: Donderdag 1 mei 2025\u00a0<\/span><\/p><p>Tijd: 10:30<\/p><p><span style=\"font-weight: 400;\">Locatie: Bushnell Park, Hartford<\/span><\/p><p><span style=\"font-weight: 400;\">Beschrijving: 1 mei, Internationale Dag van de Arbeider, is een dag om de kracht en veerkracht van arbeiders overal ter wereld te eren. Van de strijd voor eerlijke lonen tot immigrantenrechten, we zijn verenigd in de strijd voor rechtvaardigheid! Blijf op de hoogte voor details, onze strijd gaat door!\u00a0<\/span><\/p><p>Meer info <a href=\"https:\/\/www.instagram.com\/connecticutforall\/p\/DH6Up-xR0rr\/?img_index=1\" target=\"_blank\" rel=\"noopener\">hier<\/a><\/p><p><span style=\"font-weight: 400;\"><strong>New Haven<\/strong>\u00a0<\/span><\/p><p><span style=\"font-weight: 400;\">Datum: Donderdag 1 mei 2025\u00a0<\/span><\/p><p>Tijd: 17.00 uur<\/p><p><span style=\"font-weight: 400;\">Locatie: New Haven Green<\/span><\/p><p><span style=\"font-weight: 400;\">Beschrijving: 1 mei, Internationale Dag van de Arbeider, is een dag om de kracht en veerkracht van arbeiders overal ter wereld te eren. Van de strijd voor eerlijke lonen tot immigrantenrechten, we zijn verenigd in de strijd voor rechtvaardigheid!<br \/><\/span><\/p><p>Meer info <a href=\"https:\/\/www.instagram.com\/connecticutforall\/p\/DH6Up-xR0rr\/?img_index=1\" target=\"_blank\" rel=\"noopener\">hier<\/a><\/p><\/div>\n\t\t\t\t<\/div>\n\t\t\t\t\t\t\t<div class=\"elementor-accordion-item\">\n\t\t\t\t\t<div id=\"elementor-tab-title-1785\" class=\"elementor-tab-title\" data-tab=\"5\" role=\"button\" aria-controls=\"elementor-tab-content-1785\" aria-expanded=\"false\">\n\t\t\t\t\t\t\t\t\t\t\t\t\t<span class=\"elementor-accordion-icon elementor-accordion-icon-left\" aria-hidden=\"true\">\n\t\t\t\t\t\t\t\t\t\t\t\t\t\t\t<span class=\"elementor-accordion-icon-closed\"><svg class=\"e-font-icon-svg e-fas-plus\" viewbox=\"0 0 448 512\" xmlns=\"http:\/\/www.w3.org\/2000\/svg\"><path d=\"M416 208H272V64c0-17.67-14.33-32-32-32h-32c-17.67 0-32 14.33-32 32v144H32c-17.67 0-32 14.33-32 32v32c0 17.67 14.33 32 32 32h144v144c0 17.67 14.33 32 32 32h32c17.67 0 32-14.33 32-32V304h144c17.67 0 32-14.33 32-32v-32c0-17.67-14.33-32-32-32z\"><\/path><\/svg><\/span>\n\t\t\t\t\t\t\t\t<span class=\"elementor-accordion-icon-opened\"><svg class=\"e-font-icon-svg e-fas-minus\" viewbox=\"0 0 448 512\" xmlns=\"http:\/\/www.w3.org\/2000\/svg\"><path d=\"M416 208H32c-17.67 0-32 14.33-32 32v32c0 17.67 14.33 32 32 32h384c17.67 0 32-14.33 32-32v-32c0-17.67-14.33-32-32-32z\"><\/path><\/svg><\/span>\n\t\t\t\t\t\t\t\t\t\t\t\t\t\t<\/span>\n\t\t\t\t\t\t\t\t\t\t\t\t<a class=\"elementor-accordion-title\" tabindex=\"0\">Florida<\/a>\n\t\t\t\t\t<\/div>\n\t\t\t\t\t<div id=\"elementor-tab-content-1785\" class=\"elementor-tab-content elementor-clearfix\" data-tab=\"5\" role=\"region\" aria-labelledby=\"elementor-tab-title-1785\"><p><strong>Napels<\/strong><\/p><p><span style=\"font-weight: 400;\">Evenement: Rally<\/span><\/p><p><span style=\"font-weight: 400;\">Datum: Donderdag 1 mei 2025\u00a0<\/span><\/p><p><span style=\"font-weight: 400;\">Tijd: 6:30-8PM<\/span><\/p><p><span style=\"font-weight: 400;\">Locatie: Trappen van gerechtsgebouw Collier County, 3315 Tamiami Trl E, Naples, FL 34112 VS<\/span><\/p><p>RSVP <a href=\"https:\/\/www.mobilize.us\/mayday\/event\/778756\/\" target=\"_blank\" rel=\"noopener\">hier<\/a>\u00a0<\/p><p><strong>Tampa<\/strong><\/p><p><span style=\"font-weight: 400;\">Evenement: Mei Dag Tampa\u00a0<\/span><\/p><p><span style=\"font-weight: 400;\">Datum: Donderdag 1 mei 2025\u00a0<\/span><\/p><p><span style=\"font-weight: 400;\">Tijd: 16:00 uur<\/span><\/p><p><span style=\"font-weight: 400;\">Locatie: Stadhuis, 315 Kennedy Blvd , Tampa, FL 33602<\/span><\/p><p><span style=\"font-weight: 400;\">RSVP <a href=\"https:\/\/actionnetwork.org\/events\/may-day-tampa\" target=\"_blank\" rel=\"noopener\">hier<\/a><\/span><\/p><\/div>\n\t\t\t\t<\/div>\n\t\t\t\t\t\t\t<div class=\"elementor-accordion-item\">\n\t\t\t\t\t<div id=\"elementor-tab-title-1786\" class=\"elementor-tab-title\" data-tab=\"6\" role=\"button\" aria-controls=\"elementor-tab-content-1786\" aria-expanded=\"false\">\n\t\t\t\t\t\t\t\t\t\t\t\t\t<span class=\"elementor-accordion-icon elementor-accordion-icon-left\" aria-hidden=\"true\">\n\t\t\t\t\t\t\t\t\t\t\t\t\t\t\t<span class=\"elementor-accordion-icon-closed\"><svg class=\"e-font-icon-svg e-fas-plus\" viewbox=\"0 0 448 512\" xmlns=\"http:\/\/www.w3.org\/2000\/svg\"><path d=\"M416 208H272V64c0-17.67-14.33-32-32-32h-32c-17.67 0-32 14.33-32 32v144H32c-17.67 0-32 14.33-32 32v32c0 17.67 14.33 32 32 32h144v144c0 17.67 14.33 32 32 32h32c17.67 0 32-14.33 32-32V304h144c17.67 0 32-14.33 32-32v-32c0-17.67-14.33-32-32-32z\"><\/path><\/svg><\/span>\n\t\t\t\t\t\t\t\t<span class=\"elementor-accordion-icon-opened\"><svg class=\"e-font-icon-svg e-fas-minus\" viewbox=\"0 0 448 512\" xmlns=\"http:\/\/www.w3.org\/2000\/svg\"><path d=\"M416 208H32c-17.67 0-32 14.33-32 32v32c0 17.67 14.33 32 32 32h384c17.67 0 32-14.33 32-32v-32c0-17.67-14.33-32-32-32z\"><\/path><\/svg><\/span>\n\t\t\t\t\t\t\t\t\t\t\t\t\t\t<\/span>\n\t\t\t\t\t\t\t\t\t\t\t\t<a class=\"elementor-accordion-title\" tabindex=\"0\">Georgi\u00eb<\/a>\n\t\t\t\t\t<\/div>\n\t\t\t\t\t<div id=\"elementor-tab-content-1786\" class=\"elementor-tab-content elementor-clearfix\" data-tab=\"6\" role=\"region\" aria-labelledby=\"elementor-tab-title-1786\"><p><strong>Atlanta<\/strong><\/p><p><span style=\"font-weight: 400;\">Datum: Donderdag 1 mei 2025\u00a0<\/span><\/p><p><span style=\"font-weight: 400;\">Tijd: 15.00 uur<\/span><\/p><p><span style=\"font-weight: 400;\">Locatie: Georgia Capitol, 227 Capitol Ave SE, Atlanta<br \/><\/span><\/p><p><span style=\"font-weight: 400;\">Beschrijving: Stop de miljardenagenda<\/span><\/p><p>Partners: Georgia AFL-CIO, Starbucks Workers United, CBTU<\/p><p><span data-sheets-root=\"1\">RSVP <a href=\"http:\/\/bit.ly\/maydayatl\" target=\"_blank\" rel=\"noopener\">hier<\/a><br \/><\/span><\/p><p><span data-sheets-root=\"1\">Meer info <a href=\"https:\/\/www.instagram.com\/p\/DIMlv2mSHf6\/?img_index=2&amp;igsh=MTBzdGswNzh4c3dlcw%3D%3D\" target=\"_blank\" rel=\"noopener\">hier<\/a><\/span><\/p><p><strong>Atlanta<\/strong><\/p><p><span style=\"font-weight: 400;\">Datum: Donderdag 1 mei 2025\u00a0<\/span><\/p><p><span style=\"font-weight: 400;\">Tijd: 10.00 - 14.00 uur<\/span><\/p><p><span style=\"font-weight: 400;\">Locatie: C.T. Martin Natatorium en Recreatiecentrum, 3201 M.L.K. Jr Dr SW, Atlanta, GA 30311\u00a0<\/span><\/p><p><span style=\"font-weight: 400;\">Beschrijving: De arbeid die dit geweldige land heeft opgebouwd, van veld tot veld, <\/span><span style=\"font-weight: 400;\">Bureau aan bureau, we bouwden het met de hand!<\/span><\/p><p><span style=\"font-weight: 400;\">Partners: Atlanta Noord GA Arbeidsraad<\/span><\/p><p><span style=\"font-weight: 400;\">RSVP <a href=\"http:\/\/mobilize.us\/aflcio\/event\/771684\/\" target=\"_blank\" rel=\"noopener\">hier<\/a>\u00a0<\/span><\/p><\/div>\n\t\t\t\t<\/div>\n\t\t\t\t\t\t\t<div class=\"elementor-accordion-item\">\n\t\t\t\t\t<div id=\"elementor-tab-title-1787\" class=\"elementor-tab-title\" data-tab=\"7\" role=\"button\" aria-controls=\"elementor-tab-content-1787\" aria-expanded=\"false\">\n\t\t\t\t\t\t\t\t\t\t\t\t\t<span class=\"elementor-accordion-icon elementor-accordion-icon-left\" aria-hidden=\"true\">\n\t\t\t\t\t\t\t\t\t\t\t\t\t\t\t<span class=\"elementor-accordion-icon-closed\"><svg class=\"e-font-icon-svg e-fas-plus\" viewbox=\"0 0 448 512\" xmlns=\"http:\/\/www.w3.org\/2000\/svg\"><path d=\"M416 208H272V64c0-17.67-14.33-32-32-32h-32c-17.67 0-32 14.33-32 32v144H32c-17.67 0-32 14.33-32 32v32c0 17.67 14.33 32 32 32h144v144c0 17.67 14.33 32 32 32h32c17.67 0 32-14.33 32-32V304h144c17.67 0 32-14.33 32-32v-32c0-17.67-14.33-32-32-32z\"><\/path><\/svg><\/span>\n\t\t\t\t\t\t\t\t<span class=\"elementor-accordion-icon-opened\"><svg class=\"e-font-icon-svg e-fas-minus\" viewbox=\"0 0 448 512\" xmlns=\"http:\/\/www.w3.org\/2000\/svg\"><path d=\"M416 208H32c-17.67 0-32 14.33-32 32v32c0 17.67 14.33 32 32 32h384c17.67 0 32-14.33 32-32v-32c0-17.67-14.33-32-32-32z\"><\/path><\/svg><\/span>\n\t\t\t\t\t\t\t\t\t\t\t\t\t\t<\/span>\n\t\t\t\t\t\t\t\t\t\t\t\t<a class=\"elementor-accordion-title\" tabindex=\"0\">Illinois<\/a>\n\t\t\t\t\t<\/div>\n\t\t\t\t\t<div id=\"elementor-tab-content-1787\" class=\"elementor-tab-content elementor-clearfix\" data-tab=\"7\" role=\"region\" aria-labelledby=\"elementor-tab-title-1787\"><p><strong>Chicago<\/strong><\/p><p><span style=\"font-weight: 400;\">Evenement: Maart<\/span><\/p><p><span style=\"font-weight: 400;\">Datum: Donderdag 1 mei 2025\u00a0<\/span><\/p><p><span style=\"font-weight: 400;\">Tijd: 11 uur CT<\/span><\/p><p><span style=\"font-weight: 400;\">Locatie: Union Park, 1501 W. Randolph St. naar Grant Park, 337 E. Randolph St.\u00a0\u00a0<\/span><\/p><p><span style=\"font-weight: 400;\">Beschrijving: May Day Chicago: No Nos Vamos<\/span><\/p><p><span style=\"font-weight: 400;\">Meer info <a href=\"https:\/\/fb.watch\/yCGkN7d3ZA\/?mibextid=wwXIfr\" target=\"_blank\" rel=\"noopener\">hier<\/a>\u00a0<\/span><\/p><p>RSVP <a href=\"https:\/\/actionnetwork.org\/events\/may-day-chicago-no-nos-vamos\" target=\"_blank\" rel=\"noopener\">hier<\/a><\/p><\/div>\n\t\t\t\t<\/div>\n\t\t\t\t\t\t\t<div class=\"elementor-accordion-item\">\n\t\t\t\t\t<div id=\"elementor-tab-title-1788\" class=\"elementor-tab-title\" data-tab=\"8\" role=\"button\" aria-controls=\"elementor-tab-content-1788\" aria-expanded=\"false\">\n\t\t\t\t\t\t\t\t\t\t\t\t\t<span class=\"elementor-accordion-icon elementor-accordion-icon-left\" aria-hidden=\"true\">\n\t\t\t\t\t\t\t\t\t\t\t\t\t\t\t<span class=\"elementor-accordion-icon-closed\"><svg class=\"e-font-icon-svg e-fas-plus\" viewbox=\"0 0 448 512\" xmlns=\"http:\/\/www.w3.org\/2000\/svg\"><path d=\"M416 208H272V64c0-17.67-14.33-32-32-32h-32c-17.67 0-32 14.33-32 32v144H32c-17.67 0-32 14.33-32 32v32c0 17.67 14.33 32 32 32h144v144c0 17.67 14.33 32 32 32h32c17.67 0 32-14.33 32-32V304h144c17.67 0 32-14.33 32-32v-32c0-17.67-14.33-32-32-32z\"><\/path><\/svg><\/span>\n\t\t\t\t\t\t\t\t<span class=\"elementor-accordion-icon-opened\"><svg class=\"e-font-icon-svg e-fas-minus\" viewbox=\"0 0 448 512\" xmlns=\"http:\/\/www.w3.org\/2000\/svg\"><path d=\"M416 208H32c-17.67 0-32 14.33-32 32v32c0 17.67 14.33 32 32 32h384c17.67 0 32-14.33 32-32v-32c0-17.67-14.33-32-32-32z\"><\/path><\/svg><\/span>\n\t\t\t\t\t\t\t\t\t\t\t\t\t\t<\/span>\n\t\t\t\t\t\t\t\t\t\t\t\t<a class=\"elementor-accordion-title\" tabindex=\"0\">Iowa<\/a>\n\t\t\t\t\t<\/div>\n\t\t\t\t\t<div id=\"elementor-tab-content-1788\" class=\"elementor-tab-content elementor-clearfix\" data-tab=\"8\" role=\"region\" aria-labelledby=\"elementor-tab-title-1788\"><p><strong>Stad Iowa<\/strong><\/p><p>Evenement: Mars &amp; wake<\/p><p>Datum: Donderdag 1 mei 2025\u00a0<\/p><p>Tijd: 18.00 uur<\/p><p>Locatie: College Green Park, Iowa City<\/p><p>Beschrijving: Doe op 1 mei mee aan de \u00a1Aqu\u00ed Estamos! March &amp; Vigil om onze stem te verheffen en te eisen dat er een einde komt aan massadeportaties. Families verdienen het om bij elkaar te blijven, niet om gescheiden te worden! Onze gemeenschap is sterk en veerkrachtig. We lopen voor onze families, onze buren en een toekomst waarin de waardigheid van alle arbeiders wordt gerespecteerd. Neem je familie mee, nodig je collega's uit en doe mee aan de strijd voor gerechtigheid!<\/p><p>RSVP <a href=\"https:\/\/secure.everyaction.com\/YlTmSZ5JHUmSHLmaGzdwvg2\" target=\"_blank\" rel=\"noopener\">hier<\/a>\u00a0<\/p><\/div>\n\t\t\t\t<\/div>\n\t\t\t\t\t\t\t<div class=\"elementor-accordion-item\">\n\t\t\t\t\t<div id=\"elementor-tab-title-1789\" class=\"elementor-tab-title\" data-tab=\"9\" role=\"button\" aria-controls=\"elementor-tab-content-1789\" aria-expanded=\"false\">\n\t\t\t\t\t\t\t\t\t\t\t\t\t<span class=\"elementor-accordion-icon elementor-accordion-icon-left\" aria-hidden=\"true\">\n\t\t\t\t\t\t\t\t\t\t\t\t\t\t\t<span class=\"elementor-accordion-icon-closed\"><svg class=\"e-font-icon-svg e-fas-plus\" viewbox=\"0 0 448 512\" xmlns=\"http:\/\/www.w3.org\/2000\/svg\"><path d=\"M416 208H272V64c0-17.67-14.33-32-32-32h-32c-17.67 0-32 14.33-32 32v144H32c-17.67 0-32 14.33-32 32v32c0 17.67 14.33 32 32 32h144v144c0 17.67 14.33 32 32 32h32c17.67 0 32-14.33 32-32V304h144c17.67 0 32-14.33 32-32v-32c0-17.67-14.33-32-32-32z\"><\/path><\/svg><\/span>\n\t\t\t\t\t\t\t\t<span class=\"elementor-accordion-icon-opened\"><svg class=\"e-font-icon-svg e-fas-minus\" viewbox=\"0 0 448 512\" xmlns=\"http:\/\/www.w3.org\/2000\/svg\"><path d=\"M416 208H32c-17.67 0-32 14.33-32 32v32c0 17.67 14.33 32 32 32h384c17.67 0 32-14.33 32-32v-32c0-17.67-14.33-32-32-32z\"><\/path><\/svg><\/span>\n\t\t\t\t\t\t\t\t\t\t\t\t\t\t<\/span>\n\t\t\t\t\t\t\t\t\t\t\t\t<a class=\"elementor-accordion-title\" tabindex=\"0\">Kentucky<\/a>\n\t\t\t\t\t<\/div>\n\t\t\t\t\t<div id=\"elementor-tab-content-1789\" class=\"elementor-tab-content elementor-clearfix\" data-tab=\"9\" role=\"region\" aria-labelledby=\"elementor-tab-title-1789\"><p><strong>Louisville<\/strong><\/p><p>Evenement: Sterke meidag<\/p><p>Datum: Donderdag 1 mei 2025\u00a0<\/p><p>Tijd: 11 uur<\/p><p>Locatie: Metro Hall, 527 W Jefferson St, Louisville, KY 40202 VS<\/p><\/div>\n\t\t\t\t<\/div>\n\t\t\t\t\t\t\t<div class=\"elementor-accordion-item\">\n\t\t\t\t\t<div id=\"elementor-tab-title-17810\" class=\"elementor-tab-title\" data-tab=\"10\" role=\"button\" aria-controls=\"elementor-tab-content-17810\" aria-expanded=\"false\">\n\t\t\t\t\t\t\t\t\t\t\t\t\t<span class=\"elementor-accordion-icon elementor-accordion-icon-left\" aria-hidden=\"true\">\n\t\t\t\t\t\t\t\t\t\t\t\t\t\t\t<span class=\"elementor-accordion-icon-closed\"><svg class=\"e-font-icon-svg e-fas-plus\" viewbox=\"0 0 448 512\" xmlns=\"http:\/\/www.w3.org\/2000\/svg\"><path d=\"M416 208H272V64c0-17.67-14.33-32-32-32h-32c-17.67 0-32 14.33-32 32v144H32c-17.67 0-32 14.33-32 32v32c0 17.67 14.33 32 32 32h144v144c0 17.67 14.33 32 32 32h32c17.67 0 32-14.33 32-32V304h144c17.67 0 32-14.33 32-32v-32c0-17.67-14.33-32-32-32z\"><\/path><\/svg><\/span>\n\t\t\t\t\t\t\t\t<span class=\"elementor-accordion-icon-opened\"><svg class=\"e-font-icon-svg e-fas-minus\" viewbox=\"0 0 448 512\" xmlns=\"http:\/\/www.w3.org\/2000\/svg\"><path d=\"M416 208H32c-17.67 0-32 14.33-32 32v32c0 17.67 14.33 32 32 32h384c17.67 0 32-14.33 32-32v-32c0-17.67-14.33-32-32-32z\"><\/path><\/svg><\/span>\n\t\t\t\t\t\t\t\t\t\t\t\t\t\t<\/span>\n\t\t\t\t\t\t\t\t\t\t\t\t<a class=\"elementor-accordion-title\" tabindex=\"0\">Maryland<\/a>\n\t\t\t\t\t<\/div>\n\t\t\t\t\t<div id=\"elementor-tab-content-17810\" class=\"elementor-tab-content elementor-clearfix\" data-tab=\"10\" role=\"region\" aria-labelledby=\"elementor-tab-title-17810\"><p><strong>Baltimore<\/strong><\/p><p><span style=\"font-weight: 400;\">Evenement: Rally\u00a0<\/span><\/p><p><span style=\"font-weight: 400;\">Datum: Donderdag 1 mei 2025\u00a0<\/span><\/p><p><span style=\"font-weight: 400;\">Tijd: 17:30<\/span><\/p><p><span style=\"font-weight: 400;\">Locatie: McKeldin Plaza, 100 E. Pratt St, Baltimore, MD 21202 VS\u00a0<\/span><\/p><p><span style=\"font-weight: 400;\">RSVP <a href=\"https:\/\/actionnetwork.org\/events\/baltimore-may-day-2025-2\" target=\"_blank\" rel=\"noopener\">hier<\/a><\/span><\/p><\/div>\n\t\t\t\t<\/div>\n\t\t\t\t\t\t\t<div class=\"elementor-accordion-item\">\n\t\t\t\t\t<div id=\"elementor-tab-title-17811\" class=\"elementor-tab-title\" data-tab=\"11\" role=\"button\" aria-controls=\"elementor-tab-content-17811\" aria-expanded=\"false\">\n\t\t\t\t\t\t\t\t\t\t\t\t\t<span class=\"elementor-accordion-icon elementor-accordion-icon-left\" aria-hidden=\"true\">\n\t\t\t\t\t\t\t\t\t\t\t\t\t\t\t<span class=\"elementor-accordion-icon-closed\"><svg class=\"e-font-icon-svg e-fas-plus\" viewbox=\"0 0 448 512\" xmlns=\"http:\/\/www.w3.org\/2000\/svg\"><path d=\"M416 208H272V64c0-17.67-14.33-32-32-32h-32c-17.67 0-32 14.33-32 32v144H32c-17.67 0-32 14.33-32 32v32c0 17.67 14.33 32 32 32h144v144c0 17.67 14.33 32 32 32h32c17.67 0 32-14.33 32-32V304h144c17.67 0 32-14.33 32-32v-32c0-17.67-14.33-32-32-32z\"><\/path><\/svg><\/span>\n\t\t\t\t\t\t\t\t<span class=\"elementor-accordion-icon-opened\"><svg class=\"e-font-icon-svg e-fas-minus\" viewbox=\"0 0 448 512\" xmlns=\"http:\/\/www.w3.org\/2000\/svg\"><path d=\"M416 208H32c-17.67 0-32 14.33-32 32v32c0 17.67 14.33 32 32 32h384c17.67 0 32-14.33 32-32v-32c0-17.67-14.33-32-32-32z\"><\/path><\/svg><\/span>\n\t\t\t\t\t\t\t\t\t\t\t\t\t\t<\/span>\n\t\t\t\t\t\t\t\t\t\t\t\t<a class=\"elementor-accordion-title\" tabindex=\"0\">Massachusetts<\/a>\n\t\t\t\t\t<\/div>\n\t\t\t\t\t<div id=\"elementor-tab-content-17811\" class=\"elementor-tab-content elementor-clearfix\" data-tab=\"11\" role=\"region\" aria-labelledby=\"elementor-tab-title-17811\"><p><strong>Boston<\/strong><\/p><p><span style=\"font-weight: 400;\">Evenement: Rally\u00a0<\/span><\/p><p><span style=\"font-weight: 400;\">Datum: Donderdag 1 mei 2025\u00a0<\/span><\/p><p><span style=\"font-weight: 400;\">Tijd: 17:30-19:30<\/span><\/p><p><span style=\"font-weight: 400;\">Locatie: Parkman muziektent, Boston\u00a0<\/span><\/p><p><span style=\"font-weight: 400;\">Beschrijving: Boston May Day 2025 - Werknemers moeten de macht hebben, niet de miljardairs!<\/span><\/p><p>RSVP <a href=\"https:\/\/www.mobilize.us\/mayday\/event\/776848\/\" target=\"_blank\" rel=\"noopener\">hier<\/a><\/p><\/div>\n\t\t\t\t<\/div>\n\t\t\t\t\t\t\t<div class=\"elementor-accordion-item\">\n\t\t\t\t\t<div id=\"elementor-tab-title-17812\" class=\"elementor-tab-title\" data-tab=\"12\" role=\"button\" aria-controls=\"elementor-tab-content-17812\" aria-expanded=\"false\">\n\t\t\t\t\t\t\t\t\t\t\t\t\t<span class=\"elementor-accordion-icon elementor-accordion-icon-left\" aria-hidden=\"true\">\n\t\t\t\t\t\t\t\t\t\t\t\t\t\t\t<span class=\"elementor-accordion-icon-closed\"><svg class=\"e-font-icon-svg e-fas-plus\" viewbox=\"0 0 448 512\" xmlns=\"http:\/\/www.w3.org\/2000\/svg\"><path d=\"M416 208H272V64c0-17.67-14.33-32-32-32h-32c-17.67 0-32 14.33-32 32v144H32c-17.67 0-32 14.33-32 32v32c0 17.67 14.33 32 32 32h144v144c0 17.67 14.33 32 32 32h32c17.67 0 32-14.33 32-32V304h144c17.67 0 32-14.33 32-32v-32c0-17.67-14.33-32-32-32z\"><\/path><\/svg><\/span>\n\t\t\t\t\t\t\t\t<span class=\"elementor-accordion-icon-opened\"><svg class=\"e-font-icon-svg e-fas-minus\" viewbox=\"0 0 448 512\" xmlns=\"http:\/\/www.w3.org\/2000\/svg\"><path d=\"M416 208H32c-17.67 0-32 14.33-32 32v32c0 17.67 14.33 32 32 32h384c17.67 0 32-14.33 32-32v-32c0-17.67-14.33-32-32-32z\"><\/path><\/svg><\/span>\n\t\t\t\t\t\t\t\t\t\t\t\t\t\t<\/span>\n\t\t\t\t\t\t\t\t\t\t\t\t<a class=\"elementor-accordion-title\" tabindex=\"0\">Michigan<\/a>\n\t\t\t\t\t<\/div>\n\t\t\t\t\t<div id=\"elementor-tab-content-17812\" class=\"elementor-tab-content elementor-clearfix\" data-tab=\"12\" role=\"region\" aria-labelledby=\"elementor-tab-title-17812\"><p><strong>Detroit<\/strong><\/p><p><span style=\"font-weight: 400;\">Evenement: Rally &amp; mars\u00a0<\/span><\/p><p><span style=\"font-weight: 400;\">Datum: Donderdag 1 mei 2025\u00a0<\/span><\/p><p><span style=\"font-weight: 400;\">Tijd: 15.00 uur<\/span><\/p><p>Locatie: Roosevelt Park, 2231 Michigan Avenue, Detroit, MI 48216<\/p><p><span style=\"font-weight: 400;\">Omschrijving: 50501 Michigan &amp; Het moratorium NU! Coalitie<\/span><\/p><p>RSVP <a href=\"https:\/\/actionnetwork.org\/events\/may-day-detroit-50501-michigan-the-moratorium-now-coalition\" target=\"_blank\" rel=\"noopener\">hier<\/a>\u00a0<\/p><\/div>\n\t\t\t\t<\/div>\n\t\t\t\t\t\t\t<div class=\"elementor-accordion-item\">\n\t\t\t\t\t<div id=\"elementor-tab-title-17813\" class=\"elementor-tab-title\" data-tab=\"13\" role=\"button\" aria-controls=\"elementor-tab-content-17813\" aria-expanded=\"false\">\n\t\t\t\t\t\t\t\t\t\t\t\t\t<span class=\"elementor-accordion-icon elementor-accordion-icon-left\" aria-hidden=\"true\">\n\t\t\t\t\t\t\t\t\t\t\t\t\t\t\t<span class=\"elementor-accordion-icon-closed\"><svg class=\"e-font-icon-svg e-fas-plus\" viewbox=\"0 0 448 512\" xmlns=\"http:\/\/www.w3.org\/2000\/svg\"><path d=\"M416 208H272V64c0-17.67-14.33-32-32-32h-32c-17.67 0-32 14.33-32 32v144H32c-17.67 0-32 14.33-32 32v32c0 17.67 14.33 32 32 32h144v144c0 17.67 14.33 32 32 32h32c17.67 0 32-14.33 32-32V304h144c17.67 0 32-14.33 32-32v-32c0-17.67-14.33-32-32-32z\"><\/path><\/svg><\/span>\n\t\t\t\t\t\t\t\t<span class=\"elementor-accordion-icon-opened\"><svg class=\"e-font-icon-svg e-fas-minus\" viewbox=\"0 0 448 512\" xmlns=\"http:\/\/www.w3.org\/2000\/svg\"><path d=\"M416 208H32c-17.67 0-32 14.33-32 32v32c0 17.67 14.33 32 32 32h384c17.67 0 32-14.33 32-32v-32c0-17.67-14.33-32-32-32z\"><\/path><\/svg><\/span>\n\t\t\t\t\t\t\t\t\t\t\t\t\t\t<\/span>\n\t\t\t\t\t\t\t\t\t\t\t\t<a class=\"elementor-accordion-title\" tabindex=\"0\">Minnesota<\/a>\n\t\t\t\t\t<\/div>\n\t\t\t\t\t<div id=\"elementor-tab-content-17813\" class=\"elementor-tab-content elementor-clearfix\" data-tab=\"13\" role=\"region\" aria-labelledby=\"elementor-tab-title-17813\"><p><strong>Minneapolis<\/strong><\/p><p><span style=\"font-weight: 400;\">Evenement: Luchthaven Rally\u00a0<\/span><\/p><p><span style=\"font-weight: 400;\">Datum: Donderdag 1 mei 2025\u00a0<\/span><\/p><p><span style=\"font-weight: 400;\">Tijd: 12 uur CT<\/span><\/p><p>Locatie: Luchthaven MSP<\/p><p><span style=\"font-weight: 400;\">Omschrijving: Rally op luchthaven, \"Free Speech Zone\" met MPLS Airport Workers Council\u00a0<\/span><\/p><\/div>\n\t\t\t\t<\/div>\n\t\t\t\t\t\t\t<div class=\"elementor-accordion-item\">\n\t\t\t\t\t<div id=\"elementor-tab-title-17814\" class=\"elementor-tab-title\" data-tab=\"14\" role=\"button\" aria-controls=\"elementor-tab-content-17814\" aria-expanded=\"false\">\n\t\t\t\t\t\t\t\t\t\t\t\t\t<span class=\"elementor-accordion-icon elementor-accordion-icon-left\" aria-hidden=\"true\">\n\t\t\t\t\t\t\t\t\t\t\t\t\t\t\t<span class=\"elementor-accordion-icon-closed\"><svg class=\"e-font-icon-svg e-fas-plus\" viewbox=\"0 0 448 512\" xmlns=\"http:\/\/www.w3.org\/2000\/svg\"><path d=\"M416 208H272V64c0-17.67-14.33-32-32-32h-32c-17.67 0-32 14.33-32 32v144H32c-17.67 0-32 14.33-32 32v32c0 17.67 14.33 32 32 32h144v144c0 17.67 14.33 32 32 32h32c17.67 0 32-14.33 32-32V304h144c17.67 0 32-14.33 32-32v-32c0-17.67-14.33-32-32-32z\"><\/path><\/svg><\/span>\n\t\t\t\t\t\t\t\t<span class=\"elementor-accordion-icon-opened\"><svg class=\"e-font-icon-svg e-fas-minus\" viewbox=\"0 0 448 512\" xmlns=\"http:\/\/www.w3.org\/2000\/svg\"><path d=\"M416 208H32c-17.67 0-32 14.33-32 32v32c0 17.67 14.33 32 32 32h384c17.67 0 32-14.33 32-32v-32c0-17.67-14.33-32-32-32z\"><\/path><\/svg><\/span>\n\t\t\t\t\t\t\t\t\t\t\t\t\t\t<\/span>\n\t\t\t\t\t\t\t\t\t\t\t\t<a class=\"elementor-accordion-title\" tabindex=\"0\">Montana<\/a>\n\t\t\t\t\t<\/div>\n\t\t\t\t\t<div id=\"elementor-tab-content-17814\" class=\"elementor-tab-content elementor-clearfix\" data-tab=\"14\" role=\"region\" aria-labelledby=\"elementor-tab-title-17814\"><p><strong>Missoula<\/strong><\/p><p>Evenement: Meidag in Missoula<\/p><p>Datum: Donderdag 1 mei 2025\u00a0<\/p><p>Tijd: 15.00 uur<\/p><p>Locatie: Missoula Downtown, 110 W Front St, Missoula, MT 59801<\/p><p>RSVP <a href=\"https:\/\/actionnetwork.org\/events\/may-day-in-missoula\" target=\"_blank\" rel=\"noopener\">hier<\/a><\/p><\/div>\n\t\t\t\t<\/div>\n\t\t\t\t\t\t\t<div class=\"elementor-accordion-item\">\n\t\t\t\t\t<div id=\"elementor-tab-title-17815\" class=\"elementor-tab-title\" data-tab=\"15\" role=\"button\" aria-controls=\"elementor-tab-content-17815\" aria-expanded=\"false\">\n\t\t\t\t\t\t\t\t\t\t\t\t\t<span class=\"elementor-accordion-icon elementor-accordion-icon-left\" aria-hidden=\"true\">\n\t\t\t\t\t\t\t\t\t\t\t\t\t\t\t<span class=\"elementor-accordion-icon-closed\"><svg class=\"e-font-icon-svg e-fas-plus\" viewbox=\"0 0 448 512\" xmlns=\"http:\/\/www.w3.org\/2000\/svg\"><path d=\"M416 208H272V64c0-17.67-14.33-32-32-32h-32c-17.67 0-32 14.33-32 32v144H32c-17.67 0-32 14.33-32 32v32c0 17.67 14.33 32 32 32h144v144c0 17.67 14.33 32 32 32h32c17.67 0 32-14.33 32-32V304h144c17.67 0 32-14.33 32-32v-32c0-17.67-14.33-32-32-32z\"><\/path><\/svg><\/span>\n\t\t\t\t\t\t\t\t<span class=\"elementor-accordion-icon-opened\"><svg class=\"e-font-icon-svg e-fas-minus\" viewbox=\"0 0 448 512\" xmlns=\"http:\/\/www.w3.org\/2000\/svg\"><path d=\"M416 208H32c-17.67 0-32 14.33-32 32v32c0 17.67 14.33 32 32 32h384c17.67 0 32-14.33 32-32v-32c0-17.67-14.33-32-32-32z\"><\/path><\/svg><\/span>\n\t\t\t\t\t\t\t\t\t\t\t\t\t\t<\/span>\n\t\t\t\t\t\t\t\t\t\t\t\t<a class=\"elementor-accordion-title\" tabindex=\"0\">Nieuw-Mexico<\/a>\n\t\t\t\t\t<\/div>\n\t\t\t\t\t<div id=\"elementor-tab-content-17815\" class=\"elementor-tab-content elementor-clearfix\" data-tab=\"15\" role=\"region\" aria-labelledby=\"elementor-tab-title-17815\"><p><strong>Albuquerque<\/strong><\/p><p><span style=\"font-weight: 400;\">Datum: Donderdag 1 mei 2025\u00a0<\/span><\/p><p><span style=\"font-weight: 400;\">Tijd: 16.15 uur Openingsceremonie; 17.30 uur Aanvang van de mars; 18.30 uur Gemeenschapsevenement<\/span><\/p><p><span style=\"font-weight: 400;\">Locatie: Rio Grande Park, 1744 Kit Carson Ave SW, Albuquerque , NM 87104 VS\u00a0<\/span><\/p><p><span style=\"font-weight: 400;\">Beschrijving: Werknemersmacht, Burque sterk! Op 1 mei 2025 komen arbeiders, ouders, leden van de gemeenschap, studenten en werkende gezinnen samen om hun stem te laten horen voor betere, veiligere en sterkere gemeenschappen in het hele land. We verdienen plaatsen waar de behoeften van werkende gezinnen, openbare scholen in de buurt, betaalbare huisvesting en toegang tot hoogwaardige gezondheidszorg centraal staan. Doe met ons mee en bouw aan een visie die werkt voor de velen in plaats van de miljardairs en hun bedrijven: maydaystrong.org\u00a0<\/span><\/p><p><span style=\"font-weight: 400;\">RSVP <a href=\"https:\/\/actionnetwork.org\/events\/worker-power-burque-strong\" target=\"_blank\" rel=\"noopener\">hier<\/a><\/span><\/p><\/div>\n\t\t\t\t<\/div>\n\t\t\t\t\t\t\t<div class=\"elementor-accordion-item\">\n\t\t\t\t\t<div id=\"elementor-tab-title-17816\" class=\"elementor-tab-title\" data-tab=\"16\" role=\"button\" aria-controls=\"elementor-tab-content-17816\" aria-expanded=\"false\">\n\t\t\t\t\t\t\t\t\t\t\t\t\t<span class=\"elementor-accordion-icon elementor-accordion-icon-left\" aria-hidden=\"true\">\n\t\t\t\t\t\t\t\t\t\t\t\t\t\t\t<span class=\"elementor-accordion-icon-closed\"><svg class=\"e-font-icon-svg e-fas-plus\" viewbox=\"0 0 448 512\" xmlns=\"http:\/\/www.w3.org\/2000\/svg\"><path d=\"M416 208H272V64c0-17.67-14.33-32-32-32h-32c-17.67 0-32 14.33-32 32v144H32c-17.67 0-32 14.33-32 32v32c0 17.67 14.33 32 32 32h144v144c0 17.67 14.33 32 32 32h32c17.67 0 32-14.33 32-32V304h144c17.67 0 32-14.33 32-32v-32c0-17.67-14.33-32-32-32z\"><\/path><\/svg><\/span>\n\t\t\t\t\t\t\t\t<span class=\"elementor-accordion-icon-opened\"><svg class=\"e-font-icon-svg e-fas-minus\" viewbox=\"0 0 448 512\" xmlns=\"http:\/\/www.w3.org\/2000\/svg\"><path d=\"M416 208H32c-17.67 0-32 14.33-32 32v32c0 17.67 14.33 32 32 32h384c17.67 0 32-14.33 32-32v-32c0-17.67-14.33-32-32-32z\"><\/path><\/svg><\/span>\n\t\t\t\t\t\t\t\t\t\t\t\t\t\t<\/span>\n\t\t\t\t\t\t\t\t\t\t\t\t<a class=\"elementor-accordion-title\" tabindex=\"0\">New York<\/a>\n\t\t\t\t\t<\/div>\n\t\t\t\t\t<div id=\"elementor-tab-content-17816\" class=\"elementor-tab-content elementor-clearfix\" data-tab=\"16\" role=\"region\" aria-labelledby=\"elementor-tab-title-17816\"><p><strong>New York<\/strong><\/p><p><span style=\"font-weight: 400;\">Evenement: Rally &amp; mars\u00a0<\/span><\/p><p><span style=\"font-weight: 400;\">Datum: Donderdag 1 mei 2025\u00a0<\/span><\/p><p><span style=\"font-weight: 400;\">Tijd: 17.00 - 19.00 uur<\/span><\/p><p><span style=\"font-weight: 400;\">Locatie: Manhattan centrum, New York, NY 10008\u00a0<\/span><\/p><p><span style=\"font-weight: 400;\">Beschrijving: Sluit je aan bij de NYC Labour Movement en onze bondgenoten in de hele stad om te demonstreren tegen aanvallen op arbeiders!\u00a0<\/span><\/p><p><span style=\"font-weight: 400;\">RSVP <a href=\"https:\/\/www.mobilize.us\/aflcio\/event\/772605\/\" target=\"_blank\" rel=\"noopener\">hier<\/a><\/span><\/p><p><strong>Rochester<\/strong><\/p><p><span style=\"font-weight: 400;\">Evenement: Verenig en Vecht May Day March &amp; Rally<\/span><\/p><p><span style=\"font-weight: 400;\">Datum: Donderdag 1 mei 2025\u00a0<\/span><\/p><p><span style=\"font-weight: 400;\">Tijd en locatie: 17.00 uur Austin Steward Plaza; 18.00 uur Organisatiebeurs en viering bij perceel 5<\/span><\/p><p><span style=\"font-weight: 400;\">Beschrijving: Sluit u aan bij de May Day-coalitie, georganiseerd door de Rochester Labor Council, voor een mars en rally ter herdenking van de Internationale Dag van de Arbeider! letsel voor \u00e9\u00e9n van ons is letsel voor allen. Werkende mensen staan aan de zijde van immigranten, federale werknemers, onze LGBT-buren, voor economische en sociale rechtvaardigheid voor iedereen!<\/span><\/p><p>Meer info <a href=\"https:\/\/roclaborfed.org\/mayday2025\" target=\"_blank\" rel=\"noopener\">hier<\/a><\/p><\/div>\n\t\t\t\t<\/div>\n\t\t\t\t\t\t\t<div class=\"elementor-accordion-item\">\n\t\t\t\t\t<div id=\"elementor-tab-title-17817\" class=\"elementor-tab-title\" data-tab=\"17\" role=\"button\" aria-controls=\"elementor-tab-content-17817\" aria-expanded=\"false\">\n\t\t\t\t\t\t\t\t\t\t\t\t\t<span class=\"elementor-accordion-icon elementor-accordion-icon-left\" aria-hidden=\"true\">\n\t\t\t\t\t\t\t\t\t\t\t\t\t\t\t<span class=\"elementor-accordion-icon-closed\"><svg class=\"e-font-icon-svg e-fas-plus\" viewbox=\"0 0 448 512\" xmlns=\"http:\/\/www.w3.org\/2000\/svg\"><path d=\"M416 208H272V64c0-17.67-14.33-32-32-32h-32c-17.67 0-32 14.33-32 32v144H32c-17.67 0-32 14.33-32 32v32c0 17.67 14.33 32 32 32h144v144c0 17.67 14.33 32 32 32h32c17.67 0 32-14.33 32-32V304h144c17.67 0 32-14.33 32-32v-32c0-17.67-14.33-32-32-32z\"><\/path><\/svg><\/span>\n\t\t\t\t\t\t\t\t<span class=\"elementor-accordion-icon-opened\"><svg class=\"e-font-icon-svg e-fas-minus\" viewbox=\"0 0 448 512\" xmlns=\"http:\/\/www.w3.org\/2000\/svg\"><path d=\"M416 208H32c-17.67 0-32 14.33-32 32v32c0 17.67 14.33 32 32 32h384c17.67 0 32-14.33 32-32v-32c0-17.67-14.33-32-32-32z\"><\/path><\/svg><\/span>\n\t\t\t\t\t\t\t\t\t\t\t\t\t\t<\/span>\n\t\t\t\t\t\t\t\t\t\t\t\t<a class=\"elementor-accordion-title\" tabindex=\"0\">Noord-Carolina<\/a>\n\t\t\t\t\t<\/div>\n\t\t\t\t\t<div id=\"elementor-tab-content-17817\" class=\"elementor-tab-content elementor-clearfix\" data-tab=\"17\" role=\"region\" aria-labelledby=\"elementor-tab-title-17817\"><p><strong>Asheville<\/strong><\/p><p><span style=\"font-weight: 400;\">Evenement: Rally &amp; mars<\/span><\/p><p><span style=\"font-weight: 400;\">Datum: Donderdag 1 mei 2025\u00a0<\/span><\/p><p><span style=\"font-weight: 400;\">Tijd: 15.00 uur<\/span><\/p><p>Locatie: Asheville Federal Building, 151 Patton Ave., Asheville, NC<\/p><p>Beschrijving: <span data-sheets-root=\"1\">Stop de miljardairsagenda<\/span><\/p><p>RSVP <a href=\"http:\/\/bit.ly\/maydayavl\" target=\"_blank\" rel=\"noopener\">hier<\/a>\u00a0<\/p><p>Meer info <a href=\"https:\/\/www.instagram.com\/p\/DIMlv2mSHf6\/?img_index=3&amp;igsh=MTBzdGswNzh4c3dlcw%3D%3D\" target=\"_blank\" rel=\"noopener\">hier<\/a>\u00a0<\/p><p><strong>Henderson<\/strong><\/p><p><span style=\"font-weight: 400;\">Evenement: Rally &amp; mars<\/span><\/p><p><span style=\"font-weight: 400;\">Datum: Donderdag 1 mei 2025\u00a0<\/span><\/p><p><span style=\"font-weight: 400;\">Tijd: 13.00 uur<\/span><\/p><p><span style=\"font-weight: 400;\">Locatie: Henderson County Gerechtsgebouw, 200 N Grove St., Hendersonville, NC 28792<\/span><\/p><p>Meer info <a href=\"https:\/\/www.facebook.com\/events\/1902413707241896\" target=\"_blank\" rel=\"noopener\">hier<\/a>\u00a0<\/p><p><strong>Raleigh<\/strong><\/p><p><span style=\"font-weight: 400;\">Evenement: Rally &amp; mars<\/span><\/p><p><span style=\"font-weight: 400;\">Datum: Donderdag 1 mei 2025\u00a0<\/span><\/p><p><span style=\"font-weight: 400;\">Tijd en locatie: 16.00 uur verzamelen bij Halifax Mall op 16 W. Jones St; 17.00 uur mars naar Bicentennial Plaza<\/span><\/p><p>Meer info <a href=\"https:\/\/www.instagram.com\/p\/DIMlv2mSHf6\/?img_index=1&amp;igsh=MTBzdGswNzh4c3dlcw%3D%3D\" target=\"_blank\" rel=\"noopener\">hier<\/a><\/p><\/div>\n\t\t\t\t<\/div>\n\t\t\t\t\t\t\t<div class=\"elementor-accordion-item\">\n\t\t\t\t\t<div id=\"elementor-tab-title-17818\" class=\"elementor-tab-title\" data-tab=\"18\" role=\"button\" aria-controls=\"elementor-tab-content-17818\" aria-expanded=\"false\">\n\t\t\t\t\t\t\t\t\t\t\t\t\t<span class=\"elementor-accordion-icon elementor-accordion-icon-left\" aria-hidden=\"true\">\n\t\t\t\t\t\t\t\t\t\t\t\t\t\t\t<span class=\"elementor-accordion-icon-closed\"><svg class=\"e-font-icon-svg e-fas-plus\" viewbox=\"0 0 448 512\" xmlns=\"http:\/\/www.w3.org\/2000\/svg\"><path d=\"M416 208H272V64c0-17.67-14.33-32-32-32h-32c-17.67 0-32 14.33-32 32v144H32c-17.67 0-32 14.33-32 32v32c0 17.67 14.33 32 32 32h144v144c0 17.67 14.33 32 32 32h32c17.67 0 32-14.33 32-32V304h144c17.67 0 32-14.33 32-32v-32c0-17.67-14.33-32-32-32z\"><\/path><\/svg><\/span>\n\t\t\t\t\t\t\t\t<span class=\"elementor-accordion-icon-opened\"><svg class=\"e-font-icon-svg e-fas-minus\" viewbox=\"0 0 448 512\" xmlns=\"http:\/\/www.w3.org\/2000\/svg\"><path d=\"M416 208H32c-17.67 0-32 14.33-32 32v32c0 17.67 14.33 32 32 32h384c17.67 0 32-14.33 32-32v-32c0-17.67-14.33-32-32-32z\"><\/path><\/svg><\/span>\n\t\t\t\t\t\t\t\t\t\t\t\t\t\t<\/span>\n\t\t\t\t\t\t\t\t\t\t\t\t<a class=\"elementor-accordion-title\" tabindex=\"0\">Ohio<\/a>\n\t\t\t\t\t<\/div>\n\t\t\t\t\t<div id=\"elementor-tab-content-17818\" class=\"elementor-tab-content elementor-clearfix\" data-tab=\"18\" role=\"region\" aria-labelledby=\"elementor-tab-title-17818\"><p><strong>Canton<\/strong><\/p><p><span style=\"font-weight: 400;\">Evenement: Mei Dag Canton Oh<\/span><\/p><p><span style=\"font-weight: 400;\">Datum: Donderdag 1 mei 2025\u00a0<\/span><\/p><p><span style=\"font-weight: 400;\">Tijd: 14:00 uur<\/span><\/p><p><span style=\"font-weight: 400;\">Locatie: TBD, Canton, OH 44709 VS <\/span><span style=\"font-weight: 400;\"><br \/><\/span><span style=\"font-weight: 400;\">\u00a0<\/span><\/p><p><strong>Toledo<\/strong><\/p><p><span style=\"font-weight: 400;\">Evenement: MayDay actiedag<\/span><\/p><p><span style=\"font-weight: 400;\">Datum: Donderdag 1 mei 2025\u00a0<\/span><\/p><p><span style=\"font-weight: 400;\">Tijd: 17:30 - 19:30<\/span><\/p><p><span style=\"font-weight: 400;\">Locatie: Civic Center Mall, 810 Jackson St, Toledo, OH 43604, Toledo, OH 43604<\/span><\/p><p><span style=\"font-weight: 400;\">RSVP <a href=\"https:\/\/actionnetwork.org\/events\/mayday-day-of-action\" target=\"_blank\" rel=\"noopener\">hier<\/a><\/span><\/p><\/div>\n\t\t\t\t<\/div>\n\t\t\t\t\t\t\t<div class=\"elementor-accordion-item\">\n\t\t\t\t\t<div id=\"elementor-tab-title-17819\" class=\"elementor-tab-title\" data-tab=\"19\" role=\"button\" aria-controls=\"elementor-tab-content-17819\" aria-expanded=\"false\">\n\t\t\t\t\t\t\t\t\t\t\t\t\t<span class=\"elementor-accordion-icon elementor-accordion-icon-left\" aria-hidden=\"true\">\n\t\t\t\t\t\t\t\t\t\t\t\t\t\t\t<span class=\"elementor-accordion-icon-closed\"><svg class=\"e-font-icon-svg e-fas-plus\" viewbox=\"0 0 448 512\" xmlns=\"http:\/\/www.w3.org\/2000\/svg\"><path d=\"M416 208H272V64c0-17.67-14.33-32-32-32h-32c-17.67 0-32 14.33-32 32v144H32c-17.67 0-32 14.33-32 32v32c0 17.67 14.33 32 32 32h144v144c0 17.67 14.33 32 32 32h32c17.67 0 32-14.33 32-32V304h144c17.67 0 32-14.33 32-32v-32c0-17.67-14.33-32-32-32z\"><\/path><\/svg><\/span>\n\t\t\t\t\t\t\t\t<span class=\"elementor-accordion-icon-opened\"><svg class=\"e-font-icon-svg e-fas-minus\" viewbox=\"0 0 448 512\" xmlns=\"http:\/\/www.w3.org\/2000\/svg\"><path d=\"M416 208H32c-17.67 0-32 14.33-32 32v32c0 17.67 14.33 32 32 32h384c17.67 0 32-14.33 32-32v-32c0-17.67-14.33-32-32-32z\"><\/path><\/svg><\/span>\n\t\t\t\t\t\t\t\t\t\t\t\t\t\t<\/span>\n\t\t\t\t\t\t\t\t\t\t\t\t<a class=\"elementor-accordion-title\" tabindex=\"0\">Oklahoma<\/a>\n\t\t\t\t\t<\/div>\n\t\t\t\t\t<div id=\"elementor-tab-content-17819\" class=\"elementor-tab-content elementor-clearfix\" data-tab=\"19\" role=\"region\" aria-labelledby=\"elementor-tab-title-17819\"><p><strong>Tulsa<\/strong><\/p><p>Evenement: May Day Strong-We zijn de Velen<\/p><p>Datum: Zaterdag 3 mei 2025\u00a0<\/p><p>Tijd: 14:00 - 17:00<\/p><p>Locatie: Vlakbij winkelcentrum Woodland Hills, East 71st Street &amp; Memorial Drive<br \/>Tulsa, OK 74133<\/p><p>RSVP <a href=\"https:\/\/www.mobilize.us\/progressivedemocratsofamerica\/event\/779299\/\" target=\"_blank\" rel=\"noopener\">hier<\/a>\u00a0<\/p><\/div>\n\t\t\t\t<\/div>\n\t\t\t\t\t\t\t<div class=\"elementor-accordion-item\">\n\t\t\t\t\t<div id=\"elementor-tab-title-17820\" class=\"elementor-tab-title\" data-tab=\"20\" role=\"button\" aria-controls=\"elementor-tab-content-17820\" aria-expanded=\"false\">\n\t\t\t\t\t\t\t\t\t\t\t\t\t<span class=\"elementor-accordion-icon elementor-accordion-icon-left\" aria-hidden=\"true\">\n\t\t\t\t\t\t\t\t\t\t\t\t\t\t\t<span class=\"elementor-accordion-icon-closed\"><svg class=\"e-font-icon-svg e-fas-plus\" viewbox=\"0 0 448 512\" xmlns=\"http:\/\/www.w3.org\/2000\/svg\"><path d=\"M416 208H272V64c0-17.67-14.33-32-32-32h-32c-17.67 0-32 14.33-32 32v144H32c-17.67 0-32 14.33-32 32v32c0 17.67 14.33 32 32 32h144v144c0 17.67 14.33 32 32 32h32c17.67 0 32-14.33 32-32V304h144c17.67 0 32-14.33 32-32v-32c0-17.67-14.33-32-32-32z\"><\/path><\/svg><\/span>\n\t\t\t\t\t\t\t\t<span class=\"elementor-accordion-icon-opened\"><svg class=\"e-font-icon-svg e-fas-minus\" viewbox=\"0 0 448 512\" xmlns=\"http:\/\/www.w3.org\/2000\/svg\"><path d=\"M416 208H32c-17.67 0-32 14.33-32 32v32c0 17.67 14.33 32 32 32h384c17.67 0 32-14.33 32-32v-32c0-17.67-14.33-32-32-32z\"><\/path><\/svg><\/span>\n\t\t\t\t\t\t\t\t\t\t\t\t\t\t<\/span>\n\t\t\t\t\t\t\t\t\t\t\t\t<a class=\"elementor-accordion-title\" tabindex=\"0\">Oregon<\/a>\n\t\t\t\t\t<\/div>\n\t\t\t\t\t<div id=\"elementor-tab-content-17820\" class=\"elementor-tab-content elementor-clearfix\" data-tab=\"20\" role=\"region\" aria-labelledby=\"elementor-tab-title-17820\"><p><strong>Medford<\/strong><\/p><p><span style=\"font-weight: 400;\">Evenement: Vreedzaam protest &amp; bijeenkomst<\/span><\/p><p><span style=\"font-weight: 400;\">Datum: Donderdag 1 mei 2025<\/span><\/p><p><span style=\"font-weight: 400;\">Tijd: 3-6PM<\/span><\/p><p><span style=\"font-weight: 400;\">Locatie: Hoek van 8e &amp; Oakdale, buiten het gerechtsgebouw van Jackson County<br \/>100 South Oakdale Avenue, 97501, Medford<\/span><\/p><p>RSVP <a href=\"https:\/\/events.pol-rev.com\/events\/5fb31950-7c00-4286-b5cf-59b9e8e7a8bc\" target=\"_blank\" rel=\"noopener\">hier<\/a>\u00a0<\/p><p><strong>Portland<\/strong><\/p><p><span style=\"font-weight: 400;\">Evenement: May Day Handen af van arbeiders!<\/span><\/p><p><span style=\"font-weight: 400;\">Datum: Zaterdag 3 mei 2025\u00a0<\/span><\/p><p><span style=\"font-weight: 400;\">Tijd: 12:00 PM<\/span><\/p><p><span style=\"font-weight: 400;\">Locatie: Japans-Amerikaans Historisch Plein, 101 NW Naito Parkway, Portland, OR 97209<\/span><\/p><p><span style=\"font-weight: 400;\">RSVP <a href=\"https:\/\/actionnetwork.org\/events\/may-day-hands-off-workers-portland-or\" target=\"_blank\" rel=\"noopener\">hier<\/a><\/span><\/p><p><strong>Salem<\/strong><\/p><p><span style=\"font-weight: 400;\">Evenement: Maart &amp; Rally<\/span><\/p><p><span style=\"font-weight: 400;\">Datum: Donderdag 1 mei 2025\u00a0<\/span><\/p><p><span style=\"font-weight: 400;\">Tijd: 12-17u<\/span><\/p><p><span style=\"font-weight: 400;\">Locatie: Verzamelen bij de trappen van het Capitool in Salem<\/span><\/p><p>Meer info <a href=\"https:\/\/mayday.pcun.org\/en#about\" target=\"_blank\" rel=\"noopener\">hier<\/a><\/p><\/div>\n\t\t\t\t<\/div>\n\t\t\t\t\t\t\t<div class=\"elementor-accordion-item\">\n\t\t\t\t\t<div id=\"elementor-tab-title-17821\" class=\"elementor-tab-title\" data-tab=\"21\" role=\"button\" aria-controls=\"elementor-tab-content-17821\" aria-expanded=\"false\">\n\t\t\t\t\t\t\t\t\t\t\t\t\t<span class=\"elementor-accordion-icon elementor-accordion-icon-left\" aria-hidden=\"true\">\n\t\t\t\t\t\t\t\t\t\t\t\t\t\t\t<span class=\"elementor-accordion-icon-closed\"><svg class=\"e-font-icon-svg e-fas-plus\" viewbox=\"0 0 448 512\" xmlns=\"http:\/\/www.w3.org\/2000\/svg\"><path d=\"M416 208H272V64c0-17.67-14.33-32-32-32h-32c-17.67 0-32 14.33-32 32v144H32c-17.67 0-32 14.33-32 32v32c0 17.67 14.33 32 32 32h144v144c0 17.67 14.33 32 32 32h32c17.67 0 32-14.33 32-32V304h144c17.67 0 32-14.33 32-32v-32c0-17.67-14.33-32-32-32z\"><\/path><\/svg><\/span>\n\t\t\t\t\t\t\t\t<span class=\"elementor-accordion-icon-opened\"><svg class=\"e-font-icon-svg e-fas-minus\" viewbox=\"0 0 448 512\" xmlns=\"http:\/\/www.w3.org\/2000\/svg\"><path d=\"M416 208H32c-17.67 0-32 14.33-32 32v32c0 17.67 14.33 32 32 32h384c17.67 0 32-14.33 32-32v-32c0-17.67-14.33-32-32-32z\"><\/path><\/svg><\/span>\n\t\t\t\t\t\t\t\t\t\t\t\t\t\t<\/span>\n\t\t\t\t\t\t\t\t\t\t\t\t<a class=\"elementor-accordion-title\" tabindex=\"0\">Pennsylvania<\/a>\n\t\t\t\t\t<\/div>\n\t\t\t\t\t<div id=\"elementor-tab-content-17821\" class=\"elementor-tab-content elementor-clearfix\" data-tab=\"21\" role=\"region\" aria-labelledby=\"elementor-tab-title-17821\"><p><strong>Philadelphia<\/strong><\/p><p><span style=\"font-weight: 400;\">Evenement: Maart\u00a0<\/span><\/p><p><span style=\"font-weight: 400;\">Datum: Donderdag 1 mei 2025\u00a0<\/span><\/p><p><span style=\"font-weight: 400;\">Tijd: 16:00 uur<\/span><\/p><p><span style=\"font-weight: 400;\">Locatie: Philadelphia Stadhuis Noord-platform, 1400 JFK Blvd, Philadelphia, PA 19107\u00a0<\/span><\/p><p><span style=\"font-weight: 400;\">Beschrijving: Arbeiders boven miljonairs\u00a0<\/span><\/p><p><span style=\"font-weight: 400;\">RSVP <a href=\"http:\/\/bit.ly\/May1philly\" target=\"_blank\" rel=\"noopener\">hier<\/a>\u00a0<\/span><\/p><\/div>\n\t\t\t\t<\/div>\n\t\t\t\t\t\t\t<div class=\"elementor-accordion-item\">\n\t\t\t\t\t<div id=\"elementor-tab-title-17822\" class=\"elementor-tab-title\" data-tab=\"22\" role=\"button\" aria-controls=\"elementor-tab-content-17822\" aria-expanded=\"false\">\n\t\t\t\t\t\t\t\t\t\t\t\t\t<span class=\"elementor-accordion-icon elementor-accordion-icon-left\" aria-hidden=\"true\">\n\t\t\t\t\t\t\t\t\t\t\t\t\t\t\t<span class=\"elementor-accordion-icon-closed\"><svg class=\"e-font-icon-svg e-fas-plus\" viewbox=\"0 0 448 512\" xmlns=\"http:\/\/www.w3.org\/2000\/svg\"><path d=\"M416 208H272V64c0-17.67-14.33-32-32-32h-32c-17.67 0-32 14.33-32 32v144H32c-17.67 0-32 14.33-32 32v32c0 17.67 14.33 32 32 32h144v144c0 17.67 14.33 32 32 32h32c17.67 0 32-14.33 32-32V304h144c17.67 0 32-14.33 32-32v-32c0-17.67-14.33-32-32-32z\"><\/path><\/svg><\/span>\n\t\t\t\t\t\t\t\t<span class=\"elementor-accordion-icon-opened\"><svg class=\"e-font-icon-svg e-fas-minus\" viewbox=\"0 0 448 512\" xmlns=\"http:\/\/www.w3.org\/2000\/svg\"><path d=\"M416 208H32c-17.67 0-32 14.33-32 32v32c0 17.67 14.33 32 32 32h384c17.67 0 32-14.33 32-32v-32c0-17.67-14.33-32-32-32z\"><\/path><\/svg><\/span>\n\t\t\t\t\t\t\t\t\t\t\t\t\t\t<\/span>\n\t\t\t\t\t\t\t\t\t\t\t\t<a class=\"elementor-accordion-title\" tabindex=\"0\">Zuid-Carolina<\/a>\n\t\t\t\t\t<\/div>\n\t\t\t\t\t<div id=\"elementor-tab-content-17822\" class=\"elementor-tab-content elementor-clearfix\" data-tab=\"22\" role=\"region\" aria-labelledby=\"elementor-tab-title-17822\"><p><strong>Rotsheuvel<\/strong><\/p><p><span style=\"font-weight: 400;\">Evenement: Meidag York County\u00a0<\/span><\/p><p><span style=\"font-weight: 400;\">Datum: Donderdag 1 mei 2025\u00a0<\/span><\/p><p><span style=\"font-weight: 400;\">Tijd: 14.00 - 16.00<\/span><\/p><p><span style=\"font-weight: 400;\">Locatie: Dave Lyle tussen White &amp; Main Streets, 111 E White St, Rock Hill, SC 29730 VS\u00a0<\/span><\/p><p><span style=\"font-weight: 400;\">RSVP <a href=\"https:\/\/actionnetwork.org\/events\/mayday-york-county\" target=\"_blank\" rel=\"noopener\">hier<\/a><\/span><\/p><\/div>\n\t\t\t\t<\/div>\n\t\t\t\t\t\t\t<div class=\"elementor-accordion-item\">\n\t\t\t\t\t<div id=\"elementor-tab-title-17823\" class=\"elementor-tab-title\" data-tab=\"23\" role=\"button\" aria-controls=\"elementor-tab-content-17823\" aria-expanded=\"false\">\n\t\t\t\t\t\t\t\t\t\t\t\t\t<span class=\"elementor-accordion-icon elementor-accordion-icon-left\" aria-hidden=\"true\">\n\t\t\t\t\t\t\t\t\t\t\t\t\t\t\t<span class=\"elementor-accordion-icon-closed\"><svg class=\"e-font-icon-svg e-fas-plus\" viewbox=\"0 0 448 512\" xmlns=\"http:\/\/www.w3.org\/2000\/svg\"><path d=\"M416 208H272V64c0-17.67-14.33-32-32-32h-32c-17.67 0-32 14.33-32 32v144H32c-17.67 0-32 14.33-32 32v32c0 17.67 14.33 32 32 32h144v144c0 17.67 14.33 32 32 32h32c17.67 0 32-14.33 32-32V304h144c17.67 0 32-14.33 32-32v-32c0-17.67-14.33-32-32-32z\"><\/path><\/svg><\/span>\n\t\t\t\t\t\t\t\t<span class=\"elementor-accordion-icon-opened\"><svg class=\"e-font-icon-svg e-fas-minus\" viewbox=\"0 0 448 512\" xmlns=\"http:\/\/www.w3.org\/2000\/svg\"><path d=\"M416 208H32c-17.67 0-32 14.33-32 32v32c0 17.67 14.33 32 32 32h384c17.67 0 32-14.33 32-32v-32c0-17.67-14.33-32-32-32z\"><\/path><\/svg><\/span>\n\t\t\t\t\t\t\t\t\t\t\t\t\t\t<\/span>\n\t\t\t\t\t\t\t\t\t\t\t\t<a class=\"elementor-accordion-title\" tabindex=\"0\">Texas<\/a>\n\t\t\t\t\t<\/div>\n\t\t\t\t\t<div id=\"elementor-tab-content-17823\" class=\"elementor-tab-content elementor-clearfix\" data-tab=\"23\" role=\"region\" aria-labelledby=\"elementor-tab-title-17823\"><p><strong>Conroe<\/strong><\/p><p>Datum: Donderdag 1 mei 2025<\/p><p>Tijd: 1-6PM<\/p><p>Locatie: 301 N. Thompson, Conroe, TX 77316 VS<\/p><p>RSVP <a href=\"https:\/\/actionnetwork.org\/events\/may-day-wwc\" target=\"_blank\" rel=\"noopener\">hier<\/a>\u00a0<\/p><p><strong>El Paso<\/strong><\/p><p>Datum: Zaterdag 3 mei 2025\u00a0<\/p><p>Tijd: 10 uur<\/p><p>Locatie: Startpunt op de hoek van Father Rahm &amp; El Paso St.<\/p><p>Beschrijving: Onze rechten en waardigheid terugwinnen<\/p><p><strong>San Antonio<\/strong><\/p><p><span style=\"font-weight: 400;\">Evenement: May Day Rally - Het Volk boven de Miljardair\u00a0<\/span><\/p><p><span style=\"font-weight: 400;\">Datum: Donderdag 1 mei 2025\u00a0<\/span><\/p><p><span style=\"font-weight: 400;\">Tijd: 17.30 - 18.30 uur<\/span><\/p><p><span style=\"font-weight: 400;\">Locatie: Federaal gebouw en gerechtsgebouw van de V.S., 615 E. Houston St., San Antonio, TX 78205<\/span><span style=\"font-weight: 400;\"><br \/><\/span><\/p><p><span style=\"font-weight: 400;\">RSVP <a href=\"https:\/\/actionnetwork.org\/events\/may-day-march-the-people-over-billionaires\" target=\"_blank\" rel=\"noopener\">hier<\/a><\/span><\/p><\/div>\n\t\t\t\t<\/div>\n\t\t\t\t\t\t\t<div class=\"elementor-accordion-item\">\n\t\t\t\t\t<div id=\"elementor-tab-title-17824\" class=\"elementor-tab-title\" data-tab=\"24\" role=\"button\" aria-controls=\"elementor-tab-content-17824\" aria-expanded=\"false\">\n\t\t\t\t\t\t\t\t\t\t\t\t\t<span class=\"elementor-accordion-icon elementor-accordion-icon-left\" aria-hidden=\"true\">\n\t\t\t\t\t\t\t\t\t\t\t\t\t\t\t<span class=\"elementor-accordion-icon-closed\"><svg class=\"e-font-icon-svg e-fas-plus\" viewbox=\"0 0 448 512\" xmlns=\"http:\/\/www.w3.org\/2000\/svg\"><path d=\"M416 208H272V64c0-17.67-14.33-32-32-32h-32c-17.67 0-32 14.33-32 32v144H32c-17.67 0-32 14.33-32 32v32c0 17.67 14.33 32 32 32h144v144c0 17.67 14.33 32 32 32h32c17.67 0 32-14.33 32-32V304h144c17.67 0 32-14.33 32-32v-32c0-17.67-14.33-32-32-32z\"><\/path><\/svg><\/span>\n\t\t\t\t\t\t\t\t<span class=\"elementor-accordion-icon-opened\"><svg class=\"e-font-icon-svg e-fas-minus\" viewbox=\"0 0 448 512\" xmlns=\"http:\/\/www.w3.org\/2000\/svg\"><path d=\"M416 208H32c-17.67 0-32 14.33-32 32v32c0 17.67 14.33 32 32 32h384c17.67 0 32-14.33 32-32v-32c0-17.67-14.33-32-32-32z\"><\/path><\/svg><\/span>\n\t\t\t\t\t\t\t\t\t\t\t\t\t\t<\/span>\n\t\t\t\t\t\t\t\t\t\t\t\t<a class=\"elementor-accordion-title\" tabindex=\"0\">Washington<\/a>\n\t\t\t\t\t<\/div>\n\t\t\t\t\t<div id=\"elementor-tab-content-17824\" class=\"elementor-tab-content elementor-clearfix\" data-tab=\"24\" role=\"region\" aria-labelledby=\"elementor-tab-title-17824\"><p><strong>Seattle<\/strong><\/p><p><span style=\"font-weight: 400;\">Evenement: Maart\u00a0<\/span><\/p><p><span style=\"font-weight: 400;\">Datum: Donderdag 1 mei 2025\u00a0<\/span><\/p><p><span style=\"font-weight: 400;\">Tijd: 12 uur<\/span><\/p><p>Locatie: Cal Anderson Park, 1635 11th Ave, Seattle, WA 98122 VS<\/p><p><span style=\"font-weight: 400;\">Beschrijving: Arbeiders &amp; Immigranten bouwen samen aan macht\u00a0<\/span><\/p><p>RSVP <a href=\"http:\/\/bit.ly\/seattle-mayday\" target=\"_blank\" rel=\"noopener\">hier<\/a>\u00a0<\/p><p><strong>Olympia<\/strong><\/p><p><span style=\"font-weight: 400;\">Evenement: Alle Arbeid Mars\u00a0<\/span><\/p><p><span style=\"font-weight: 400;\">Datum: Zaterdag 3 mei 2025\u00a0<\/span><\/p><p><span style=\"font-weight: 400;\">Tijd: 12:00 PM<\/span><\/p><p><span style=\"font-weight: 400;\">Locatie: Washington Capitool, Tivoli Fontein, Olympia, WA 98501\u00a0<\/span><\/p><p><span style=\"font-weight: 400;\">RSVP <a href=\"https:\/\/actionnetwork.org\/events\/all-labor-march\" target=\"_blank\" rel=\"noopener\">hier<\/a><\/span><\/p><p><strong>Yakima<\/strong><\/p><p><span style=\"font-weight: 400;\">Evenement: Marcheren voor rechtvaardigheid, waardigheid en gelijkheid\u00a0<\/span><\/p><p><span style=\"font-weight: 400;\">Datum: Donderdag 1 mei 2025\u00a0<\/span><\/p><p><span style=\"font-weight: 400;\">Tijd: 16.00 uur Programma en voorstellingen, 17.30 uur Rally, 17.45 uur Vertrek mars<\/span><\/p><p><span style=\"font-weight: 400;\">Locatie: Miller Park in Yakima, WA\u00a0<\/span><\/p><p><span style=\"font-weight: 400;\">Beschrijving: We vragen aandacht voor cruciale kwesties die ons, onze gezinnen en onze gemeenschappen aangaan. Met zoveel veranderingen in het federale beleid die van invloed zijn op immigranten, arbeiders en de economische stabiliteit van miljoenen mensen en gezinnen - verenigen wij ons om te marcheren voor meer sociale rechtvaardigheid, een waardige economie voor onze arbeid en pensioen, en gelijkheid voor iedereen, ongeacht status of persoonlijke middelen. We steunen onze immigrantenburen, we steunen arbeiders die vechten tegen de hebzucht van bedrijven, we steunen historische verworvenheden die zijn behaald door rechtszaken over burgerrechten, we steunen sociale vangnetprogramma's en we steunen gelijke kansen voor iedereen om in dit land te leven zonder onderdrukkende krachten die inbreuk maken op onze vrijheid. We zijn solidair met duizenden mensen in de Yakima Valley die onze grieven delen en ook persoonlijke getuigenissen hebben. <\/span><span style=\"font-weight: 400;\"><br \/><\/span><span style=\"font-weight: 400;\"><br \/><\/span><span style=\"font-weight: 400;\">Het thema voor dit jaar is Marching for Justice, Equality, and Dignity (Mars voor Rechtvaardigheid, Gelijkheid en Waardigheid) om onze eis voor de rechtmatige behandeling van ieder mens met eerlijk beleid en gelijke toepassing van de wet te benadrukken. Alle mensen moeten rechtvaardig worden behandeld, ongeacht hun immigratiestatus, waarbij de bijdragen van immigranten worden erkend als essentieel voor de groei en het succes van de natie. Samen zullen we marcheren om onze stem luid en duidelijk te laten horen! Dit is een gezinsvriendelijk evenement met muzikale optredens, eten, sprekers en familiemiddelen. <\/span><\/p><\/div>\n\t\t\t\t<\/div>\n\t\t\t\t\t\t\t<div class=\"elementor-accordion-item\">\n\t\t\t\t\t<div id=\"elementor-tab-title-17825\" class=\"elementor-tab-title\" data-tab=\"25\" role=\"button\" aria-controls=\"elementor-tab-content-17825\" aria-expanded=\"false\">\n\t\t\t\t\t\t\t\t\t\t\t\t\t<span class=\"elementor-accordion-icon elementor-accordion-icon-left\" aria-hidden=\"true\">\n\t\t\t\t\t\t\t\t\t\t\t\t\t\t\t<span class=\"elementor-accordion-icon-closed\"><svg class=\"e-font-icon-svg e-fas-plus\" viewbox=\"0 0 448 512\" xmlns=\"http:\/\/www.w3.org\/2000\/svg\"><path d=\"M416 208H272V64c0-17.67-14.33-32-32-32h-32c-17.67 0-32 14.33-32 32v144H32c-17.67 0-32 14.33-32 32v32c0 17.67 14.33 32 32 32h144v144c0 17.67 14.33 32 32 32h32c17.67 0 32-14.33 32-32V304h144c17.67 0 32-14.33 32-32v-32c0-17.67-14.33-32-32-32z\"><\/path><\/svg><\/span>\n\t\t\t\t\t\t\t\t<span class=\"elementor-accordion-icon-opened\"><svg class=\"e-font-icon-svg e-fas-minus\" viewbox=\"0 0 448 512\" xmlns=\"http:\/\/www.w3.org\/2000\/svg\"><path d=\"M416 208H32c-17.67 0-32 14.33-32 32v32c0 17.67 14.33 32 32 32h384c17.67 0 32-14.33 32-32v-32c0-17.67-14.33-32-32-32z\"><\/path><\/svg><\/span>\n\t\t\t\t\t\t\t\t\t\t\t\t\t\t<\/span>\n\t\t\t\t\t\t\t\t\t\t\t\t<a class=\"elementor-accordion-title\" tabindex=\"0\">Washington DC<\/a>\n\t\t\t\t\t<\/div>\n\t\t\t\t\t<div id=\"elementor-tab-content-17825\" class=\"elementor-tab-content elementor-clearfix\" data-tab=\"25\" role=\"region\" aria-labelledby=\"elementor-tab-title-17825\"><p><span style=\"font-weight: 400;\">Evenement: Rally\u00a0<\/span><\/p><p><span style=\"font-weight: 400;\">Datum: Donderdag 1 mei 2025\u00a0<\/span><\/p><p><span style=\"font-weight: 400;\">Tijd: 12:30-2pm ET<\/span><\/p><p><span style=\"font-weight: 400;\">Locatie: Franklin Park tot Lafayette Park\u00a0<\/span><\/p><p><span style=\"font-weight: 400;\">Omschrijving: Bijeenkomst in Franklin Park, start rally naar DC buurt, einde om 14:00 in Lafayette Park.\u00a0<\/span><\/p><\/div>\n\t\t\t\t<\/div>\n\t\t\t\t\t\t\t<div class=\"elementor-accordion-item\">\n\t\t\t\t\t<div id=\"elementor-tab-title-17826\" class=\"elementor-tab-title\" data-tab=\"26\" role=\"button\" aria-controls=\"elementor-tab-content-17826\" aria-expanded=\"false\">\n\t\t\t\t\t\t\t\t\t\t\t\t\t<span class=\"elementor-accordion-icon elementor-accordion-icon-left\" aria-hidden=\"true\">\n\t\t\t\t\t\t\t\t\t\t\t\t\t\t\t<span class=\"elementor-accordion-icon-closed\"><svg class=\"e-font-icon-svg e-fas-plus\" viewbox=\"0 0 448 512\" xmlns=\"http:\/\/www.w3.org\/2000\/svg\"><path d=\"M416 208H272V64c0-17.67-14.33-32-32-32h-32c-17.67 0-32 14.33-32 32v144H32c-17.67 0-32 14.33-32 32v32c0 17.67 14.33 32 32 32h144v144c0 17.67 14.33 32 32 32h32c17.67 0 32-14.33 32-32V304h144c17.67 0 32-14.33 32-32v-32c0-17.67-14.33-32-32-32z\"><\/path><\/svg><\/span>\n\t\t\t\t\t\t\t\t<span class=\"elementor-accordion-icon-opened\"><svg class=\"e-font-icon-svg e-fas-minus\" viewbox=\"0 0 448 512\" xmlns=\"http:\/\/www.w3.org\/2000\/svg\"><path d=\"M416 208H32c-17.67 0-32 14.33-32 32v32c0 17.67 14.33 32 32 32h384c17.67 0 32-14.33 32-32v-32c0-17.67-14.33-32-32-32z\"><\/path><\/svg><\/span>\n\t\t\t\t\t\t\t\t\t\t\t\t\t\t<\/span>\n\t\t\t\t\t\t\t\t\t\t\t\t<a class=\"elementor-accordion-title\" tabindex=\"0\">Wisconsin<\/a>\n\t\t\t\t\t<\/div>\n\t\t\t\t\t<div id=\"elementor-tab-content-17826\" class=\"elementor-tab-content elementor-clearfix\" data-tab=\"26\" role=\"region\" aria-labelledby=\"elementor-tab-title-17826\"><p>\u00a0<\/p><p><strong>Milwaukee<\/strong><\/p><p>Evenement: Mars en protest\u00a0<\/p><p>Datum: Donderdag 1 mei 2025\u00a0<\/p><p>Tijd: 9:30 uur CT<\/p><p>Locatie: Start bij het kantoor van Voces de la Frontera op 733 W. Mitchell St en loop naar de federale rechtbank op 517 E Wisconsin Ave.<\/p><\/div>\n\t\t\t\t<\/div>\n\t\t\t\t\t\t\t\t<\/div>\n\t\t\t\t\t\t<\/div>\n\t\t\t\t<\/div>\n\t\t\t\t<div class=\"elementor-element elementor-element-55e5237 elementor-widget elementor-widget-heading\" data-id=\"55e5237\" data-element_type=\"widget\" data-e-type=\"widget\" id=\"remoteaction\" data-widget_type=\"heading.default\">\n\t\t\t\t<div class=\"elementor-widget-container\">\n\t\t\t\t\t<h2 class=\"elementor-heading-title elementor-size-default\">Afstandsbediening<\/h2>\t\t\t\t<\/div>\n\t\t\t\t<\/div>\n\t\t\t\t<div class=\"elementor-element elementor-element-613ea38 elementor-widget elementor-widget-text-editor\" data-id=\"613ea38\" data-element_type=\"widget\" data-e-type=\"widget\" data-widget_type=\"text-editor.default\">\n\t\t\t\t<div class=\"elementor-widget-container\">\n\t\t\t\t\t\t\t\t\t<p>Voor degenen die niet bij een persoonlijke actie aanwezig kunnen zijn, doe online met ons mee! Post op sociale media met de hashtag #WeMakeAmericaWork. Hier zijn een paar opties: <\/p><ol><li><strong>Foto's plaatsen<\/strong> met een bord met de tekst \"We Make America Work\". Download en print een rallyteken of maak je eigen rallyteken.<\/li><li><strong>Een video plaatsen<\/strong> laat zien hoe jij bijdraagt aan dit land, samen met arbeiders van alle achtergronden - inclusief arbeidsmigranten - en roep op tot respect, bescherming en betaling voor elke arbeider.\u00a0<\/li><\/ol><p>Vergeet niet de hashtag #WeMakeAmericaWork te gebruiken!\u00a0<\/p>\t\t\t\t\t\t\t\t<\/div>\n\t\t\t\t<\/div>\n\t\t\t\t<div class=\"elementor-element elementor-element-986200a elementor-widget elementor-widget-heading\" data-id=\"986200a\" data-element_type=\"widget\" data-e-type=\"widget\" id=\"printables\" data-widget_type=\"heading.default\">\n\t\t\t\t<div class=\"elementor-widget-container\">\n\t\t\t\t\t<h2 class=\"elementor-heading-title elementor-size-default\">Printbare Rallyborden<\/h2>\t\t\t\t<\/div>\n\t\t\t\t<\/div>\n\t\t\t\t<div class=\"elementor-element elementor-element-dcb7bdc elementor-widget elementor-widget-button\" data-id=\"dcb7bdc\" data-element_type=\"widget\" data-e-type=\"widget\" data-widget_type=\"button.default\">\n\t\t\t\t<div class=\"elementor-widget-container\">\n\t\t\t\t\t\t\t\t\t<div class=\"elementor-button-wrapper\">\n\t\t\t\t\t<a class=\"elementor-button elementor-button-link elementor-size-sm\" href=\"https:\/\/drive.google.com\/drive\/folders\/13h0979XPuA5lXTqi35Srgq2XjpYEVxo7?usp=drive_link\" target=\"_blank\">\n\t\t\t\t\t\t<span class=\"elementor-button-content-wrapper\">\n\t\t\t\t\t\t<span class=\"elementor-button-icon\">\n\t\t\t\t<svg aria-hidden=\"true\" class=\"e-font-icon-svg e-fas-download\" viewbox=\"0 0 512 512\" xmlns=\"http:\/\/www.w3.org\/2000\/svg\"><path d=\"M216 0h80c13.3 0 24 10.7 24 24v168h87.7c17.8 0 26.7 21.5 14.1 34.1L269.7 378.3c-7.5 7.5-19.8 7.5-27.3 0L90.1 226.1c-12.6-12.6-3.7-34.1 14.1-34.1H192V24c0-13.3 10.7-24 24-24zm296 376v112c0 13.3-10.7 24-24 24H24c-13.3 0-24-10.7-24-24V376c0-13.3 10.7-24 24-24h146.7l49 49c20.1 20.1 52.5 20.1 72.6 0l49-49H488c13.3 0 24 10.7 24 24zm-124 88c0-11-9-20-20-20s-20 9-20 20 9 20 20 20 20-9 20-20zm64 0c0-11-9-20-20-20s-20 9-20 20 9 20 20 20 20-9 20-20z\"><\/path><\/svg>\t\t\t<\/span>\n\t\t\t\t\t\t\t\t\t<span class=\"elementor-button-text\">Downloaden<\/span>\n\t\t\t\t\t<\/span>\n\t\t\t\t\t<\/a>\n\t\t\t\t<\/div>\n\t\t\t\t\t\t\t\t<\/div>\n\t\t\t\t<\/div>\n\t\t\t\t<div class=\"elementor-element elementor-element-2f52de3 elementor-widget elementor-widget-image-gallery\" data-id=\"2f52de3\" data-element_type=\"widget\" data-e-type=\"widget\" data-widget_type=\"image-gallery.default\">\n\t\t\t\t<div class=\"elementor-widget-container\">\n\t\t\t\t\t\t\t<div class=\"elementor-image-gallery\">\n\t\t\t<div id='gallery-1' class='gallery galleryid-2784 gallery-columns-4 gallery-size-thumbnail'><figure class='gallery-item'>\n\t\t\t<div class='gallery-icon landscape'>\n\t\t\t\t<a data-elementor-open-lightbox=\"yes\" data-elementor-lightbox-slideshow=\"2f52de3\" data-elementor-lightbox-title=\"rally sign we make america work\" data-e-action-hash=\"#elementor-action%3Aaction%3Dlightbox%26settings%3DeyJpZCI6Mjg5MiwidXJsIjoiaHR0cHM6XC9cL2lhbWVyaWNhLm9yZ1wvd3AtY29udGVudFwvdXBsb2Fkc1wvMjAyNVwvMDRcL3JhbGx5LXNpZ24td2UtbWFrZS1hbWVyaWNhLXdvcmstc2NhbGVkLmpwZyIsInNsaWRlc2hvdyI6IjJmNTJkZTMifQ%3D%3D\" href='https:\/\/iamerica.org\/wp-content\/uploads\/2025\/04\/rally-sign-we-make-america-work-scaled.jpg'><img width=\"150\" height=\"150\" src=\"https:\/\/iamerica.org\/wp-content\/uploads\/2025\/04\/rally-sign-we-make-america-work-150x150.jpg\" class=\"attachment-thumbnail size-thumbnail\" alt=\"\" decoding=\"async\" \/><\/a>\n\t\t\t<\/div><\/figure><figure class='gallery-item'>\n\t\t\t<div class='gallery-icon landscape'>\n\t\t\t\t<a data-elementor-open-lightbox=\"yes\" data-elementor-lightbox-slideshow=\"2f52de3\" data-elementor-lightbox-title=\"rally sign we make america work spa\" data-e-action-hash=\"#elementor-action%3Aaction%3Dlightbox%26settings%3DeyJpZCI6Mjg5MywidXJsIjoiaHR0cHM6XC9cL2lhbWVyaWNhLm9yZ1wvd3AtY29udGVudFwvdXBsb2Fkc1wvMjAyNVwvMDRcL3JhbGx5LXNpZ24td2UtbWFrZS1hbWVyaWNhLXdvcmstc3BhLXNjYWxlZC5qcGciLCJzbGlkZXNob3ciOiIyZjUyZGUzIn0%3D\" href='https:\/\/iamerica.org\/wp-content\/uploads\/2025\/04\/rally-sign-we-make-america-work-spa-scaled.jpg'><img width=\"150\" height=\"150\" src=\"https:\/\/iamerica.org\/wp-content\/uploads\/2025\/04\/rally-sign-we-make-america-work-spa-150x150.jpg\" class=\"attachment-thumbnail size-thumbnail\" alt=\"\" decoding=\"async\" \/><\/a>\n\t\t\t<\/div><\/figure><figure class='gallery-item'>\n\t\t\t<div class='gallery-icon landscape'>\n\t\t\t\t<a data-elementor-open-lightbox=\"yes\" data-elementor-lightbox-slideshow=\"2f52de3\" data-elementor-lightbox-title=\"rally sign we make america work vietnamese\" data-e-action-hash=\"#elementor-action%3Aaction%3Dlightbox%26settings%3DeyJpZCI6Mjg5NCwidXJsIjoiaHR0cHM6XC9cL2lhbWVyaWNhLm9yZ1wvd3AtY29udGVudFwvdXBsb2Fkc1wvMjAyNVwvMDRcL3JhbGx5LXNpZ24td2UtbWFrZS1hbWVyaWNhLXdvcmstdmlldG5hbWVzZS1zY2FsZWQuanBnIiwic2xpZGVzaG93IjoiMmY1MmRlMyJ9\" href='https:\/\/iamerica.org\/wp-content\/uploads\/2025\/04\/rally-sign-we-make-america-work-vietnamese-scaled.jpg'><img width=\"150\" height=\"150\" src=\"https:\/\/iamerica.org\/wp-content\/uploads\/2025\/04\/rally-sign-we-make-america-work-vietnamese-150x150.jpg\" class=\"attachment-thumbnail size-thumbnail\" alt=\"\" decoding=\"async\" \/><\/a>\n\t\t\t<\/div><\/figure><figure class='gallery-item'>\n\t\t\t<div class='gallery-icon landscape'>\n\t\t\t\t<a data-elementor-open-lightbox=\"yes\" data-elementor-lightbox-slideshow=\"2f52de3\" data-elementor-lightbox-title=\"rally sign we make america work tagalog\" data-e-action-hash=\"#elementor-action%3Aaction%3Dlightbox%26settings%3DeyJpZCI6Mjg5NSwidXJsIjoiaHR0cHM6XC9cL2lhbWVyaWNhLm9yZ1wvd3AtY29udGVudFwvdXBsb2Fkc1wvMjAyNVwvMDRcL3JhbGx5LXNpZ24td2UtbWFrZS1hbWVyaWNhLXdvcmstdGFnYWxvZy1zY2FsZWQuanBnIiwic2xpZGVzaG93IjoiMmY1MmRlMyJ9\" href='https:\/\/iamerica.org\/wp-content\/uploads\/2025\/04\/rally-sign-we-make-america-work-tagalog-scaled.jpg'><img loading=\"lazy\" width=\"150\" height=\"150\" src=\"https:\/\/iamerica.org\/wp-content\/uploads\/2025\/04\/rally-sign-we-make-america-work-tagalog-150x150.jpg\" class=\"attachment-thumbnail size-thumbnail\" alt=\"\" decoding=\"async\" \/><\/a>\n\t\t\t<\/div><\/figure><figure class='gallery-item'>\n\t\t\t<div class='gallery-icon landscape'>\n\t\t\t\t<a data-elementor-open-lightbox=\"yes\" data-elementor-lightbox-slideshow=\"2f52de3\" data-elementor-lightbox-title=\"rally sign we make america work chinese simplified\" data-e-action-hash=\"#elementor-action%3Aaction%3Dlightbox%26settings%3DeyJpZCI6Mjg5NiwidXJsIjoiaHR0cHM6XC9cL2lhbWVyaWNhLm9yZ1wvd3AtY29udGVudFwvdXBsb2Fkc1wvMjAyNVwvMDRcL3JhbGx5LXNpZ24td2UtbWFrZS1hbWVyaWNhLXdvcmstY2hpbmVzZS1zaW1wbGlmaWVkLXNjYWxlZC5qcGciLCJzbGlkZXNob3ciOiIyZjUyZGUzIn0%3D\" href='https:\/\/iamerica.org\/wp-content\/uploads\/2025\/04\/rally-sign-we-make-america-work-chinese-simplified-scaled.jpg'><img loading=\"lazy\" width=\"150\" height=\"150\" src=\"https:\/\/iamerica.org\/wp-content\/uploads\/2025\/04\/rally-sign-we-make-america-work-chinese-simplified-150x150.jpg\" class=\"attachment-thumbnail size-thumbnail\" alt=\"\" decoding=\"async\" \/><\/a>\n\t\t\t<\/div><\/figure><figure class='gallery-item'>\n\t\t\t<div class='gallery-icon landscape'>\n\t\t\t\t<a data-elementor-open-lightbox=\"yes\" data-elementor-lightbox-slideshow=\"2f52de3\" data-elementor-lightbox-title=\"rally sign we make america work russian\" data-e-action-hash=\"#elementor-action%3Aaction%3Dlightbox%26settings%3DeyJpZCI6Mjg5NywidXJsIjoiaHR0cHM6XC9cL2lhbWVyaWNhLm9yZ1wvd3AtY29udGVudFwvdXBsb2Fkc1wvMjAyNVwvMDRcL3JhbGx5LXNpZ24td2UtbWFrZS1hbWVyaWNhLXdvcmstcnVzc2lhbi1zY2FsZWQuanBnIiwic2xpZGVzaG93IjoiMmY1MmRlMyJ9\" href='https:\/\/iamerica.org\/wp-content\/uploads\/2025\/04\/rally-sign-we-make-america-work-russian-scaled.jpg'><img loading=\"lazy\" width=\"150\" height=\"150\" src=\"https:\/\/iamerica.org\/wp-content\/uploads\/2025\/04\/rally-sign-we-make-america-work-russian-150x150.jpg\" class=\"attachment-thumbnail size-thumbnail\" alt=\"\" decoding=\"async\" \/><\/a>\n\t\t\t<\/div><\/figure><figure class='gallery-item'>\n\t\t\t<div class='gallery-icon landscape'>\n\t\t\t\t<a data-elementor-open-lightbox=\"yes\" data-elementor-lightbox-slideshow=\"2f52de3\" data-elementor-lightbox-title=\"rally sign we make america work punjabi\" data-e-action-hash=\"#elementor-action%3Aaction%3Dlightbox%26settings%3DeyJpZCI6Mjg5OCwidXJsIjoiaHR0cHM6XC9cL2lhbWVyaWNhLm9yZ1wvd3AtY29udGVudFwvdXBsb2Fkc1wvMjAyNVwvMDRcL3JhbGx5LXNpZ24td2UtbWFrZS1hbWVyaWNhLXdvcmstcHVuamFiaS1zY2FsZWQuanBnIiwic2xpZGVzaG93IjoiMmY1MmRlMyJ9\" href='https:\/\/iamerica.org\/wp-content\/uploads\/2025\/04\/rally-sign-we-make-america-work-punjabi-scaled.jpg'><img loading=\"lazy\" width=\"150\" height=\"150\" src=\"https:\/\/iamerica.org\/wp-content\/uploads\/2025\/04\/rally-sign-we-make-america-work-punjabi-150x150.jpg\" class=\"attachment-thumbnail size-thumbnail\" alt=\"\" decoding=\"async\" \/><\/a>\n\t\t\t<\/div><\/figure><figure class='gallery-item'>\n\t\t\t<div class='gallery-icon landscape'>\n\t\t\t\t<a data-elementor-open-lightbox=\"yes\" data-elementor-lightbox-slideshow=\"2f52de3\" data-elementor-lightbox-title=\"rally sign we make america work portuguese\" data-e-action-hash=\"#elementor-action%3Aaction%3Dlightbox%26settings%3DeyJpZCI6Mjg5OSwidXJsIjoiaHR0cHM6XC9cL2lhbWVyaWNhLm9yZ1wvd3AtY29udGVudFwvdXBsb2Fkc1wvMjAyNVwvMDRcL3JhbGx5LXNpZ24td2UtbWFrZS1hbWVyaWNhLXdvcmstcG9ydHVndWVzZS1zY2FsZWQuanBnIiwic2xpZGVzaG93IjoiMmY1MmRlMyJ9\" href='https:\/\/iamerica.org\/wp-content\/uploads\/2025\/04\/rally-sign-we-make-america-work-portuguese-scaled.jpg'><img loading=\"lazy\" width=\"150\" height=\"150\" src=\"https:\/\/iamerica.org\/wp-content\/uploads\/2025\/04\/rally-sign-we-make-america-work-portuguese-150x150.jpg\" class=\"attachment-thumbnail size-thumbnail\" alt=\"\" decoding=\"async\" \/><\/a>\n\t\t\t<\/div><\/figure><figure class='gallery-item'>\n\t\t\t<div class='gallery-icon landscape'>\n\t\t\t\t<a data-elementor-open-lightbox=\"yes\" data-elementor-lightbox-slideshow=\"2f52de3\" data-elementor-lightbox-title=\"rally sign we make america work polish\" data-e-action-hash=\"#elementor-action%3Aaction%3Dlightbox%26settings%3DeyJpZCI6MjkwMCwidXJsIjoiaHR0cHM6XC9cL2lhbWVyaWNhLm9yZ1wvd3AtY29udGVudFwvdXBsb2Fkc1wvMjAyNVwvMDRcL3JhbGx5LXNpZ24td2UtbWFrZS1hbWVyaWNhLXdvcmstcG9saXNoLXNjYWxlZC5qcGciLCJzbGlkZXNob3ciOiIyZjUyZGUzIn0%3D\" href='https:\/\/iamerica.org\/wp-content\/uploads\/2025\/04\/rally-sign-we-make-america-work-polish-scaled.jpg'><img loading=\"lazy\" width=\"150\" height=\"150\" src=\"https:\/\/iamerica.org\/wp-content\/uploads\/2025\/04\/rally-sign-we-make-america-work-polish-150x150.jpg\" class=\"attachment-thumbnail size-thumbnail\" alt=\"\" decoding=\"async\" \/><\/a>\n\t\t\t<\/div><\/figure><figure class='gallery-item'>\n\t\t\t<div class='gallery-icon landscape'>\n\t\t\t\t<a data-elementor-open-lightbox=\"yes\" data-elementor-lightbox-slideshow=\"2f52de3\" data-elementor-lightbox-title=\"rally sign we make america work nepali\" data-e-action-hash=\"#elementor-action%3Aaction%3Dlightbox%26settings%3DeyJpZCI6MjkwMSwidXJsIjoiaHR0cHM6XC9cL2lhbWVyaWNhLm9yZ1wvd3AtY29udGVudFwvdXBsb2Fkc1wvMjAyNVwvMDRcL3JhbGx5LXNpZ24td2UtbWFrZS1hbWVyaWNhLXdvcmstbmVwYWxpLXNjYWxlZC5qcGciLCJzbGlkZXNob3ciOiIyZjUyZGUzIn0%3D\" href='https:\/\/iamerica.org\/wp-content\/uploads\/2025\/04\/rally-sign-we-make-america-work-nepali-scaled.jpg'><img loading=\"lazy\" width=\"150\" height=\"150\" src=\"https:\/\/iamerica.org\/wp-content\/uploads\/2025\/04\/rally-sign-we-make-america-work-nepali-150x150.jpg\" class=\"attachment-thumbnail size-thumbnail\" alt=\"\" decoding=\"async\" \/><\/a>\n\t\t\t<\/div><\/figure><figure class='gallery-item'>\n\t\t\t<div class='gallery-icon landscape'>\n\t\t\t\t<a data-elementor-open-lightbox=\"yes\" data-elementor-lightbox-slideshow=\"2f52de3\" data-elementor-lightbox-title=\"rally sign we make america work haitian creole\" data-e-action-hash=\"#elementor-action%3Aaction%3Dlightbox%26settings%3DeyJpZCI6MjkwMiwidXJsIjoiaHR0cHM6XC9cL2lhbWVyaWNhLm9yZ1wvd3AtY29udGVudFwvdXBsb2Fkc1wvMjAyNVwvMDRcL3JhbGx5LXNpZ24td2UtbWFrZS1hbWVyaWNhLXdvcmstaGFpdGlhbi1jcmVvbGUtc2NhbGVkLmpwZyIsInNsaWRlc2hvdyI6IjJmNTJkZTMifQ%3D%3D\" href='https:\/\/iamerica.org\/wp-content\/uploads\/2025\/04\/rally-sign-we-make-america-work-haitian-creole-scaled.jpg'><img loading=\"lazy\" width=\"150\" height=\"150\" src=\"https:\/\/iamerica.org\/wp-content\/uploads\/2025\/04\/rally-sign-we-make-america-work-haitian-creole-150x150.jpg\" class=\"attachment-thumbnail size-thumbnail\" alt=\"\" decoding=\"async\" \/><\/a>\n\t\t\t<\/div><\/figure><figure class='gallery-item'>\n\t\t\t<div class='gallery-icon landscape'>\n\t\t\t\t<a data-elementor-open-lightbox=\"yes\" data-elementor-lightbox-slideshow=\"2f52de3\" data-elementor-lightbox-title=\"rally sign we make america work french\" data-e-action-hash=\"#elementor-action%3Aaction%3Dlightbox%26settings%3DeyJpZCI6MjkwMywidXJsIjoiaHR0cHM6XC9cL2lhbWVyaWNhLm9yZ1wvd3AtY29udGVudFwvdXBsb2Fkc1wvMjAyNVwvMDRcL3JhbGx5LXNpZ24td2UtbWFrZS1hbWVyaWNhLXdvcmstZnJlbmNoLXNjYWxlZC5qcGciLCJzbGlkZXNob3ciOiIyZjUyZGUzIn0%3D\" href='https:\/\/iamerica.org\/wp-content\/uploads\/2025\/04\/rally-sign-we-make-america-work-french-scaled.jpg'><img loading=\"lazy\" width=\"150\" height=\"150\" src=\"https:\/\/iamerica.org\/wp-content\/uploads\/2025\/04\/rally-sign-we-make-america-work-french-150x150.jpg\" class=\"attachment-thumbnail size-thumbnail\" alt=\"\" decoding=\"async\" \/><\/a>\n\t\t\t<\/div><\/figure><figure class='gallery-item'>\n\t\t\t<div class='gallery-icon landscape'>\n\t\t\t\t<a data-elementor-open-lightbox=\"yes\" data-elementor-lightbox-slideshow=\"2f52de3\" data-elementor-lightbox-title=\"rally sign we make america work armenian\" data-e-action-hash=\"#elementor-action%3Aaction%3Dlightbox%26settings%3DeyJpZCI6MjkwNCwidXJsIjoiaHR0cHM6XC9cL2lhbWVyaWNhLm9yZ1wvd3AtY29udGVudFwvdXBsb2Fkc1wvMjAyNVwvMDRcL3JhbGx5LXNpZ24td2UtbWFrZS1hbWVyaWNhLXdvcmstYXJtZW5pYW4tc2NhbGVkLmpwZyIsInNsaWRlc2hvdyI6IjJmNTJkZTMifQ%3D%3D\" href='https:\/\/iamerica.org\/wp-content\/uploads\/2025\/04\/rally-sign-we-make-america-work-armenian-scaled.jpg'><img loading=\"lazy\" width=\"150\" height=\"150\" src=\"https:\/\/iamerica.org\/wp-content\/uploads\/2025\/04\/rally-sign-we-make-america-work-armenian-150x150.jpg\" class=\"attachment-thumbnail size-thumbnail\" alt=\"\" decoding=\"async\" \/><\/a>\n\t\t\t<\/div><\/figure><figure class='gallery-item'>\n\t\t\t<div class='gallery-icon landscape'>\n\t\t\t\t<a data-elementor-open-lightbox=\"yes\" data-elementor-lightbox-slideshow=\"2f52de3\" data-elementor-lightbox-title=\"rally sign we make america work arabic\" data-e-action-hash=\"#elementor-action%3Aaction%3Dlightbox%26settings%3DeyJpZCI6MjkwNSwidXJsIjoiaHR0cHM6XC9cL2lhbWVyaWNhLm9yZ1wvd3AtY29udGVudFwvdXBsb2Fkc1wvMjAyNVwvMDRcL3JhbGx5LXNpZ24td2UtbWFrZS1hbWVyaWNhLXdvcmstYXJhYmljLXNjYWxlZC5qcGciLCJzbGlkZXNob3ciOiIyZjUyZGUzIn0%3D\" href='https:\/\/iamerica.org\/wp-content\/uploads\/2025\/04\/rally-sign-we-make-america-work-arabic-scaled.jpg'><img loading=\"lazy\" width=\"150\" height=\"150\" src=\"https:\/\/iamerica.org\/wp-content\/uploads\/2025\/04\/rally-sign-we-make-america-work-arabic-150x150.jpg\" class=\"attachment-thumbnail size-thumbnail\" alt=\"\" decoding=\"async\" \/><\/a>\n\t\t\t<\/div><\/figure><figure class='gallery-item'>\n\t\t\t<div class='gallery-icon landscape'>\n\t\t\t\t<a data-elementor-open-lightbox=\"yes\" data-elementor-lightbox-slideshow=\"2f52de3\" data-elementor-lightbox-title=\"rally sign we make america work korean\" data-e-action-hash=\"#elementor-action%3Aaction%3Dlightbox%26settings%3DeyJpZCI6MjkxNCwidXJsIjoiaHR0cHM6XC9cL2lhbWVyaWNhLm9yZ1wvd3AtY29udGVudFwvdXBsb2Fkc1wvMjAyNVwvMDRcL3JhbGx5LXNpZ24td2UtbWFrZS1hbWVyaWNhLXdvcmsta29yZWFuLXNjYWxlZC5qcGciLCJzbGlkZXNob3ciOiIyZjUyZGUzIn0%3D\" href='https:\/\/iamerica.org\/wp-content\/uploads\/2025\/04\/rally-sign-we-make-america-work-korean-scaled.jpg'><img loading=\"lazy\" width=\"150\" height=\"150\" src=\"https:\/\/iamerica.org\/wp-content\/uploads\/2025\/04\/rally-sign-we-make-america-work-korean-150x150.jpg\" class=\"attachment-thumbnail size-thumbnail\" alt=\"\" decoding=\"async\" \/><\/a>\n\t\t\t<\/div><\/figure>\n\t\t<\/div>\n\t\t<\/div>\n\t\t\t\t\t\t<\/div>\n\t\t\t\t<\/div>\n\t\t\t\t<div class=\"elementor-element elementor-element-c42d677 elementor-widget elementor-widget-text-editor\" data-id=\"c42d677\" data-element_type=\"widget\" data-e-type=\"widget\" data-widget_type=\"text-editor.default\">\n\t\t\t\t<div class=\"elementor-widget-container\">\n\t\t\t\t\t\t\t\t\t<p><strong>Bezoek <a href=\"http:\/\/May1dayofaction.org\" target=\"_blank\" rel=\"noopener\">Mei1dagofactie.org<\/a> voor aanvullende acties en manieren om betrokken te raken.\u00a0<\/strong><\/p>\t\t\t\t\t\t\t\t<\/div>\n\t\t\t\t<\/div>\n\t\t\t\t<div class=\"elementor-element elementor-element-d09800e elementor-widget elementor-widget-image\" data-id=\"d09800e\" data-element_type=\"widget\" data-e-type=\"widget\" data-widget_type=\"image.default\">\n\t\t\t\t<div class=\"elementor-widget-container\">\n\t\t\t\t\t\t\t\t\t\t\t\t\t\t\t<img loading=\"lazy\" decoding=\"async\" width=\"800\" height=\"400\" src=\"https:\/\/iamerica.org\/wp-content\/uploads\/2025\/04\/May-Day-footer-1024-x-512-px.png\" class=\"attachment-large size-large wp-image-2794\" alt=\"\" srcset=\"https:\/\/iamerica.org\/wp-content\/uploads\/2025\/04\/May-Day-footer-1024-x-512-px.png 1024w, https:\/\/iamerica.org\/wp-content\/uploads\/2025\/04\/May-Day-footer-1024-x-512-px-300x150.png 300w, https:\/\/iamerica.org\/wp-content\/uploads\/2025\/04\/May-Day-footer-1024-x-512-px-768x384.png 768w, https:\/\/iamerica.org\/wp-content\/uploads\/2025\/04\/May-Day-footer-1024-x-512-px-18x9.png 18w\" sizes=\"(max-width: 800px) 100vw, 800px\" \/>\t\t\t\t\t\t\t\t\t\t\t\t\t\t\t<\/div>\n\t\t\t\t<\/div>\n\t\t\t\t\t<\/div>\n\t\t<\/div>\n\t\t\t\t<div class=\"elementor-column elementor-col-50 elementor-top-column elementor-element elementor-element-e768b6c\" data-id=\"e768b6c\" data-element_type=\"column\" data-e-type=\"column\">\n\t\t\t<div class=\"elementor-widget-wrap elementor-element-populated\">\n\t\t\t\t\t\t<div class=\"elementor-element elementor-element-c5f0161 elementor-align-start elementor-icon-list--layout-traditional elementor-list-item-link-full_width elementor-widget elementor-widget-icon-list\" data-id=\"c5f0161\" data-element_type=\"widget\" data-e-type=\"widget\" data-widget_type=\"icon-list.default\">\n\t\t\t\t<div class=\"elementor-widget-container\">\n\t\t\t\t\t\t\t<ul class=\"elementor-icon-list-items\">\n\t\t\t\t\t\t\t<li class=\"elementor-icon-list-item\">\n\t\t\t\t\t\t\t\t\t\t<span class=\"elementor-icon-list-text\"><h5>SNELLE LINKS<\/h5><\/span>\n\t\t\t\t\t\t\t\t\t<\/li>\n\t\t\t\t\t\t\t\t<li class=\"elementor-icon-list-item\">\n\t\t\t\t\t\t\t\t\t\t\t<a href=\"#findevent\">\n\n\t\t\t\t\t\t\t\t\t\t\t\t<span class=\"elementor-icon-list-icon\">\n\t\t\t\t\t\t\t<svg aria-hidden=\"true\" class=\"e-font-icon-svg e-fas-map-marker\" viewbox=\"0 0 384 512\" xmlns=\"http:\/\/www.w3.org\/2000\/svg\"><path d=\"M172.268 501.67C26.97 291.031 0 269.413 0 192 0 85.961 85.961 0 192 0s192 85.961 192 192c0 77.413-26.97 99.031-172.268 309.67-9.535 13.774-29.93 13.773-39.464 0z\"><\/path><\/svg>\t\t\t\t\t\t<\/span>\n\t\t\t\t\t\t\t\t\t\t<span class=\"elementor-icon-list-text\">Vind een evenement bij jou in de buurt<\/span>\n\t\t\t\t\t\t\t\t\t\t\t<\/a>\n\t\t\t\t\t\t\t\t\t<\/li>\n\t\t\t\t\t\t\t\t<li class=\"elementor-icon-list-item\">\n\t\t\t\t\t\t\t\t\t\t\t<a href=\"#remoteaction\">\n\n\t\t\t\t\t\t\t\t\t\t\t\t<span class=\"elementor-icon-list-icon\">\n\t\t\t\t\t\t\t<svg aria-hidden=\"true\" class=\"e-font-icon-svg e-fas-fist-raised\" viewbox=\"0 0 384 512\" xmlns=\"http:\/\/www.w3.org\/2000\/svg\"><path d=\"M255.98 160V16c0-8.84-7.16-16-16-16h-32c-8.84 0-16 7.16-16 16v146.93c5.02-1.78 10.34-2.93 15.97-2.93h48.03zm128 95.99c-.01-35.34-28.66-63.99-63.99-63.99H207.85c-8.78 0-15.9 7.07-15.9 15.85v.56c0 26.27 21.3 47.59 47.57 47.59h35.26c9.68 0 13.2 3.58 13.2 8v16.2c0 4.29-3.59 7.78-7.88 8-44.52 2.28-64.16 24.71-96.05 72.55l-6.31 9.47a7.994 7.994 0 0 1-11.09 2.22l-13.31-8.88a7.994 7.994 0 0 1-2.22-11.09l6.31-9.47c15.73-23.6 30.2-43.26 47.31-58.08-17.27-5.51-31.4-18.12-38.87-34.45-6.59 3.41-13.96 5.52-21.87 5.52h-32c-12.34 0-23.49-4.81-32-12.48C71.48 251.19 60.33 256 48 256H16c-5.64 0-10.97-1.15-16-2.95v77.93c0 33.95 13.48 66.5 37.49 90.51L63.99 448v64h255.98v-63.96l35.91-35.92A96.035 96.035 0 0 0 384 344.21l-.02-88.22zm-32.01-90.09V48c0-8.84-7.16-16-16-16h-32c-8.84 0-16 7.16-16 16v112h32c11.28 0 21.94 2.31 32 5.9zM16 224h32c8.84 0 16-7.16 16-16V80c0-8.84-7.16-16-16-16H16C7.16 64 0 71.16 0 80v128c0 8.84 7.16 16 16 16zm95.99 0h32c8.84 0 16-7.16 16-16V48c0-8.84-7.16-16-16-16h-32c-8.84 0-16 7.16-16 16v160c0 8.84 7.16 16 16 16z\"><\/path><\/svg>\t\t\t\t\t\t<\/span>\n\t\t\t\t\t\t\t\t\t\t<span class=\"elementor-icon-list-text\">Actie op afstand<\/span>\n\t\t\t\t\t\t\t\t\t\t\t<\/a>\n\t\t\t\t\t\t\t\t\t<\/li>\n\t\t\t\t\t\t\t\t<li class=\"elementor-icon-list-item\">\n\t\t\t\t\t\t\t\t\t\t\t<a href=\"#printables\">\n\n\t\t\t\t\t\t\t\t\t\t\t\t<span class=\"elementor-icon-list-icon\">\n\t\t\t\t\t\t\t<svg aria-hidden=\"true\" class=\"e-font-icon-svg e-fas-download\" viewbox=\"0 0 512 512\" xmlns=\"http:\/\/www.w3.org\/2000\/svg\"><path d=\"M216 0h80c13.3 0 24 10.7 24 24v168h87.7c17.8 0 26.7 21.5 14.1 34.1L269.7 378.3c-7.5 7.5-19.8 7.5-27.3 0L90.1 226.1c-12.6-12.6-3.7-34.1 14.1-34.1H192V24c0-13.3 10.7-24 24-24zm296 376v112c0 13.3-10.7 24-24 24H24c-13.3 0-24-10.7-24-24V376c0-13.3 10.7-24 24-24h146.7l49 49c20.1 20.1 52.5 20.1 72.6 0l49-49H488c13.3 0 24 10.7 24 24zm-124 88c0-11-9-20-20-20s-20 9-20 20 9 20 20 20 20-9 20-20zm64 0c0-11-9-20-20-20s-20 9-20 20 9 20 20 20 20-9 20-20z\"><\/path><\/svg>\t\t\t\t\t\t<\/span>\n\t\t\t\t\t\t\t\t\t\t<span class=\"elementor-icon-list-text\">Printbare rally borden<\/span>\n\t\t\t\t\t\t\t\t\t\t\t<\/a>\n\t\t\t\t\t\t\t\t\t<\/li>\n\t\t\t\t\t\t<\/ul>\n\t\t\t\t\t\t<\/div>\n\t\t\t\t<\/div>\n\t\t\t\t\t<\/div>\n\t\t<\/div>\n\t\t\t\t\t<\/div>\n\t\t<\/section>\n\t\t\t\t<\/div>","protected":false},"excerpt":{"rendered":"<p>#WeMakeAmericaWork! On May 1st, International Workers\u2019 Day, SEIU Locals and our allies will come together to stand in solidarity with immigrant communities through large-scale mobilization actions across the country.\u00a0 We will honor and celebrate the invaluable contributions that all workers make to our families, communities, and economy. At the same time, we will expose the [&hellip;]<\/p>\n","protected":false},"author":5,"featured_media":0,"parent":0,"menu_order":0,"comment_status":"closed","ping_status":"closed","template":"","meta":{"footnotes":"","_links_to":"","_links_to_target":""},"class_list":["post-2784","page","type-page","status-publish","hentry"],"yoast_head":"<!-- This site is optimized with the Yoast SEO plugin v27.3 - https:\/\/yoast.com\/product\/yoast-seo-wordpress\/ -->\n<title>May Day 2025 Events - iAmerica<\/title>\n<meta name=\"robots\" content=\"index, follow, max-snippet:-1, max-image-preview:large, max-video-preview:-1\" \/>\n<link rel=\"canonical\" href=\"https:\/\/iamerica.org\/nl\/may-day-2025-events\/\" \/>\n<meta property=\"og:locale\" content=\"nl_NL\" \/>\n<meta property=\"og:type\" content=\"article\" \/>\n<meta property=\"og:title\" content=\"May Day 2025 Events - iAmerica\" \/>\n<meta property=\"og:description\" content=\"#WeMakeAmericaWork! On May 1st, International Workers\u2019 Day, SEIU Locals and our allies will come together to stand in solidarity with immigrant communities through large-scale mobilization actions across the country.\u00a0 We will honor and celebrate the invaluable contributions that all workers make to our families, communities, and economy. At the same time, we will expose the [&hellip;]\" \/>\n<meta property=\"og:url\" content=\"https:\/\/iamerica.org\/nl\/may-day-2025-events\/\" \/>\n<meta property=\"og:site_name\" content=\"iAmerica\" \/>\n<meta property=\"article:publisher\" content=\"https:\/\/www.facebook.com\/iAmericaorg\/\" \/>\n<meta property=\"article:modified_time\" content=\"2025-04-26T17:52:51+00:00\" \/>\n<meta property=\"og:image\" content=\"https:\/\/iamerica.org\/wp-content\/uploads\/2025\/04\/rally-sign-we-make-america-work-150x150.jpg\" \/>\n<meta name=\"twitter:card\" content=\"summary_large_image\" \/>\n<meta name=\"twitter:site\" content=\"@iamericaorg\" \/>\n<meta name=\"twitter:label1\" content=\"Geschatte leestijd\" \/>\n\t<meta name=\"twitter:data1\" content=\"13 minuten\" \/>\n<script type=\"application\/ld+json\" class=\"yoast-schema-graph\">{\"@context\":\"https:\\\/\\\/schema.org\",\"@graph\":[{\"@type\":\"WebPage\",\"@id\":\"https:\\\/\\\/iamerica.org\\\/may-day-2025-events\\\/\",\"url\":\"https:\\\/\\\/iamerica.org\\\/may-day-2025-events\\\/\",\"name\":\"May Day 2025 Events - iAmerica\",\"isPartOf\":{\"@id\":\"https:\\\/\\\/iamerica.org\\\/ru\\\/#website\"},\"primaryImageOfPage\":{\"@id\":\"https:\\\/\\\/iamerica.org\\\/may-day-2025-events\\\/#primaryimage\"},\"image\":{\"@id\":\"https:\\\/\\\/iamerica.org\\\/may-day-2025-events\\\/#primaryimage\"},\"thumbnailUrl\":\"https:\\\/\\\/iamerica.org\\\/wp-content\\\/uploads\\\/2025\\\/04\\\/rally-sign-we-make-america-work-150x150.jpg\",\"datePublished\":\"2025-04-08T03:48:08+00:00\",\"dateModified\":\"2025-04-26T17:52:51+00:00\",\"breadcrumb\":{\"@id\":\"https:\\\/\\\/iamerica.org\\\/may-day-2025-events\\\/#breadcrumb\"},\"inLanguage\":\"nl-NL\",\"potentialAction\":[{\"@type\":\"ReadAction\",\"target\":[\"https:\\\/\\\/iamerica.org\\\/may-day-2025-events\\\/\"]}]},{\"@type\":\"ImageObject\",\"inLanguage\":\"nl-NL\",\"@id\":\"https:\\\/\\\/iamerica.org\\\/may-day-2025-events\\\/#primaryimage\",\"url\":\"https:\\\/\\\/iamerica.org\\\/wp-content\\\/uploads\\\/2025\\\/04\\\/rally-sign-we-make-america-work-150x150.jpg\",\"contentUrl\":\"https:\\\/\\\/iamerica.org\\\/wp-content\\\/uploads\\\/2025\\\/04\\\/rally-sign-we-make-america-work-150x150.jpg\"},{\"@type\":\"BreadcrumbList\",\"@id\":\"https:\\\/\\\/iamerica.org\\\/may-day-2025-events\\\/#breadcrumb\",\"itemListElement\":[{\"@type\":\"ListItem\",\"position\":1,\"name\":\"Home\",\"item\":\"https:\\\/\\\/iamerica.org\\\/\"},{\"@type\":\"ListItem\",\"position\":2,\"name\":\"May Day 2025 Events\"}]},{\"@type\":\"WebSite\",\"@id\":\"https:\\\/\\\/iamerica.org\\\/ru\\\/#website\",\"url\":\"https:\\\/\\\/iamerica.org\\\/ru\\\/\",\"name\":\"iAmerica\",\"description\":\"\",\"publisher\":{\"@id\":\"https:\\\/\\\/iamerica.org\\\/ru\\\/#organization\"},\"potentialAction\":[{\"@type\":\"SearchAction\",\"target\":{\"@type\":\"EntryPoint\",\"urlTemplate\":\"https:\\\/\\\/iamerica.org\\\/ru\\\/?s={search_term_string}\"},\"query-input\":{\"@type\":\"PropertyValueSpecification\",\"valueRequired\":true,\"valueName\":\"search_term_string\"}}],\"inLanguage\":\"nl-NL\"},{\"@type\":\"Organization\",\"@id\":\"https:\\\/\\\/iamerica.org\\\/ru\\\/#organization\",\"name\":\"iAmerica\",\"url\":\"https:\\\/\\\/iamerica.org\\\/ru\\\/\",\"logo\":{\"@type\":\"ImageObject\",\"inLanguage\":\"nl-NL\",\"@id\":\"https:\\\/\\\/iamerica.org\\\/ru\\\/#\\\/schema\\\/logo\\\/image\\\/\",\"url\":\"https:\\\/\\\/iamerica.org\\\/wp-content\\\/uploads\\\/2024\\\/05\\\/iAmerica_Logo_Navy.png\",\"contentUrl\":\"https:\\\/\\\/iamerica.org\\\/wp-content\\\/uploads\\\/2024\\\/05\\\/iAmerica_Logo_Navy.png\",\"width\":2309,\"height\":626,\"caption\":\"iAmerica\"},\"image\":{\"@id\":\"https:\\\/\\\/iamerica.org\\\/ru\\\/#\\\/schema\\\/logo\\\/image\\\/\"},\"sameAs\":[\"https:\\\/\\\/www.facebook.com\\\/iAmericaorg\\\/\",\"https:\\\/\\\/x.com\\\/iamericaorg\",\"https:\\\/\\\/www.instagram.com\\\/iamericaorg\"]}]}<\/script>\n<!-- \/ Yoast SEO plugin. -->","yoast_head_json":{"title":"Meidag 2025 Evenementen - iAmerika","robots":{"index":"index","follow":"follow","max-snippet":"max-snippet:-1","max-image-preview":"max-image-preview:large","max-video-preview":"max-video-preview:-1"},"canonical":"https:\/\/iamerica.org\/nl\/may-day-2025-events\/","og_locale":"nl_NL","og_type":"article","og_title":"May Day 2025 Events - iAmerica","og_description":"#WeMakeAmericaWork! On May 1st, International Workers\u2019 Day, SEIU Locals and our allies will come together to stand in solidarity with immigrant communities through large-scale mobilization actions across the country.\u00a0 We will honor and celebrate the invaluable contributions that all workers make to our families, communities, and economy. At the same time, we will expose the [&hellip;]","og_url":"https:\/\/iamerica.org\/nl\/may-day-2025-events\/","og_site_name":"iAmerica","article_publisher":"https:\/\/www.facebook.com\/iAmericaorg\/","article_modified_time":"2025-04-26T17:52:51+00:00","og_image":[{"url":"https:\/\/iamerica.org\/wp-content\/uploads\/2025\/04\/rally-sign-we-make-america-work-150x150.jpg","type":"","width":"","height":""}],"twitter_card":"summary_large_image","twitter_site":"@iamericaorg","twitter_misc":{"Geschatte leestijd":"13 minuten"},"schema":{"@context":"https:\/\/schema.org","@graph":[{"@type":"WebPage","@id":"https:\/\/iamerica.org\/may-day-2025-events\/","url":"https:\/\/iamerica.org\/may-day-2025-events\/","name":"Meidag 2025 Evenementen - iAmerika","isPartOf":{"@id":"https:\/\/iamerica.org\/ru\/#website"},"primaryImageOfPage":{"@id":"https:\/\/iamerica.org\/may-day-2025-events\/#primaryimage"},"image":{"@id":"https:\/\/iamerica.org\/may-day-2025-events\/#primaryimage"},"thumbnailUrl":"https:\/\/iamerica.org\/wp-content\/uploads\/2025\/04\/rally-sign-we-make-america-work-150x150.jpg","datePublished":"2025-04-08T03:48:08+00:00","dateModified":"2025-04-26T17:52:51+00:00","breadcrumb":{"@id":"https:\/\/iamerica.org\/may-day-2025-events\/#breadcrumb"},"inLanguage":"nl-NL","potentialAction":[{"@type":"ReadAction","target":["https:\/\/iamerica.org\/may-day-2025-events\/"]}]},{"@type":"ImageObject","inLanguage":"nl-NL","@id":"https:\/\/iamerica.org\/may-day-2025-events\/#primaryimage","url":"https:\/\/iamerica.org\/wp-content\/uploads\/2025\/04\/rally-sign-we-make-america-work-150x150.jpg","contentUrl":"https:\/\/iamerica.org\/wp-content\/uploads\/2025\/04\/rally-sign-we-make-america-work-150x150.jpg"},{"@type":"BreadcrumbList","@id":"https:\/\/iamerica.org\/may-day-2025-events\/#breadcrumb","itemListElement":[{"@type":"ListItem","position":1,"name":"Home","item":"https:\/\/iamerica.org\/"},{"@type":"ListItem","position":2,"name":"May Day 2025 Events"}]},{"@type":"WebSite","@id":"https:\/\/iamerica.org\/ru\/#website","url":"https:\/\/iamerica.org\/ru\/","name":"iAmerica","description":"","publisher":{"@id":"https:\/\/iamerica.org\/ru\/#organization"},"potentialAction":[{"@type":"SearchAction","target":{"@type":"EntryPoint","urlTemplate":"https:\/\/iamerica.org\/ru\/?s={search_term_string}"},"query-input":{"@type":"PropertyValueSpecification","valueRequired":true,"valueName":"search_term_string"}}],"inLanguage":"nl-NL"},{"@type":"Organization","@id":"https:\/\/iamerica.org\/ru\/#organization","name":"iAmerica","url":"https:\/\/iamerica.org\/ru\/","logo":{"@type":"ImageObject","inLanguage":"nl-NL","@id":"https:\/\/iamerica.org\/ru\/#\/schema\/logo\/image\/","url":"https:\/\/iamerica.org\/wp-content\/uploads\/2024\/05\/iAmerica_Logo_Navy.png","contentUrl":"https:\/\/iamerica.org\/wp-content\/uploads\/2024\/05\/iAmerica_Logo_Navy.png","width":2309,"height":626,"caption":"iAmerica"},"image":{"@id":"https:\/\/iamerica.org\/ru\/#\/schema\/logo\/image\/"},"sameAs":["https:\/\/www.facebook.com\/iAmericaorg\/","https:\/\/x.com\/iamericaorg","https:\/\/www.instagram.com\/iamericaorg"]}]}},"_links":{"self":[{"href":"https:\/\/iamerica.org\/nl\/wp-json\/wp\/v2\/pages\/2784","targetHints":{"allow":["GET"]}}],"collection":[{"href":"https:\/\/iamerica.org\/nl\/wp-json\/wp\/v2\/pages"}],"about":[{"href":"https:\/\/iamerica.org\/nl\/wp-json\/wp\/v2\/types\/page"}],"author":[{"embeddable":true,"href":"https:\/\/iamerica.org\/nl\/wp-json\/wp\/v2\/users\/5"}],"replies":[{"embeddable":true,"href":"https:\/\/iamerica.org\/nl\/wp-json\/wp\/v2\/comments?post=2784"}],"version-history":[{"count":0,"href":"https:\/\/iamerica.org\/nl\/wp-json\/wp\/v2\/pages\/2784\/revisions"}],"wp:attachment":[{"href":"https:\/\/iamerica.org\/nl\/wp-json\/wp\/v2\/media?parent=2784"}],"curies":[{"name":"wp","href":"https:\/\/api.w.org\/{rel}","templated":true}]}}