{"id":2671,"date":"2024-10-04T14:57:22","date_gmt":"2024-10-04T18:57:22","guid":{"rendered":"https:\/\/iamerica.org\/?page_id=2671"},"modified":"2024-10-08T15:20:31","modified_gmt":"2024-10-08T19:20:31","slug":"la-verdad-sobre-la-inmigracion","status":"publish","type":"page","link":"https:\/\/iamerica.org\/pl\/la-verdad-sobre-la-inmigracion\/","title":{"rendered":"Prawda o imigracji"},"content":{"rendered":"<link rel=\"stylesheet\" href=\"https:\/\/cdnjs.cloudflare.com\/ajax\/libs\/bootstrap\/5.0.2\/css\/bootstrap.min.css\"><script src=\"https:\/\/cdnjs.cloudflare.com\/ajax\/libs\/jquery\/3.6.3\/jquery.min.js\"><\/script><script src=\"https:\/\/cdnjs.cloudflare.com\/ajax\/libs\/bootstrap\/5.2.3\/js\/bootstrap.min.js\"><\/script>\n\n<meta name=\"twitter:card\" content=\"summary_large_image\" \/>\n\n<style> \n\n.hide {display:none;} \n\n\n.compare .one,\n.compare-esp .one-esp,\n.compare .two,\n.compare-esp .two-esp,\n.compare-2 .second-slide-one,\n.compare-2-esp .second-slide-one-esp,\n.compare-2 .second-slide-two,\n.compare-2-esp .second-slide-two-esp,\n.compare-3 .third-slide-one,\n.compare-3-esp .third-slide-one-esp, \n.compare-3 .third-slide-two,\n.compare-3-esp .third-slide-two-esp,\n.compare-4 .fourth-slide-one,\n.compare-4-esp .fourth-slide-one-esp,\n.compare-4 .fourth-slide-two,\n.compare-4-esp .fourth-slide-two-esp,\n.compare-5 .fifth-slide-one,\n.compare-5-esp .fifth-slide-one-esp,\n.compare-5 .fifth-slide-two,\n.compare-5-esp .fifth-slide-two-esp,\n.compare-6 .sixth-slide-one,\n.compare-6-esp .sixth-slide-one-esp,\n.compare-6 .sixth-slide-two,\n.compare-6-esp .sixth-slide-two-esp {\n  height: 100%;\n  width: 100%;\n  background-size: auto 100%;\n  z-index: 1;\n}\n\n.compare .one,\n.compare-esp .one-esp,\n.compare-2 .second-slide-one,\n.compare-2-esp .second-slide-one-esp,\n.compare-3 .third-slide-one,\n.compare-3-esp .third-slide-one-esp,\n.compare-4 .fourth-slide-one,\n.compare-4-esp .fourth-slide-one-esp,\n.compare-5 .fifth-slide-one,\n.compare-5-esp .fifth-slide-one-esp,\n.compare-6 .sixth-slide-one,\n.compare-6-esp .sixth-slide-one-esp {\n  width: 75%;\n  z-index: 2;\n  border-right: 12px solid #EF3742;\n}\n<\/style>\n\n\n\n  <div class=\"container\" style=\"width: 100%; max-width: 800px;\">\n                        <div class=\"row\">\n                            <div class=\"col p-3\">\n                                <p class=\"lead\">La <span class=\"border border-dark-subtle p-1 rounded lh-base\">VERDAD<\/span> sobre la inmigraci\u00f3n y las <span class=\"fw-bold bg-warning p-1 pe-2 rounded fst-italic\">MENTIRAS de MAGA<\/span> kt\u00f3re zalewaj\u0105 ich portale spo\u0142eczno\u015bciowe z\u0142o\u015bci\u0105 i niepokojem. B\u0105d\u017a na bie\u017c\u0105co i poznaj te wydarzenia.<\/p>\n                            <\/div>\n                        <\/div><!-- end title row -->\n  \n    <!-- begin 1 -->\n    <div class=\"row\">\n      <div class=\"col\">\n        <h2 class=\"h4 fst-italic fw-bold lie\">VERDAD #1 <span class=\"text-muted fs-6\"><span class=\"d-none d-md-inline\">Przesu\u0144 kursor na<\/span> <span class=\"d-md-none\">Toque<\/span> obraz, aby ujawni\u0107 mentur\u0119 MAGA.<\/span><\/h2>\n  \n        <div class=\"compare-esp ratio ratio-16x9 d-none d-md-block\">\n          <div class=\"one-esp\" style=\"background-image:url('https:\/\/iamerica.org\/wp-content\/uploads\/2024\/09\/Truth1esp.jpg');\">\n            <p class=\"visually-hidden\">VERDAD: Los inmigrantes pagan casi $100 milones en impuestos al a\u00f1o.<\/p>\n          <\/div>\n  \n          <div class=\"two-esp\" style=\"background-image:url('https:\/\/iamerica.org\/wp-content\/uploads\/2024\/09\/Lie1esp.jpg');\">\n  \n            <p class=\"visually-hidden\">MENTIRA: Los inmigrantes no pagan impuestos.<\/p>\n  \n          <\/div><!-- end two -->\n        <\/div><!-- end compare -->\n  \n      <\/div><!-- end col -->\n    <\/div><!-- end row -->\n  \n  <div class=\"row my-3\">\n    <div class=\"col\">\n        <a target=\"_blank\" href=\"https:\/\/www.facebook.com\/sharer\/sharer.php?u=https%3A\/\/iamerica.org\/the-truth-about-immigration\/\" rel=\"noopener\"> <i class=\"fa-brands fa-facebook fa-2xl me-3\"><\/i><\/a> <a target=\"_blank\" href=\"https:\/\/ctt.ec\/3D0d2\" rel=\"noopener\"><i class=\"fa-brands fa-x-twitter fa-2xl\"><\/i><\/a>\n    <\/div>\n  <\/div>\n    \n     <div class=\"ratio ratio-16x9 d-md-none\">\n        \n         <img decoding=\"async\" loading=\"lazy\" src=\"https:\/\/iamerica.org\/wp-content\/uploads\/2024\/09\/Truth1esp.jpg\" class=\"compareimg1 compareimg img-fluid\" alt=\"VERDAD: Los inmigrantes pagan casi $100 mil millones en impuestos al a\u00f1o.\" \/>\n       \n       \n          <img decoding=\"async\" loading=\"lazy\" src=\"https:\/\/iamerica.org\/wp-content\/uploads\/2024\/09\/Lie1esp.jpg\" class=\"compareimg1 compareimg img-fluid\" alt=\"MENTIRA: Los inmigrantes no pagan impuestos.\" style=\"display:none;\" \/>\n  \n        <\/div><!-- end compare -->\n     \n    \n    <div class=\"row\">\n      <div class=\"col p-3\">\n         \n      <p class=\"fs-5\">En promedio, <strong>imigranci nieposiadaj\u0105cy dokument\u00f3w wnosz\u0105 wi\u0119kszy wk\u0142ad w podatki ni\u017c konsumenci korzystaj\u0105cy z publicznych \u015bwiadcze\u0144.<\/strong> Estos <a target=\"_blank\" href=\"https:\/\/itep.org\/study-undocumented-immigrants-contribute-nearly-100-billion-in-taxes-a-year\/\" rel=\"noopener\">W 2022 r. kontrybutorzy wp\u0142acili $100 milion\u00f3w euro z podatk\u00f3w federalnych, stanowych i lokalnych.<\/a>. Sus impuestos ayudan a financiar programas de los cuales dependemos, como el Seguro Social y Medicare, programas que ellos pueden solicitar.<\/p>\n\n      <p class=\"fs-5\">Udzielenie zezwole\u0144 na prac\u0119 i zapewnienie ewentualnej drogi do obywatelstwa zwi\u0119kszy\u0142o ich wk\u0142ad fiskalny o $40,2 miliona euro rocznie, do $136,9 miliona euro.<\/p>\n        \n      <p class=\"fs-5\">Los inmigrantes pagan m\u00e1s de lo que les corresponde de impuestos, a diferencia de muchos directores ejecutivos y ciertos pol\u00edticos.<\/p>\n        \n        \n       \n      <\/div>\n    <\/div>  \n  \n  \n \n   \n  <!-- begin 2 -->\n    <div class=\"row border-top\">\n      <div class=\"col pt-5\">\n        <h2 class=\"h4 fst-italic fw-bold lie\">VERDAD #2\n  \n          <span class=\"text-muted fs-6\"><span class=\"d-none d-md-inline\">Przesu\u0144 kursor na<\/span> <span class=\"d-md-none\">Toque<\/span> obraz, aby ujawni\u0107 mentur\u0119 MAGA.<\/span>\n        <\/h2>\n        \n        <div class=\"compare-2-esp ratio ratio-16x9 d-none d-md-block\">\n          <div class=\"second-slide-one-esp\" style=\"background-image:url('https:\/\/iamerica.org\/wp-content\/uploads\/2024\/09\/Truth2esp.jpg');\">\n            <p class=\"visually-hidden\">VERDAD: Los inmigrantes generan empleos.<\/p>\n          <\/div>\n  \n          <div class=\"second-slide-two-esp\" style=\"background-image:url('https:\/\/iamerica.org\/wp-content\/uploads\/2024\/09\/Lie2esp.jpg');\">\n          \n            <p class=\"visually-hidden\"> <strong>MENTIRA:\n                Imigranci zabieraj\u0105 nam miejsca pracy. <\/strong><\/p>\n  \n          <\/div> \n        <\/div> \n      <\/div>  \n    <\/div><!-- end row -->\n  \n  <div class=\"row my-3\">\n    <div class=\"col\">\n        <a target=\"_blank\" href=\"https:\/\/www.facebook.com\/sharer\/sharer.php?u=https%3A\/\/iamerica.org\/the-truth-about-immigration\/\" rel=\"noopener\">\n       <i class=\"fa-brands fa-facebook fa-2xl me-3\"><\/i><\/a>\n\n       <a target=\"_blank\" href=\"https:\/\/ctt.ec\/c24la\" rel=\"noopener\">\n       <i class=\"fa-brands fa-x-twitter fa-2xl\"><\/i><\/a>\n    <\/div>\n  <\/div>\n  \n    <div class=\"ratio ratio-16x9 d-md-none\">\n     \n      <img decoding=\"async\" loading=\"lazy\" src=\"https:\/\/iamerica.org\/wp-content\/uploads\/2024\/09\/Lie2esp.jpg\" class=\"compareimg2 compareimg img-fluid\" alt=\"MENTIRA: Los inmigrantes nos est\u00e1n quitando nuestros empleos.'\" style=\"display:none;\" \/>\n      \n       <img decoding=\"async\" loading=\"lazy\" src=\"https:\/\/iamerica.org\/wp-content\/uploads\/2024\/09\/Truth2esp.jpg\" class=\"compareimg2 compareimg img-fluid\" alt=\"VERDAD: Los inmigrantes generan empleos.\" \/>\n  \n    <\/div><!-- end compare -->\n  \n  \n    <div class=\"row\">\n      <div class=\"col p-3\">\n        <p class=\"fs-5\">Imigranci generuj\u0105 miejsca pracy, nie rezygnuj\u0105 z nich. Los inmigrantes generan nuevos empleos al abrir nuevos negocios, comprar casas y gastar sus ingresos en productos estadounidenses. De hecho, <a href=\"https:\/\/www.americanimmigrationcouncil.org\/research\/new-american-fortune-500-2023\" target=\"_blank\" rel=\"noopener\">45% firm z listy Fortune 500 w 2023 r. zosta\u0142o za\u0142o\u017conych przez imigrant\u00f3w lub ich dzieci.<\/a>. Estas grandes empresas estadounidenses zatrudniaj\u0105 ponad 14,8 miliona os\u00f3b na ca\u0142ym \u015bwiecie. Nie wspominaj\u0105c o innych firmach nale\u017c\u0105cych do imigrant\u00f3w, takich jak sklepy spo\u017cywcze, restauracje, startupy zajmuj\u0105ce si\u0119 zaawansowanymi technologiami i inne firmy, kt\u00f3re pobudzaj\u0105 gospodark\u0119 i tworz\u0105 nowe miejsca pracy.<\/p>\n  \n        <p class=\"fs-5\">W przeciwie\u0144stwie do retoryki MAGA, inmigracja nie powoduje utraty miejsc pracy przez pracownik\u00f3w w Stanach Zjednoczonych; \u00a1las investigaciones lo demuestran! De hecho, la inmigraci\u00f3n aumenta los salarios de todos los trabajadores, especialmente de los trabajadores afroamericanos y latinos.\n  <\/p>\n      <\/div>\n    <\/div>\n  \n    \n    \n    \n    <!-- begin 3 --> \n    <div class=\"row border-top\">\n  \n      <div class=\"col pt-5\">\n        <h2 class=\"h4 fst-italic fw-bold lie\">VERDAD #3 <span class=\"text-muted fs-6\"><span class=\"d-none d-md-inline\">Przesu\u0144 kursor na<\/span> <span class=\"d-md-none\">Toque<\/span> obraz, aby ujawni\u0107 mentur\u0119 MAGA.<\/span>\n        <\/h2>\n        <div class=\"compare-3-esp ratio ratio-16x9 d-none d-md-block\">\n  \n          <div class=\"third-slide-one-esp\" style=\"background-image:url('https:\/\/iamerica.org\/wp-content\/uploads\/2024\/10\/truth3esp.jpg');\">\n            <p class=\"visually-hidden\">VERDAD: Imigranci przybywaj\u0105 do USA z ch\u0119ci\u0105 podj\u0119cia pracy i zbudowania lepszej przysz\u0142o\u015bci dla swoich rodzin.\n              <\/p>\n  \n          <\/div>\n  \n          <div class=\"third-slide-two-esp\" style=\"background-image:url('https:\/\/iamerica.org\/wp-content\/uploads\/2024\/10\/lie3esp.jpg');\">\n           \n  \n            <p class=\"visually-hidden\"> <strong>MENTIRA: Imigranci handluj\u0105 przest\u0119pstwami w USA.<\/strong><\/p>\n  \n          <\/div> \n  \n        <\/div> \n      <\/div> \n    <\/div>\n  \n  <div class=\"row my-3\">\n    <div class=\"col\">\n            <a target=\"_blank\" href=\"\/\/www.facebook.com\/sharer\/sharer.php?u=https%3A\/\/iamerica.org\/the-truth-about-immigration\/\" rel=\"noopener\"><i class=\"fa-brands fa-facebook fa-2xl me-3\"><\/i><\/a>\n        <a target=\"_blank\" href=\"https:\/\/ctt.ec\/8h2b8\" rel=\"noopener\"> <i class=\"fa-brands fa-x-twitter fa-2xl\"><\/i><\/a>\n    <\/div>\n  <\/div>\n  \n    <div class=\"ratio ratio-16x9 d-md-none\">\n      <img decoding=\"async\" loading=\"lazy\" src=\"https:\/\/iamerica.org\/wp-content\/uploads\/2024\/10\/truth3esp.jpg\" class=\"compareimg3 compareimg img-fluid\" alt=\"VERDAD: Los inmigrantes vienen a EE.UU. con ganas de trabajar y construir un futuro mejor para sus familias.\" \/>\n      <img decoding=\"async\" loading=\"lazy\" src=\"https:\/\/iamerica.org\/wp-content\/uploads\/2024\/10\/lie3esp.jpg\" class=\"compareimg3 compareimg img-fluid\" alt=\"MENTIRA: Los inmigrantes est\u00e1n trayendo crimen a EE.UU.\" style=\"display:none;\" \/>\n  \n    <\/div><!-- end compare -->\n  \n    <div class=\"row\">\n      <div class=\"col p-3\">\n        <p class=\"fs-5\">Los inmigrantes vienen a EE.U.U. en busca de un futuro mejor, con ganas de trabajar y de contribuir en sus comunidades. Pojawienie si\u0119 problem\u00f3w zagra\u017ca ich przysz\u0142o\u015bci i marzeniom. Mo\u017ce to by\u0107 powodem, dla kt\u00f3rego imigranci osi\u0105gaj\u0105 najwy\u017csze wska\u017aniki przest\u0119pczo\u015bci w USA. Jedno badanie po drugim pokazuje, \u017ce los <a href=\"https:\/\/www.npr.org\/2024\/03\/08\/1237103158\/immigrants-are-less-likely-to-commit-crimes-than-us-born-americans-studies-find\" target=\"_blank\" rel=\"noopener\">Nieudokumentowani imigranci nie s\u0105 bardziej sk\u0142onni do pope\u0142niania przest\u0119pstw.<\/a> Pomimo zapewnie\u0144 polityk\u00f3w MAGA, kt\u00f3rzy obwiniaj\u0105 imigrant\u00f3w za kryzys zwi\u0105zany z fentanilem, rzeczywisto\u015b\u0107 jest taka, \u017ce <a href=\"https:\/\/www.npr.org\/2023\/08\/09\/1191638114\/fentanyl-smuggling-migrants-mexico-border-drugs\" target=\"_blank\" rel=\"noopener\">Wi\u0119kszo\u015b\u0107 os\u00f3b handluj\u0105cych fentanilo to obywatele Stan\u00f3w Zjednoczonych.<\/a><\/p>\n        <p class=\"fs-5\">Akceptuj\u0105c wk\u0142ad imigrant\u00f3w i koncentruj\u0105c si\u0119 na rzeczywistych problemach, mo\u017cemy zbudowa\u0107 silniejszy, bezpieczniejszy i bardziej zjednoczony nar\u00f3d dla wszystkich obywateli. <\/p>\n      <\/div>\n  \n    <\/div>\n  \n  \n  \n   \n  \n  \n  <!-- begin 4 -->\n    <div class=\"row border-top\">\n  \n      <div class=\"col pt-5\">\n        <h2 class=\"h4 fst-italic fw-bold lie\">VERDAD #4\n          <span class=\"text-muted fs-6\"><span class=\"d-none d-md-inline\">Przesu\u0144 kursor na<\/span> <span class=\"d-md-none\">Toque<\/span> obraz, aby ujawni\u0107 mentur\u0119 MAGA.<\/span>\n            \n          <\/h2>\n  \n  \n        <div class=\"compare-4-esp ratio ratio-16x9 d-none d-md-block\">\n  \n          <div class=\"fourth-slide-one-esp\" style=\"background-image:url('https:\/\/iamerica.org\/wp-content\/uploads\/2024\/10\/truth4esp.jpg');\">\n            <p class=\"visually-hidden\">WRA\u017bENIE: Integralna reforma migracyjna, kt\u00f3ra znosi powody, dla kt\u00f3rych osoby s\u0105 zobowi\u0105zane do opuszczenia kraju pochodzenia i kt\u00f3ra zapewnia legalne drogi, jest niezb\u0119dna do skutecznego radzenia sobie z trudno\u015bciami na naszej granicy. <\/p>\n  \n          <\/div>\n  \n          <div class=\"fourth-slide-two-esp\" style=\"background-image:url('https:\/\/iamerica.org\/wp-content\/uploads\/2024\/10\/lie4esp.jpg');\">\n         \n  \n            <p class=\"visually-hidden\">MENTIRA: \u015acis\u0142e stosowanie prawa i bezpiecze\u0144stwo na granicach to wszystko, czego potrzebujemy, aby powstrzyma\u0107 nielegaln\u0105 imigracj\u0119. <\/p>\n  \n          <\/div>\n  \n        <\/div> \n      <\/div> \n    <\/div>\n  \n  \n  \n  <div class=\"row my-3\">\n    <div class=\"col\">\n        <a target=\"_blank\" href=\"https:\/\/www.facebook.com\/sharer\/sharer.php?u=https%3A\/\/iamerica.org\/the-truth-about-immigration\/\" rel=\"noopener\">\n       <i class=\"fa-brands fa-facebook fa-2xl me-3\"><\/i><\/a>\n        <a target=\"_blank\" href=\"https:\/\/ctt.ec\/K1w03\" rel=\"noopener\">\n       <i class=\"fa-brands fa-x-twitter fa-2xl\"><\/i><\/a>\n    <\/div>\n  <\/div>\n\n  \n    <div class=\"ratio ratio-16x9 d-md-none\">\n      <img decoding=\"async\" loading=\"lazy\" src=\"https:\/\/iamerica.org\/wp-content\/uploads\/2024\/10\/truth4esp.jpg\" class=\"compareimg4 compareimg img-fluid\" alt=\"VERDAD: Una reforma migratoria integral que aborde las razones por las cuales las personas se ven obligadas a dejar sus pa\u00edses de origen y que proporcione v\u00edas legales es esencial para manejar eficazmente los desaf\u00edos en nuestra frontera.\" \/>\n      <img decoding=\"async\" loading=\"lazy\" src=\"https:\/\/iamerica.org\/wp-content\/uploads\/2024\/10\/lie4esp.jpg\" class=\"compareimg4 compareimg img-fluid\" alt=\"MENTIRA: La estricta aplicaci\u00f3n de la ley y la seguridad fronteriza son todo lo que necesitamos para detener la inmigraci\u00f3n ilegal.\" style=\"display:none;\" \/>\n  \n    <\/div><!-- end compare -->\n  \n  \n    <div class=\"row\">\n      <div class=\"col p-3\">\n        <p class=\"fs-5\">Wszyscy pragniemy stawi\u0107 czo\u0142a kryzysowi humanitarnemu na naszych granicach, jednak bezrobocie i podej\u015bcie oparte wy\u0142\u0105cznie na stosowaniu prawa nara\u017caj\u0105 \u017cycie na niebezpiecze\u0144stwo i poch\u0142aniaj\u0105 miliony dolar\u00f3w wp\u0142acaj\u0105cych. Este costo ni siquiera comienza a contabilizar la devastaci\u00f3n resultante para las comunidades, las peque\u00f1as empresas, las econom\u00edas locales o la separaci\u00f3n de familias estadounidenses.  <\/p>\n        <p class=\"fs-5\">Osoby, kt\u00f3re przybywaj\u0105 na nasze granice, to matki, ojcowie i rodziny, kt\u00f3re szukaj\u0105 bezpiecze\u0144stwa i uciekaj\u0105 przed sytuacjami, kt\u00f3re zagra\u017caj\u0105 ich \u017cyciu. Musz\u0105 mie\u0107 sprawiedliw\u0105 mo\u017cliwo\u015b\u0107 ubiegania si\u0119 o pomoc, poniewa\u017c jest to ich prawo. <\/p>\n        <p class=\"fs-5\">Dlatego te\u017c realne rozwi\u0105zania obejmuj\u0105 odpowiednie wyposa\u017cenie biur azylowych i s\u0105d\u00f3w imigracyjnych w personel, aby wnioski mog\u0142y by\u0107 przetwarzane w spos\u00f3b bardziej efektywny, oraz szybkie wydawanie pozwole\u0144 na prac\u0119 osobom uprawnionym, aby mog\u0142y szybciej pracowa\u0107 i by\u0107 samowystarczalne. Realne rozwi\u0105zania obejmuj\u0105 r\u00f3wnie\u017c drog\u0119 do obywatelstwa dla milion\u00f3w os\u00f3b, kt\u00f3re mieszkaj\u0105 tu od dziesi\u0119cioleci, zak\u0142adaj\u0105c rodziny w Estonii i przyczyniaj\u0105c si\u0119 do rozwoju gospodarki.<\/p>\n        <p class=\"fs-5\">Aktualizacje naszego przestarza\u0142ego systemu imigracyjnego musz\u0105 by\u0107 ludzkie, uporz\u0105dkowane i traktowa\u0107 wszystkich z godno\u015bci\u0105.<\/p>\n      <\/div>\n    <\/div> \n  \n    \n  \n  \n  \n  \n  \n  \n    <!-- begin 5 -->\n    <div class=\"row border-top\">\n      <div class=\"col pt-5\">\n        <h2 class=\"h4 fst-italic fw-bold lie\">VERDAD #5\n          <span class=\"text-muted fs-6\"><span class=\"d-none d-md-inline\">Przesu\u0144 kursor na<\/span> <span class=\"d-md-none\">Toque<\/span> obraz, aby ujawni\u0107 mentur\u0119 MAGA.<\/span><\/h2>\n        <div class=\"compare-5-esp ratio ratio-16x9 d-none d-md-block\">\n  \n          <div class=\"fifth-slide-one-esp\" style=\"background-image:url('https:\/\/iamerica.org\/wp-content\/uploads\/2024\/10\/truth5esp.jpg');\">\n            <p class=\"visually-hidden\">WERYFIKACJA: Dla wi\u0119kszo\u015bci imigrant\u00f3w w USA nie istnieje mo\u017cliwo\u015b\u0107 ubiegania si\u0119 o obywatelstwo.<\/p>\n          <\/div>\n  \n          <div class=\"fifth-slide-two-esp\" style=\"background-image:url('https:\/\/iamerica.org\/wp-content\/uploads\/2024\/10\/lie5esp.jpg');\">\n  \n            <p class=\"visually-hidden\">MENTIRA: Wejd\u017a tutaj \"w prawid\u0142owy spos\u00f3b\" i \"upewnij si\u0119, \u017ce Twoja kolej w pliku<\/p>\n  \n          <\/div>\n  \n        <\/div> \n      <\/div> \n    <\/div> \n  \n  <div class=\"row my-3\">\n    <div class=\"col\">\n\n    <a target=\"_blank\" href=\"https:\/\/www.facebook.com\/sharer\/sharer.php?u=https%3A\/\/iamerica.org\/the-truth-about-immigration\/\" rel=\"noopener\">   <i class=\"fa-brands fa-facebook fa-2xl me-3\"><\/i><\/a> <a target=\"_blank\" href=\"https:\/\/ctt.ec\/De28N\" rel=\"noopener\"><i class=\"fa-brands fa-x-twitter fa-2xl\"><\/i><\/a>\n    <\/div>\n  <\/div>\n  \n  \n    <div class=\"ratio ratio-16x9 d-md-none\">\n      <img decoding=\"async\" loading=\"lazy\" src=\"https:\/\/iamerica.org\/wp-content\/uploads\/2024\/10\/truth5esp.jpg\" class=\"compareimg5 compareimg img-fluid\" alt=\"VERDAD: Para la gran mayor\u00eda de los inmigrantes en EE.UU., no existe una 'fila' disponible para solicitar la ciudadan\u00eda.\" \/>\n      <img decoding=\"async\" loading=\"lazy\" src=\"https:\/\/iamerica.org\/wp-content\/uploads\/2024\/10\/lie5esp.jpg\" class=\"compareimg5 compareimg img-fluid\" alt=\"MENTIRA: Venga aqu\u00ed 'de la manera correcta' y 'espere su turno en la fila'.\"  style=\"display:none;\" \/>\n  \n    <\/div><!-- end compare -->\n    <div class=\"row\">\n      <div class=\"col p-3\">\n        <p class=\"fs-5\">Dla wi\u0119kszo\u015bci imigrant\u00f3w, kt\u00f3rzy sp\u0119dzaj\u0105 du\u017co czasu na osiedleniu si\u0119 w USA, nie istnieje \"fila\" umo\u017cliwiaj\u0105ca ubieganie si\u0119 o obywatelstwo, mimo \u017ce wi\u0119kszo\u015b\u0107 z nich mieszka tu od ponad dekady, ci\u0119\u017cko pracuj\u0105c, p\u0142ac\u0105c podatki i przyczyniaj\u0105c si\u0119 do rozwoju naszych spo\u0142eczno\u015bci i gospodarki USA. <\/p>\n  \n  <p class=\"fs-5\">Sin embargo, para las personas que quieren reunirse con su familia en EE.UU. y esperar en la llamada \"fila\", los atrasos en USCIS hacen que las personas esperen d\u00e9cadas, o en algunos casos, m\u00e1s de una vida. Niestety, wiele os\u00f3b zmar\u0142o przed mo\u017cliwo\u015bci\u0105 ponownego po\u0142\u0105czenia si\u0119 z bliskimi w USA.\n  <\/p>\n  \n  <p class=\"fs-5\">Bez dzia\u0142a\u0144 Kongresu, wiele os\u00f3b mog\u0142oby \u017cy\u0107 przez ca\u0142e swoje \u017cycie w EE.U.U. bez mo\u017cliwo\u015bci przekszta\u0142cenia si\u0119 w obywateli Estadounidenses.   <\/p>\n      <\/div>\n    <\/div>\n  \n  \n  \n  \n  \n  \n  \n  \n  \n  \n  \n  \n      <!-- begin 6 -->\n     <div class=\"row border-top\">\n      <div class=\"col pt-5\">\n        <h2 class=\"h4 fst-italic fw-bold lie\">VERDAD #6\n        <span class=\"text-muted fs-6\"><span class=\"d-none d-md-inline\">Przesu\u0144 kursor na<\/span> <span class=\"d-md-none\">Toque<\/span> obraz, aby ujawni\u0107 mentur\u0119 MAGA.<\/span>  \n        <\/h2>\n        <div class=\"compare-6-esp ratio ratio-16x9 d-none d-md-block\">\n  \n          <div class=\"sixth-slide-one-esp\" style=\"background-image:url('https:\/\/iamerica.org\/wp-content\/uploads\/2024\/10\/truth6esp.jpg');\">\n            <p class=\"visually-hidden\">VERDAD: Istniej\u0105 przepisy, kt\u00f3re sprawiaj\u0105, \u017ce osoby nieb\u0119d\u0105ce obywatelami g\u0142osuj\u0105 w wyborach federalnych w UE. Wym\u00f3g sprawdzenia obywatelstwa w celu rejestracji wyborc\u00f3w spowoduje, \u017ce wielu wyborc\u00f3w - obywatele Estonii - utraci prawo do g\u0142osowania.<\/p>\n          <\/div>\n  \n          <div class=\"sixth-slide-two-esp\" style=\"background-image:url('https:\/\/iamerica.org\/wp-content\/uploads\/2024\/10\/lie6esp.jpg');\">\n          <p class=\"visually-hidden\">MENTIRA: Osoby nieb\u0119d\u0105ce obywatelami g\u0142osuj\u0105 liczniej w wyborach federalnych w UE.<\/p>\n          <\/div>\n  \n        <\/div> \n      <\/div> \n    <\/div> \n  \n  <div class=\"row my-3\">\n    <div class=\"col\"><!--  -->\n        <a target=\"_blank\" href=\"https:\/\/www.facebook.com\/sharer\/sharer.php?u=https%3A\/\/iamerica.org\/the-truth-about-immigration\/\" rel=\"noopener\"><i class=\"fa-brands fa-facebook fa-2xl me-3\"><\/i><\/a> <a target=\"_blank\" href=\"https:\/\/ctt.ec\/Gfe3b\" rel=\"noopener\"> <i class=\"fa-brands fa-x-twitter fa-2xl\"><\/i><\/a>\n    <\/div>\n  <\/div>\n  \n    <div class=\"ratio ratio-16x9 d-md-none\">\n      <img decoding=\"async\" loading=\"lazy\" src=\"https:\/\/iamerica.org\/wp-content\/uploads\/2024\/10\/truth6esp.jpg\" class=\"compareimg6 compareimg img-fluid\" alt=\"VERDAD: Existen leyes que hacen ilegal que aquellos que no son ciudadanos voten en las elecciones federales de EE.UU. Requerir prueba de ciudadan\u00eda para el registro de votantes evitar\u00eda que muchos votantes elegibles\u2014ciudadanos estadounidenses\u2014ejercieran su derecho al voto. \" \/>\n      <img decoding=\"async\" loading=\"lazy\" src=\"https:\/\/iamerica.org\/wp-content\/uploads\/2024\/10\/lie6esp.jpg\" class=\"compareimg6 compareimg img-fluid\" alt=\"MENTIRA: Aquellos que no son ciudadanos est\u00e1n votando en n\u00fameros  grandes en las elecciones federales de EE.UU.\" style=\"display:none;\" \/>\n  \n    <\/div><!-- end compare -->\n  \n  \n  \n    <div class=\"row\">\n      <div class=\"col p-3\">\n\n        <p class=\"fs-5\">Istniej\u0105 przepisy, kt\u00f3re sprawiaj\u0105, \u017ce osoby nieb\u0119d\u0105ce obywatelami g\u0142osuj\u0105 w wyborach federalnych w UE. Co wi\u0119cej, nie ma prawdziwych dowod\u00f3w, kt\u00f3re potwierdza\u0142yby retoryk\u0119 MAGA, \u017ce g\u0142osuje du\u017ca liczba os\u00f3b, kt\u00f3re nie s\u0105 obywatelami. Funcionarios electorales pracuj\u0105 przez ca\u0142y rok, aby zagwarantowa\u0107 integralno\u015b\u0107 i bezpiecze\u0144stwo naszych wybor\u00f3w. Starania prowadzone przez republikan\u00f3w, aby wymaga\u0107 sprawdzenia obywatelstwa przy rejestracji do g\u0142osowania, w rzeczywisto\u015bci uniemo\u017cliwi\u0142y wielu obywatelom Estonii - wyborcom elektoratu - skorzystanie z prawa do g\u0142osowania.<\/p>\n        <p class=\"fs-5\">De hecho, los ciudadanos estadounidenses de color se ver\u00edan m\u00e1s afectados por estos requisitos. Badania wykaza\u0142y, \u017ce kolorowi wyborcy maj\u0105 wi\u0119ksze prawdopodobie\u0144stwo nieposiadania lub niemo\u017cno\u015bci uzyskania szybkiego dost\u0119pu do dokument\u00f3w obywatelskich ni\u017c czarni wyborcy. Piense en los estadounidenses mayores y los estadounidenses afroamericanos, especialmente en el sur, que tienen m\u00e1s probabilidades de haber nacimiento fuera de un hospital y pueden no haber recibido autom\u00e1ticamente un certificado de nacimiento.<\/p>\n        <p class=\"fs-5\">Dlaczego wi\u0119c tak wielu republikan\u00f3w promuje te fa\u0142szywe stwierdzenia? Przygotowuj\u0105 grunt pod oszustwo wyborcze, gdy wybory nie b\u0119d\u0105 dla nich korzystne. Widzieli\u015bmy to 6 stycznia, kiedy fa\u0142szywe potwierdzenia zrabowanych wybor\u00f3w doprowadzi\u0142y do zamachu na Kapitol i nasz\u0105 demokracj\u0119.<\/p>\n        <p class=\"fs-5\">Wymaganie za\u015bwiadczenia o obywatelstwie przy rejestracji do g\u0142osowania nie ma na celu utrudniania obywatelom Estonii korzystania z prawa do g\u0142osowania. Powinni\u015bmy u\u0142atwia\u0107, a nie utrudnia\u0107 wyborcom oddanie g\u0142osu i sprawi\u0107, by ich g\u0142os zosta\u0142 wys\u0142uchany.<\/p>  \n      <\/div>\n    <\/div>\n\n\n\n \n  \n  <\/div><!-- end spanish container --> \n  \n\n\n\n\n<script>\n\n            $(\".compare, .compare-2, .compare-3, .compare-4, .compare-5, .compare-6\"\n            ).mousemove(function (e) {\n                var $div = $(\".compare, .compare-2, .compare-3, .compare-4, .compare-5, .compare-6\");\n                var $totalWidth = $(\".compare, .compare-2, .compare-3, .compare-4, .compare-5, .compare-6\").width();\n                var $left = e.pageX - $div.offset().left;\n                \/\/ console.log($left \/ $totalWidth);\n                $(\".one, .second-slide-one, .third-slide-one, .fourth-slide-one, .fifth-slide-one, .sixth-slide-one\"\n                ).css(\"width\", ($left \/ $totalWidth) * 100 + \"%\");\n            });\n\n\n            $(\".compare-esp, .compare-2-esp, .compare-3-esp, .compare-4-esp, .compare-5-esp, .compare-6-esp\"\n            ).mousemove(function (e) {\n                var $div = $(\".compare-esp, .compare-2-esp, .compare-3-esp, .compare-4-esp, .compare-5-esp, .compare-6-esp\");\n                var $totalWidth = $(\".compare-esp, .compare-2-esp, .compare-3-esp, .compare-4-esp, .compare-5-esp, .compare-6-esp\").width();\n                var $left = e.pageX - $div.offset().left;\n                \/\/ console.log($left \/ $totalWidth);\n                $(\".one-esp, .second-slide-one-esp, .third-slide-one-esp, .fourth-slide-one-esp, .fifth-slide-one-esp, .sixth-slide-one-esp\"\n                ).css(\"width\", ($left \/ $totalWidth) * 100 + \"%\");\n            });\n\n            \/\/toggle on mobile \n          \n\n                $(\"img.compareimg1\").click(function () { \n                    $(\"img.compareimg1\").toggle();\n                });\n                $(\"img.compareimg2\").click(function () { \n                    $(\"img.compareimg2\").toggle();\n                });\n\n                $(\"img.compareimg3\").click(function () { \n                    $(\"img.compareimg3\").toggle();\n                });\n\n                $(\"img.compareimg4\").click(function () { \n                    $(\"img.compareimg4\").toggle();\n                });\n\n                $(\"img.compareimg5\").click(function () { \n                    $(\"img.compareimg5\").toggle();\n                });\n\n                $(\"img.compareimg6\").click(function () { \n                    $(\"img.compareimg6\").toggle();\n                });\n \n\n<\/script>","protected":false},"excerpt":{"rendered":"<p>La VERDAD sobre la inmigraci\u00f3n y las MENTIRAS de MAGA que inundar\u00e1n sus redes sociales con odio y alarmismo. Mant\u00e9ngase informado y conozca los hechos. VERDAD #1 Pase el cursor sobre Toque la imagen para revelar la mentira de MAGA. VERDAD: Los inmigrantes pagan casi $100 mil millones en impuestos al a\u00f1o. MENTIRA: Los inmigrantes [&hellip;]<\/p>\n","protected":false},"author":4,"featured_media":2692,"parent":0,"menu_order":0,"comment_status":"closed","ping_status":"closed","template":"elementor_header_footer","meta":{"footnotes":"","_links_to":"","_links_to_target":""},"class_list":["post-2671","page","type-page","status-publish","has-post-thumbnail","hentry"],"yoast_head":"<!-- This site is optimized with the Yoast SEO plugin v27.3 - https:\/\/yoast.com\/product\/yoast-seo-wordpress\/ -->\n<title>La verdad sobre la inmigraci\u00f3n - iAmerica<\/title>\n<meta name=\"description\" content=\"The TRUTH about immigration and the MAGA LIES that will flood your timeline with hate and fear-mongering. Stay informed and know the facts.\" \/>\n<meta name=\"robots\" content=\"index, follow, max-snippet:-1, max-image-preview:large, max-video-preview:-1\" \/>\n<link rel=\"canonical\" href=\"https:\/\/iamerica.org\/pl\/la-verdad-sobre-la-inmigracion\/\" \/>\n<meta property=\"og:locale\" content=\"pl_PL\" \/>\n<meta property=\"og:type\" content=\"article\" \/>\n<meta property=\"og:title\" content=\"La verdad sobre la inmigraci\u00f3n - iAmerica\" \/>\n<meta property=\"og:description\" content=\"The TRUTH about immigration and the MAGA LIES that will flood your timeline with hate and fear-mongering. Stay informed and know the facts.\" \/>\n<meta property=\"og:url\" content=\"https:\/\/iamerica.org\/pl\/la-verdad-sobre-la-inmigracion\/\" \/>\n<meta property=\"og:site_name\" content=\"iAmerica\" \/>\n<meta property=\"article:publisher\" content=\"https:\/\/www.facebook.com\/iAmericaorg\/\" \/>\n<meta property=\"article:modified_time\" content=\"2024-10-08T19:20:31+00:00\" \/>\n<meta property=\"og:image\" content=\"https:\/\/iamerica.org\/wp-content\/uploads\/2024\/10\/FB-preview-2-fb-esp.png\" \/>\n\t<meta property=\"og:image:width\" content=\"1200\" \/>\n\t<meta property=\"og:image:height\" content=\"630\" \/>\n\t<meta property=\"og:image:type\" content=\"image\/png\" \/>\n<meta name=\"twitter:card\" content=\"summary_large_image\" \/>\n<meta name=\"twitter:site\" content=\"@iamericaorg\" \/>\n<meta name=\"twitter:label1\" content=\"Szacowany czas czytania\" \/>\n\t<meta name=\"twitter:data1\" content=\"1 minuta\" \/>\n<script type=\"application\/ld+json\" class=\"yoast-schema-graph\">{\"@context\":\"https:\\\/\\\/schema.org\",\"@graph\":[{\"@type\":\"WebPage\",\"@id\":\"https:\\\/\\\/iamerica.org\\\/la-verdad-sobre-la-inmigracion\\\/\",\"url\":\"https:\\\/\\\/iamerica.org\\\/la-verdad-sobre-la-inmigracion\\\/\",\"name\":\"La verdad sobre la inmigraci\u00f3n - iAmerica\",\"isPartOf\":{\"@id\":\"https:\\\/\\\/iamerica.org\\\/ru\\\/#website\"},\"primaryImageOfPage\":{\"@id\":\"https:\\\/\\\/iamerica.org\\\/la-verdad-sobre-la-inmigracion\\\/#primaryimage\"},\"image\":{\"@id\":\"https:\\\/\\\/iamerica.org\\\/la-verdad-sobre-la-inmigracion\\\/#primaryimage\"},\"thumbnailUrl\":\"https:\\\/\\\/iamerica.org\\\/wp-content\\\/uploads\\\/2024\\\/10\\\/FB-preview-2-fb-esp.png\",\"datePublished\":\"2024-10-04T18:57:22+00:00\",\"dateModified\":\"2024-10-08T19:20:31+00:00\",\"description\":\"The TRUTH about immigration and the MAGA LIES that will flood your timeline with hate and fear-mongering. Stay informed and know the facts.\",\"breadcrumb\":{\"@id\":\"https:\\\/\\\/iamerica.org\\\/la-verdad-sobre-la-inmigracion\\\/#breadcrumb\"},\"inLanguage\":\"pl-PL\",\"potentialAction\":[{\"@type\":\"ReadAction\",\"target\":[\"https:\\\/\\\/iamerica.org\\\/la-verdad-sobre-la-inmigracion\\\/\"]}]},{\"@type\":\"ImageObject\",\"inLanguage\":\"pl-PL\",\"@id\":\"https:\\\/\\\/iamerica.org\\\/la-verdad-sobre-la-inmigracion\\\/#primaryimage\",\"url\":\"https:\\\/\\\/iamerica.org\\\/wp-content\\\/uploads\\\/2024\\\/10\\\/FB-preview-2-fb-esp.png\",\"contentUrl\":\"https:\\\/\\\/iamerica.org\\\/wp-content\\\/uploads\\\/2024\\\/10\\\/FB-preview-2-fb-esp.png\",\"width\":1200,\"height\":630},{\"@type\":\"BreadcrumbList\",\"@id\":\"https:\\\/\\\/iamerica.org\\\/la-verdad-sobre-la-inmigracion\\\/#breadcrumb\",\"itemListElement\":[{\"@type\":\"ListItem\",\"position\":1,\"name\":\"Home\",\"item\":\"https:\\\/\\\/iamerica.org\\\/\"},{\"@type\":\"ListItem\",\"position\":2,\"name\":\"La verdad sobre la inmigraci\u00f3n\"}]},{\"@type\":\"WebSite\",\"@id\":\"https:\\\/\\\/iamerica.org\\\/ru\\\/#website\",\"url\":\"https:\\\/\\\/iamerica.org\\\/ru\\\/\",\"name\":\"iAmerica\",\"description\":\"\",\"publisher\":{\"@id\":\"https:\\\/\\\/iamerica.org\\\/ru\\\/#organization\"},\"potentialAction\":[{\"@type\":\"SearchAction\",\"target\":{\"@type\":\"EntryPoint\",\"urlTemplate\":\"https:\\\/\\\/iamerica.org\\\/ru\\\/?s={search_term_string}\"},\"query-input\":{\"@type\":\"PropertyValueSpecification\",\"valueRequired\":true,\"valueName\":\"search_term_string\"}}],\"inLanguage\":\"pl-PL\"},{\"@type\":\"Organization\",\"@id\":\"https:\\\/\\\/iamerica.org\\\/ru\\\/#organization\",\"name\":\"iAmerica\",\"url\":\"https:\\\/\\\/iamerica.org\\\/ru\\\/\",\"logo\":{\"@type\":\"ImageObject\",\"inLanguage\":\"pl-PL\",\"@id\":\"https:\\\/\\\/iamerica.org\\\/ru\\\/#\\\/schema\\\/logo\\\/image\\\/\",\"url\":\"https:\\\/\\\/iamerica.org\\\/wp-content\\\/uploads\\\/2024\\\/05\\\/iAmerica_Logo_Navy.png\",\"contentUrl\":\"https:\\\/\\\/iamerica.org\\\/wp-content\\\/uploads\\\/2024\\\/05\\\/iAmerica_Logo_Navy.png\",\"width\":2309,\"height\":626,\"caption\":\"iAmerica\"},\"image\":{\"@id\":\"https:\\\/\\\/iamerica.org\\\/ru\\\/#\\\/schema\\\/logo\\\/image\\\/\"},\"sameAs\":[\"https:\\\/\\\/www.facebook.com\\\/iAmericaorg\\\/\",\"https:\\\/\\\/x.com\\\/iamericaorg\",\"https:\\\/\\\/www.instagram.com\\\/iamericaorg\"]}]}<\/script>\n<!-- \/ Yoast SEO plugin. -->","yoast_head_json":{"title":"Prawda o imigracji - iAmerica","description":"PRAWDA o imigracji i k\u0142amstwach MAGA, kt\u00f3re zalej\u0105 Twoj\u0105 o\u015b czasu nienawi\u015bci\u0105 i podsycaniem strachu. B\u0105d\u017a na bie\u017c\u0105co i poznaj fakty.","robots":{"index":"index","follow":"follow","max-snippet":"max-snippet:-1","max-image-preview":"max-image-preview:large","max-video-preview":"max-video-preview:-1"},"canonical":"https:\/\/iamerica.org\/pl\/la-verdad-sobre-la-inmigracion\/","og_locale":"pl_PL","og_type":"article","og_title":"La verdad sobre la inmigraci\u00f3n - iAmerica","og_description":"The TRUTH about immigration and the MAGA LIES that will flood your timeline with hate and fear-mongering. Stay informed and know the facts.","og_url":"https:\/\/iamerica.org\/pl\/la-verdad-sobre-la-inmigracion\/","og_site_name":"iAmerica","article_publisher":"https:\/\/www.facebook.com\/iAmericaorg\/","article_modified_time":"2024-10-08T19:20:31+00:00","og_image":[{"width":1200,"height":630,"url":"https:\/\/iamerica.org\/wp-content\/uploads\/2024\/10\/FB-preview-2-fb-esp.png","type":"image\/png"}],"twitter_card":"summary_large_image","twitter_site":"@iamericaorg","twitter_misc":{"Szacowany czas czytania":"1 minuta"},"schema":{"@context":"https:\/\/schema.org","@graph":[{"@type":"WebPage","@id":"https:\/\/iamerica.org\/la-verdad-sobre-la-inmigracion\/","url":"https:\/\/iamerica.org\/la-verdad-sobre-la-inmigracion\/","name":"Prawda o imigracji - iAmerica","isPartOf":{"@id":"https:\/\/iamerica.org\/ru\/#website"},"primaryImageOfPage":{"@id":"https:\/\/iamerica.org\/la-verdad-sobre-la-inmigracion\/#primaryimage"},"image":{"@id":"https:\/\/iamerica.org\/la-verdad-sobre-la-inmigracion\/#primaryimage"},"thumbnailUrl":"https:\/\/iamerica.org\/wp-content\/uploads\/2024\/10\/FB-preview-2-fb-esp.png","datePublished":"2024-10-04T18:57:22+00:00","dateModified":"2024-10-08T19:20:31+00:00","description":"PRAWDA o imigracji i k\u0142amstwach MAGA, kt\u00f3re zalej\u0105 Twoj\u0105 o\u015b czasu nienawi\u015bci\u0105 i podsycaniem strachu. B\u0105d\u017a na bie\u017c\u0105co i poznaj fakty.","breadcrumb":{"@id":"https:\/\/iamerica.org\/la-verdad-sobre-la-inmigracion\/#breadcrumb"},"inLanguage":"pl-PL","potentialAction":[{"@type":"ReadAction","target":["https:\/\/iamerica.org\/la-verdad-sobre-la-inmigracion\/"]}]},{"@type":"ImageObject","inLanguage":"pl-PL","@id":"https:\/\/iamerica.org\/la-verdad-sobre-la-inmigracion\/#primaryimage","url":"https:\/\/iamerica.org\/wp-content\/uploads\/2024\/10\/FB-preview-2-fb-esp.png","contentUrl":"https:\/\/iamerica.org\/wp-content\/uploads\/2024\/10\/FB-preview-2-fb-esp.png","width":1200,"height":630},{"@type":"BreadcrumbList","@id":"https:\/\/iamerica.org\/la-verdad-sobre-la-inmigracion\/#breadcrumb","itemListElement":[{"@type":"ListItem","position":1,"name":"Home","item":"https:\/\/iamerica.org\/"},{"@type":"ListItem","position":2,"name":"La verdad sobre la inmigraci\u00f3n"}]},{"@type":"WebSite","@id":"https:\/\/iamerica.org\/ru\/#website","url":"https:\/\/iamerica.org\/ru\/","name":"iAmerica","description":"","publisher":{"@id":"https:\/\/iamerica.org\/ru\/#organization"},"potentialAction":[{"@type":"SearchAction","target":{"@type":"EntryPoint","urlTemplate":"https:\/\/iamerica.org\/ru\/?s={search_term_string}"},"query-input":{"@type":"PropertyValueSpecification","valueRequired":true,"valueName":"search_term_string"}}],"inLanguage":"pl-PL"},{"@type":"Organization","@id":"https:\/\/iamerica.org\/ru\/#organization","name":"iAmerica","url":"https:\/\/iamerica.org\/ru\/","logo":{"@type":"ImageObject","inLanguage":"pl-PL","@id":"https:\/\/iamerica.org\/ru\/#\/schema\/logo\/image\/","url":"https:\/\/iamerica.org\/wp-content\/uploads\/2024\/05\/iAmerica_Logo_Navy.png","contentUrl":"https:\/\/iamerica.org\/wp-content\/uploads\/2024\/05\/iAmerica_Logo_Navy.png","width":2309,"height":626,"caption":"iAmerica"},"image":{"@id":"https:\/\/iamerica.org\/ru\/#\/schema\/logo\/image\/"},"sameAs":["https:\/\/www.facebook.com\/iAmericaorg\/","https:\/\/x.com\/iamericaorg","https:\/\/www.instagram.com\/iamericaorg"]}]}},"_links":{"self":[{"href":"https:\/\/iamerica.org\/pl\/wp-json\/wp\/v2\/pages\/2671","targetHints":{"allow":["GET"]}}],"collection":[{"href":"https:\/\/iamerica.org\/pl\/wp-json\/wp\/v2\/pages"}],"about":[{"href":"https:\/\/iamerica.org\/pl\/wp-json\/wp\/v2\/types\/page"}],"author":[{"embeddable":true,"href":"https:\/\/iamerica.org\/pl\/wp-json\/wp\/v2\/users\/4"}],"replies":[{"embeddable":true,"href":"https:\/\/iamerica.org\/pl\/wp-json\/wp\/v2\/comments?post=2671"}],"version-history":[{"count":0,"href":"https:\/\/iamerica.org\/pl\/wp-json\/wp\/v2\/pages\/2671\/revisions"}],"wp:featuredmedia":[{"embeddable":true,"href":"https:\/\/iamerica.org\/pl\/wp-json\/wp\/v2\/media\/2692"}],"wp:attachment":[{"href":"https:\/\/iamerica.org\/pl\/wp-json\/wp\/v2\/media?parent=2671"}],"curies":[{"name":"wp","href":"https:\/\/api.w.org\/{rel}","templated":true}]}}