{"id":333,"date":"2024-05-14T19:28:11","date_gmt":"2024-05-14T19:28:11","guid":{"rendered":"https:\/\/iamerica.wpenginepowered.com\/?page_id=333"},"modified":"2026-04-24T11:23:38","modified_gmt":"2026-04-24T18:23:38","slug":"temporary-protected-status-el-salvador","status":"publish","type":"page","link":"https:\/\/iamerica.org\/pl\/temporary-protected-status\/temporary-protected-status-el-salvador\/","title":{"rendered":"Temporary Protected Status \u2013 El Salvador"},"content":{"rendered":"<div data-elementor-type=\"wp-page\" data-elementor-id=\"333\" class=\"elementor elementor-333\" data-elementor-post-type=\"page\">\n\t\t\t\t\t\t<section class=\"elementor-section elementor-top-section elementor-element elementor-element-40d9b22 elementor-section-boxed elementor-section-height-default elementor-section-height-default\" data-id=\"40d9b22\" data-element_type=\"section\" data-e-type=\"section\">\n\t\t\t\t\t\t<div class=\"elementor-container elementor-column-gap-wider\">\n\t\t\t\t\t<div class=\"elementor-column elementor-col-66 elementor-top-column elementor-element elementor-element-d356d00\" data-id=\"d356d00\" data-element_type=\"column\" data-e-type=\"column\">\n\t\t\t<div class=\"elementor-widget-wrap elementor-element-populated\">\n\t\t\t\t\t\t<div class=\"elementor-element elementor-element-ddde6a9 elementor-widget elementor-widget-heading\" data-id=\"ddde6a9\" data-element_type=\"widget\" data-e-type=\"widget\" data-widget_type=\"heading.default\">\n\t\t\t\t<div class=\"elementor-widget-container\">\n\t\t\t\t\t<h2 class=\"elementor-heading-title elementor-size-default\">Salwador<\/h2>\t\t\t\t<\/div>\n\t\t\t\t<\/div>\n\t\t\t\t<div class=\"elementor-element elementor-element-b5f58ce elementor-widget elementor-widget-heading\" data-id=\"b5f58ce\" data-element_type=\"widget\" data-e-type=\"widget\" data-widget_type=\"heading.default\">\n\t\t\t\t<div class=\"elementor-widget-container\">\n\t\t\t\t\t<h4 class=\"elementor-heading-title elementor-size-default\">TPS przed\u0142u\u017cony do 9 wrze\u015bnia 2026 r. <span style=\"color: var( --e-global-color-primary );font-family: var( --e-global-typography-ea6c046-font-family ), Sans-serif;font-size: var( --e-global-typography-ea6c046-font-size );font-weight: var( --e-global-typography-ea6c046-font-weight )\"><\/span><\/h4>\t\t\t\t<\/div>\n\t\t\t\t<\/div>\n\t\t\t\t<div class=\"elementor-element elementor-element-d0e696f elementor-widget elementor-widget-text-editor\" data-id=\"d0e696f\" data-element_type=\"widget\" data-e-type=\"widget\" data-widget_type=\"text-editor.default\">\n\t\t\t\t<div class=\"elementor-widget-container\">\n\t\t\t\t\t\t\t\t\t<p>W dniu 17 stycznia 2025 r. DHS <a href=\"https:\/\/www.federalregister.gov\/documents\/2025\/01\/17\/2025-00626\/extension-of-the-designation-of-el-salvador-for-temporary-protected-status\" target=\"_blank\" rel=\"noopener\">rozszerzony<\/a> Tymczasowy status ochronny (TPS) na 18 miesi\u0119cy dla kwalifikuj\u0105cych si\u0119 Salwadorczyk\u00f3w, kt\u00f3rzy obecnie posiadaj\u0105 TPS, pocz\u0105wszy od <strong>10 marca 2025 r. i ko\u0144czy si\u0119 9 wrze\u015bnia 2026 r.<\/strong> Przed\u0142u\u017cenie to pozwala kwalifikuj\u0105cym si\u0119 beneficjentom TPS zachowa\u0107 TPS i zwi\u0105zane z nim zezwolenie na prac\u0119 do 9 wrze\u015bnia 2026 r., o ile ponownie zarejestruj\u0105 si\u0119 w ci\u0105gu 60-dniowego okresu ponownej rejestracji (szczeg\u00f3\u0142owo opisanego poni\u017cej). <\/p><p><em>TPS zapewnia tymczasowy status imigracyjny, ochron\u0119 przed deportacj\u0105 i pozwolenie na prac\u0119 w USA.<\/em> <\/p>\t\t\t\t\t\t\t\t<\/div>\n\t\t\t\t<\/div>\n\t\t\t\t<div class=\"elementor-element elementor-element-28f7fa4 elementor-widget elementor-widget-toggle\" data-id=\"28f7fa4\" data-element_type=\"widget\" data-e-type=\"widget\" data-widget_type=\"toggle.default\">\n\t\t\t\t<div class=\"elementor-widget-container\">\n\t\t\t\t\t\t\t<div class=\"elementor-toggle\">\n\t\t\t\t\t\t\t<div class=\"elementor-toggle-item\">\n\t\t\t\t\t<div id=\"elementor-tab-title-4291\" class=\"elementor-tab-title\" data-tab=\"1\" role=\"button\" aria-controls=\"elementor-tab-content-4291\" aria-expanded=\"false\">\n\t\t\t\t\t\t\t\t\t\t\t\t<span class=\"elementor-toggle-icon elementor-toggle-icon-right\" aria-hidden=\"true\">\n\t\t\t\t\t\t\t\t\t\t\t\t\t\t\t<span class=\"elementor-toggle-icon-closed\"><svg class=\"e-font-icon-svg e-fas-chevron-down\" viewbox=\"0 0 448 512\" xmlns=\"http:\/\/www.w3.org\/2000\/svg\"><path d=\"M207.029 381.476L12.686 187.132c-9.373-9.373-9.373-24.569 0-33.941l22.667-22.667c9.357-9.357 24.522-9.375 33.901-.04L224 284.505l154.745-154.021c9.379-9.335 24.544-9.317 33.901.04l22.667 22.667c9.373 9.373 9.373 24.569 0 33.941L240.971 381.476c-9.373 9.372-24.569 9.372-33.942 0z\"><\/path><\/svg><\/span>\n\t\t\t\t\t\t\t\t<span class=\"elementor-toggle-icon-opened\"><svg class=\"elementor-toggle-icon-opened e-font-icon-svg e-fas-chevron-up\" viewbox=\"0 0 448 512\" xmlns=\"http:\/\/www.w3.org\/2000\/svg\"><path d=\"M240.971 130.524l194.343 194.343c9.373 9.373 9.373 24.569 0 33.941l-22.667 22.667c-9.357 9.357-24.522 9.375-33.901.04L224 227.495 69.255 381.516c-9.379 9.335-24.544 9.317-33.901-.04l-22.667-22.667c-9.373-9.373-9.373-24.569 0-33.941L207.03 130.525c9.372-9.373 24.568-9.373 33.941-.001z\"><\/path><\/svg><\/span>\n\t\t\t\t\t\t\t\t\t\t\t\t\t<\/span>\n\t\t\t\t\t\t\t\t\t\t\t\t<a class=\"elementor-toggle-title\" tabindex=\"0\">Kto kwalifikuje si\u0119 do salwadorskiego TPS?<\/a>\n\t\t\t\t\t<\/div>\n\n\t\t\t\t\t<div id=\"elementor-tab-content-4291\" class=\"elementor-tab-content elementor-clearfix\" data-tab=\"1\" role=\"region\" aria-labelledby=\"elementor-tab-title-4291\"><p>Obecni posiadacze TPS z Salwadoru (kt\u00f3rzy mieszkaj\u0105 w USA od 13 lutego 2001 r.) mog\u0105 ubiega\u0107 si\u0119 o przed\u0142u\u017cenie TPS i pozwolenie na prac\u0119. Og\u0142oszenie nie rozszerzy\u0142o TPS na Salwadorczyk\u00f3w, kt\u00f3rzy przybyli do USA i mieszkali tu po 13 lutego 2001 roku. <\/p><\/div>\n\t\t\t\t<\/div>\n\t\t\t\t\t\t\t<div class=\"elementor-toggle-item\">\n\t\t\t\t\t<div id=\"elementor-tab-title-4292\" class=\"elementor-tab-title\" data-tab=\"2\" role=\"button\" aria-controls=\"elementor-tab-content-4292\" aria-expanded=\"false\">\n\t\t\t\t\t\t\t\t\t\t\t\t<span class=\"elementor-toggle-icon elementor-toggle-icon-right\" aria-hidden=\"true\">\n\t\t\t\t\t\t\t\t\t\t\t\t\t\t\t<span class=\"elementor-toggle-icon-closed\"><svg class=\"e-font-icon-svg e-fas-chevron-down\" viewbox=\"0 0 448 512\" xmlns=\"http:\/\/www.w3.org\/2000\/svg\"><path d=\"M207.029 381.476L12.686 187.132c-9.373-9.373-9.373-24.569 0-33.941l22.667-22.667c9.357-9.357 24.522-9.375 33.901-.04L224 284.505l154.745-154.021c9.379-9.335 24.544-9.317 33.901.04l22.667 22.667c9.373 9.373 9.373 24.569 0 33.941L240.971 381.476c-9.373 9.372-24.569 9.372-33.942 0z\"><\/path><\/svg><\/span>\n\t\t\t\t\t\t\t\t<span class=\"elementor-toggle-icon-opened\"><svg class=\"elementor-toggle-icon-opened e-font-icon-svg e-fas-chevron-up\" viewbox=\"0 0 448 512\" xmlns=\"http:\/\/www.w3.org\/2000\/svg\"><path d=\"M240.971 130.524l194.343 194.343c9.373 9.373 9.373 24.569 0 33.941l-22.667 22.667c-9.357 9.357-24.522 9.375-33.901.04L224 227.495 69.255 381.516c-9.379 9.335-24.544 9.317-33.901-.04l-22.667-22.667c-9.373-9.373-9.373-24.569 0-33.941L207.03 130.525c9.372-9.373 24.568-9.373 33.941-.001z\"><\/path><\/svg><\/span>\n\t\t\t\t\t\t\t\t\t\t\t\t\t<\/span>\n\t\t\t\t\t\t\t\t\t\t\t\t<a class=\"elementor-toggle-title\" tabindex=\"0\">Jak ubiega\u0107 si\u0119 o przed\u0142u\u017cenie TPS?<\/a>\n\t\t\t\t\t<\/div>\n\n\t\t\t\t\t<div id=\"elementor-tab-content-4292\" class=\"elementor-tab-content elementor-clearfix\" data-tab=\"2\" role=\"region\" aria-labelledby=\"elementor-tab-title-4292\"><p>Salwadorczycy, kt\u00f3rzy obecnie posiadaj\u0105 TPS, musz\u0105 ubiega\u0107 si\u0119 o przed\u0142u\u017cenie (ponown\u0105 rejestracj\u0119) poprzez z\u0142o\u017cenie wniosku TPS (<a href=\"https:\/\/www.uscis.gov\/i-821\" target=\"_blank\" rel=\"noopener\">Formularz I-821<\/a>), Wniosek o przyznanie tymczasowego statusu ochronnego, z\u0142o\u017cony przez <strong>18 marca 2025 r.<\/strong> (po zamkni\u0119ciu 60-dniowego okresu ponownej rejestracji).<\/p><\/div>\n\t\t\t\t<\/div>\n\t\t\t\t\t\t\t<div class=\"elementor-toggle-item\">\n\t\t\t\t\t<div id=\"elementor-tab-title-4293\" class=\"elementor-tab-title\" data-tab=\"3\" role=\"button\" aria-controls=\"elementor-tab-content-4293\" aria-expanded=\"false\">\n\t\t\t\t\t\t\t\t\t\t\t\t<span class=\"elementor-toggle-icon elementor-toggle-icon-right\" aria-hidden=\"true\">\n\t\t\t\t\t\t\t\t\t\t\t\t\t\t\t<span class=\"elementor-toggle-icon-closed\"><svg class=\"e-font-icon-svg e-fas-chevron-down\" viewbox=\"0 0 448 512\" xmlns=\"http:\/\/www.w3.org\/2000\/svg\"><path d=\"M207.029 381.476L12.686 187.132c-9.373-9.373-9.373-24.569 0-33.941l22.667-22.667c9.357-9.357 24.522-9.375 33.901-.04L224 284.505l154.745-154.021c9.379-9.335 24.544-9.317 33.901.04l22.667 22.667c9.373 9.373 9.373 24.569 0 33.941L240.971 381.476c-9.373 9.372-24.569 9.372-33.942 0z\"><\/path><\/svg><\/span>\n\t\t\t\t\t\t\t\t<span class=\"elementor-toggle-icon-opened\"><svg class=\"elementor-toggle-icon-opened e-font-icon-svg e-fas-chevron-up\" viewbox=\"0 0 448 512\" xmlns=\"http:\/\/www.w3.org\/2000\/svg\"><path d=\"M240.971 130.524l194.343 194.343c9.373 9.373 9.373 24.569 0 33.941l-22.667 22.667c-9.357 9.357-24.522 9.375-33.901.04L224 227.495 69.255 381.516c-9.379 9.335-24.544 9.317-33.901-.04l-22.667-22.667c-9.373-9.373-9.373-24.569 0-33.941L207.03 130.525c9.372-9.373 24.568-9.373 33.941-.001z\"><\/path><\/svg><\/span>\n\t\t\t\t\t\t\t\t\t\t\t\t\t<\/span>\n\t\t\t\t\t\t\t\t\t\t\t\t<a class=\"elementor-toggle-title\" tabindex=\"0\">Jak ubiega\u0107 si\u0119 o przed\u0142u\u017cenie zezwolenia na prac\u0119?<\/a>\n\t\t\t\t\t<\/div>\n\n\t\t\t\t\t<div id=\"elementor-tab-content-4293\" class=\"elementor-tab-content elementor-clearfix\" data-tab=\"3\" role=\"region\" aria-labelledby=\"elementor-tab-title-4293\"><p>Aby uzyska\u0107 dow\u00f3d przed\u0142u\u017cenia zezwolenia na prac\u0119 zwi\u0105zanego z TPS do 9 wrze\u015bnia 2026 r., nale\u017cy z\u0142o\u017cy\u0107 wniosek (<a href=\"https:\/\/www.uscis.gov\/i-765\" target=\"_blank\" rel=\"noopener\">Formularz I-765<\/a>), Wniosek o zezwolenie na zatrudnienie, o nowe zezwolenie na prac\u0119 wa\u017cne do 9 wrze\u015bnia 2026 r.<\/p><\/div>\n\t\t\t\t<\/div>\n\t\t\t\t\t\t\t<div class=\"elementor-toggle-item\">\n\t\t\t\t\t<div id=\"elementor-tab-title-4294\" class=\"elementor-tab-title\" data-tab=\"4\" role=\"button\" aria-controls=\"elementor-tab-content-4294\" aria-expanded=\"false\">\n\t\t\t\t\t\t\t\t\t\t\t\t<span class=\"elementor-toggle-icon elementor-toggle-icon-right\" aria-hidden=\"true\">\n\t\t\t\t\t\t\t\t\t\t\t\t\t\t\t<span class=\"elementor-toggle-icon-closed\"><svg class=\"e-font-icon-svg e-fas-chevron-down\" viewbox=\"0 0 448 512\" xmlns=\"http:\/\/www.w3.org\/2000\/svg\"><path d=\"M207.029 381.476L12.686 187.132c-9.373-9.373-9.373-24.569 0-33.941l22.667-22.667c9.357-9.357 24.522-9.375 33.901-.04L224 284.505l154.745-154.021c9.379-9.335 24.544-9.317 33.901.04l22.667 22.667c9.373 9.373 9.373 24.569 0 33.941L240.971 381.476c-9.373 9.372-24.569 9.372-33.942 0z\"><\/path><\/svg><\/span>\n\t\t\t\t\t\t\t\t<span class=\"elementor-toggle-icon-opened\"><svg class=\"elementor-toggle-icon-opened e-font-icon-svg e-fas-chevron-up\" viewbox=\"0 0 448 512\" xmlns=\"http:\/\/www.w3.org\/2000\/svg\"><path d=\"M240.971 130.524l194.343 194.343c9.373 9.373 9.373 24.569 0 33.941l-22.667 22.667c-9.357 9.357-24.522 9.375-33.901.04L224 227.495 69.255 381.516c-9.379 9.335-24.544 9.317-33.901-.04l-22.667-22.667c-9.373-9.373-9.373-24.569 0-33.941L207.03 130.525c9.372-9.373 24.568-9.373 33.941-.001z\"><\/path><\/svg><\/span>\n\t\t\t\t\t\t\t\t\t\t\t\t\t<\/span>\n\t\t\t\t\t\t\t\t\t\t\t\t<a class=\"elementor-toggle-title\" tabindex=\"0\">Co zrobi\u0107, je\u015bli nie otrzymam przed\u0142u\u017conego pozwolenia na prac\u0119 przed wyga\u015bni\u0119ciem obecnego? Co mog\u0119 pokaza\u0107 mojemu pracodawcy?<\/a>\n\t\t\t\t\t<\/div>\n\n\t\t\t\t\t<div id=\"elementor-tab-content-4294\" class=\"elementor-tab-content elementor-clearfix\" data-tab=\"4\" role=\"region\" aria-labelledby=\"elementor-tab-title-4294\"><p>Je\u015bli w odpowiednim czasie ponownie zarejestrujesz si\u0119 w TPS i z\u0142o\u017cysz wniosek o nowe zezwolenie na prac\u0119, podczas oczekiwania na otrzymanie nowego zezwolenia na prac\u0119, Twoje obecne zezwolenie na prac\u0119 zostanie automatycznie przed\u0142u\u017cone na dwa sposoby:<\/p><ol><li>Twoje obecne zezwolenie na prac\u0119 jest automatycznie przed\u0142u\u017cane i wa\u017cne do 9 marca 2026 r.; a je\u015bli pracodawca o to poprosi, mo\u017cesz pokaza\u0107 mu swoje zezwolenie na prac\u0119 i <a href=\"https:\/\/www.federalregister.gov\/documents\/2025\/01\/17\/2025-00626\/extension-of-the-designation-of-el-salvador-for-temporary-protected-status\" target=\"_blank\" rel=\"noopener\">niniejsze og\u0142oszenie w Rejestrze Federalnym<\/a>i\/lub<\/li><li>Je\u015bli z\u0142o\u017cysz wniosek o nowe zezwolenie na prac\u0119 do 18 marca 2025 r., Twoje zezwolenie na prac\u0119 zostanie automatycznie przed\u0142u\u017cone o 540 dni od daty \"wyga\u015bni\u0119cia karty\" na obecnym zezwoleniu na prac\u0119, a je\u015bli pracodawca o to poprosi, mo\u017cesz okaza\u0107 mu swoje zezwolenie na prac\u0119 i powiadomienie o otrzymaniu, kt\u00f3re otrzyma\u0142e\u015b, gdy ubiega\u0142e\u015b si\u0119 o nowe zezwolenie na prac\u0119 (formularz I-797, powiadomienie o dzia\u0142aniu).<\/li><\/ol><\/div>\n\t\t\t\t<\/div>\n\t\t\t\t\t\t\t<div class=\"elementor-toggle-item\">\n\t\t\t\t\t<div id=\"elementor-tab-title-4295\" class=\"elementor-tab-title\" data-tab=\"5\" role=\"button\" aria-controls=\"elementor-tab-content-4295\" aria-expanded=\"false\">\n\t\t\t\t\t\t\t\t\t\t\t\t<span class=\"elementor-toggle-icon elementor-toggle-icon-right\" aria-hidden=\"true\">\n\t\t\t\t\t\t\t\t\t\t\t\t\t\t\t<span class=\"elementor-toggle-icon-closed\"><svg class=\"e-font-icon-svg e-fas-chevron-down\" viewbox=\"0 0 448 512\" xmlns=\"http:\/\/www.w3.org\/2000\/svg\"><path d=\"M207.029 381.476L12.686 187.132c-9.373-9.373-9.373-24.569 0-33.941l22.667-22.667c9.357-9.357 24.522-9.375 33.901-.04L224 284.505l154.745-154.021c9.379-9.335 24.544-9.317 33.901.04l22.667 22.667c9.373 9.373 9.373 24.569 0 33.941L240.971 381.476c-9.373 9.372-24.569 9.372-33.942 0z\"><\/path><\/svg><\/span>\n\t\t\t\t\t\t\t\t<span class=\"elementor-toggle-icon-opened\"><svg class=\"elementor-toggle-icon-opened e-font-icon-svg e-fas-chevron-up\" viewbox=\"0 0 448 512\" xmlns=\"http:\/\/www.w3.org\/2000\/svg\"><path d=\"M240.971 130.524l194.343 194.343c9.373 9.373 9.373 24.569 0 33.941l-22.667 22.667c-9.357 9.357-24.522 9.375-33.901.04L224 227.495 69.255 381.516c-9.379 9.335-24.544 9.317-33.901-.04l-22.667-22.667c-9.373-9.373-9.373-24.569 0-33.941L207.03 130.525c9.372-9.373 24.568-9.373 33.941-.001z\"><\/path><\/svg><\/span>\n\t\t\t\t\t\t\t\t\t\t\t\t\t<\/span>\n\t\t\t\t\t\t\t\t\t\t\t\t<a class=\"elementor-toggle-title\" tabindex=\"0\">Skoro otrzyma\u0142em automatyczne przed\u0142u\u017cenie pozwolenia na prac\u0119, czy nadal musz\u0119 ubiega\u0107 si\u0119 o przed\u0142u\u017cenie? <\/a>\n\t\t\t\t\t<\/div>\n\n\t\t\t\t\t<div id=\"elementor-tab-content-4295\" class=\"elementor-tab-content elementor-clearfix\" data-tab=\"5\" role=\"region\" aria-labelledby=\"elementor-tab-title-4295\"><p>Tak, je\u015bli chcesz, aby Tw\u00f3j status TPS i zezwolenie na prac\u0119 obowi\u0105zywa\u0142y do 9 wrze\u015bnia 2026 r., musisz w odpowiednim czasie z\u0142o\u017cy\u0107 wniosek o przed\u0142u\u017cenie TPS w ci\u0105gu 60-dniowego okresu ponownej rejestracji ko\u0144cz\u0105cego si\u0119 18 marca 2025 r.<\/p><\/div>\n\t\t\t\t<\/div>\n\t\t\t\t\t\t\t<div class=\"elementor-toggle-item\">\n\t\t\t\t\t<div id=\"elementor-tab-title-4296\" class=\"elementor-tab-title\" data-tab=\"6\" role=\"button\" aria-controls=\"elementor-tab-content-4296\" aria-expanded=\"false\">\n\t\t\t\t\t\t\t\t\t\t\t\t<span class=\"elementor-toggle-icon elementor-toggle-icon-right\" aria-hidden=\"true\">\n\t\t\t\t\t\t\t\t\t\t\t\t\t\t\t<span class=\"elementor-toggle-icon-closed\"><svg class=\"e-font-icon-svg e-fas-chevron-down\" viewbox=\"0 0 448 512\" xmlns=\"http:\/\/www.w3.org\/2000\/svg\"><path d=\"M207.029 381.476L12.686 187.132c-9.373-9.373-9.373-24.569 0-33.941l22.667-22.667c9.357-9.357 24.522-9.375 33.901-.04L224 284.505l154.745-154.021c9.379-9.335 24.544-9.317 33.901.04l22.667 22.667c9.373 9.373 9.373 24.569 0 33.941L240.971 381.476c-9.373 9.372-24.569 9.372-33.942 0z\"><\/path><\/svg><\/span>\n\t\t\t\t\t\t\t\t<span class=\"elementor-toggle-icon-opened\"><svg class=\"elementor-toggle-icon-opened e-font-icon-svg e-fas-chevron-up\" viewbox=\"0 0 448 512\" xmlns=\"http:\/\/www.w3.org\/2000\/svg\"><path d=\"M240.971 130.524l194.343 194.343c9.373 9.373 9.373 24.569 0 33.941l-22.667 22.667c-9.357 9.357-24.522 9.375-33.901.04L224 227.495 69.255 381.516c-9.379 9.335-24.544 9.317-33.901-.04l-22.667-22.667c-9.373-9.373-9.373-24.569 0-33.941L207.03 130.525c9.372-9.373 24.568-9.373 33.941-.001z\"><\/path><\/svg><\/span>\n\t\t\t\t\t\t\t\t\t\t\t\t\t<\/span>\n\t\t\t\t\t\t\t\t\t\t\t\t<a class=\"elementor-toggle-title\" tabindex=\"0\">Kiedy nale\u017cy z\u0142o\u017cy\u0107 wniosek o zezwolenie na prac\u0119?<\/a>\n\t\t\t\t\t<\/div>\n\n\t\t\t\t\t<div id=\"elementor-tab-content-4296\" class=\"elementor-tab-content elementor-clearfix\" data-tab=\"6\" role=\"region\" aria-labelledby=\"elementor-tab-title-4296\"><p>Wniosek o pozwolenie na prac\u0119 (formularz I-765) mo\u017cna z\u0142o\u017cy\u0107 wraz z wnioskiem o TPS lub osobno p\u00f3\u017aniej, je\u015bli wniosek o TPS jest nadal rozpatrywany lub zosta\u0142 ju\u017c zatwierdzony. DHS zaleca jak najszybsze z\u0142o\u017cenie wniosku o pozwolenie na prac\u0119.<\/p><\/div>\n\t\t\t\t<\/div>\n\t\t\t\t\t\t\t\t<\/div>\n\t\t\t\t\t\t<\/div>\n\t\t\t\t<\/div>\n\t\t\t\t<div class=\"elementor-element elementor-element-5eeed00 elementor-widget elementor-widget-heading\" data-id=\"5eeed00\" data-element_type=\"widget\" data-e-type=\"widget\" data-widget_type=\"heading.default\">\n\t\t\t\t<div class=\"elementor-widget-container\">\n\t\t\t\t\t<h4 class=\"elementor-heading-title elementor-size-default\">Zasi\u0119gnij porady prawnej u renomowanego dostawcy us\u0142ug prawnych\n<div><span style=\"color: var( --e-global-color-primary );font-family: var( --e-global-typography-ea6c046-font-family ), Sans-serif;font-size: var( --e-global-typography-ea6c046-font-size );font-weight: var( --e-global-typography-ea6c046-font-weight )\"><\/span><\/div><\/h4>\t\t\t\t<\/div>\n\t\t\t\t<\/div>\n\t\t\t\t<div class=\"elementor-element elementor-element-bcd026a elementor-widget elementor-widget-text-editor\" data-id=\"bcd026a\" data-element_type=\"widget\" data-e-type=\"widget\" data-widget_type=\"text-editor.default\">\n\t\t\t\t<div class=\"elementor-widget-container\">\n\t\t\t\t\t\t\t\t\t<p>Wa\u017cne jest, aby\u015b zasi\u0119gn\u0105\u0142 porady prawnej, je\u015bli masz pytania dotycz\u0105ce TPS lub jakiejkolwiek innej ulgi imigracyjnej, do kt\u00f3rej mo\u017cesz si\u0119 kwalifikowa\u0107. Uwaga na \"<em>notariusze<\/em>\" lub oszust\u00f3w. <a href=\"https:\/\/iamerica.org\/pl\/legal-help\/\">Znajd\u017a renomowanego dostawc\u0119 us\u0142ug prawnych w pobli\u017cu.<\/a><\/p>\t\t\t\t\t\t\t\t<\/div>\n\t\t\t\t<\/div>\n\t\t\t\t<div class=\"elementor-element elementor-element-5266635 elementor-widget elementor-widget-heading\" data-id=\"5266635\" data-element_type=\"widget\" data-e-type=\"widget\" data-widget_type=\"heading.default\">\n\t\t\t\t<div class=\"elementor-widget-container\">\n\t\t\t\t\t<h4 class=\"elementor-heading-title elementor-size-default\">Pami\u0119taj - wa\u017cne jest, aby nie podr\u00f3\u017cowa\u0107 poza granice Stan\u00f3w Zjednoczonych bez uprzedniego z\u0142o\u017cenia wniosku i otrzymania pozwolenia na podr\u00f3\u017c, czyli wcze\u015bniejszego zwolnienia warunkowego.\n<div><span style=\"color: var( --e-global-color-primary );font-family: inherit\"><\/span><\/div><\/h4>\t\t\t\t<\/div>\n\t\t\t\t<\/div>\n\t\t\t\t<div class=\"elementor-element elementor-element-c5f4a96 elementor-widget elementor-widget-heading\" data-id=\"c5f4a96\" data-element_type=\"widget\" data-e-type=\"widget\" data-widget_type=\"heading.default\">\n\t\t\t\t<div class=\"elementor-widget-container\">\n\t\t\t\t\t<h4 class=\"elementor-heading-title elementor-size-default\">Podejmij dzia\u0142ania i spraw, by Tw\u00f3j g\u0142os zosta\u0142 us\u0142yszany!<\/h4>\t\t\t\t<\/div>\n\t\t\t\t<\/div>\n\t\t\t\t<div class=\"elementor-element elementor-element-b4171ac elementor-widget elementor-widget-text-editor\" data-id=\"b4171ac\" data-element_type=\"widget\" data-e-type=\"widget\" data-widget_type=\"text-editor.default\">\n\t\t\t\t<div class=\"elementor-widget-container\">\n\t\t\t\t\t\t\t\t\t<p class=\"p1\"><span class=\"s1\">Do\u0142\u0105cz do nas w walce o bardziej sprawiedliwy, humanitarny i uporz\u0105dkowany system imigracyjny - taki, kt\u00f3ry tworzy dodatkowe legalne \u015bcie\u017cki dla imigrant\u00f3w, aby mogli pozosta\u0107 w USA ze \u015bcie\u017ck\u0105 do obywatelstwa. <\/span><\/p>\t\t\t\t\t\t\t\t<\/div>\n\t\t\t\t<\/div>\n\t\t\t\t<div class=\"elementor-element elementor-element-6e4abd2 elementor-widget elementor-widget-button\" data-id=\"6e4abd2\" data-element_type=\"widget\" data-e-type=\"widget\" data-widget_type=\"button.default\">\n\t\t\t\t<div class=\"elementor-widget-container\">\n\t\t\t\t\t\t\t\t\t<div class=\"elementor-button-wrapper\">\n\t\t\t\t\t<a class=\"elementor-button elementor-button-link elementor-size-sm\" href=\"https:\/\/iamerica.org\/pl\/join-us\/\">\n\t\t\t\t\t\t<span class=\"elementor-button-content-wrapper\">\n\t\t\t\t\t\t\t\t\t<span class=\"elementor-button-text\">Do\u0142\u0105cz do nas<\/span>\n\t\t\t\t\t<\/span>\n\t\t\t\t\t<\/a>\n\t\t\t\t<\/div>\n\t\t\t\t\t\t\t\t<\/div>\n\t\t\t\t<\/div>\n\t\t\t\t<div class=\"elementor-element elementor-element-c20abd5 elementor-widget-divider--view-line elementor-widget elementor-widget-divider\" data-id=\"c20abd5\" data-element_type=\"widget\" data-e-type=\"widget\" data-widget_type=\"divider.default\">\n\t\t\t\t<div class=\"elementor-widget-container\">\n\t\t\t\t\t\t\t<div class=\"elementor-divider\">\n\t\t\t<span class=\"elementor-divider-separator\">\n\t\t\t\t\t\t<\/span>\n\t\t<\/div>\n\t\t\t\t\t\t<\/div>\n\t\t\t\t<\/div>\n\t\t\t\t<div class=\"elementor-element elementor-element-5d7db98 elementor-widget elementor-widget-button\" data-id=\"5d7db98\" data-element_type=\"widget\" data-e-type=\"widget\" data-widget_type=\"button.default\">\n\t\t\t\t<div class=\"elementor-widget-container\">\n\t\t\t\t\t\t\t\t\t<div class=\"elementor-button-wrapper\">\n\t\t\t\t\t<a class=\"elementor-button elementor-button-link elementor-size-sm\" href=\"https:\/\/iamerica.org\/pl\/temporary-protected-status\/\">\n\t\t\t\t\t\t<span class=\"elementor-button-content-wrapper\">\n\t\t\t\t\t\t\t\t\t<span class=\"elementor-button-text\">Powr\u00f3t do zasob\u00f3w TPS<\/span>\n\t\t\t\t\t<\/span>\n\t\t\t\t\t<\/a>\n\t\t\t\t<\/div>\n\t\t\t\t\t\t\t\t<\/div>\n\t\t\t\t<\/div>\n\t\t\t\t\t<\/div>\n\t\t<\/div>\n\t\t\t\t<div class=\"elementor-column elementor-col-33 elementor-top-column elementor-element elementor-element-0c6531c\" data-id=\"0c6531c\" data-element_type=\"column\" data-e-type=\"column\">\n\t\t\t<div class=\"elementor-widget-wrap\">\n\t\t\t\t\t\t\t<\/div>\n\t\t<\/div>\n\t\t\t\t\t<\/div>\n\t\t<\/section>\n\t\t\t\t<\/div>","protected":false},"excerpt":{"rendered":"<p>El Salvador TPS Extended Through September 9, 2026 On January 17, 2025, DHS extended Temporary Protected Status (TPS) for 18 months for eligible Salvadorans who currently hold TPS, beginning on March 10, 2025, and ending on September 9, 2026. This extension allows eligible TPS beneficiaries to retain TPS and related work authorization through September 9, [&hellip;]<\/p>\n","protected":false},"author":1,"featured_media":3088,"parent":241,"menu_order":0,"comment_status":"closed","ping_status":"closed","template":"","meta":{"footnotes":"","_links_to":"","_links_to_target":""},"class_list":["post-333","page","type-page","status-publish","has-post-thumbnail","hentry"],"yoast_head":"<!-- This site is optimized with the Yoast SEO plugin v27.3 - https:\/\/yoast.com\/product\/yoast-seo-wordpress\/ -->\n<title>Temporary Protected Status - El Salvador - iAmerica<\/title>\n<meta name=\"description\" content=\"Temporary Protected Status (TPS) for El Salvador with iAmerica. Learn about eligibility, application steps, and available support.\" \/>\n<meta name=\"robots\" content=\"index, follow, max-snippet:-1, max-image-preview:large, max-video-preview:-1\" \/>\n<link rel=\"canonical\" href=\"https:\/\/iamerica.org\/pl\/temporary-protected-status\/temporary-protected-status-el-salvador\/\" \/>\n<meta property=\"og:locale\" content=\"pl_PL\" \/>\n<meta property=\"og:type\" content=\"article\" \/>\n<meta property=\"og:title\" content=\"Temporary Protected Status - El Salvador - iAmerica\" \/>\n<meta property=\"og:description\" content=\"Temporary Protected Status (TPS) for El Salvador with iAmerica. Learn about eligibility, application steps, and available support.\" \/>\n<meta property=\"og:url\" content=\"https:\/\/iamerica.org\/pl\/temporary-protected-status\/temporary-protected-status-el-salvador\/\" \/>\n<meta property=\"og:site_name\" content=\"iAmerica\" \/>\n<meta property=\"article:publisher\" content=\"https:\/\/www.facebook.com\/iAmericaorg\/\" \/>\n<meta property=\"article:modified_time\" content=\"2026-04-24T18:23:38+00:00\" \/>\n<meta property=\"og:image\" content=\"https:\/\/iamerica.org\/wp-content\/uploads\/2026\/04\/page-header-tps.png\" \/>\n\t<meta property=\"og:image:width\" content=\"1200\" \/>\n\t<meta property=\"og:image:height\" content=\"500\" \/>\n\t<meta property=\"og:image:type\" content=\"image\/png\" \/>\n<meta name=\"twitter:card\" content=\"summary_large_image\" \/>\n<meta name=\"twitter:site\" content=\"@iamericaorg\" \/>\n<meta name=\"twitter:label1\" content=\"Szacowany czas czytania\" \/>\n\t<meta name=\"twitter:data1\" content=\"3 minuty\" \/>\n<script type=\"application\/ld+json\" class=\"yoast-schema-graph\">{\"@context\":\"https:\\\/\\\/schema.org\",\"@graph\":[{\"@type\":\"WebPage\",\"@id\":\"https:\\\/\\\/iamerica.org\\\/temporary-protected-status\\\/temporary-protected-status-el-salvador\\\/\",\"url\":\"https:\\\/\\\/iamerica.org\\\/temporary-protected-status\\\/temporary-protected-status-el-salvador\\\/\",\"name\":\"Temporary Protected Status - El Salvador - iAmerica\",\"isPartOf\":{\"@id\":\"https:\\\/\\\/iamerica.org\\\/ru\\\/#website\"},\"primaryImageOfPage\":{\"@id\":\"https:\\\/\\\/iamerica.org\\\/temporary-protected-status\\\/temporary-protected-status-el-salvador\\\/#primaryimage\"},\"image\":{\"@id\":\"https:\\\/\\\/iamerica.org\\\/temporary-protected-status\\\/temporary-protected-status-el-salvador\\\/#primaryimage\"},\"thumbnailUrl\":\"https:\\\/\\\/iamerica.org\\\/wp-content\\\/uploads\\\/2026\\\/04\\\/page-header-tps.png\",\"datePublished\":\"2024-05-14T19:28:11+00:00\",\"dateModified\":\"2026-04-24T18:23:38+00:00\",\"description\":\"Temporary Protected Status (TPS) for El Salvador with iAmerica. Learn about eligibility, application steps, and available support.\",\"breadcrumb\":{\"@id\":\"https:\\\/\\\/iamerica.org\\\/temporary-protected-status\\\/temporary-protected-status-el-salvador\\\/#breadcrumb\"},\"inLanguage\":\"pl-PL\",\"potentialAction\":[{\"@type\":\"ReadAction\",\"target\":[\"https:\\\/\\\/iamerica.org\\\/temporary-protected-status\\\/temporary-protected-status-el-salvador\\\/\"]}]},{\"@type\":\"ImageObject\",\"inLanguage\":\"pl-PL\",\"@id\":\"https:\\\/\\\/iamerica.org\\\/temporary-protected-status\\\/temporary-protected-status-el-salvador\\\/#primaryimage\",\"url\":\"https:\\\/\\\/iamerica.org\\\/wp-content\\\/uploads\\\/2026\\\/04\\\/page-header-tps.png\",\"contentUrl\":\"https:\\\/\\\/iamerica.org\\\/wp-content\\\/uploads\\\/2026\\\/04\\\/page-header-tps.png\",\"width\":1200,\"height\":500},{\"@type\":\"BreadcrumbList\",\"@id\":\"https:\\\/\\\/iamerica.org\\\/temporary-protected-status\\\/temporary-protected-status-el-salvador\\\/#breadcrumb\",\"itemListElement\":[{\"@type\":\"ListItem\",\"position\":1,\"name\":\"Home\",\"item\":\"https:\\\/\\\/iamerica.org\\\/\"},{\"@type\":\"ListItem\",\"position\":2,\"name\":\"Temporary Protected Status\",\"item\":\"https:\\\/\\\/iamerica.org\\\/temporary-protected-status\\\/\"},{\"@type\":\"ListItem\",\"position\":3,\"name\":\"Temporary Protected Status &#8211; El Salvador\"}]},{\"@type\":\"WebSite\",\"@id\":\"https:\\\/\\\/iamerica.org\\\/ru\\\/#website\",\"url\":\"https:\\\/\\\/iamerica.org\\\/ru\\\/\",\"name\":\"iAmerica\",\"description\":\"\",\"publisher\":{\"@id\":\"https:\\\/\\\/iamerica.org\\\/ru\\\/#organization\"},\"potentialAction\":[{\"@type\":\"SearchAction\",\"target\":{\"@type\":\"EntryPoint\",\"urlTemplate\":\"https:\\\/\\\/iamerica.org\\\/ru\\\/?s={search_term_string}\"},\"query-input\":{\"@type\":\"PropertyValueSpecification\",\"valueRequired\":true,\"valueName\":\"search_term_string\"}}],\"inLanguage\":\"pl-PL\"},{\"@type\":\"Organization\",\"@id\":\"https:\\\/\\\/iamerica.org\\\/ru\\\/#organization\",\"name\":\"iAmerica\",\"url\":\"https:\\\/\\\/iamerica.org\\\/ru\\\/\",\"logo\":{\"@type\":\"ImageObject\",\"inLanguage\":\"pl-PL\",\"@id\":\"https:\\\/\\\/iamerica.org\\\/ru\\\/#\\\/schema\\\/logo\\\/image\\\/\",\"url\":\"https:\\\/\\\/iamerica.org\\\/wp-content\\\/uploads\\\/2024\\\/05\\\/iAmerica_Logo_Navy.png\",\"contentUrl\":\"https:\\\/\\\/iamerica.org\\\/wp-content\\\/uploads\\\/2024\\\/05\\\/iAmerica_Logo_Navy.png\",\"width\":2309,\"height\":626,\"caption\":\"iAmerica\"},\"image\":{\"@id\":\"https:\\\/\\\/iamerica.org\\\/ru\\\/#\\\/schema\\\/logo\\\/image\\\/\"},\"sameAs\":[\"https:\\\/\\\/www.facebook.com\\\/iAmericaorg\\\/\",\"https:\\\/\\\/x.com\\\/iamericaorg\",\"https:\\\/\\\/www.instagram.com\\\/iamericaorg\"]}]}<\/script>\n<!-- \/ Yoast SEO plugin. -->","yoast_head_json":{"title":"Tymczasowy status ochronny - Salwador - iAmerica","description":"Tymczasowy status chroniony (TPS) dla Salwadoru z iAmerica. Dowiedz si\u0119 o uprawnieniach, krokach sk\u0142adania wniosku i dost\u0119pnym wsparciu.","robots":{"index":"index","follow":"follow","max-snippet":"max-snippet:-1","max-image-preview":"max-image-preview:large","max-video-preview":"max-video-preview:-1"},"canonical":"https:\/\/iamerica.org\/pl\/temporary-protected-status\/temporary-protected-status-el-salvador\/","og_locale":"pl_PL","og_type":"article","og_title":"Temporary Protected Status - El Salvador - iAmerica","og_description":"Temporary Protected Status (TPS) for El Salvador with iAmerica. Learn about eligibility, application steps, and available support.","og_url":"https:\/\/iamerica.org\/pl\/temporary-protected-status\/temporary-protected-status-el-salvador\/","og_site_name":"iAmerica","article_publisher":"https:\/\/www.facebook.com\/iAmericaorg\/","article_modified_time":"2026-04-24T18:23:38+00:00","og_image":[{"width":1200,"height":500,"url":"https:\/\/iamerica.org\/wp-content\/uploads\/2026\/04\/page-header-tps.png","type":"image\/png"}],"twitter_card":"summary_large_image","twitter_site":"@iamericaorg","twitter_misc":{"Szacowany czas czytania":"3 minuty"},"schema":{"@context":"https:\/\/schema.org","@graph":[{"@type":"WebPage","@id":"https:\/\/iamerica.org\/temporary-protected-status\/temporary-protected-status-el-salvador\/","url":"https:\/\/iamerica.org\/temporary-protected-status\/temporary-protected-status-el-salvador\/","name":"Tymczasowy status ochronny - Salwador - iAmerica","isPartOf":{"@id":"https:\/\/iamerica.org\/ru\/#website"},"primaryImageOfPage":{"@id":"https:\/\/iamerica.org\/temporary-protected-status\/temporary-protected-status-el-salvador\/#primaryimage"},"image":{"@id":"https:\/\/iamerica.org\/temporary-protected-status\/temporary-protected-status-el-salvador\/#primaryimage"},"thumbnailUrl":"https:\/\/iamerica.org\/wp-content\/uploads\/2026\/04\/page-header-tps.png","datePublished":"2024-05-14T19:28:11+00:00","dateModified":"2026-04-24T18:23:38+00:00","description":"Tymczasowy status chroniony (TPS) dla Salwadoru z iAmerica. Dowiedz si\u0119 o uprawnieniach, krokach sk\u0142adania wniosku i dost\u0119pnym wsparciu.","breadcrumb":{"@id":"https:\/\/iamerica.org\/temporary-protected-status\/temporary-protected-status-el-salvador\/#breadcrumb"},"inLanguage":"pl-PL","potentialAction":[{"@type":"ReadAction","target":["https:\/\/iamerica.org\/temporary-protected-status\/temporary-protected-status-el-salvador\/"]}]},{"@type":"ImageObject","inLanguage":"pl-PL","@id":"https:\/\/iamerica.org\/temporary-protected-status\/temporary-protected-status-el-salvador\/#primaryimage","url":"https:\/\/iamerica.org\/wp-content\/uploads\/2026\/04\/page-header-tps.png","contentUrl":"https:\/\/iamerica.org\/wp-content\/uploads\/2026\/04\/page-header-tps.png","width":1200,"height":500},{"@type":"BreadcrumbList","@id":"https:\/\/iamerica.org\/temporary-protected-status\/temporary-protected-status-el-salvador\/#breadcrumb","itemListElement":[{"@type":"ListItem","position":1,"name":"Home","item":"https:\/\/iamerica.org\/"},{"@type":"ListItem","position":2,"name":"Temporary Protected Status","item":"https:\/\/iamerica.org\/temporary-protected-status\/"},{"@type":"ListItem","position":3,"name":"Temporary Protected Status &#8211; El Salvador"}]},{"@type":"WebSite","@id":"https:\/\/iamerica.org\/ru\/#website","url":"https:\/\/iamerica.org\/ru\/","name":"iAmerica","description":"","publisher":{"@id":"https:\/\/iamerica.org\/ru\/#organization"},"potentialAction":[{"@type":"SearchAction","target":{"@type":"EntryPoint","urlTemplate":"https:\/\/iamerica.org\/ru\/?s={search_term_string}"},"query-input":{"@type":"PropertyValueSpecification","valueRequired":true,"valueName":"search_term_string"}}],"inLanguage":"pl-PL"},{"@type":"Organization","@id":"https:\/\/iamerica.org\/ru\/#organization","name":"iAmerica","url":"https:\/\/iamerica.org\/ru\/","logo":{"@type":"ImageObject","inLanguage":"pl-PL","@id":"https:\/\/iamerica.org\/ru\/#\/schema\/logo\/image\/","url":"https:\/\/iamerica.org\/wp-content\/uploads\/2024\/05\/iAmerica_Logo_Navy.png","contentUrl":"https:\/\/iamerica.org\/wp-content\/uploads\/2024\/05\/iAmerica_Logo_Navy.png","width":2309,"height":626,"caption":"iAmerica"},"image":{"@id":"https:\/\/iamerica.org\/ru\/#\/schema\/logo\/image\/"},"sameAs":["https:\/\/www.facebook.com\/iAmericaorg\/","https:\/\/x.com\/iamericaorg","https:\/\/www.instagram.com\/iamericaorg"]}]}},"_links":{"self":[{"href":"https:\/\/iamerica.org\/pl\/wp-json\/wp\/v2\/pages\/333","targetHints":{"allow":["GET"]}}],"collection":[{"href":"https:\/\/iamerica.org\/pl\/wp-json\/wp\/v2\/pages"}],"about":[{"href":"https:\/\/iamerica.org\/pl\/wp-json\/wp\/v2\/types\/page"}],"author":[{"embeddable":true,"href":"https:\/\/iamerica.org\/pl\/wp-json\/wp\/v2\/users\/1"}],"replies":[{"embeddable":true,"href":"https:\/\/iamerica.org\/pl\/wp-json\/wp\/v2\/comments?post=333"}],"version-history":[{"count":0,"href":"https:\/\/iamerica.org\/pl\/wp-json\/wp\/v2\/pages\/333\/revisions"}],"up":[{"embeddable":true,"href":"https:\/\/iamerica.org\/pl\/wp-json\/wp\/v2\/pages\/241"}],"wp:featuredmedia":[{"embeddable":true,"href":"https:\/\/iamerica.org\/pl\/wp-json\/wp\/v2\/media\/3088"}],"wp:attachment":[{"href":"https:\/\/iamerica.org\/pl\/wp-json\/wp\/v2\/media?parent=333"}],"curies":[{"name":"wp","href":"https:\/\/api.w.org\/{rel}","templated":true}]}}