{"id":2943,"date":"2025-06-12T14:21:46","date_gmt":"2025-06-12T18:21:46","guid":{"rendered":"https:\/\/iamerica.org\/?page_id=2943"},"modified":"2025-06-12T17:35:33","modified_gmt":"2025-06-12T21:35:33","slug":"trumps-2025-travel-ban","status":"publish","type":"page","link":"https:\/\/iamerica.org\/pt\/trumps-2025-travel-ban\/","title":{"rendered":"O que voc\u00ea deve saber sobre a proibi\u00e7\u00e3o de viagens de Trump para 2025"},"content":{"rendered":"<div data-elementor-type=\"wp-page\" data-elementor-id=\"2943\" class=\"elementor elementor-2943\" data-elementor-post-type=\"page\">\n\t\t\t\t\t\t<section class=\"elementor-section elementor-top-section elementor-element elementor-element-1af0fee elementor-section-boxed elementor-section-height-default elementor-section-height-default\" data-id=\"1af0fee\" data-element_type=\"section\" data-e-type=\"section\">\n\t\t\t\t\t\t<div class=\"elementor-container elementor-column-gap-wider\">\n\t\t\t\t\t<div class=\"elementor-column elementor-col-66 elementor-top-column elementor-element elementor-element-b92d6b7\" data-id=\"b92d6b7\" data-element_type=\"column\" data-e-type=\"column\">\n\t\t\t<div class=\"elementor-widget-wrap elementor-element-populated\">\n\t\t\t\t\t\t<div class=\"elementor-element elementor-element-50bb508 elementor-widget elementor-widget-heading\" data-id=\"50bb508\" data-element_type=\"widget\" data-e-type=\"widget\" data-widget_type=\"heading.default\">\n\t\t\t\t<div class=\"elementor-widget-container\">\n\t\t\t\t\t<h2 class=\"elementor-heading-title elementor-size-default\">A PROIBI\u00c7\u00c3O DE VIAGENS ENTROU EM VIGOR NA SEGUNDA-FEIRA, 9 DE JUNHO DE 2025.<\/h2>\t\t\t\t<\/div>\n\t\t\t\t<\/div>\n\t\t\t\t<div class=\"elementor-element elementor-element-b2517c1 elementor-widget elementor-widget-heading\" data-id=\"b2517c1\" data-element_type=\"widget\" data-e-type=\"widget\" data-widget_type=\"heading.default\">\n\t\t\t\t<div class=\"elementor-widget-container\">\n\t\t\t\t\t<h4 class=\"elementor-heading-title elementor-size-default\">Procure orienta\u00e7\u00e3o jur\u00eddica de um advogado de imigra\u00e7\u00e3o de confian\u00e7a se tiver d\u00favidas sobre essa proibi\u00e7\u00e3o ou sobre como ela pode afetar voc\u00ea ou sua fam\u00edlia. <\/h4>\t\t\t\t<\/div>\n\t\t\t\t<\/div>\n\t\t\t\t<div class=\"elementor-element elementor-element-ff1f845 elementor-widget elementor-widget-text-editor\" data-id=\"ff1f845\" data-element_type=\"widget\" data-e-type=\"widget\" data-widget_type=\"text-editor.default\">\n\t\t\t\t<div class=\"elementor-widget-container\">\n\t\t\t\t\t\t\t\t\t<p><em>Em 4 de junho de 2025, Trump emitiu uma <a href=\"https:\/\/www.whitehouse.gov\/presidential-actions\/2025\/06\/restricting-the-entry-of-foreign-nationals-to-protect-the-united-states-from-foreign-terrorists-and-other-national-security-and-public-safety-threats\/\" target=\"_blank\" rel=\"noopener\">Proclama\u00e7\u00e3o<\/a>que entrar\u00e1 em vigor em 9 de junho de 2025 e impedir\u00e1 que a maioria das pessoas negras e pardas de dezenove pa\u00edses viajem para os EUA, semelhante \u00e0s proibi\u00e7\u00f5es racistas e xen\u00f3fobas contra mu\u00e7ulmanos e africanos que marcaram seu primeiro governo. Veja abaixo mais informa\u00e7\u00f5es sobre o que sabemos e o que podemos esperar.<\/em><\/p>\t\t\t\t\t\t\t\t<\/div>\n\t\t\t\t<\/div>\n\t\t\t\t<div class=\"elementor-element elementor-element-033ace0 elementor-widget elementor-widget-heading\" data-id=\"033ace0\" data-element_type=\"widget\" data-e-type=\"widget\" id=\"whatis\" data-widget_type=\"heading.default\">\n\t\t\t\t<div class=\"elementor-widget-container\">\n\t\t\t\t\t<h3 class=\"elementor-heading-title elementor-size-default\">O que \u00e9 a atual proibi\u00e7\u00e3o de viagens? <\/h3>\t\t\t\t<\/div>\n\t\t\t\t<\/div>\n\t\t\t\t<div class=\"elementor-element elementor-element-b13b319 elementor-widget elementor-widget-text-editor\" data-id=\"b13b319\" data-element_type=\"widget\" data-e-type=\"widget\" data-widget_type=\"text-editor.default\">\n\t\t\t\t<div class=\"elementor-widget-container\">\n\t\t\t\t\t\t\t\t\t<p>A mais nova proibi\u00e7\u00e3o discriminat\u00f3ria e cruel de Trump pro\u00edbe pessoas de 19 pa\u00edses diferentes - com popula\u00e7\u00f5es predominantemente negras, pardas e de maioria mu\u00e7ulmana - de viajar para os EUA em diferentes graus. Para 12 pa\u00edses, a viagem para os EUA \u00e9 proibida em <u>qualquer<\/u> tipo de visto - inclusive vistos baseados em patroc\u00ednio familiar (conhecidos como \"vistos de imigrante\", pois levam a um green card) ou para vistos de turismo, neg\u00f3cios e estudantes (conhecidos como \"vistos de n\u00e3o imigrante\", pois s\u00e3o tempor\u00e1rios por natureza). Para os outros sete pa\u00edses, a viagem \u00e9 restrita para quase todas as categorias de visto, com algumas poucas exce\u00e7\u00f5es.<\/p>\t\t\t\t\t\t\t\t<\/div>\n\t\t\t\t<\/div>\n\t\t\t\t<div class=\"elementor-element elementor-element-893e431 elementor-widget elementor-widget-heading\" data-id=\"893e431\" data-element_type=\"widget\" data-e-type=\"widget\" id=\"whatcountries\" data-widget_type=\"heading.default\">\n\t\t\t\t<div class=\"elementor-widget-container\">\n\t\t\t\t\t<h3 class=\"elementor-heading-title elementor-size-default\">A quais pa\u00edses a proibi\u00e7\u00e3o se aplica e como? <\/h3>\t\t\t\t<\/div>\n\t\t\t\t<\/div>\n\t\t\t\t<div class=\"elementor-element elementor-element-e173190 elementor-widget elementor-widget-text-editor\" data-id=\"e173190\" data-element_type=\"widget\" data-e-type=\"widget\" data-widget_type=\"text-editor.default\">\n\t\t\t\t<div class=\"elementor-widget-container\">\n\t\t\t\t\t\t\t\t\t<p>19 pa\u00edses no total, conforme especificado abaixo:<\/p>\t\t\t\t\t\t\t\t<\/div>\n\t\t\t\t<\/div>\n\t\t\t\t<section class=\"elementor-section elementor-inner-section elementor-element elementor-element-1125147 elementor-section-boxed elementor-section-height-default elementor-section-height-default\" data-id=\"1125147\" data-element_type=\"section\" data-e-type=\"section\">\n\t\t\t\t\t\t<div class=\"elementor-container elementor-column-gap-default\">\n\t\t\t\t\t<div class=\"elementor-column elementor-col-50 elementor-inner-column elementor-element elementor-element-49e269f\" data-id=\"49e269f\" data-element_type=\"column\" data-e-type=\"column\">\n\t\t\t<div class=\"elementor-widget-wrap elementor-element-populated\">\n\t\t\t\t\t\t<div class=\"elementor-element elementor-element-b6c6b2f elementor-widget elementor-widget-text-editor\" data-id=\"b6c6b2f\" data-element_type=\"widget\" data-e-type=\"widget\" data-widget_type=\"text-editor.default\">\n\t\t\t\t<div class=\"elementor-widget-container\">\n\t\t\t\t\t\t\t\t\t<p><span style=\"text-decoration: underline;\"><strong>Proibi\u00e7\u00e3o de todas as viagens - 12 pa\u00edses<\/strong><\/span><br \/><em>Inclui viagens com QUALQUER tipo de visto (vistos de imigrante e de n\u00e3o imigrante)<\/em><\/p>\t\t\t\t\t\t\t\t<\/div>\n\t\t\t\t<\/div>\n\t\t\t\t<div class=\"elementor-element elementor-element-b0c16ac elementor-widget elementor-widget-text-editor\" data-id=\"b0c16ac\" data-element_type=\"widget\" data-e-type=\"widget\" data-widget_type=\"text-editor.default\">\n\t\t\t\t<div class=\"elementor-widget-container\">\n\t\t\t\t\t\t\t\t\t<ul><li>Afeganist\u00e3o<\/li><li>Birm\u00e2nia<\/li><li>Chade<\/li><li>Rep\u00fablica do Congo<\/li><li>Guin\u00e9 Equatorial<\/li><li>Eritreia<\/li><li>Haiti<\/li><li>Ir\u00e3<\/li><li>L\u00edbia<\/li><li>Som\u00e1lia<\/li><li>Sud\u00e3o<\/li><li>I\u00eamen<\/li><\/ul>\t\t\t\t\t\t\t\t<\/div>\n\t\t\t\t<\/div>\n\t\t\t\t\t<\/div>\n\t\t<\/div>\n\t\t\t\t<div class=\"elementor-column elementor-col-50 elementor-inner-column elementor-element elementor-element-fd11ba8\" data-id=\"fd11ba8\" data-element_type=\"column\" data-e-type=\"column\">\n\t\t\t<div class=\"elementor-widget-wrap elementor-element-populated\">\n\t\t\t\t\t\t<div class=\"elementor-element elementor-element-4e76d6c elementor-widget elementor-widget-text-editor\" data-id=\"4e76d6c\" data-element_type=\"widget\" data-e-type=\"widget\" data-widget_type=\"text-editor.default\">\n\t\t\t\t<div class=\"elementor-widget-container\">\n\t\t\t\t\t\t\t\t\t<p><span style=\"text-decoration: underline;\"><strong>A maioria das viagens proibidas - 7 pa\u00edses<\/strong><\/span><br \/><em>Inclui viagens com vistos que levam a um green card (vistos de imigrante) e certos tipos de vistos tempor\u00e1rios\/ vistos de n\u00e3o imigrante (vistos B, F, M e J)<\/em><\/p>\t\t\t\t\t\t\t\t<\/div>\n\t\t\t\t<\/div>\n\t\t\t\t<div class=\"elementor-element elementor-element-ec7372c elementor-widget elementor-widget-text-editor\" data-id=\"ec7372c\" data-element_type=\"widget\" data-e-type=\"widget\" data-widget_type=\"text-editor.default\">\n\t\t\t\t<div class=\"elementor-widget-container\">\n\t\t\t\t\t\t\t\t\t<ul><li>Burundi<\/li><li>Cuba<\/li><li>Laos<\/li><li>Serra Leoa<\/li><li>Togo<\/li><li>Turcomenist\u00e3o<\/li><li>Venezuela<\/li><\/ul>\t\t\t\t\t\t\t\t<\/div>\n\t\t\t\t<\/div>\n\t\t\t\t\t<\/div>\n\t\t<\/div>\n\t\t\t\t\t<\/div>\n\t\t<\/section>\n\t\t\t\t<div class=\"elementor-element elementor-element-3b7c705 elementor-widget elementor-widget-heading\" data-id=\"3b7c705\" data-element_type=\"widget\" data-e-type=\"widget\" id=\"isthisnew\" data-widget_type=\"heading.default\">\n\t\t\t\t<div class=\"elementor-widget-container\">\n\t\t\t\t\t<h3 class=\"elementor-heading-title elementor-size-default\">Isso \u00e9 novo? <\/h3>\t\t\t\t<\/div>\n\t\t\t\t<\/div>\n\t\t\t\t<div class=\"elementor-element elementor-element-f058b64 elementor-widget elementor-widget-text-editor\" data-id=\"f058b64\" data-element_type=\"widget\" data-e-type=\"widget\" data-widget_type=\"text-editor.default\">\n\t\t\t\t<div class=\"elementor-widget-container\">\n\t\t\t\t\t\t\t\t\t<p>N\u00e3o. Em janeiro de 2017, em seu primeiro governo, Trump emitiu v\u00e1rias proibi\u00e7\u00f5es de viagem, que foram contestadas no tribunal. Por fim, em junho de 2018, a Suprema Corte dos EUA manteve uma dessas proibi\u00e7\u00f5es que impunha restri\u00e7\u00f5es de viagem a determinados cidad\u00e3os do Ir\u00e3, L\u00edbia, Coreia do Norte, Som\u00e1lia, S\u00edria, Venezuela e I\u00eamen. No in\u00edcio de 2020, Trump tamb\u00e9m emitiu v\u00e1rias outras proibi\u00e7\u00f5es de viagem, algumas relacionadas \u00e0 dissemina\u00e7\u00e3o da pandemia da COVID-19 e outras que proibiam a entrada de determinadas categorias de visto, que permaneceram em vigor at\u00e9 Trump deixar o cargo.<\/p>\t\t\t\t\t\t\t\t<\/div>\n\t\t\t\t<\/div>\n\t\t\t\t<div class=\"elementor-element elementor-element-f1d8618 elementor-widget elementor-widget-heading\" data-id=\"f1d8618\" data-element_type=\"widget\" data-e-type=\"widget\" id=\"doestheban\" data-widget_type=\"heading.default\">\n\t\t\t\t<div class=\"elementor-widget-container\">\n\t\t\t\t\t<h3 class=\"elementor-heading-title elementor-size-default\">A proibi\u00e7\u00e3o se aplica a todos? <\/h3>\t\t\t\t<\/div>\n\t\t\t\t<\/div>\n\t\t\t\t<div class=\"elementor-element elementor-element-eed23d2 elementor-widget elementor-widget-text-editor\" data-id=\"eed23d2\" data-element_type=\"widget\" data-e-type=\"widget\" data-widget_type=\"text-editor.default\">\n\t\t\t\t<div class=\"elementor-widget-container\">\n\t\t\t\t\t\t\t\t\t<p>N\u00e3o. A proibi\u00e7\u00e3o n\u00e3o se aplica a portadores de green card ou a pessoas que j\u00e1 receberam um visto para viajar aos Estados Unidos a partir de 9 de junho de 2025. Em outras palavras, a proibi\u00e7\u00e3o n\u00e3o \u00e9 retroativa; ela <strong>aplica-se somente a pessoas que estejam fora dos EUA em 9 de junho de 2025 e que n\u00e3o tenham um visto at\u00e9 essa data.<\/strong> H\u00e1 tamb\u00e9m outras pessoas isentas, conforme descrito na Proclama\u00e7\u00e3o, ou seja, n\u00e3o proibidas de viajar para os EUA, que incluem:<\/p><ul><li>Aqueles nos EUA que j\u00e1 receberam asilo, status de refugiado e outras formas de prote\u00e7\u00e3o, como reten\u00e7\u00e3o de remo\u00e7\u00e3o ou prote\u00e7\u00e3o sob a Conven\u00e7\u00e3o contra a Tortura<\/li><li>Aqueles com dupla cidadania viajando com o passaporte de um pa\u00eds n\u00e3o listado na Proclama\u00e7\u00e3o<\/li><li>Aqueles que viajam com determinados vistos diplom\u00e1ticos<\/li><li>Atletas e t\u00e9cnicos em viagem para a Copa do Mundo, Olimp\u00edadas ou outros grandes eventos esportivos<\/li><li>Aqueles que viajam para os EUA para obter um green card como c\u00f4njuge, filho solteiro com menos de 21 anos de idade ou pai ou m\u00e3e de um adulto com mais de 21 anos de idade que seja cidad\u00e3o americano<\/li><li>Algumas crian\u00e7as que viajam para os EUA com o objetivo de serem adotadas<\/li><li>Afeg\u00e3os que estejam viajando com vistos especiais emitidos para pessoas que tenham trabalhado em nome do governo dos EUA.<\/li><li>Aqueles que viajam com vistos de imigrante para minorias \u00e9tnicas e religiosas que enfrentam persegui\u00e7\u00e3o no Ir\u00e3<\/li><li>Aqueles que recebem uma isen\u00e7\u00e3o do Procurador Geral e do Secret\u00e1rio de Estado, caso a caso, se for do interesse dos EUA<\/li><\/ul>\t\t\t\t\t\t\t\t<\/div>\n\t\t\t\t<\/div>\n\t\t\t\t<div class=\"elementor-element elementor-element-f439428 elementor-widget elementor-widget-heading\" data-id=\"f439428\" data-element_type=\"widget\" data-e-type=\"widget\" id=\"doweexpecttheban\" data-widget_type=\"heading.default\">\n\t\t\t\t<div class=\"elementor-widget-container\">\n\t\t\t\t\t<h3 class=\"elementor-heading-title elementor-size-default\">Esperamos que a proibi\u00e7\u00e3o seja contestada no tribunal? <\/h3>\t\t\t\t<\/div>\n\t\t\t\t<\/div>\n\t\t\t\t<div class=\"elementor-element elementor-element-63c62ae elementor-widget elementor-widget-text-editor\" data-id=\"63c62ae\" data-element_type=\"widget\" data-e-type=\"widget\" data-widget_type=\"text-editor.default\">\n\t\t\t\t<div class=\"elementor-widget-container\">\n\t\t\t\t\t\t\t\t\t<p>Sim, embora uma contesta\u00e7\u00e3o judicial seja prov\u00e1vel, a probabilidade de sucesso \u00e9 incerta, dada a decis\u00e3o da Suprema Corte em 2018, em <em>Trump vs. Hava\u00ed<\/em>(em ingl\u00eas), defendendo uma terceira vers\u00e3o revisada da proibi\u00e7\u00e3o de viagens do primeiro mandato de Trump.<\/p>\t\t\t\t\t\t\t\t<\/div>\n\t\t\t\t<\/div>\n\t\t\t\t<div class=\"elementor-element elementor-element-e411898 elementor-widget elementor-widget-heading\" data-id=\"e411898\" data-element_type=\"widget\" data-e-type=\"widget\" data-widget_type=\"heading.default\">\n\t\t\t\t<div class=\"elementor-widget-container\">\n\t\t\t\t\t<h3 class=\"elementor-heading-title elementor-size-default\">Procure orienta\u00e7\u00e3o jur\u00eddica de um prestador de servi\u00e7os jur\u00eddicos respeit\u00e1vel<\/h3>\t\t\t\t<\/div>\n\t\t\t\t<\/div>\n\t\t\t\t<div class=\"elementor-element elementor-element-d502f91 elementor-widget elementor-widget-text-editor\" data-id=\"d502f91\" data-element_type=\"widget\" data-e-type=\"widget\" data-widget_type=\"text-editor.default\">\n\t\t\t\t<div class=\"elementor-widget-container\">\n\t\t\t\t\t\t\t\t\t<p>\u00c9 importante que voc\u00ea procure orienta\u00e7\u00e3o jur\u00eddica se tiver d\u00favidas sobre a atual proibi\u00e7\u00e3o de viagens ou sobre como ela pode afetar voc\u00ea ou seus entes queridos. Cuidado com os \"not\u00e1rios\" ou golpistas. <a href=\"https:\/\/iamerica.org\/pt\/legal-help\/\">Encontre um prestador de servi\u00e7os jur\u00eddicos de boa reputa\u00e7\u00e3o perto de voc\u00ea.<\/a><\/p>\t\t\t\t\t\t\t\t<\/div>\n\t\t\t\t<\/div>\n\t\t\t\t<div class=\"elementor-element elementor-element-7c89cfb elementor-widget elementor-widget-heading\" data-id=\"7c89cfb\" data-element_type=\"widget\" data-e-type=\"widget\" data-widget_type=\"heading.default\">\n\t\t\t\t<div class=\"elementor-widget-container\">\n\t\t\t\t\t<h3 class=\"elementor-heading-title elementor-size-default\">Tome uma atitude e fa\u00e7a sua voz ser ouvida! <\/h3>\t\t\t\t<\/div>\n\t\t\t\t<\/div>\n\t\t\t\t<div class=\"elementor-element elementor-element-01e2197 elementor-widget elementor-widget-text-editor\" data-id=\"01e2197\" data-element_type=\"widget\" data-e-type=\"widget\" data-widget_type=\"text-editor.default\">\n\t\t\t\t<div class=\"elementor-widget-container\">\n\t\t\t\t\t\t\t\t\t<p>Junte-se a n\u00f3s na luta por um sistema de imigra\u00e7\u00e3o mais justo, humano e ordenado - que crie caminhos legais adicionais para que os imigrantes permane\u00e7am nos EUA com um caminho para a cidadania.<\/p>\t\t\t\t\t\t\t\t<\/div>\n\t\t\t\t<\/div>\n\t\t\t\t<div class=\"elementor-element elementor-element-c79538b elementor-widget elementor-widget-button\" data-id=\"c79538b\" data-element_type=\"widget\" data-e-type=\"widget\" data-widget_type=\"button.default\">\n\t\t\t\t<div class=\"elementor-widget-container\">\n\t\t\t\t\t\t\t\t\t<div class=\"elementor-button-wrapper\">\n\t\t\t\t\t<a class=\"elementor-button elementor-button-link elementor-size-sm\" href=\"https:\/\/iamerica.org\/pt\/join-us\/\">\n\t\t\t\t\t\t<span class=\"elementor-button-content-wrapper\">\n\t\t\t\t\t\t\t\t\t<span class=\"elementor-button-text\">Participe de nosso movimento<\/span>\n\t\t\t\t\t<\/span>\n\t\t\t\t\t<\/a>\n\t\t\t\t<\/div>\n\t\t\t\t\t\t\t\t<\/div>\n\t\t\t\t<\/div>\n\t\t\t\t\t<\/div>\n\t\t<\/div>\n\t\t\t\t<div class=\"elementor-column elementor-col-33 elementor-top-column elementor-element elementor-element-11f6408\" data-id=\"11f6408\" data-element_type=\"column\" data-e-type=\"column\">\n\t\t\t<div class=\"elementor-widget-wrap elementor-element-populated\">\n\t\t\t\t\t\t<div class=\"elementor-element elementor-element-2d5f6e5 elementor-align-start elementor-icon-list--layout-traditional elementor-list-item-link-full_width elementor-widget elementor-widget-icon-list\" data-id=\"2d5f6e5\" data-element_type=\"widget\" data-e-type=\"widget\" data-widget_type=\"icon-list.default\">\n\t\t\t\t<div class=\"elementor-widget-container\">\n\t\t\t\t\t\t\t<ul class=\"elementor-icon-list-items\">\n\t\t\t\t\t\t\t<li class=\"elementor-icon-list-item\">\n\t\t\t\t\t\t\t\t\t\t<span class=\"elementor-icon-list-text\">LINKS R\u00c1PIDOS<\/span>\n\t\t\t\t\t\t\t\t\t<\/li>\n\t\t\t\t\t\t\t\t<li class=\"elementor-icon-list-item\">\n\t\t\t\t\t\t\t\t\t\t\t<a href=\"#whatis\">\n\n\t\t\t\t\t\t\t\t\t\t\t\t<span class=\"elementor-icon-list-icon\">\n\t\t\t\t\t\t\t<svg aria-hidden=\"true\" class=\"e-font-icon-svg e-fas-chevron-circle-right\" viewbox=\"0 0 512 512\" xmlns=\"http:\/\/www.w3.org\/2000\/svg\"><path d=\"M256 8c137 0 248 111 248 248S393 504 256 504 8 393 8 256 119 8 256 8zm113.9 231L234.4 103.5c-9.4-9.4-24.6-9.4-33.9 0l-17 17c-9.4 9.4-9.4 24.6 0 33.9L285.1 256 183.5 357.6c-9.4 9.4-9.4 24.6 0 33.9l17 17c9.4 9.4 24.6 9.4 33.9 0L369.9 273c9.4-9.4 9.4-24.6 0-34z\"><\/path><\/svg>\t\t\t\t\t\t<\/span>\n\t\t\t\t\t\t\t\t\t\t<span class=\"elementor-icon-list-text\">O que \u00e9 a atual proibi\u00e7\u00e3o de viagens?<\/span>\n\t\t\t\t\t\t\t\t\t\t\t<\/a>\n\t\t\t\t\t\t\t\t\t<\/li>\n\t\t\t\t\t\t\t\t<li class=\"elementor-icon-list-item\">\n\t\t\t\t\t\t\t\t\t\t\t<a href=\"#whatcountries\">\n\n\t\t\t\t\t\t\t\t\t\t\t\t<span class=\"elementor-icon-list-icon\">\n\t\t\t\t\t\t\t<svg aria-hidden=\"true\" class=\"e-font-icon-svg e-fas-chevron-circle-right\" viewbox=\"0 0 512 512\" xmlns=\"http:\/\/www.w3.org\/2000\/svg\"><path d=\"M256 8c137 0 248 111 248 248S393 504 256 504 8 393 8 256 119 8 256 8zm113.9 231L234.4 103.5c-9.4-9.4-24.6-9.4-33.9 0l-17 17c-9.4 9.4-9.4 24.6 0 33.9L285.1 256 183.5 357.6c-9.4 9.4-9.4 24.6 0 33.9l17 17c9.4 9.4 24.6 9.4 33.9 0L369.9 273c9.4-9.4 9.4-24.6 0-34z\"><\/path><\/svg>\t\t\t\t\t\t<\/span>\n\t\t\t\t\t\t\t\t\t\t<span class=\"elementor-icon-list-text\">A quais pa\u00edses a proibi\u00e7\u00e3o se aplica e como?<\/span>\n\t\t\t\t\t\t\t\t\t\t\t<\/a>\n\t\t\t\t\t\t\t\t\t<\/li>\n\t\t\t\t\t\t\t\t<li class=\"elementor-icon-list-item\">\n\t\t\t\t\t\t\t\t\t\t\t<a href=\"#isthisnew\">\n\n\t\t\t\t\t\t\t\t\t\t\t\t<span class=\"elementor-icon-list-icon\">\n\t\t\t\t\t\t\t<svg aria-hidden=\"true\" class=\"e-font-icon-svg e-fas-chevron-circle-right\" viewbox=\"0 0 512 512\" xmlns=\"http:\/\/www.w3.org\/2000\/svg\"><path d=\"M256 8c137 0 248 111 248 248S393 504 256 504 8 393 8 256 119 8 256 8zm113.9 231L234.4 103.5c-9.4-9.4-24.6-9.4-33.9 0l-17 17c-9.4 9.4-9.4 24.6 0 33.9L285.1 256 183.5 357.6c-9.4 9.4-9.4 24.6 0 33.9l17 17c9.4 9.4 24.6 9.4 33.9 0L369.9 273c9.4-9.4 9.4-24.6 0-34z\"><\/path><\/svg>\t\t\t\t\t\t<\/span>\n\t\t\t\t\t\t\t\t\t\t<span class=\"elementor-icon-list-text\">Isso \u00e9 novo?<\/span>\n\t\t\t\t\t\t\t\t\t\t\t<\/a>\n\t\t\t\t\t\t\t\t\t<\/li>\n\t\t\t\t\t\t\t\t<li class=\"elementor-icon-list-item\">\n\t\t\t\t\t\t\t\t\t\t\t<a href=\"#doestheban\">\n\n\t\t\t\t\t\t\t\t\t\t\t\t<span class=\"elementor-icon-list-icon\">\n\t\t\t\t\t\t\t<svg aria-hidden=\"true\" class=\"e-font-icon-svg e-fas-chevron-circle-right\" viewbox=\"0 0 512 512\" xmlns=\"http:\/\/www.w3.org\/2000\/svg\"><path d=\"M256 8c137 0 248 111 248 248S393 504 256 504 8 393 8 256 119 8 256 8zm113.9 231L234.4 103.5c-9.4-9.4-24.6-9.4-33.9 0l-17 17c-9.4 9.4-9.4 24.6 0 33.9L285.1 256 183.5 357.6c-9.4 9.4-9.4 24.6 0 33.9l17 17c9.4 9.4 24.6 9.4 33.9 0L369.9 273c9.4-9.4 9.4-24.6 0-34z\"><\/path><\/svg>\t\t\t\t\t\t<\/span>\n\t\t\t\t\t\t\t\t\t\t<span class=\"elementor-icon-list-text\">A proibi\u00e7\u00e3o se aplica a todos? <\/span>\n\t\t\t\t\t\t\t\t\t\t\t<\/a>\n\t\t\t\t\t\t\t\t\t<\/li>\n\t\t\t\t\t\t\t\t<li class=\"elementor-icon-list-item\">\n\t\t\t\t\t\t\t\t\t\t\t<a href=\"#doweexpecttheban\">\n\n\t\t\t\t\t\t\t\t\t\t\t\t<span class=\"elementor-icon-list-icon\">\n\t\t\t\t\t\t\t<svg aria-hidden=\"true\" class=\"e-font-icon-svg e-fas-chevron-circle-right\" viewbox=\"0 0 512 512\" xmlns=\"http:\/\/www.w3.org\/2000\/svg\"><path d=\"M256 8c137 0 248 111 248 248S393 504 256 504 8 393 8 256 119 8 256 8zm113.9 231L234.4 103.5c-9.4-9.4-24.6-9.4-33.9 0l-17 17c-9.4 9.4-9.4 24.6 0 33.9L285.1 256 183.5 357.6c-9.4 9.4-9.4 24.6 0 33.9l17 17c9.4 9.4 24.6 9.4 33.9 0L369.9 273c9.4-9.4 9.4-24.6 0-34z\"><\/path><\/svg>\t\t\t\t\t\t<\/span>\n\t\t\t\t\t\t\t\t\t\t<span class=\"elementor-icon-list-text\">Esperamos que a proibi\u00e7\u00e3o seja contestada no tribunal? <\/span>\n\t\t\t\t\t\t\t\t\t\t\t<\/a>\n\t\t\t\t\t\t\t\t\t<\/li>\n\t\t\t\t\t\t<\/ul>\n\t\t\t\t\t\t<\/div>\n\t\t\t\t<\/div>\n\t\t\t\t<div class=\"elementor-element elementor-element-3062f9b elementor-widget elementor-widget-image\" data-id=\"3062f9b\" data-element_type=\"widget\" data-e-type=\"widget\" data-widget_type=\"image.default\">\n\t\t\t\t<div class=\"elementor-widget-container\">\n\t\t\t\t\t\t\t\t\t\t\t\t\t\t\t<img fetchpriority=\"high\" decoding=\"async\" width=\"800\" height=\"400\" src=\"https:\/\/iamerica.org\/wp-content\/uploads\/2025\/06\/travel-iStock-1042534060-1024x512.jpg\" class=\"attachment-large size-large wp-image-2945\" alt=\"\" srcset=\"https:\/\/iamerica.org\/wp-content\/uploads\/2025\/06\/travel-iStock-1042534060-1024x512.jpg 1024w, https:\/\/iamerica.org\/wp-content\/uploads\/2025\/06\/travel-iStock-1042534060-300x150.jpg 300w, https:\/\/iamerica.org\/wp-content\/uploads\/2025\/06\/travel-iStock-1042534060-768x384.jpg 768w, https:\/\/iamerica.org\/wp-content\/uploads\/2025\/06\/travel-iStock-1042534060-1536x768.jpg 1536w, https:\/\/iamerica.org\/wp-content\/uploads\/2025\/06\/travel-iStock-1042534060-2048x1024.jpg 2048w, https:\/\/iamerica.org\/wp-content\/uploads\/2025\/06\/travel-iStock-1042534060-18x9.jpg 18w\" sizes=\"(max-width: 800px) 100vw, 800px\" \/>\t\t\t\t\t\t\t\t\t\t\t\t\t\t\t<\/div>\n\t\t\t\t<\/div>\n\t\t\t\t\t<\/div>\n\t\t<\/div>\n\t\t\t\t\t<\/div>\n\t\t<\/section>\n\t\t\t\t<section class=\"elementor-section elementor-top-section elementor-element elementor-element-7234691 elementor-section-full_width elementor-section-stretched elementor-section-height-default elementor-section-height-default\" data-id=\"7234691\" data-element_type=\"section\" data-e-type=\"section\" data-settings=\"{&quot;background_background&quot;:&quot;classic&quot;,&quot;stretch_section&quot;:&quot;section-stretched&quot;}\">\n\t\t\t\t\t\t<div class=\"elementor-container elementor-column-gap-default\">\n\t\t\t\t\t<div class=\"elementor-column elementor-col-50 elementor-top-column elementor-element elementor-element-825da1e\" data-id=\"825da1e\" data-element_type=\"column\" data-e-type=\"column\">\n\t\t\t<div class=\"elementor-widget-wrap elementor-element-populated\">\n\t\t\t\t\t\t<div class=\"elementor-element elementor-element-6913d97 elementor-align-center secondary elementor-widget elementor-widget-button\" data-id=\"6913d97\" data-element_type=\"widget\" data-e-type=\"widget\" data-widget_type=\"button.default\">\n\t\t\t\t<div class=\"elementor-widget-container\">\n\t\t\t\t\t\t\t\t\t<div class=\"elementor-button-wrapper\">\n\t\t\t\t\t<a class=\"elementor-button elementor-button-link elementor-size-sm\" href=\"https:\/\/iamerica.org\/pt\/join-us\/\">\n\t\t\t\t\t\t<span class=\"elementor-button-content-wrapper\">\n\t\t\t\t\t\t<span class=\"elementor-button-icon\">\n\t\t\t\t<svg aria-hidden=\"true\" class=\"e-font-icon-svg e-fas-arrow-right\" viewbox=\"0 0 448 512\" xmlns=\"http:\/\/www.w3.org\/2000\/svg\"><path d=\"M190.5 66.9l22.2-22.2c9.4-9.4 24.6-9.4 33.9 0L441 239c9.4 9.4 9.4 24.6 0 33.9L246.6 467.3c-9.4 9.4-24.6 9.4-33.9 0l-22.2-22.2c-9.5-9.5-9.3-25 .4-34.3L311.4 296H24c-13.3 0-24-10.7-24-24v-32c0-13.3 10.7-24 24-24h287.4L190.9 101.2c-9.8-9.3-10-24.8-.4-34.3z\"><\/path><\/svg>\t\t\t<\/span>\n\t\t\t\t\t\t\t\t\t<span class=\"elementor-button-text\">Junte-se a n\u00f3s<\/span>\n\t\t\t\t\t<\/span>\n\t\t\t\t\t<\/a>\n\t\t\t\t<\/div>\n\t\t\t\t\t\t\t\t<\/div>\n\t\t\t\t<\/div>\n\t\t\t\t\t<\/div>\n\t\t<\/div>\n\t\t\t\t<div class=\"elementor-column elementor-col-50 elementor-top-column elementor-element elementor-element-8971ea2\" data-id=\"8971ea2\" data-element_type=\"column\" data-e-type=\"column\">\n\t\t\t<div class=\"elementor-widget-wrap elementor-element-populated\">\n\t\t\t\t\t\t<div class=\"elementor-element elementor-element-d55428b elementor-align-center secondary elementor-widget elementor-widget-button\" data-id=\"d55428b\" data-element_type=\"widget\" data-e-type=\"widget\" data-widget_type=\"button.default\">\n\t\t\t\t<div class=\"elementor-widget-container\">\n\t\t\t\t\t\t\t\t\t<div class=\"elementor-button-wrapper\">\n\t\t\t\t\t<a class=\"elementor-button elementor-button-link elementor-size-sm\" href=\"https:\/\/iamerica.org\/pt\/take-action\/\">\n\t\t\t\t\t\t<span class=\"elementor-button-content-wrapper\">\n\t\t\t\t\t\t<span class=\"elementor-button-icon\">\n\t\t\t\t<svg aria-hidden=\"true\" class=\"e-font-icon-svg e-fas-arrow-right\" viewbox=\"0 0 448 512\" xmlns=\"http:\/\/www.w3.org\/2000\/svg\"><path d=\"M190.5 66.9l22.2-22.2c9.4-9.4 24.6-9.4 33.9 0L441 239c9.4 9.4 9.4 24.6 0 33.9L246.6 467.3c-9.4 9.4-24.6 9.4-33.9 0l-22.2-22.2c-9.5-9.5-9.3-25 .4-34.3L311.4 296H24c-13.3 0-24-10.7-24-24v-32c0-13.3 10.7-24 24-24h287.4L190.9 101.2c-9.8-9.3-10-24.8-.4-34.3z\"><\/path><\/svg>\t\t\t<\/span>\n\t\t\t\t\t\t\t\t\t<span class=\"elementor-button-text\">Tome uma atitude<\/span>\n\t\t\t\t\t<\/span>\n\t\t\t\t\t<\/a>\n\t\t\t\t<\/div>\n\t\t\t\t\t\t\t\t<\/div>\n\t\t\t\t<\/div>\n\t\t\t\t\t<\/div>\n\t\t<\/div>\n\t\t\t\t\t<\/div>\n\t\t<\/section>\n\t\t\t\t<\/div>","protected":false},"excerpt":{"rendered":"<p>THE TRAVEL BAN TOOK EFFECT ON MONDAY, JUNE 9, 2025. Please seek legal advice from a trusted immigration attorney with questions about this ban or how it might impact you or your family. On June 4, 2025, Trump issued a Proclamation, effective June 9, 2025, that will prevent a majority of Black and brown people [&hellip;]<\/p>\n","protected":false},"author":5,"featured_media":1080,"parent":0,"menu_order":0,"comment_status":"closed","ping_status":"closed","template":"","meta":{"footnotes":"","_links_to":"","_links_to_target":""},"class_list":["post-2943","page","type-page","status-publish","has-post-thumbnail","hentry"],"yoast_head":"<!-- This site is optimized with the Yoast SEO plugin v27.3 - https:\/\/yoast.com\/product\/yoast-seo-wordpress\/ -->\n<title>What You Should Know About Trump\u2019s 2025 Travel Ban - iAmerica<\/title>\n<meta name=\"description\" content=\"iAmerica is the national immigrant justice campaign platform of SEIU. We\u2019re empowering dreams and igniting change by advocating for the rights of all American families.\" \/>\n<meta name=\"robots\" content=\"index, follow, max-snippet:-1, max-image-preview:large, max-video-preview:-1\" \/>\n<link rel=\"canonical\" href=\"https:\/\/iamerica.org\/pt\/trumps-2025-travel-ban\/\" \/>\n<meta property=\"og:locale\" content=\"pt_BR\" \/>\n<meta property=\"og:type\" content=\"article\" \/>\n<meta property=\"og:title\" content=\"What You Should Know About Trump\u2019s 2025 Travel Ban - iAmerica\" \/>\n<meta property=\"og:description\" content=\"iAmerica is the national immigrant justice campaign platform of SEIU. We\u2019re empowering dreams and igniting change by advocating for the rights of all American families.\" \/>\n<meta property=\"og:url\" content=\"https:\/\/iamerica.org\/pt\/trumps-2025-travel-ban\/\" \/>\n<meta property=\"og:site_name\" content=\"iAmerica\" \/>\n<meta property=\"article:publisher\" content=\"https:\/\/www.facebook.com\/iAmericaorg\/\" \/>\n<meta property=\"article:modified_time\" content=\"2025-06-12T21:35:33+00:00\" \/>\n<meta property=\"og:image\" content=\"https:\/\/iamerica.org\/wp-content\/uploads\/2024\/05\/iAmerica-About-Us-scaled.webp\" \/>\n\t<meta property=\"og:image:width\" content=\"2560\" \/>\n\t<meta property=\"og:image:height\" content=\"418\" \/>\n\t<meta property=\"og:image:type\" content=\"image\/webp\" \/>\n<meta name=\"twitter:card\" content=\"summary_large_image\" \/>\n<meta name=\"twitter:site\" content=\"@iamericaorg\" \/>\n<meta name=\"twitter:label1\" content=\"Est. tempo de leitura\" \/>\n\t<meta name=\"twitter:data1\" content=\"4 minutos\" \/>\n<script type=\"application\/ld+json\" class=\"yoast-schema-graph\">{\"@context\":\"https:\\\/\\\/schema.org\",\"@graph\":[{\"@type\":\"WebPage\",\"@id\":\"https:\\\/\\\/iamerica.org\\\/trumps-2025-travel-ban\\\/\",\"url\":\"https:\\\/\\\/iamerica.org\\\/trumps-2025-travel-ban\\\/\",\"name\":\"What You Should Know About Trump\u2019s 2025 Travel Ban - iAmerica\",\"isPartOf\":{\"@id\":\"https:\\\/\\\/iamerica.org\\\/ru\\\/#website\"},\"primaryImageOfPage\":{\"@id\":\"https:\\\/\\\/iamerica.org\\\/trumps-2025-travel-ban\\\/#primaryimage\"},\"image\":{\"@id\":\"https:\\\/\\\/iamerica.org\\\/trumps-2025-travel-ban\\\/#primaryimage\"},\"thumbnailUrl\":\"https:\\\/\\\/iamerica.org\\\/wp-content\\\/uploads\\\/2024\\\/05\\\/iAmerica-About-Us-scaled.webp\",\"datePublished\":\"2025-06-12T18:21:46+00:00\",\"dateModified\":\"2025-06-12T21:35:33+00:00\",\"description\":\"iAmerica is the national immigrant justice campaign platform of SEIU. We\u2019re empowering dreams and igniting change by advocating for the rights of all American families.\",\"breadcrumb\":{\"@id\":\"https:\\\/\\\/iamerica.org\\\/trumps-2025-travel-ban\\\/#breadcrumb\"},\"inLanguage\":\"pt-BR\",\"potentialAction\":[{\"@type\":\"ReadAction\",\"target\":[\"https:\\\/\\\/iamerica.org\\\/trumps-2025-travel-ban\\\/\"]}]},{\"@type\":\"ImageObject\",\"inLanguage\":\"pt-BR\",\"@id\":\"https:\\\/\\\/iamerica.org\\\/trumps-2025-travel-ban\\\/#primaryimage\",\"url\":\"https:\\\/\\\/iamerica.org\\\/wp-content\\\/uploads\\\/2024\\\/05\\\/iAmerica-About-Us-scaled.webp\",\"contentUrl\":\"https:\\\/\\\/iamerica.org\\\/wp-content\\\/uploads\\\/2024\\\/05\\\/iAmerica-About-Us-scaled.webp\",\"width\":2560,\"height\":418,\"caption\":\"iAmerica About Us Banner\"},{\"@type\":\"BreadcrumbList\",\"@id\":\"https:\\\/\\\/iamerica.org\\\/trumps-2025-travel-ban\\\/#breadcrumb\",\"itemListElement\":[{\"@type\":\"ListItem\",\"position\":1,\"name\":\"Home\",\"item\":\"https:\\\/\\\/iamerica.org\\\/\"},{\"@type\":\"ListItem\",\"position\":2,\"name\":\"What You Should Know About Trump\u2019s 2025 Travel Ban\"}]},{\"@type\":\"WebSite\",\"@id\":\"https:\\\/\\\/iamerica.org\\\/ru\\\/#website\",\"url\":\"https:\\\/\\\/iamerica.org\\\/ru\\\/\",\"name\":\"iAmerica\",\"description\":\"\",\"publisher\":{\"@id\":\"https:\\\/\\\/iamerica.org\\\/ru\\\/#organization\"},\"potentialAction\":[{\"@type\":\"SearchAction\",\"target\":{\"@type\":\"EntryPoint\",\"urlTemplate\":\"https:\\\/\\\/iamerica.org\\\/ru\\\/?s={search_term_string}\"},\"query-input\":{\"@type\":\"PropertyValueSpecification\",\"valueRequired\":true,\"valueName\":\"search_term_string\"}}],\"inLanguage\":\"pt-BR\"},{\"@type\":\"Organization\",\"@id\":\"https:\\\/\\\/iamerica.org\\\/ru\\\/#organization\",\"name\":\"iAmerica\",\"url\":\"https:\\\/\\\/iamerica.org\\\/ru\\\/\",\"logo\":{\"@type\":\"ImageObject\",\"inLanguage\":\"pt-BR\",\"@id\":\"https:\\\/\\\/iamerica.org\\\/ru\\\/#\\\/schema\\\/logo\\\/image\\\/\",\"url\":\"https:\\\/\\\/iamerica.org\\\/wp-content\\\/uploads\\\/2024\\\/05\\\/iAmerica_Logo_Navy.png\",\"contentUrl\":\"https:\\\/\\\/iamerica.org\\\/wp-content\\\/uploads\\\/2024\\\/05\\\/iAmerica_Logo_Navy.png\",\"width\":2309,\"height\":626,\"caption\":\"iAmerica\"},\"image\":{\"@id\":\"https:\\\/\\\/iamerica.org\\\/ru\\\/#\\\/schema\\\/logo\\\/image\\\/\"},\"sameAs\":[\"https:\\\/\\\/www.facebook.com\\\/iAmericaorg\\\/\",\"https:\\\/\\\/x.com\\\/iamericaorg\",\"https:\\\/\\\/www.instagram.com\\\/iamericaorg\"]}]}<\/script>\n<!-- \/ Yoast SEO plugin. -->","yoast_head_json":{"title":"O que voc\u00ea deve saber sobre a proibi\u00e7\u00e3o de viagens de Trump para 2025 - iAmerica","description":"iAmerica \u00e9 a plataforma nacional de campanha de justi\u00e7a para imigrantes da SEIU. Estamos dando poder aos sonhos e provocando mudan\u00e7as ao defender os direitos de todas as fam\u00edlias americanas.","robots":{"index":"index","follow":"follow","max-snippet":"max-snippet:-1","max-image-preview":"max-image-preview:large","max-video-preview":"max-video-preview:-1"},"canonical":"https:\/\/iamerica.org\/pt\/trumps-2025-travel-ban\/","og_locale":"pt_BR","og_type":"article","og_title":"What You Should Know About Trump\u2019s 2025 Travel Ban - iAmerica","og_description":"iAmerica is the national immigrant justice campaign platform of SEIU. We\u2019re empowering dreams and igniting change by advocating for the rights of all American families.","og_url":"https:\/\/iamerica.org\/pt\/trumps-2025-travel-ban\/","og_site_name":"iAmerica","article_publisher":"https:\/\/www.facebook.com\/iAmericaorg\/","article_modified_time":"2025-06-12T21:35:33+00:00","og_image":[{"width":2560,"height":418,"url":"https:\/\/iamerica.org\/wp-content\/uploads\/2024\/05\/iAmerica-About-Us-scaled.webp","type":"image\/webp"}],"twitter_card":"summary_large_image","twitter_site":"@iamericaorg","twitter_misc":{"Est. tempo de leitura":"4 minutos"},"schema":{"@context":"https:\/\/schema.org","@graph":[{"@type":"WebPage","@id":"https:\/\/iamerica.org\/trumps-2025-travel-ban\/","url":"https:\/\/iamerica.org\/trumps-2025-travel-ban\/","name":"O que voc\u00ea deve saber sobre a proibi\u00e7\u00e3o de viagens de Trump para 2025 - iAmerica","isPartOf":{"@id":"https:\/\/iamerica.org\/ru\/#website"},"primaryImageOfPage":{"@id":"https:\/\/iamerica.org\/trumps-2025-travel-ban\/#primaryimage"},"image":{"@id":"https:\/\/iamerica.org\/trumps-2025-travel-ban\/#primaryimage"},"thumbnailUrl":"https:\/\/iamerica.org\/wp-content\/uploads\/2024\/05\/iAmerica-About-Us-scaled.webp","datePublished":"2025-06-12T18:21:46+00:00","dateModified":"2025-06-12T21:35:33+00:00","description":"iAmerica \u00e9 a plataforma nacional de campanha de justi\u00e7a para imigrantes da SEIU. Estamos dando poder aos sonhos e provocando mudan\u00e7as ao defender os direitos de todas as fam\u00edlias americanas.","breadcrumb":{"@id":"https:\/\/iamerica.org\/trumps-2025-travel-ban\/#breadcrumb"},"inLanguage":"pt-BR","potentialAction":[{"@type":"ReadAction","target":["https:\/\/iamerica.org\/trumps-2025-travel-ban\/"]}]},{"@type":"ImageObject","inLanguage":"pt-BR","@id":"https:\/\/iamerica.org\/trumps-2025-travel-ban\/#primaryimage","url":"https:\/\/iamerica.org\/wp-content\/uploads\/2024\/05\/iAmerica-About-Us-scaled.webp","contentUrl":"https:\/\/iamerica.org\/wp-content\/uploads\/2024\/05\/iAmerica-About-Us-scaled.webp","width":2560,"height":418,"caption":"iAmerica About Us Banner"},{"@type":"BreadcrumbList","@id":"https:\/\/iamerica.org\/trumps-2025-travel-ban\/#breadcrumb","itemListElement":[{"@type":"ListItem","position":1,"name":"Home","item":"https:\/\/iamerica.org\/"},{"@type":"ListItem","position":2,"name":"What You Should Know About Trump\u2019s 2025 Travel Ban"}]},{"@type":"WebSite","@id":"https:\/\/iamerica.org\/ru\/#website","url":"https:\/\/iamerica.org\/ru\/","name":"iAmerica","description":"","publisher":{"@id":"https:\/\/iamerica.org\/ru\/#organization"},"potentialAction":[{"@type":"SearchAction","target":{"@type":"EntryPoint","urlTemplate":"https:\/\/iamerica.org\/ru\/?s={search_term_string}"},"query-input":{"@type":"PropertyValueSpecification","valueRequired":true,"valueName":"search_term_string"}}],"inLanguage":"pt-BR"},{"@type":"Organization","@id":"https:\/\/iamerica.org\/ru\/#organization","name":"iAmerica","url":"https:\/\/iamerica.org\/ru\/","logo":{"@type":"ImageObject","inLanguage":"pt-BR","@id":"https:\/\/iamerica.org\/ru\/#\/schema\/logo\/image\/","url":"https:\/\/iamerica.org\/wp-content\/uploads\/2024\/05\/iAmerica_Logo_Navy.png","contentUrl":"https:\/\/iamerica.org\/wp-content\/uploads\/2024\/05\/iAmerica_Logo_Navy.png","width":2309,"height":626,"caption":"iAmerica"},"image":{"@id":"https:\/\/iamerica.org\/ru\/#\/schema\/logo\/image\/"},"sameAs":["https:\/\/www.facebook.com\/iAmericaorg\/","https:\/\/x.com\/iamericaorg","https:\/\/www.instagram.com\/iamericaorg"]}]}},"_links":{"self":[{"href":"https:\/\/iamerica.org\/pt\/wp-json\/wp\/v2\/pages\/2943","targetHints":{"allow":["GET"]}}],"collection":[{"href":"https:\/\/iamerica.org\/pt\/wp-json\/wp\/v2\/pages"}],"about":[{"href":"https:\/\/iamerica.org\/pt\/wp-json\/wp\/v2\/types\/page"}],"author":[{"embeddable":true,"href":"https:\/\/iamerica.org\/pt\/wp-json\/wp\/v2\/users\/5"}],"replies":[{"embeddable":true,"href":"https:\/\/iamerica.org\/pt\/wp-json\/wp\/v2\/comments?post=2943"}],"version-history":[{"count":0,"href":"https:\/\/iamerica.org\/pt\/wp-json\/wp\/v2\/pages\/2943\/revisions"}],"wp:featuredmedia":[{"embeddable":true,"href":"https:\/\/iamerica.org\/pt\/wp-json\/wp\/v2\/media\/1080"}],"wp:attachment":[{"href":"https:\/\/iamerica.org\/pt\/wp-json\/wp\/v2\/media?parent=2943"}],"curies":[{"name":"wp","href":"https:\/\/api.w.org\/{rel}","templated":true}]}}