{"id":2917,"date":"2025-05-08T20:32:06","date_gmt":"2025-05-09T00:32:06","guid":{"rendered":"https:\/\/iamerica.org\/?page_id=2917"},"modified":"2025-05-08T20:32:37","modified_gmt":"2025-05-09T00:32:37","slug":"stand-with-detained-immigrant-workers-and-protect-our-freedom-of-speech","status":"publish","type":"page","link":"https:\/\/iamerica.org\/tl\/stand-with-detained-immigrant-workers-and-protect-our-freedom-of-speech\/","title":{"rendered":"Tumayo kasama ang mga Nakakulong na Imigranteng Manggagawa at Protektahan ang Ating Kalayaan sa Pananalita"},"content":{"rendered":"<div data-elementor-type=\"wp-page\" data-elementor-id=\"2917\" class=\"elementor elementor-2917\" data-elementor-post-type=\"page\">\n\t\t\t\t\t\t<section class=\"elementor-section elementor-top-section elementor-element elementor-element-9513d47 elementor-section-boxed elementor-section-height-default elementor-section-height-default\" data-id=\"9513d47\" data-element_type=\"section\" data-e-type=\"section\">\n\t\t\t\t\t\t<div class=\"elementor-container elementor-column-gap-default\">\n\t\t\t\t\t<div class=\"elementor-column elementor-col-100 elementor-top-column elementor-element elementor-element-ad443b9\" data-id=\"ad443b9\" data-element_type=\"column\" data-e-type=\"column\">\n\t\t\t<div class=\"elementor-widget-wrap elementor-element-populated\">\n\t\t\t\t\t\t<div class=\"elementor-element elementor-element-c64b5e9 elementor-widget elementor-widget-text-editor\" data-id=\"c64b5e9\" data-element_type=\"widget\" data-e-type=\"widget\" data-widget_type=\"text-editor.default\">\n\t\t\t\t<div class=\"elementor-widget-container\">\n\t\t\t\t\t\t\t\t\t<p>Noong ika-25 ng Marso, si R\u00fcmeysa \u00d6zt\u00fcrk, isang nagtapos na estudyante sa Tufts University at isang miyembro ng labor union SEIU, ay inagaw ng mga nakamaskarang awtoridad sa imigrasyon ng federal sa isang pampublikong kalye. Ang pag-aresto sa kanya ay isang malinaw na pag-atake sa ating kalayaan sa pagsasalita. R\u00fcmeysa&#039;s mula sa Turkey, mayroon siyang valid student visa, ngunit inaresto at dinala sa isang detention center sa Louisiana. Bakit? Dahil ginamit niya kamakailan ang kanyang karapatan sa Unang Susog sa malayang pananalita sa pamamagitan ng pag-akda ng isang op-ed sa pahayagan ng mag-aaral bilang suporta sa mga tao ng Palestine.<\/p><p>Hindi kami tatayo habang ang Unang Susog ay sinilaban sa harap ng aming mga mata. At tiyak na hindi tayo tatahimik dahil dinukot ang mga manggagawa.<\/p><p><strong>Ipakita ang iyong pagkakaisa sa pamamagitan ng pagbabahagi ng poster na ito! Mag-post sa social media gamit ang hashtag <em>#4the1st<\/em> at tag <em>@SEIULocal509.<\/em><br \/><\/strong><\/p>\t\t\t\t\t\t\t\t<\/div>\n\t\t\t\t<\/div>\n\t\t\t\t<div class=\"elementor-element elementor-element-9039b32 elementor-widget elementor-widget-button\" data-id=\"9039b32\" data-element_type=\"widget\" data-e-type=\"widget\" data-widget_type=\"button.default\">\n\t\t\t\t<div class=\"elementor-widget-container\">\n\t\t\t\t\t\t\t\t\t<div class=\"elementor-button-wrapper\">\n\t\t\t\t\t<a class=\"elementor-button elementor-button-link elementor-size-sm\" href=\"https:\/\/drive.google.com\/drive\/folders\/1mmCSHYy4Q-2yGwYqn0V2OOJaXXy-_DjJ?usp=drive_link\" target=\"_blank\">\n\t\t\t\t\t\t<span class=\"elementor-button-content-wrapper\">\n\t\t\t\t\t\t\t\t\t<span class=\"elementor-button-text\">I-download<\/span>\n\t\t\t\t\t<\/span>\n\t\t\t\t\t<\/a>\n\t\t\t\t<\/div>\n\t\t\t\t\t\t\t\t<\/div>\n\t\t\t\t<\/div>\n\t\t\t\t<div class=\"elementor-element elementor-element-380d673 elementor-widget elementor-widget-image\" data-id=\"380d673\" data-element_type=\"widget\" data-e-type=\"widget\" data-widget_type=\"image.default\">\n\t\t\t\t<div class=\"elementor-widget-container\">\n\t\t\t\t\t\t\t\t\t\t\t\t\t\t\t<img fetchpriority=\"high\" decoding=\"async\" width=\"300\" height=\"300\" src=\"https:\/\/iamerica.org\/wp-content\/uploads\/2025\/05\/Rumeysa-FreeSpeech-IGsquare-150ppi-300x300.jpg\" class=\"attachment-medium size-medium wp-image-2918\" alt=\"\" srcset=\"https:\/\/iamerica.org\/wp-content\/uploads\/2025\/05\/Rumeysa-FreeSpeech-IGsquare-150ppi-300x300.jpg 300w, https:\/\/iamerica.org\/wp-content\/uploads\/2025\/05\/Rumeysa-FreeSpeech-IGsquare-150ppi-1024x1024.jpg 1024w, https:\/\/iamerica.org\/wp-content\/uploads\/2025\/05\/Rumeysa-FreeSpeech-IGsquare-150ppi-150x150.jpg 150w, https:\/\/iamerica.org\/wp-content\/uploads\/2025\/05\/Rumeysa-FreeSpeech-IGsquare-150ppi-768x768.jpg 768w, https:\/\/iamerica.org\/wp-content\/uploads\/2025\/05\/Rumeysa-FreeSpeech-IGsquare-150ppi-1536x1536.jpg 1536w, https:\/\/iamerica.org\/wp-content\/uploads\/2025\/05\/Rumeysa-FreeSpeech-IGsquare-150ppi-12x12.jpg 12w, https:\/\/iamerica.org\/wp-content\/uploads\/2025\/05\/Rumeysa-FreeSpeech-IGsquare-150ppi.jpg 1650w\" sizes=\"(max-width: 300px) 100vw, 300px\" \/>\t\t\t\t\t\t\t\t\t\t\t\t\t\t\t<\/div>\n\t\t\t\t<\/div>\n\t\t\t\t\t<\/div>\n\t\t<\/div>\n\t\t\t\t\t<\/div>\n\t\t<\/section>\n\t\t\t\t<\/div>","protected":false},"excerpt":{"rendered":"<p>On March 25th, R\u00fcmeysa \u00d6zt\u00fcrk, a graduate student at Tufts University and a member of labor union SEIU, was snatched by masked federal immigration authorities on a public street. Her arrest is a clear attack on our freedom of speech. R\u00fcmeysa&#8217;s from Turkey, she had a valid student visa, but was arrested and taken to [&hellip;]<\/p>\n","protected":false},"author":5,"featured_media":0,"parent":0,"menu_order":0,"comment_status":"closed","ping_status":"closed","template":"","meta":{"footnotes":"","_links_to":"","_links_to_target":""},"class_list":["post-2917","page","type-page","status-publish","hentry"],"yoast_head":"<!-- This site is optimized with the Yoast SEO plugin v27.3 - https:\/\/yoast.com\/product\/yoast-seo-wordpress\/ -->\n<title>Stand with Detained Immigrant Workers and Protect Our Freedom of Speech - iAmerica<\/title>\n<meta name=\"robots\" content=\"index, follow, max-snippet:-1, max-image-preview:large, max-video-preview:-1\" \/>\n<link rel=\"canonical\" href=\"https:\/\/iamerica.org\/tl\/stand-with-detained-immigrant-workers-and-protect-our-freedom-of-speech\/\" \/>\n<meta property=\"og:locale\" content=\"en_US\" \/>\n<meta property=\"og:type\" content=\"article\" \/>\n<meta property=\"og:title\" content=\"Stand with Detained Immigrant Workers and Protect Our Freedom of Speech - iAmerica\" \/>\n<meta property=\"og:description\" content=\"On March 25th, R\u00fcmeysa \u00d6zt\u00fcrk, a graduate student at Tufts University and a member of labor union SEIU, was snatched by masked federal immigration authorities on a public street. Her arrest is a clear attack on our freedom of speech. R\u00fcmeysa&#8217;s from Turkey, she had a valid student visa, but was arrested and taken to [&hellip;]\" \/>\n<meta property=\"og:url\" content=\"https:\/\/iamerica.org\/tl\/stand-with-detained-immigrant-workers-and-protect-our-freedom-of-speech\/\" \/>\n<meta property=\"og:site_name\" content=\"iAmerica\" \/>\n<meta property=\"article:publisher\" content=\"https:\/\/www.facebook.com\/iAmericaorg\/\" \/>\n<meta property=\"article:modified_time\" content=\"2025-05-09T00:32:37+00:00\" \/>\n<meta property=\"og:image\" content=\"https:\/\/iamerica.org\/wp-content\/uploads\/2025\/05\/Rumeysa-FreeSpeech-IGsquare-150ppi.jpg\" \/>\n\t<meta property=\"og:image:width\" content=\"1650\" \/>\n\t<meta property=\"og:image:height\" content=\"1650\" \/>\n\t<meta property=\"og:image:type\" content=\"image\/jpeg\" \/>\n<meta name=\"twitter:card\" content=\"summary_large_image\" \/>\n<meta name=\"twitter:site\" content=\"@iamericaorg\" \/>\n<meta name=\"twitter:label1\" content=\"Est. reading time\" \/>\n\t<meta name=\"twitter:data1\" content=\"1 minute\" \/>\n<script type=\"application\/ld+json\" class=\"yoast-schema-graph\">{\"@context\":\"https:\\\/\\\/schema.org\",\"@graph\":[{\"@type\":\"WebPage\",\"@id\":\"https:\\\/\\\/iamerica.org\\\/stand-with-detained-immigrant-workers-and-protect-our-freedom-of-speech\\\/\",\"url\":\"https:\\\/\\\/iamerica.org\\\/stand-with-detained-immigrant-workers-and-protect-our-freedom-of-speech\\\/\",\"name\":\"Stand with Detained Immigrant Workers and Protect Our Freedom of Speech - iAmerica\",\"isPartOf\":{\"@id\":\"https:\\\/\\\/iamerica.org\\\/ru\\\/#website\"},\"primaryImageOfPage\":{\"@id\":\"https:\\\/\\\/iamerica.org\\\/stand-with-detained-immigrant-workers-and-protect-our-freedom-of-speech\\\/#primaryimage\"},\"image\":{\"@id\":\"https:\\\/\\\/iamerica.org\\\/stand-with-detained-immigrant-workers-and-protect-our-freedom-of-speech\\\/#primaryimage\"},\"thumbnailUrl\":\"https:\\\/\\\/iamerica.org\\\/wp-content\\\/uploads\\\/2025\\\/05\\\/Rumeysa-FreeSpeech-IGsquare-150ppi-300x300.jpg\",\"datePublished\":\"2025-05-09T00:32:06+00:00\",\"dateModified\":\"2025-05-09T00:32:37+00:00\",\"breadcrumb\":{\"@id\":\"https:\\\/\\\/iamerica.org\\\/stand-with-detained-immigrant-workers-and-protect-our-freedom-of-speech\\\/#breadcrumb\"},\"inLanguage\":\"tl\",\"potentialAction\":[{\"@type\":\"ReadAction\",\"target\":[\"https:\\\/\\\/iamerica.org\\\/stand-with-detained-immigrant-workers-and-protect-our-freedom-of-speech\\\/\"]}]},{\"@type\":\"ImageObject\",\"inLanguage\":\"tl\",\"@id\":\"https:\\\/\\\/iamerica.org\\\/stand-with-detained-immigrant-workers-and-protect-our-freedom-of-speech\\\/#primaryimage\",\"url\":\"https:\\\/\\\/iamerica.org\\\/wp-content\\\/uploads\\\/2025\\\/05\\\/Rumeysa-FreeSpeech-IGsquare-150ppi-300x300.jpg\",\"contentUrl\":\"https:\\\/\\\/iamerica.org\\\/wp-content\\\/uploads\\\/2025\\\/05\\\/Rumeysa-FreeSpeech-IGsquare-150ppi-300x300.jpg\"},{\"@type\":\"BreadcrumbList\",\"@id\":\"https:\\\/\\\/iamerica.org\\\/stand-with-detained-immigrant-workers-and-protect-our-freedom-of-speech\\\/#breadcrumb\",\"itemListElement\":[{\"@type\":\"ListItem\",\"position\":1,\"name\":\"Home\",\"item\":\"https:\\\/\\\/iamerica.org\\\/\"},{\"@type\":\"ListItem\",\"position\":2,\"name\":\"Stand with Detained Immigrant Workers and Protect Our Freedom of Speech\"}]},{\"@type\":\"WebSite\",\"@id\":\"https:\\\/\\\/iamerica.org\\\/ru\\\/#website\",\"url\":\"https:\\\/\\\/iamerica.org\\\/ru\\\/\",\"name\":\"iAmerica\",\"description\":\"\",\"publisher\":{\"@id\":\"https:\\\/\\\/iamerica.org\\\/ru\\\/#organization\"},\"potentialAction\":[{\"@type\":\"SearchAction\",\"target\":{\"@type\":\"EntryPoint\",\"urlTemplate\":\"https:\\\/\\\/iamerica.org\\\/ru\\\/?s={search_term_string}\"},\"query-input\":{\"@type\":\"PropertyValueSpecification\",\"valueRequired\":true,\"valueName\":\"search_term_string\"}}],\"inLanguage\":\"tl\"},{\"@type\":\"Organization\",\"@id\":\"https:\\\/\\\/iamerica.org\\\/ru\\\/#organization\",\"name\":\"iAmerica\",\"url\":\"https:\\\/\\\/iamerica.org\\\/ru\\\/\",\"logo\":{\"@type\":\"ImageObject\",\"inLanguage\":\"tl\",\"@id\":\"https:\\\/\\\/iamerica.org\\\/ru\\\/#\\\/schema\\\/logo\\\/image\\\/\",\"url\":\"https:\\\/\\\/iamerica.org\\\/wp-content\\\/uploads\\\/2024\\\/05\\\/iAmerica_Logo_Navy.png\",\"contentUrl\":\"https:\\\/\\\/iamerica.org\\\/wp-content\\\/uploads\\\/2024\\\/05\\\/iAmerica_Logo_Navy.png\",\"width\":2309,\"height\":626,\"caption\":\"iAmerica\"},\"image\":{\"@id\":\"https:\\\/\\\/iamerica.org\\\/ru\\\/#\\\/schema\\\/logo\\\/image\\\/\"},\"sameAs\":[\"https:\\\/\\\/www.facebook.com\\\/iAmericaorg\\\/\",\"https:\\\/\\\/x.com\\\/iamericaorg\",\"https:\\\/\\\/www.instagram.com\\\/iamericaorg\"]}]}<\/script>\n<!-- \/ Yoast SEO plugin. -->","yoast_head_json":{"title":"Tumayo kasama ang mga Nakakulong na Imigranteng Manggagawa at Protektahan ang Ating Kalayaan sa Pagsasalita - iAmerica","robots":{"index":"index","follow":"follow","max-snippet":"max-snippet:-1","max-image-preview":"max-image-preview:large","max-video-preview":"max-video-preview:-1"},"canonical":"https:\/\/iamerica.org\/tl\/stand-with-detained-immigrant-workers-and-protect-our-freedom-of-speech\/","og_locale":"en_US","og_type":"article","og_title":"Stand with Detained Immigrant Workers and Protect Our Freedom of Speech - iAmerica","og_description":"On March 25th, R\u00fcmeysa \u00d6zt\u00fcrk, a graduate student at Tufts University and a member of labor union SEIU, was snatched by masked federal immigration authorities on a public street. Her arrest is a clear attack on our freedom of speech. R\u00fcmeysa&#8217;s from Turkey, she had a valid student visa, but was arrested and taken to [&hellip;]","og_url":"https:\/\/iamerica.org\/tl\/stand-with-detained-immigrant-workers-and-protect-our-freedom-of-speech\/","og_site_name":"iAmerica","article_publisher":"https:\/\/www.facebook.com\/iAmericaorg\/","article_modified_time":"2025-05-09T00:32:37+00:00","og_image":[{"width":1650,"height":1650,"url":"https:\/\/iamerica.org\/wp-content\/uploads\/2025\/05\/Rumeysa-FreeSpeech-IGsquare-150ppi.jpg","type":"image\/jpeg"}],"twitter_card":"summary_large_image","twitter_site":"@iamericaorg","twitter_misc":{"Est. reading time":"1 minute"},"schema":{"@context":"https:\/\/schema.org","@graph":[{"@type":"WebPage","@id":"https:\/\/iamerica.org\/stand-with-detained-immigrant-workers-and-protect-our-freedom-of-speech\/","url":"https:\/\/iamerica.org\/stand-with-detained-immigrant-workers-and-protect-our-freedom-of-speech\/","name":"Tumayo kasama ang mga Nakakulong na Imigranteng Manggagawa at Protektahan ang Ating Kalayaan sa Pagsasalita - iAmerica","isPartOf":{"@id":"https:\/\/iamerica.org\/ru\/#website"},"primaryImageOfPage":{"@id":"https:\/\/iamerica.org\/stand-with-detained-immigrant-workers-and-protect-our-freedom-of-speech\/#primaryimage"},"image":{"@id":"https:\/\/iamerica.org\/stand-with-detained-immigrant-workers-and-protect-our-freedom-of-speech\/#primaryimage"},"thumbnailUrl":"https:\/\/iamerica.org\/wp-content\/uploads\/2025\/05\/Rumeysa-FreeSpeech-IGsquare-150ppi-300x300.jpg","datePublished":"2025-05-09T00:32:06+00:00","dateModified":"2025-05-09T00:32:37+00:00","breadcrumb":{"@id":"https:\/\/iamerica.org\/stand-with-detained-immigrant-workers-and-protect-our-freedom-of-speech\/#breadcrumb"},"inLanguage":"tl","potentialAction":[{"@type":"ReadAction","target":["https:\/\/iamerica.org\/stand-with-detained-immigrant-workers-and-protect-our-freedom-of-speech\/"]}]},{"@type":"ImageObject","inLanguage":"tl","@id":"https:\/\/iamerica.org\/stand-with-detained-immigrant-workers-and-protect-our-freedom-of-speech\/#primaryimage","url":"https:\/\/iamerica.org\/wp-content\/uploads\/2025\/05\/Rumeysa-FreeSpeech-IGsquare-150ppi-300x300.jpg","contentUrl":"https:\/\/iamerica.org\/wp-content\/uploads\/2025\/05\/Rumeysa-FreeSpeech-IGsquare-150ppi-300x300.jpg"},{"@type":"BreadcrumbList","@id":"https:\/\/iamerica.org\/stand-with-detained-immigrant-workers-and-protect-our-freedom-of-speech\/#breadcrumb","itemListElement":[{"@type":"ListItem","position":1,"name":"Home","item":"https:\/\/iamerica.org\/"},{"@type":"ListItem","position":2,"name":"Stand with Detained Immigrant Workers and Protect Our Freedom of Speech"}]},{"@type":"WebSite","@id":"https:\/\/iamerica.org\/ru\/#website","url":"https:\/\/iamerica.org\/ru\/","name":"iAmerica","description":"","publisher":{"@id":"https:\/\/iamerica.org\/ru\/#organization"},"potentialAction":[{"@type":"SearchAction","target":{"@type":"EntryPoint","urlTemplate":"https:\/\/iamerica.org\/ru\/?s={search_term_string}"},"query-input":{"@type":"PropertyValueSpecification","valueRequired":true,"valueName":"search_term_string"}}],"inLanguage":"tl"},{"@type":"Organization","@id":"https:\/\/iamerica.org\/ru\/#organization","name":"iAmerica","url":"https:\/\/iamerica.org\/ru\/","logo":{"@type":"ImageObject","inLanguage":"tl","@id":"https:\/\/iamerica.org\/ru\/#\/schema\/logo\/image\/","url":"https:\/\/iamerica.org\/wp-content\/uploads\/2024\/05\/iAmerica_Logo_Navy.png","contentUrl":"https:\/\/iamerica.org\/wp-content\/uploads\/2024\/05\/iAmerica_Logo_Navy.png","width":2309,"height":626,"caption":"iAmerica"},"image":{"@id":"https:\/\/iamerica.org\/ru\/#\/schema\/logo\/image\/"},"sameAs":["https:\/\/www.facebook.com\/iAmericaorg\/","https:\/\/x.com\/iamericaorg","https:\/\/www.instagram.com\/iamericaorg"]}]}},"_links":{"self":[{"href":"https:\/\/iamerica.org\/tl\/wp-json\/wp\/v2\/pages\/2917","targetHints":{"allow":["GET"]}}],"collection":[{"href":"https:\/\/iamerica.org\/tl\/wp-json\/wp\/v2\/pages"}],"about":[{"href":"https:\/\/iamerica.org\/tl\/wp-json\/wp\/v2\/types\/page"}],"author":[{"embeddable":true,"href":"https:\/\/iamerica.org\/tl\/wp-json\/wp\/v2\/users\/5"}],"replies":[{"embeddable":true,"href":"https:\/\/iamerica.org\/tl\/wp-json\/wp\/v2\/comments?post=2917"}],"version-history":[{"count":0,"href":"https:\/\/iamerica.org\/tl\/wp-json\/wp\/v2\/pages\/2917\/revisions"}],"wp:attachment":[{"href":"https:\/\/iamerica.org\/tl\/wp-json\/wp\/v2\/media?parent=2917"}],"curies":[{"name":"wp","href":"https:\/\/api.w.org\/{rel}","templated":true}]}}