{"id":972,"date":"2024-05-22T14:52:35","date_gmt":"2024-05-22T14:52:35","guid":{"rendered":"https:\/\/iamerica.wpenginepowered.com\/?page_id=972"},"modified":"2024-07-10T18:18:44","modified_gmt":"2024-07-10T22:18:44","slug":"news","status":"publish","type":"page","link":"https:\/\/iamerica.org\/tl\/news\/","title":{"rendered":"Balita"},"content":{"rendered":"<div data-elementor-type=\"wp-page\" data-elementor-id=\"972\" class=\"elementor elementor-972\" data-elementor-post-type=\"page\">\n\t\t\t\t\t\t<section class=\"elementor-section elementor-top-section elementor-element elementor-element-162f136 elementor-section-boxed elementor-section-height-default elementor-section-height-default\" data-id=\"162f136\" data-element_type=\"section\" data-e-type=\"section\">\n\t\t\t\t\t\t<div class=\"elementor-container elementor-column-gap-default\">\n\t\t\t\t\t<div class=\"elementor-column elementor-col-100 elementor-top-column elementor-element elementor-element-65d03f1\" data-id=\"65d03f1\" data-element_type=\"column\" data-e-type=\"column\">\n\t\t\t<div class=\"elementor-widget-wrap elementor-element-populated\">\n\t\t\t\t\t\t<div class=\"elementor-element elementor-element-98caf0c elementor-grid-1 elementor-posts--thumbnail-left featured elementor-grid-tablet-2 elementor-grid-mobile-1 elementor-widget elementor-widget-posts\" data-id=\"98caf0c\" data-element_type=\"widget\" data-e-type=\"widget\" data-settings=\"{&quot;classic_columns&quot;:&quot;1&quot;,&quot;classic_row_gap&quot;:{&quot;unit&quot;:&quot;px&quot;,&quot;size&quot;:40,&quot;sizes&quot;:[]},&quot;classic_columns_tablet&quot;:&quot;2&quot;,&quot;classic_columns_mobile&quot;:&quot;1&quot;,&quot;classic_row_gap_widescreen&quot;:{&quot;unit&quot;:&quot;px&quot;,&quot;size&quot;:&quot;&quot;,&quot;sizes&quot;:[]},&quot;classic_row_gap_laptop&quot;:{&quot;unit&quot;:&quot;px&quot;,&quot;size&quot;:&quot;&quot;,&quot;sizes&quot;:[]},&quot;classic_row_gap_tablet_extra&quot;:{&quot;unit&quot;:&quot;px&quot;,&quot;size&quot;:&quot;&quot;,&quot;sizes&quot;:[]},&quot;classic_row_gap_tablet&quot;:{&quot;unit&quot;:&quot;px&quot;,&quot;size&quot;:&quot;&quot;,&quot;sizes&quot;:[]},&quot;classic_row_gap_mobile_extra&quot;:{&quot;unit&quot;:&quot;px&quot;,&quot;size&quot;:&quot;&quot;,&quot;sizes&quot;:[]},&quot;classic_row_gap_mobile&quot;:{&quot;unit&quot;:&quot;px&quot;,&quot;size&quot;:&quot;&quot;,&quot;sizes&quot;:[]}}\" data-widget_type=\"posts.classic\">\n\t\t\t\t<div class=\"elementor-widget-container\">\n\t\t\t\t\t\t\t<div class=\"elementor-posts-container elementor-posts elementor-posts--skin-classic elementor-grid\" role=\"list\">\n\t\t\t\t<article class=\"elementor-post elementor-grid-item post-2940 post type-post status-publish format-standard has-post-thumbnail hentry category-pressrelease\" role=\"listitem\">\n\t\t\t\t<a class=\"elementor-post__thumbnail__link\" href=\"https:\/\/seiu.org\/2025\/06\/statement-seiu-president-april-verrett-on-david-huertas-release-from-federal-custody\" tabindex=\"-1\" >\n\t\t\t<div class=\"elementor-post__thumbnail\"><img fetchpriority=\"high\" decoding=\"async\" width=\"1081\" height=\"515\" src=\"https:\/\/iamerica.org\/wp-content\/uploads\/2024\/06\/iAmerica_PressReleaseArtboard-2-copy-5.png\" class=\"attachment-full size-full wp-image-2162\" alt=\"\" srcset=\"https:\/\/iamerica.org\/wp-content\/uploads\/2024\/06\/iAmerica_PressReleaseArtboard-2-copy-5.png 1081w, https:\/\/iamerica.org\/wp-content\/uploads\/2024\/06\/iAmerica_PressReleaseArtboard-2-copy-5-300x143.png 300w, https:\/\/iamerica.org\/wp-content\/uploads\/2024\/06\/iAmerica_PressReleaseArtboard-2-copy-5-1024x488.png 1024w, https:\/\/iamerica.org\/wp-content\/uploads\/2024\/06\/iAmerica_PressReleaseArtboard-2-copy-5-768x366.png 768w\" sizes=\"(max-width: 1081px) 100vw, 1081px\" \/><\/div>\n\t\t<\/a>\n\t\t\t\t<div class=\"elementor-post__text\">\n\t\t\t\t<h2 class=\"elementor-post__title\">\n\t\t\t<a href=\"https:\/\/seiu.org\/2025\/06\/statement-seiu-president-april-verrett-on-david-huertas-release-from-federal-custody\" >\n\t\t\t\tSEIU President April Verrett on David Huerta&#039;s Release from Federal Custody\t\t\t<\/a>\n\t\t<\/h2>\n\t\t\t\t<div class=\"elementor-post__meta-data\">\n\t\t\t\t\t<span class=\"elementor-post-date\">\n\t\t\tHunyo 9, 2025\t\t<\/span>\n\t\t\t\t<\/div>\n\t\t\t\t<div class=\"elementor-post__excerpt\">\n\t\t\t\t\t<\/div>\n\t\t\n\t\t<a class=\"elementor-post__read-more\" href=\"https:\/\/seiu.org\/2025\/06\/statement-seiu-president-april-verrett-on-david-huertas-release-from-federal-custody\" aria-label=\"Magbasa nang higit pa tungkol sa Pangulo ng SEIU na si April Verrett sa Pagpapalaya ni David Huerta mula sa Federal Custody\" tabindex=\"-1\" >\n\t\t\tMagbasa pa <i class=\"fa-solid fa-arrow-right\"><\/i>\t\t<\/a>\n\n\t\t\t\t<\/div>\n\t\t\t\t<\/article>\n\t\t\t\t<\/div>\n\t\t\n\t\t\t\t\t\t<\/div>\n\t\t\t\t<\/div>\n\t\t\t\t\t<\/div>\n\t\t<\/div>\n\t\t\t\t\t<\/div>\n\t\t<\/section>\n\t\t\t\t<section class=\"elementor-section elementor-top-section elementor-element elementor-element-7d1a83a elementor-section-boxed elementor-section-height-default elementor-section-height-default\" data-id=\"7d1a83a\" data-element_type=\"section\" data-e-type=\"section\">\n\t\t\t\t\t\t<div class=\"elementor-container elementor-column-gap-default\">\n\t\t\t\t\t<div class=\"elementor-column elementor-col-100 elementor-top-column elementor-element elementor-element-e848435\" data-id=\"e848435\" data-element_type=\"column\" data-e-type=\"column\">\n\t\t\t<div class=\"elementor-widget-wrap elementor-element-populated\">\n\t\t\t\t\t\t<div class=\"elementor-element elementor-element-240330a elementor-grid-3 elementor-grid-tablet-2 elementor-grid-mobile-1 elementor-posts--thumbnail-top elementor-card-shadow-yes elementor-posts__hover-gradient load-more-align-center elementor-widget elementor-widget-posts\" data-id=\"240330a\" data-element_type=\"widget\" data-e-type=\"widget\" data-settings=\"{&quot;pagination_type&quot;:&quot;load_more_on_click&quot;,&quot;cards_columns&quot;:&quot;3&quot;,&quot;cards_columns_tablet&quot;:&quot;2&quot;,&quot;cards_columns_mobile&quot;:&quot;1&quot;,&quot;cards_row_gap&quot;:{&quot;unit&quot;:&quot;px&quot;,&quot;size&quot;:35,&quot;sizes&quot;:[]},&quot;cards_row_gap_widescreen&quot;:{&quot;unit&quot;:&quot;px&quot;,&quot;size&quot;:&quot;&quot;,&quot;sizes&quot;:[]},&quot;cards_row_gap_laptop&quot;:{&quot;unit&quot;:&quot;px&quot;,&quot;size&quot;:&quot;&quot;,&quot;sizes&quot;:[]},&quot;cards_row_gap_tablet_extra&quot;:{&quot;unit&quot;:&quot;px&quot;,&quot;size&quot;:&quot;&quot;,&quot;sizes&quot;:[]},&quot;cards_row_gap_tablet&quot;:{&quot;unit&quot;:&quot;px&quot;,&quot;size&quot;:&quot;&quot;,&quot;sizes&quot;:[]},&quot;cards_row_gap_mobile_extra&quot;:{&quot;unit&quot;:&quot;px&quot;,&quot;size&quot;:&quot;&quot;,&quot;sizes&quot;:[]},&quot;cards_row_gap_mobile&quot;:{&quot;unit&quot;:&quot;px&quot;,&quot;size&quot;:&quot;&quot;,&quot;sizes&quot;:[]},&quot;load_more_spinner&quot;:{&quot;value&quot;:&quot;fas fa-spinner&quot;,&quot;library&quot;:&quot;fa-solid&quot;}}\" data-widget_type=\"posts.cards\">\n\t\t\t\t<div class=\"elementor-widget-container\">\n\t\t\t\t\t\t\t<div class=\"elementor-posts-container elementor-posts elementor-posts--skin-cards elementor-grid\" role=\"list\">\n\t\t\t\t<article class=\"elementor-post elementor-grid-item post-2931 post type-post status-publish format-standard has-post-thumbnail hentry category-pressrelease\" role=\"listitem\">\n\t\t\t<div class=\"elementor-post__card\">\n\t\t\t\t<a class=\"elementor-post__thumbnail__link\" href=\"https:\/\/seiu.org\/2025\/05\/seiu-celebrates-judges-decision-that-will-result-in-the-release-of-union-member-lewelyn-auntie-lynn-dixon-from-ice-detention-center\" tabindex=\"-1\" ><div class=\"elementor-post__thumbnail\"><img decoding=\"async\" width=\"1081\" height=\"515\" src=\"https:\/\/iamerica.org\/wp-content\/uploads\/2024\/06\/iAmerica_PressReleaseArtboard-2-copy-2.png\" class=\"attachment-full size-full wp-image-2160\" alt=\"\" srcset=\"https:\/\/iamerica.org\/wp-content\/uploads\/2024\/06\/iAmerica_PressReleaseArtboard-2-copy-2.png 1081w, https:\/\/iamerica.org\/wp-content\/uploads\/2024\/06\/iAmerica_PressReleaseArtboard-2-copy-2-300x143.png 300w, https:\/\/iamerica.org\/wp-content\/uploads\/2024\/06\/iAmerica_PressReleaseArtboard-2-copy-2-1024x488.png 1024w, https:\/\/iamerica.org\/wp-content\/uploads\/2024\/06\/iAmerica_PressReleaseArtboard-2-copy-2-768x366.png 768w\" sizes=\"(max-width: 1081px) 100vw, 1081px\" \/><\/div><\/a>\n\t\t\t\t<div class=\"elementor-post__text\">\n\t\t\t\t<h3 class=\"elementor-post__title\">\n\t\t\t<a href=\"https:\/\/seiu.org\/2025\/05\/seiu-celebrates-judges-decision-that-will-result-in-the-release-of-union-member-lewelyn-auntie-lynn-dixon-from-ice-detention-center\" >\n\t\t\t\tIpinagdiriwang ng SEIU ang Desisyon ng Hukom na Magreresulta sa Pagpapalaya sa Miyembro ng Unyon na si Lewelyn \u201cAuntie Lynn\u201d Dixon mula sa ICE Detention Center\t\t\t<\/a>\n\t\t<\/h3>\n\t\t\t\t\t<div class=\"elementor-post__read-more-wrapper\">\n\t\t\n\t\t<a class=\"elementor-post__read-more\" href=\"https:\/\/seiu.org\/2025\/05\/seiu-celebrates-judges-decision-that-will-result-in-the-release-of-union-member-lewelyn-auntie-lynn-dixon-from-ice-detention-center\" aria-label=\"Magbasa nang higit pa tungkol sa SEIU na Ipinagdiriwang ang Desisyon ng Hukom na Magreresulta sa Pagpapalaya ng Miyembro ng Unyon na si Lewelyn \u201cAuntie Lynn\u201d Dixon mula sa ICE Detention Center\" tabindex=\"-1\" >\n\t\t\tMagbasa pa <i class=\"fa-solid fa-arrow-right\"><\/i>\t\t<\/a>\n\n\t\t\t\t\t<\/div>\n\t\t\t\t<\/div>\n\t\t\t\t<div class=\"elementor-post__meta-data\">\n\t\t\t\t\t<span class=\"elementor-post-date\">\n\t\t\tMayo 30, 2025\t\t<\/span>\n\t\t\t\t<\/div>\n\t\t\t\t\t<\/div>\n\t\t<\/article>\n\t\t\t\t<article class=\"elementor-post elementor-grid-item post-2933 post type-post status-publish format-standard has-post-thumbnail hentry category-news\" role=\"listitem\">\n\t\t\t<div class=\"elementor-post__card\">\n\t\t\t\t<a class=\"elementor-post__thumbnail__link\" href=\"https:\/\/www.kuow.org\/stories\/filipina-green-card-holder-and-uw-worker-released-from-tacoma-ice-center\" tabindex=\"-1\" ><div class=\"elementor-post__thumbnail\"><img decoding=\"async\" width=\"1691\" height=\"1268\" src=\"https:\/\/iamerica.org\/wp-content\/uploads\/2025\/06\/npr-article-lewelyn.jpeg\" class=\"attachment-full size-full wp-image-2934\" alt=\"\" srcset=\"https:\/\/iamerica.org\/wp-content\/uploads\/2025\/06\/npr-article-lewelyn.jpeg 1691w, https:\/\/iamerica.org\/wp-content\/uploads\/2025\/06\/npr-article-lewelyn-300x225.jpeg 300w, https:\/\/iamerica.org\/wp-content\/uploads\/2025\/06\/npr-article-lewelyn-1024x768.jpeg 1024w, https:\/\/iamerica.org\/wp-content\/uploads\/2025\/06\/npr-article-lewelyn-768x576.jpeg 768w, https:\/\/iamerica.org\/wp-content\/uploads\/2025\/06\/npr-article-lewelyn-1536x1152.jpeg 1536w, https:\/\/iamerica.org\/wp-content\/uploads\/2025\/06\/npr-article-lewelyn-16x12.jpeg 16w\" sizes=\"(max-width: 1691px) 100vw, 1691px\" \/><\/div><\/a>\n\t\t\t\t<div class=\"elementor-post__text\">\n\t\t\t\t<h3 class=\"elementor-post__title\">\n\t\t\t<a href=\"https:\/\/www.kuow.org\/stories\/filipina-green-card-holder-and-uw-worker-released-from-tacoma-ice-center\" >\n\t\t\t\tNPR Network: Filipina green card holder at UW worker na inilabas mula sa Tacoma ICE center\t\t\t<\/a>\n\t\t<\/h3>\n\t\t\t\t\t<div class=\"elementor-post__read-more-wrapper\">\n\t\t\n\t\t<a class=\"elementor-post__read-more\" href=\"https:\/\/www.kuow.org\/stories\/filipina-green-card-holder-and-uw-worker-released-from-tacoma-ice-center\" aria-label=\"Magbasa pa tungkol sa NPR Network: Filipina green card holder at UW worker na inilabas mula sa Tacoma ICE center\" tabindex=\"-1\" >\n\t\t\tMagbasa pa <i class=\"fa-solid fa-arrow-right\"><\/i>\t\t<\/a>\n\n\t\t\t\t\t<\/div>\n\t\t\t\t<\/div>\n\t\t\t\t<div class=\"elementor-post__meta-data\">\n\t\t\t\t\t<span class=\"elementor-post-date\">\n\t\t\tMayo 29, 2025\t\t<\/span>\n\t\t\t\t<\/div>\n\t\t\t\t\t<\/div>\n\t\t<\/article>\n\t\t\t\t<article class=\"elementor-post elementor-grid-item post-2932 post type-post status-publish format-standard has-post-thumbnail hentry category-news\" role=\"listitem\">\n\t\t\t<div class=\"elementor-post__card\">\n\t\t\t\t<a class=\"elementor-post__thumbnail__link\" href=\"https:\/\/www.nbcnews.com\/news\/latino\/venezuelans-tps-fear-deported-supreme-court-ruling-rcna208716\" tabindex=\"-1\" ><div class=\"elementor-post__thumbnail\"><img loading=\"lazy\" decoding=\"async\" width=\"1000\" height=\"667\" src=\"https:\/\/iamerica.org\/wp-content\/uploads\/2025\/05\/nbc-article-tps-venezuelan.webp\" class=\"attachment-full size-full wp-image-2935\" alt=\"\" srcset=\"https:\/\/iamerica.org\/wp-content\/uploads\/2025\/05\/nbc-article-tps-venezuelan.webp 1000w, https:\/\/iamerica.org\/wp-content\/uploads\/2025\/05\/nbc-article-tps-venezuelan-300x200.webp 300w, https:\/\/iamerica.org\/wp-content\/uploads\/2025\/05\/nbc-article-tps-venezuelan-768x512.webp 768w, https:\/\/iamerica.org\/wp-content\/uploads\/2025\/05\/nbc-article-tps-venezuelan-18x12.webp 18w\" sizes=\"(max-width: 1000px) 100vw, 1000px\" \/><\/div><\/a>\n\t\t\t\t<div class=\"elementor-post__text\">\n\t\t\t\t<h3 class=\"elementor-post__title\">\n\t\t\t<a href=\"https:\/\/www.nbcnews.com\/news\/latino\/venezuelans-tps-fear-deported-supreme-court-ruling-rcna208716\" >\n\t\t\t\tNBC News: Ang mga Venezuelan na ito ay legal na nasa US, ngunit ang isang utos ng Korte Suprema sa TPS ay nagpapabagal sa kanilang buhay\t\t\t<\/a>\n\t\t<\/h3>\n\t\t\t\t\t<div class=\"elementor-post__read-more-wrapper\">\n\t\t\n\t\t<a class=\"elementor-post__read-more\" href=\"https:\/\/www.nbcnews.com\/news\/latino\/venezuelans-tps-fear-deported-supreme-court-ruling-rcna208716\" aria-label=\"Magbasa nang higit pa tungkol sa NBC News: Ang mga Venezuelan na ito ay legal na nasa US, ngunit ang isang utos ng Korte Suprema sa TPS ay nagpapabagal sa kanilang buhay\" tabindex=\"-1\" >\n\t\t\tMagbasa pa <i class=\"fa-solid fa-arrow-right\"><\/i>\t\t<\/a>\n\n\t\t\t\t\t<\/div>\n\t\t\t\t<\/div>\n\t\t\t\t<div class=\"elementor-post__meta-data\">\n\t\t\t\t\t<span class=\"elementor-post-date\">\n\t\t\tMayo 27, 2025\t\t<\/span>\n\t\t\t\t<\/div>\n\t\t\t\t\t<\/div>\n\t\t<\/article>\n\t\t\t\t<article class=\"elementor-post elementor-grid-item post-2924 post type-post status-publish format-standard has-post-thumbnail hentry category-pressrelease\" role=\"listitem\">\n\t\t\t<div class=\"elementor-post__card\">\n\t\t\t\t<a class=\"elementor-post__thumbnail__link\" href=\"https:\/\/seiu.org\/2025\/05\/seius-saenz-stripping-tps-from-350-000-venezuelans-will-devastate-families-communities-economy\" tabindex=\"-1\" ><div class=\"elementor-post__thumbnail\"><img loading=\"lazy\" decoding=\"async\" width=\"1081\" height=\"515\" src=\"https:\/\/iamerica.org\/wp-content\/uploads\/2024\/06\/iAmerica_PressReleaseArtboard-2-copy-4.png\" class=\"attachment-full size-full wp-image-2161\" alt=\"\" srcset=\"https:\/\/iamerica.org\/wp-content\/uploads\/2024\/06\/iAmerica_PressReleaseArtboard-2-copy-4.png 1081w, https:\/\/iamerica.org\/wp-content\/uploads\/2024\/06\/iAmerica_PressReleaseArtboard-2-copy-4-300x143.png 300w, https:\/\/iamerica.org\/wp-content\/uploads\/2024\/06\/iAmerica_PressReleaseArtboard-2-copy-4-1024x488.png 1024w, https:\/\/iamerica.org\/wp-content\/uploads\/2024\/06\/iAmerica_PressReleaseArtboard-2-copy-4-768x366.png 768w\" sizes=\"(max-width: 1081px) 100vw, 1081px\" \/><\/div><\/a>\n\t\t\t\t<div class=\"elementor-post__text\">\n\t\t\t\t<h3 class=\"elementor-post__title\">\n\t\t\t<a href=\"https:\/\/seiu.org\/2025\/05\/seius-saenz-stripping-tps-from-350-000-venezuelans-will-devastate-families-communities-economy\" >\n\t\t\t\tS\u00e1enz ng SEIU: Ang pagtanggal ng TPS mula sa 350,000 Venezuelan ay masisira ang mga Pamilya, Komunidad, Ekonomiya\t\t\t<\/a>\n\t\t<\/h3>\n\t\t\t\t\t<div class=\"elementor-post__read-more-wrapper\">\n\t\t\n\t\t<a class=\"elementor-post__read-more\" href=\"https:\/\/seiu.org\/2025\/05\/seius-saenz-stripping-tps-from-350-000-venezuelans-will-devastate-families-communities-economy\" aria-label=\"Magbasa nang higit pa tungkol sa S\u00e1enz ng SEIU: Ang Pagtanggal ng TPS mula sa 350,000 Venezuelan ay Sisirain ang mga Pamilya, Komunidad, Ekonomiya\" tabindex=\"-1\" >\n\t\t\tMagbasa pa <i class=\"fa-solid fa-arrow-right\"><\/i>\t\t<\/a>\n\n\t\t\t\t\t<\/div>\n\t\t\t\t<\/div>\n\t\t\t\t<div class=\"elementor-post__meta-data\">\n\t\t\t\t\t<span class=\"elementor-post-date\">\n\t\t\tMayo 20, 2025\t\t<\/span>\n\t\t\t\t<\/div>\n\t\t\t\t\t<\/div>\n\t\t<\/article>\n\t\t\t\t<article class=\"elementor-post elementor-grid-item post-2916 post type-post status-publish format-standard has-post-thumbnail hentry category-pressrelease\" role=\"listitem\">\n\t\t\t<div class=\"elementor-post__card\">\n\t\t\t\t<a class=\"elementor-post__thumbnail__link\" href=\"https:\/\/www.seiu.org\/2025\/05\/seiu-celebrates-the-release-of-cliona-ward-union-member-and-caregiver-following-nationwide-advocacy\" tabindex=\"-1\" ><div class=\"elementor-post__thumbnail\"><img fetchpriority=\"high\" decoding=\"async\" width=\"1081\" height=\"515\" src=\"https:\/\/iamerica.org\/wp-content\/uploads\/2024\/06\/iAmerica_PressReleaseArtboard-2-copy-5.png\" class=\"attachment-full size-full wp-image-2162\" alt=\"\" srcset=\"https:\/\/iamerica.org\/wp-content\/uploads\/2024\/06\/iAmerica_PressReleaseArtboard-2-copy-5.png 1081w, https:\/\/iamerica.org\/wp-content\/uploads\/2024\/06\/iAmerica_PressReleaseArtboard-2-copy-5-300x143.png 300w, https:\/\/iamerica.org\/wp-content\/uploads\/2024\/06\/iAmerica_PressReleaseArtboard-2-copy-5-1024x488.png 1024w, https:\/\/iamerica.org\/wp-content\/uploads\/2024\/06\/iAmerica_PressReleaseArtboard-2-copy-5-768x366.png 768w\" sizes=\"(max-width: 1081px) 100vw, 1081px\" \/><\/div><\/a>\n\t\t\t\t<div class=\"elementor-post__text\">\n\t\t\t\t<h3 class=\"elementor-post__title\">\n\t\t\t<a href=\"https:\/\/www.seiu.org\/2025\/05\/seiu-celebrates-the-release-of-cliona-ward-union-member-and-caregiver-following-nationwide-advocacy\" >\n\t\t\t\tIpinagdiriwang ng SEIU ang Pagpapalaya sa Cliona Ward, Miyembro ng Unyon at Tagapag-alaga, Kasunod ng Nationwide Advocacy\t\t\t<\/a>\n\t\t<\/h3>\n\t\t\t\t\t<div class=\"elementor-post__read-more-wrapper\">\n\t\t\n\t\t<a class=\"elementor-post__read-more\" href=\"https:\/\/www.seiu.org\/2025\/05\/seiu-celebrates-the-release-of-cliona-ward-union-member-and-caregiver-following-nationwide-advocacy\" aria-label=\"Magbasa nang higit pa tungkol sa SEIU na Ipinagdiriwang ang Pagpapalabas ng Cliona Ward, Miyembro ng Unyon at Tagapag-alaga, Kasunod ng Nationwide Advocacy\" tabindex=\"-1\" >\n\t\t\tMagbasa pa <i class=\"fa-solid fa-arrow-right\"><\/i>\t\t<\/a>\n\n\t\t\t\t\t<\/div>\n\t\t\t\t<\/div>\n\t\t\t\t<div class=\"elementor-post__meta-data\">\n\t\t\t\t\t<span class=\"elementor-post-date\">\n\t\t\tMayo 7, 2025\t\t<\/span>\n\t\t\t\t<\/div>\n\t\t\t\t\t<\/div>\n\t\t<\/article>\n\t\t\t\t<article class=\"elementor-post elementor-grid-item post-2782 post type-post status-publish format-standard has-post-thumbnail hentry category-pressrelease\" role=\"listitem\">\n\t\t\t<div class=\"elementor-post__card\">\n\t\t\t\t<a class=\"elementor-post__thumbnail__link\" href=\"https:\/\/www.seiu.org\/2025\/03\/statement-by-seiu-president-april-verrett-on-tufts-graduate-student-detained-by-ice\" tabindex=\"-1\" ><div class=\"elementor-post__thumbnail\"><img decoding=\"async\" width=\"1081\" height=\"515\" src=\"https:\/\/iamerica.org\/wp-content\/uploads\/2024\/06\/iAmerica_PressReleaseArtboard-2-copy-2.png\" class=\"attachment-full size-full wp-image-2160\" alt=\"\" srcset=\"https:\/\/iamerica.org\/wp-content\/uploads\/2024\/06\/iAmerica_PressReleaseArtboard-2-copy-2.png 1081w, https:\/\/iamerica.org\/wp-content\/uploads\/2024\/06\/iAmerica_PressReleaseArtboard-2-copy-2-300x143.png 300w, https:\/\/iamerica.org\/wp-content\/uploads\/2024\/06\/iAmerica_PressReleaseArtboard-2-copy-2-1024x488.png 1024w, https:\/\/iamerica.org\/wp-content\/uploads\/2024\/06\/iAmerica_PressReleaseArtboard-2-copy-2-768x366.png 768w\" sizes=\"(max-width: 1081px) 100vw, 1081px\" \/><\/div><\/a>\n\t\t\t\t<div class=\"elementor-post__text\">\n\t\t\t\t<h3 class=\"elementor-post__title\">\n\t\t\t<a href=\"https:\/\/www.seiu.org\/2025\/03\/statement-by-seiu-president-april-verrett-on-tufts-graduate-student-detained-by-ice\" >\n\t\t\t\tPahayag ni SEIU President April Verrett sa Tufts Graduate Student na Pinigil ng ICE\t\t\t<\/a>\n\t\t<\/h3>\n\t\t\t\t\t<div class=\"elementor-post__read-more-wrapper\">\n\t\t\n\t\t<a class=\"elementor-post__read-more\" href=\"https:\/\/www.seiu.org\/2025\/03\/statement-by-seiu-president-april-verrett-on-tufts-graduate-student-detained-by-ice\" aria-label=\"Magbasa nang higit pa tungkol sa Pahayag ni SEIU President April Verrett sa Tufts Graduate Student na Detained ng ICE\" tabindex=\"-1\" >\n\t\t\tMagbasa pa <i class=\"fa-solid fa-arrow-right\"><\/i>\t\t<\/a>\n\n\t\t\t\t\t<\/div>\n\t\t\t\t<\/div>\n\t\t\t\t<div class=\"elementor-post__meta-data\">\n\t\t\t\t\t<span class=\"elementor-post-date\">\n\t\t\tMarso 26, 2025\t\t<\/span>\n\t\t\t\t<\/div>\n\t\t\t\t\t<\/div>\n\t\t<\/article>\n\t\t\t\t<article class=\"elementor-post elementor-grid-item post-2780 post type-post status-publish format-standard has-post-thumbnail hentry category-pressrelease\" role=\"listitem\">\n\t\t\t<div class=\"elementor-post__card\">\n\t\t\t\t<a class=\"elementor-post__thumbnail__link\" href=\"https:\/\/seiu.org\/2025\/03\/seius-verrett-demands-immediate-release-of-mahmoud-khalil-end-relentless-attack-on-free-speech\" tabindex=\"-1\" ><div class=\"elementor-post__thumbnail\"><img loading=\"lazy\" decoding=\"async\" width=\"1081\" height=\"515\" src=\"https:\/\/iamerica.org\/wp-content\/uploads\/2024\/06\/iAmerica_PressReleaseArtboard-2-copy-4.png\" class=\"attachment-full size-full wp-image-2161\" alt=\"\" srcset=\"https:\/\/iamerica.org\/wp-content\/uploads\/2024\/06\/iAmerica_PressReleaseArtboard-2-copy-4.png 1081w, https:\/\/iamerica.org\/wp-content\/uploads\/2024\/06\/iAmerica_PressReleaseArtboard-2-copy-4-300x143.png 300w, https:\/\/iamerica.org\/wp-content\/uploads\/2024\/06\/iAmerica_PressReleaseArtboard-2-copy-4-1024x488.png 1024w, https:\/\/iamerica.org\/wp-content\/uploads\/2024\/06\/iAmerica_PressReleaseArtboard-2-copy-4-768x366.png 768w\" sizes=\"(max-width: 1081px) 100vw, 1081px\" \/><\/div><\/a>\n\t\t\t\t<div class=\"elementor-post__text\">\n\t\t\t\t<h3 class=\"elementor-post__title\">\n\t\t\t<a href=\"https:\/\/seiu.org\/2025\/03\/seius-verrett-demands-immediate-release-of-mahmoud-khalil-end-relentless-attack-on-free-speech\" >\n\t\t\t\tHinihiling ng Verrett ng SEIU ang Agarang Paglaya kay Mahmoud Khalil, Tapusin ang Walang-humpay na Pag-atake sa Libreng Pananalita\t\t\t<\/a>\n\t\t<\/h3>\n\t\t\t\t\t<div class=\"elementor-post__read-more-wrapper\">\n\t\t\n\t\t<a class=\"elementor-post__read-more\" href=\"https:\/\/seiu.org\/2025\/03\/seius-verrett-demands-immediate-release-of-mahmoud-khalil-end-relentless-attack-on-free-speech\" aria-label=\"Magbasa nang higit pa tungkol sa Verrett ng SEIU na Nangangailangan ng Agarang Pagpapalaya kay Mahmoud Khalil, Tapusin ang Walang-humpay na Pag-atake sa Libreng Pagsasalita\" tabindex=\"-1\" >\n\t\t\tMagbasa pa <i class=\"fa-solid fa-arrow-right\"><\/i>\t\t<\/a>\n\n\t\t\t\t\t<\/div>\n\t\t\t\t<\/div>\n\t\t\t\t<div class=\"elementor-post__meta-data\">\n\t\t\t\t\t<span class=\"elementor-post-date\">\n\t\t\tMarso 13, 2025\t\t<\/span>\n\t\t\t\t<\/div>\n\t\t\t\t\t<\/div>\n\t\t<\/article>\n\t\t\t\t<article class=\"elementor-post elementor-grid-item post-2762 post type-post status-publish format-standard has-post-thumbnail hentry category-pressrelease\" role=\"listitem\">\n\t\t\t<div class=\"elementor-post__card\">\n\t\t\t\t<a class=\"elementor-post__thumbnail__link\" href=\"https:\/\/www.seiu.org\/2025\/02\/seius-verrett-ripping-away-tps-for-haitian-immigrants-is-a-direct-attack-on-working-families-our-economy\" tabindex=\"-1\" ><div class=\"elementor-post__thumbnail\"><img fetchpriority=\"high\" decoding=\"async\" width=\"1081\" height=\"515\" src=\"https:\/\/iamerica.org\/wp-content\/uploads\/2024\/06\/iAmerica_PressReleaseArtboard-2-copy-5.png\" class=\"attachment-full size-full wp-image-2162\" alt=\"\" srcset=\"https:\/\/iamerica.org\/wp-content\/uploads\/2024\/06\/iAmerica_PressReleaseArtboard-2-copy-5.png 1081w, https:\/\/iamerica.org\/wp-content\/uploads\/2024\/06\/iAmerica_PressReleaseArtboard-2-copy-5-300x143.png 300w, https:\/\/iamerica.org\/wp-content\/uploads\/2024\/06\/iAmerica_PressReleaseArtboard-2-copy-5-1024x488.png 1024w, https:\/\/iamerica.org\/wp-content\/uploads\/2024\/06\/iAmerica_PressReleaseArtboard-2-copy-5-768x366.png 768w\" sizes=\"(max-width: 1081px) 100vw, 1081px\" \/><\/div><\/a>\n\t\t\t\t<div class=\"elementor-post__text\">\n\t\t\t\t<h3 class=\"elementor-post__title\">\n\t\t\t<a href=\"https:\/\/www.seiu.org\/2025\/02\/seius-verrett-ripping-away-tps-for-haitian-immigrants-is-a-direct-attack-on-working-families-our-economy\" >\n\t\t\t\tVerrett ng SEIU: Ang Pagtanggal ng TPS para sa mga Imigrante ng Haitian ay Direktang Pag-atake sa Mga Pamilyang Nagtatrabaho, Ang Ating Ekonomiya\t\t\t<\/a>\n\t\t<\/h3>\n\t\t\t\t\t<div class=\"elementor-post__read-more-wrapper\">\n\t\t\n\t\t<a class=\"elementor-post__read-more\" href=\"https:\/\/www.seiu.org\/2025\/02\/seius-verrett-ripping-away-tps-for-haitian-immigrants-is-a-direct-attack-on-working-families-our-economy\" aria-label=\"Magbasa nang higit pa tungkol sa Verrett ng SEIU: Ang Pag-alis ng TPS para sa mga Imigrante ng Haitian ay isang Direktang Pag-atake sa Mga Pamilyang Nagtatrabaho, Ang Ating Ekonomiya\" tabindex=\"-1\" >\n\t\t\tMagbasa pa <i class=\"fa-solid fa-arrow-right\"><\/i>\t\t<\/a>\n\n\t\t\t\t\t<\/div>\n\t\t\t\t<\/div>\n\t\t\t\t<div class=\"elementor-post__meta-data\">\n\t\t\t\t\t<span class=\"elementor-post-date\">\n\t\t\tPebrero 20, 2025\t\t<\/span>\n\t\t\t\t<\/div>\n\t\t\t\t\t<\/div>\n\t\t<\/article>\n\t\t\t\t<article class=\"elementor-post elementor-grid-item post-2758 post type-post status-publish format-standard has-post-thumbnail hentry category-pressrelease\" role=\"listitem\">\n\t\t\t<div class=\"elementor-post__card\">\n\t\t\t\t<a class=\"elementor-post__thumbnail__link\" href=\"https:\/\/seiu.org\/2025\/02\/seius-saenz-venezuelans-with-temporary-protected-status-contribute-to-our-economy-in-countless-ways-sending-them-back-is-not-only-cruel-its-senseless\" tabindex=\"-1\" ><div class=\"elementor-post__thumbnail\"><img decoding=\"async\" width=\"1081\" height=\"515\" src=\"https:\/\/iamerica.org\/wp-content\/uploads\/2024\/06\/iAmerica_PressReleaseArtboard-2-copy-2.png\" class=\"attachment-full size-full wp-image-2160\" alt=\"\" srcset=\"https:\/\/iamerica.org\/wp-content\/uploads\/2024\/06\/iAmerica_PressReleaseArtboard-2-copy-2.png 1081w, https:\/\/iamerica.org\/wp-content\/uploads\/2024\/06\/iAmerica_PressReleaseArtboard-2-copy-2-300x143.png 300w, https:\/\/iamerica.org\/wp-content\/uploads\/2024\/06\/iAmerica_PressReleaseArtboard-2-copy-2-1024x488.png 1024w, https:\/\/iamerica.org\/wp-content\/uploads\/2024\/06\/iAmerica_PressReleaseArtboard-2-copy-2-768x366.png 768w\" sizes=\"(max-width: 1081px) 100vw, 1081px\" \/><\/div><\/a>\n\t\t\t\t<div class=\"elementor-post__text\">\n\t\t\t\t<h3 class=\"elementor-post__title\">\n\t\t\t<a href=\"https:\/\/seiu.org\/2025\/02\/seius-saenz-venezuelans-with-temporary-protected-status-contribute-to-our-economy-in-countless-ways-sending-them-back-is-not-only-cruel-its-senseless\" >\n\t\t\t\tS\u00e1enz ng SEIU: Ang mga Venezuelan na may Temporary Protected Status ay nag-aambag sa ating ekonomiya sa hindi mabilang na mga paraan \u2013 ang pagbabalik sa kanila ay hindi lamang malupit, ito ay walang katuturan\t\t\t<\/a>\n\t\t<\/h3>\n\t\t\t\t\t<div class=\"elementor-post__read-more-wrapper\">\n\t\t\n\t\t<a class=\"elementor-post__read-more\" href=\"https:\/\/seiu.org\/2025\/02\/seius-saenz-venezuelans-with-temporary-protected-status-contribute-to-our-economy-in-countless-ways-sending-them-back-is-not-only-cruel-its-senseless\" aria-label=\"Magbasa nang higit pa tungkol sa S\u00e1enz ng SEIU: Ang mga Venezuelan na may Temporary Protected Status ay nag-aambag sa ating ekonomiya sa hindi mabilang na mga paraan \u2013 ang pagbabalik sa kanila ay hindi lamang malupit, ito ay walang kabuluhan\" tabindex=\"-1\" >\n\t\t\tMagbasa pa <i class=\"fa-solid fa-arrow-right\"><\/i>\t\t<\/a>\n\n\t\t\t\t\t<\/div>\n\t\t\t\t<\/div>\n\t\t\t\t<div class=\"elementor-post__meta-data\">\n\t\t\t\t\t<span class=\"elementor-post-date\">\n\t\t\tPebrero 3, 2025\t\t<\/span>\n\t\t\t\t<\/div>\n\t\t\t\t\t<\/div>\n\t\t<\/article>\n\t\t\t\t<article class=\"elementor-post elementor-grid-item post-2756 post type-post status-publish format-standard has-post-thumbnail hentry category-pressrelease\" role=\"listitem\">\n\t\t\t<div class=\"elementor-post__card\">\n\t\t\t\t<a class=\"elementor-post__thumbnail__link\" href=\"https:\/\/seiu.org\/2025\/01\/saenz-del-seiu-por-mas-que-el-presidente-trump-intente-dividirnos-los-trabajadores-continuan-estando-unidos\" tabindex=\"-1\" ><div class=\"elementor-post__thumbnail\"><img loading=\"lazy\" decoding=\"async\" width=\"1081\" height=\"515\" src=\"https:\/\/iamerica.org\/wp-content\/uploads\/2024\/06\/iAmerica_PressReleaseArtboard-2-copy-4.png\" class=\"attachment-full size-full wp-image-2161\" alt=\"\" srcset=\"https:\/\/iamerica.org\/wp-content\/uploads\/2024\/06\/iAmerica_PressReleaseArtboard-2-copy-4.png 1081w, https:\/\/iamerica.org\/wp-content\/uploads\/2024\/06\/iAmerica_PressReleaseArtboard-2-copy-4-300x143.png 300w, https:\/\/iamerica.org\/wp-content\/uploads\/2024\/06\/iAmerica_PressReleaseArtboard-2-copy-4-1024x488.png 1024w, https:\/\/iamerica.org\/wp-content\/uploads\/2024\/06\/iAmerica_PressReleaseArtboard-2-copy-4-768x366.png 768w\" sizes=\"(max-width: 1081px) 100vw, 1081px\" \/><\/div><\/a>\n\t\t\t\t<div class=\"elementor-post__text\">\n\t\t\t\t<h3 class=\"elementor-post__title\">\n\t\t\t<a href=\"https:\/\/seiu.org\/2025\/01\/saenz-del-seiu-por-mas-que-el-presidente-trump-intente-dividirnos-los-trabajadores-continuan-estando-unidos\" >\n\t\t\t\tS\u00e1enz del SEIU: &#039;Por m\u00e1s que el president Trump intente dividirnos, los trabajadores contin\u00faan estando unidos&#039;\t\t\t<\/a>\n\t\t<\/h3>\n\t\t\t\t\t<div class=\"elementor-post__read-more-wrapper\">\n\t\t\n\t\t<a class=\"elementor-post__read-more\" href=\"https:\/\/seiu.org\/2025\/01\/saenz-del-seiu-por-mas-que-el-presidente-trump-intente-dividirnos-los-trabajadores-continuan-estando-unidos\" aria-label=\"Magbasa pa tungkol sa S\u00e1enz del SEIU: &#039;Por m\u00e1s que el presidente Trump intente dividirnos, los trabajadores contin\u00faan estando unidos&#039;\" tabindex=\"-1\" >\n\t\t\tMagbasa pa <i class=\"fa-solid fa-arrow-right\"><\/i>\t\t<\/a>\n\n\t\t\t\t\t<\/div>\n\t\t\t\t<\/div>\n\t\t\t\t<div class=\"elementor-post__meta-data\">\n\t\t\t\t\t<span class=\"elementor-post-date\">\n\t\t\tEnero 20, 2025\t\t<\/span>\n\t\t\t\t<\/div>\n\t\t\t\t\t<\/div>\n\t\t<\/article>\n\t\t\t\t<article class=\"elementor-post elementor-grid-item post-2755 post type-post status-publish format-standard has-post-thumbnail hentry category-pressrelease\" role=\"listitem\">\n\t\t\t<div class=\"elementor-post__card\">\n\t\t\t\t<a class=\"elementor-post__thumbnail__link\" href=\"https:\/\/seiu.org\/2025\/01\/seius-saenz-action-on-tps-keeps-families-safe-and-together\" tabindex=\"-1\" ><div class=\"elementor-post__thumbnail\"><img fetchpriority=\"high\" decoding=\"async\" width=\"1081\" height=\"515\" src=\"https:\/\/iamerica.org\/wp-content\/uploads\/2024\/06\/iAmerica_PressReleaseArtboard-2-copy-5.png\" class=\"attachment-full size-full wp-image-2162\" alt=\"\" srcset=\"https:\/\/iamerica.org\/wp-content\/uploads\/2024\/06\/iAmerica_PressReleaseArtboard-2-copy-5.png 1081w, https:\/\/iamerica.org\/wp-content\/uploads\/2024\/06\/iAmerica_PressReleaseArtboard-2-copy-5-300x143.png 300w, https:\/\/iamerica.org\/wp-content\/uploads\/2024\/06\/iAmerica_PressReleaseArtboard-2-copy-5-1024x488.png 1024w, https:\/\/iamerica.org\/wp-content\/uploads\/2024\/06\/iAmerica_PressReleaseArtboard-2-copy-5-768x366.png 768w\" sizes=\"(max-width: 1081px) 100vw, 1081px\" \/><\/div><\/a>\n\t\t\t\t<div class=\"elementor-post__text\">\n\t\t\t\t<h3 class=\"elementor-post__title\">\n\t\t\t<a href=\"https:\/\/seiu.org\/2025\/01\/seius-saenz-action-on-tps-keeps-families-safe-and-together\" >\n\t\t\t\tAng S\u00e1enz ng SEIU: Ang Pagkilos sa TPS ay Pinapanatiling Ligtas at Sama-sama ang mga Pamilya\t\t\t<\/a>\n\t\t<\/h3>\n\t\t\t\t\t<div class=\"elementor-post__read-more-wrapper\">\n\t\t\n\t\t<a class=\"elementor-post__read-more\" href=\"https:\/\/seiu.org\/2025\/01\/seius-saenz-action-on-tps-keeps-families-safe-and-together\" aria-label=\"Magbasa pa tungkol sa S\u00e1enz ng SEIU: Ang Aksyon sa TPS ay Pinapanatiling Ligtas at Sama-sama ang mga Pamilya\" tabindex=\"-1\" >\n\t\t\tMagbasa pa <i class=\"fa-solid fa-arrow-right\"><\/i>\t\t<\/a>\n\n\t\t\t\t\t<\/div>\n\t\t\t\t<\/div>\n\t\t\t\t<div class=\"elementor-post__meta-data\">\n\t\t\t\t\t<span class=\"elementor-post-date\">\n\t\t\tEnero 10, 2025\t\t<\/span>\n\t\t\t\t<\/div>\n\t\t\t\t\t<\/div>\n\t\t<\/article>\n\t\t\t\t<article class=\"elementor-post elementor-grid-item post-2723 post type-post status-publish format-standard has-post-thumbnail hentry category-pressrelease\" role=\"listitem\">\n\t\t\t<div class=\"elementor-post__card\">\n\t\t\t\t<a class=\"elementor-post__thumbnail__link\" href=\"https:\/\/www.seiu.org\/2025\/01\/seius-verrett-condemns-house-vote-urges-senate-to-reject-immigrant-incarceration-bill\" tabindex=\"-1\" ><div class=\"elementor-post__thumbnail\"><img decoding=\"async\" width=\"1081\" height=\"515\" src=\"https:\/\/iamerica.org\/wp-content\/uploads\/2024\/06\/iAmerica_PressReleaseArtboard-2-copy-2.png\" class=\"attachment-full size-full wp-image-2160\" alt=\"\" srcset=\"https:\/\/iamerica.org\/wp-content\/uploads\/2024\/06\/iAmerica_PressReleaseArtboard-2-copy-2.png 1081w, https:\/\/iamerica.org\/wp-content\/uploads\/2024\/06\/iAmerica_PressReleaseArtboard-2-copy-2-300x143.png 300w, https:\/\/iamerica.org\/wp-content\/uploads\/2024\/06\/iAmerica_PressReleaseArtboard-2-copy-2-1024x488.png 1024w, https:\/\/iamerica.org\/wp-content\/uploads\/2024\/06\/iAmerica_PressReleaseArtboard-2-copy-2-768x366.png 768w\" sizes=\"(max-width: 1081px) 100vw, 1081px\" \/><\/div><\/a>\n\t\t\t\t<div class=\"elementor-post__text\">\n\t\t\t\t<h3 class=\"elementor-post__title\">\n\t\t\t<a href=\"https:\/\/www.seiu.org\/2025\/01\/seius-verrett-condemns-house-vote-urges-senate-to-reject-immigrant-incarceration-bill\" >\n\t\t\t\tAng Verrett ng SEIU ay Kinondena ang Boto sa Bahay, Hinihimok ang Senado na Tanggihan ang Immigrant Incarceration Bill\t\t\t<\/a>\n\t\t<\/h3>\n\t\t\t\t\t<div class=\"elementor-post__read-more-wrapper\">\n\t\t\n\t\t<a class=\"elementor-post__read-more\" href=\"https:\/\/www.seiu.org\/2025\/01\/seius-verrett-condemns-house-vote-urges-senate-to-reject-immigrant-incarceration-bill\" aria-label=\"Magbasa nang higit pa tungkol sa Verrett ng SEIU na Kinondena ang Boto sa Bahay, Hinihimok ang Senado na Tanggihan ang Immigrant Incarceration Bill\" tabindex=\"-1\" >\n\t\t\tMagbasa pa <i class=\"fa-solid fa-arrow-right\"><\/i>\t\t<\/a>\n\n\t\t\t\t\t<\/div>\n\t\t\t\t<\/div>\n\t\t\t\t<div class=\"elementor-post__meta-data\">\n\t\t\t\t\t<span class=\"elementor-post-date\">\n\t\t\tEnero 8, 2025\t\t<\/span>\n\t\t\t\t<\/div>\n\t\t\t\t\t<\/div>\n\t\t<\/article>\n\t\t\t\t<article class=\"elementor-post elementor-grid-item post-2703 post type-post status-publish format-standard has-post-thumbnail hentry category-pressrelease\" role=\"listitem\">\n\t\t\t<div class=\"elementor-post__card\">\n\t\t\t\t<a class=\"elementor-post__thumbnail__link\" href=\"https:\/\/seiu.org\/2024\/09\/seius-verrett-condemns-maga-attacks-on-haitian-immigrants-racism-has-no-place-in-our-society\" tabindex=\"-1\" ><div class=\"elementor-post__thumbnail\"><img loading=\"lazy\" decoding=\"async\" width=\"1081\" height=\"515\" src=\"https:\/\/iamerica.org\/wp-content\/uploads\/2024\/06\/iAmerica_PressReleaseArtboard-2-copy-4.png\" class=\"attachment-full size-full wp-image-2161\" alt=\"\" srcset=\"https:\/\/iamerica.org\/wp-content\/uploads\/2024\/06\/iAmerica_PressReleaseArtboard-2-copy-4.png 1081w, https:\/\/iamerica.org\/wp-content\/uploads\/2024\/06\/iAmerica_PressReleaseArtboard-2-copy-4-300x143.png 300w, https:\/\/iamerica.org\/wp-content\/uploads\/2024\/06\/iAmerica_PressReleaseArtboard-2-copy-4-1024x488.png 1024w, https:\/\/iamerica.org\/wp-content\/uploads\/2024\/06\/iAmerica_PressReleaseArtboard-2-copy-4-768x366.png 768w\" sizes=\"(max-width: 1081px) 100vw, 1081px\" \/><\/div><\/a>\n\t\t\t\t<div class=\"elementor-post__text\">\n\t\t\t\t<h3 class=\"elementor-post__title\">\n\t\t\t<a href=\"https:\/\/seiu.org\/2024\/09\/seius-verrett-condemns-maga-attacks-on-haitian-immigrants-racism-has-no-place-in-our-society\" >\n\t\t\t\tKinondena ni Verrett ng SEIU ang mga pag-atake ng MAGA sa mga imigrante ng Haitian: &#039;Walang lugar ang rasismo sa ating lipunan&#039;\t\t\t<\/a>\n\t\t<\/h3>\n\t\t\t\t\t<div class=\"elementor-post__read-more-wrapper\">\n\t\t\n\t\t<a class=\"elementor-post__read-more\" href=\"https:\/\/seiu.org\/2024\/09\/seius-verrett-condemns-maga-attacks-on-haitian-immigrants-racism-has-no-place-in-our-society\" aria-label=\"Magbasa nang higit pa tungkol sa Verrett ng SEIU na kinondena ang mga pag-atake ng MAGA sa mga imigrante ng Haitian: &#039;Walang lugar ang rasismo sa ating lipunan&#039;\" tabindex=\"-1\" >\n\t\t\tMagbasa pa <i class=\"fa-solid fa-arrow-right\"><\/i>\t\t<\/a>\n\n\t\t\t\t\t<\/div>\n\t\t\t\t<\/div>\n\t\t\t\t<div class=\"elementor-post__meta-data\">\n\t\t\t\t\t<span class=\"elementor-post-date\">\n\t\t\tSetyembre 18, 2024\t\t<\/span>\n\t\t\t\t<\/div>\n\t\t\t\t\t<\/div>\n\t\t<\/article>\n\t\t\t\t<article class=\"elementor-post elementor-grid-item post-2633 post type-post status-publish format-standard has-post-thumbnail hentry category-pressrelease\" role=\"listitem\">\n\t\t\t<div class=\"elementor-post__card\">\n\t\t\t\t<a class=\"elementor-post__thumbnail__link\" href=\"https:\/\/www.seiu.org\/2024\/08\/seius-saenz-condemns-federal-judge-pausing-program-to-support-undocumented-spouses-this-is-an-anti-family-decision\" tabindex=\"-1\" ><div class=\"elementor-post__thumbnail\"><img fetchpriority=\"high\" decoding=\"async\" width=\"1081\" height=\"515\" src=\"https:\/\/iamerica.org\/wp-content\/uploads\/2024\/06\/iAmerica_PressReleaseArtboard-2-copy-5.png\" class=\"attachment-full size-full wp-image-2162\" alt=\"\" srcset=\"https:\/\/iamerica.org\/wp-content\/uploads\/2024\/06\/iAmerica_PressReleaseArtboard-2-copy-5.png 1081w, https:\/\/iamerica.org\/wp-content\/uploads\/2024\/06\/iAmerica_PressReleaseArtboard-2-copy-5-300x143.png 300w, https:\/\/iamerica.org\/wp-content\/uploads\/2024\/06\/iAmerica_PressReleaseArtboard-2-copy-5-1024x488.png 1024w, https:\/\/iamerica.org\/wp-content\/uploads\/2024\/06\/iAmerica_PressReleaseArtboard-2-copy-5-768x366.png 768w\" sizes=\"(max-width: 1081px) 100vw, 1081px\" \/><\/div><\/a>\n\t\t\t\t<div class=\"elementor-post__text\">\n\t\t\t\t<h3 class=\"elementor-post__title\">\n\t\t\t<a href=\"https:\/\/www.seiu.org\/2024\/08\/seius-saenz-condemns-federal-judge-pausing-program-to-support-undocumented-spouses-this-is-an-anti-family-decision\" >\n\t\t\t\tKinondena ng S\u00e1enz ng SEIU ang programang paghinto ng federal judge upang suportahan ang mga hindi dokumentadong asawa: &#039;Ito ay isang desisyon laban sa pamilya&#039;\t\t\t<\/a>\n\t\t<\/h3>\n\t\t\t\t\t<div class=\"elementor-post__read-more-wrapper\">\n\t\t\n\t\t<a class=\"elementor-post__read-more\" href=\"https:\/\/www.seiu.org\/2024\/08\/seius-saenz-condemns-federal-judge-pausing-program-to-support-undocumented-spouses-this-is-an-anti-family-decision\" aria-label=\"Magbasa nang higit pa tungkol sa S\u00e1enz ng SEIU na kinondena ang programang paghinto ng federal judge upang suportahan ang mga hindi dokumentadong asawa: &#039;Ito ay isang desisyon laban sa pamilya&#039;\" tabindex=\"-1\" >\n\t\t\tMagbasa pa <i class=\"fa-solid fa-arrow-right\"><\/i>\t\t<\/a>\n\n\t\t\t\t\t<\/div>\n\t\t\t\t<\/div>\n\t\t\t\t<div class=\"elementor-post__meta-data\">\n\t\t\t\t\t<span class=\"elementor-post-date\">\n\t\t\tAgosto 27, 2024\t\t<\/span>\n\t\t\t\t<\/div>\n\t\t\t\t\t<\/div>\n\t\t<\/article>\n\t\t\t\t<article class=\"elementor-post elementor-grid-item post-2132 post type-post status-publish format-standard has-post-thumbnail hentry category-pressrelease\" role=\"listitem\">\n\t\t\t<div class=\"elementor-post__card\">\n\t\t\t\t<a class=\"elementor-post__thumbnail__link\" href=\"https:\/\/seiu.org\/2024\/06\/seius-saenz-now-is-not-the-time-to-turn-our-backs-on-immigrants-seeking-refuge\" tabindex=\"-1\" ><div class=\"elementor-post__thumbnail\"><img decoding=\"async\" width=\"1081\" height=\"515\" src=\"https:\/\/iamerica.org\/wp-content\/uploads\/2024\/06\/iAmerica_PressReleaseArtboard-2-copy-2.png\" class=\"attachment-full size-full wp-image-2160\" alt=\"\" srcset=\"https:\/\/iamerica.org\/wp-content\/uploads\/2024\/06\/iAmerica_PressReleaseArtboard-2-copy-2.png 1081w, https:\/\/iamerica.org\/wp-content\/uploads\/2024\/06\/iAmerica_PressReleaseArtboard-2-copy-2-300x143.png 300w, https:\/\/iamerica.org\/wp-content\/uploads\/2024\/06\/iAmerica_PressReleaseArtboard-2-copy-2-1024x488.png 1024w, https:\/\/iamerica.org\/wp-content\/uploads\/2024\/06\/iAmerica_PressReleaseArtboard-2-copy-2-768x366.png 768w\" sizes=\"(max-width: 1081px) 100vw, 1081px\" \/><\/div><\/a>\n\t\t\t\t<div class=\"elementor-post__text\">\n\t\t\t\t<h3 class=\"elementor-post__title\">\n\t\t\t<a href=\"https:\/\/seiu.org\/2024\/06\/seius-saenz-now-is-not-the-time-to-turn-our-backs-on-immigrants-seeking-refuge\" >\n\t\t\t\tS\u00e1enz ng SEIU: Hindi ngayon ang oras para talikuran ang mga imigrante na naghahanap ng kanlungan\t\t\t<\/a>\n\t\t<\/h3>\n\t\t\t\t\t<div class=\"elementor-post__read-more-wrapper\">\n\t\t\n\t\t<a class=\"elementor-post__read-more\" href=\"https:\/\/seiu.org\/2024\/06\/seius-saenz-now-is-not-the-time-to-turn-our-backs-on-immigrants-seeking-refuge\" aria-label=\"Magbasa pa tungkol sa S\u00e1enz ng SEIU: Hindi ngayon ang oras para talikuran ang mga imigrante na naghahanap ng kanlungan\" tabindex=\"-1\" >\n\t\t\tMagbasa pa <i class=\"fa-solid fa-arrow-right\"><\/i>\t\t<\/a>\n\n\t\t\t\t\t<\/div>\n\t\t\t\t<\/div>\n\t\t\t\t<div class=\"elementor-post__meta-data\">\n\t\t\t\t\t<span class=\"elementor-post-date\">\n\t\t\tHunyo 4, 2024\t\t<\/span>\n\t\t\t\t<\/div>\n\t\t\t\t\t<\/div>\n\t\t<\/article>\n\t\t\t\t<article class=\"elementor-post elementor-grid-item post-1786 post type-post status-publish format-standard has-post-thumbnail hentry category-news\" role=\"listitem\">\n\t\t\t<div class=\"elementor-post__card\">\n\t\t\t\t<a class=\"elementor-post__thumbnail__link\" href=\"https:\/\/www.newsweek.com\/money-shouldnt-barrier-citizenship-united-states-opinion-1898457\" tabindex=\"-1\" ><div class=\"elementor-post__thumbnail\"><img loading=\"lazy\" decoding=\"async\" width=\"2160\" height=\"1028\" src=\"https:\/\/iamerica.org\/wp-content\/uploads\/2024\/03\/Newsweek.png\" class=\"attachment-full size-full wp-image-1042\" alt=\"Newseek Logo\" srcset=\"https:\/\/iamerica.org\/wp-content\/uploads\/2024\/03\/Newsweek.png 2160w, https:\/\/iamerica.org\/wp-content\/uploads\/2024\/03\/Newsweek-300x143.png 300w, https:\/\/iamerica.org\/wp-content\/uploads\/2024\/03\/Newsweek-1024x487.png 1024w, https:\/\/iamerica.org\/wp-content\/uploads\/2024\/03\/Newsweek-768x366.png 768w, https:\/\/iamerica.org\/wp-content\/uploads\/2024\/03\/Newsweek-1536x731.png 1536w, https:\/\/iamerica.org\/wp-content\/uploads\/2024\/03\/Newsweek-2048x975.png 2048w\" sizes=\"(max-width: 2160px) 100vw, 2160px\" \/><\/div><\/a>\n\t\t\t\t<div class=\"elementor-post__text\">\n\t\t\t\t<h3 class=\"elementor-post__title\">\n\t\t\t<a href=\"https:\/\/www.newsweek.com\/money-shouldnt-barrier-citizenship-united-states-opinion-1898457\" >\n\t\t\t\tHindi Dapat Maging Hadlang ang Pera sa Pagkamamamayan sa United States\t\t\t<\/a>\n\t\t<\/h3>\n\t\t\t\t\t<div class=\"elementor-post__read-more-wrapper\">\n\t\t\n\t\t<a class=\"elementor-post__read-more\" href=\"https:\/\/www.newsweek.com\/money-shouldnt-barrier-citizenship-united-states-opinion-1898457\" aria-label=\"Magbasa nang higit pa tungkol sa Pera ay Hindi Dapat Maging Hadlang sa Pagkamamamayan sa Estados Unidos\" tabindex=\"-1\" >\n\t\t\tMagbasa pa <i class=\"fa-solid fa-arrow-right\"><\/i>\t\t<\/a>\n\n\t\t\t\t\t<\/div>\n\t\t\t\t<\/div>\n\t\t\t\t<div class=\"elementor-post__meta-data\">\n\t\t\t\t\t<span class=\"elementor-post-date\">\n\t\t\tHunyo 3, 2024\t\t<\/span>\n\t\t\t\t<\/div>\n\t\t\t\t\t<\/div>\n\t\t<\/article>\n\t\t\t\t<article class=\"elementor-post elementor-grid-item post-2134 post type-post status-publish format-standard has-post-thumbnail hentry category-pressrelease\" role=\"listitem\">\n\t\t\t<div class=\"elementor-post__card\">\n\t\t\t\t<a class=\"elementor-post__thumbnail__link\" href=\"https:\/\/seiu.org\/2024\/05\/seius-mary-kay-henry-applauds-extension-of-affordable-care-act-benefits-to-daca-recipients\" tabindex=\"-1\" ><div class=\"elementor-post__thumbnail\"><img decoding=\"async\" width=\"1081\" height=\"515\" src=\"https:\/\/iamerica.org\/wp-content\/uploads\/2024\/06\/iAmerica_PressReleaseArtboard-2-copy-2.png\" class=\"attachment-full size-full wp-image-2160\" alt=\"\" srcset=\"https:\/\/iamerica.org\/wp-content\/uploads\/2024\/06\/iAmerica_PressReleaseArtboard-2-copy-2.png 1081w, https:\/\/iamerica.org\/wp-content\/uploads\/2024\/06\/iAmerica_PressReleaseArtboard-2-copy-2-300x143.png 300w, https:\/\/iamerica.org\/wp-content\/uploads\/2024\/06\/iAmerica_PressReleaseArtboard-2-copy-2-1024x488.png 1024w, https:\/\/iamerica.org\/wp-content\/uploads\/2024\/06\/iAmerica_PressReleaseArtboard-2-copy-2-768x366.png 768w\" sizes=\"(max-width: 1081px) 100vw, 1081px\" \/><\/div><\/a>\n\t\t\t\t<div class=\"elementor-post__text\">\n\t\t\t\t<h3 class=\"elementor-post__title\">\n\t\t\t<a href=\"https:\/\/seiu.org\/2024\/05\/seius-mary-kay-henry-applauds-extension-of-affordable-care-act-benefits-to-daca-recipients\" >\n\t\t\t\tPinalakpakan ni Mary Kay Henry ng SEIU ang Pagpapalawig ng Mga Benepisyo ng Affordable Care Act sa mga Tumatanggap ng DACA\t\t\t<\/a>\n\t\t<\/h3>\n\t\t\t\t\t<div class=\"elementor-post__read-more-wrapper\">\n\t\t\n\t\t<a class=\"elementor-post__read-more\" href=\"https:\/\/seiu.org\/2024\/05\/seius-mary-kay-henry-applauds-extension-of-affordable-care-act-benefits-to-daca-recipients\" aria-label=\"Magbasa nang higit pa tungkol sa Mary Kay Henry ng SEIU na Pinalakpakan ang Extension ng Mga Benepisyo ng Affordable Care Act sa mga Tumatanggap ng DACA\" tabindex=\"-1\" >\n\t\t\tMagbasa pa <i class=\"fa-solid fa-arrow-right\"><\/i>\t\t<\/a>\n\n\t\t\t\t\t<\/div>\n\t\t\t\t<\/div>\n\t\t\t\t<div class=\"elementor-post__meta-data\">\n\t\t\t\t\t<span class=\"elementor-post-date\">\n\t\t\tMayo 3, 2024\t\t<\/span>\n\t\t\t\t<\/div>\n\t\t\t\t\t<\/div>\n\t\t<\/article>\n\t\t\t\t<article class=\"elementor-post elementor-grid-item post-2136 post type-post status-publish format-standard has-post-thumbnail hentry category-pressrelease\" role=\"listitem\">\n\t\t\t<div class=\"elementor-post__card\">\n\t\t\t\t<a class=\"elementor-post__thumbnail__link\" href=\"https:\/\/seiu.org\/2024\/03\/seius-henry-federal-spending-bill-reflects-many-of-our-nations-priorities-but-more-work-has-to-be-done-on-road-ahead\" tabindex=\"-1\" ><div class=\"elementor-post__thumbnail\"><img loading=\"lazy\" decoding=\"async\" width=\"1081\" height=\"515\" src=\"https:\/\/iamerica.org\/wp-content\/uploads\/2024\/06\/iAmerica_PressReleaseArtboard-2-copy-4.png\" class=\"attachment-full size-full wp-image-2161\" alt=\"\" srcset=\"https:\/\/iamerica.org\/wp-content\/uploads\/2024\/06\/iAmerica_PressReleaseArtboard-2-copy-4.png 1081w, https:\/\/iamerica.org\/wp-content\/uploads\/2024\/06\/iAmerica_PressReleaseArtboard-2-copy-4-300x143.png 300w, https:\/\/iamerica.org\/wp-content\/uploads\/2024\/06\/iAmerica_PressReleaseArtboard-2-copy-4-1024x488.png 1024w, https:\/\/iamerica.org\/wp-content\/uploads\/2024\/06\/iAmerica_PressReleaseArtboard-2-copy-4-768x366.png 768w\" sizes=\"(max-width: 1081px) 100vw, 1081px\" \/><\/div><\/a>\n\t\t\t\t<div class=\"elementor-post__text\">\n\t\t\t\t<h3 class=\"elementor-post__title\">\n\t\t\t<a href=\"https:\/\/seiu.org\/2024\/03\/seius-henry-federal-spending-bill-reflects-many-of-our-nations-priorities-but-more-work-has-to-be-done-on-road-ahead\" >\n\t\t\t\tHenry ng SEIU: Ang panukalang batas sa paggasta ng pederal ay sumasalamin sa marami sa mga priyoridad ng ating bansa ngunit mas maraming trabaho ang kailangang gawin sa hinaharap\t\t\t<\/a>\n\t\t<\/h3>\n\t\t\t\t\t<div class=\"elementor-post__read-more-wrapper\">\n\t\t\n\t\t<a class=\"elementor-post__read-more\" href=\"https:\/\/seiu.org\/2024\/03\/seius-henry-federal-spending-bill-reflects-many-of-our-nations-priorities-but-more-work-has-to-be-done-on-road-ahead\" aria-label=\"Magbasa nang higit pa tungkol sa Henry ng SEIU: Ang panukalang batas sa paggastos ng pederal ay sumasalamin sa marami sa mga priyoridad ng ating bansa ngunit mas maraming trabaho ang kailangang gawin sa hinaharap.\" tabindex=\"-1\" >\n\t\t\tMagbasa pa <i class=\"fa-solid fa-arrow-right\"><\/i>\t\t<\/a>\n\n\t\t\t\t\t<\/div>\n\t\t\t\t<\/div>\n\t\t\t\t<div class=\"elementor-post__meta-data\">\n\t\t\t\t\t<span class=\"elementor-post-date\">\n\t\t\tMarso 23, 2024\t\t<\/span>\n\t\t\t\t<\/div>\n\t\t\t\t\t<\/div>\n\t\t<\/article>\n\t\t\t\t<article class=\"elementor-post elementor-grid-item post-958 post type-post status-publish format-standard has-post-thumbnail hentry category-news\" role=\"listitem\">\n\t\t\t<div class=\"elementor-post__card\">\n\t\t\t\t<a class=\"elementor-post__thumbnail__link\" href=\"https:\/\/www.newsweek.com\/this-international-womens-month-honor-immigrant-workers-powering-our-economy-expanding-tps-1878566\" tabindex=\"-1\" ><div class=\"elementor-post__thumbnail\"><img loading=\"lazy\" decoding=\"async\" width=\"2160\" height=\"1028\" src=\"https:\/\/iamerica.org\/wp-content\/uploads\/2024\/03\/Newsweek.png\" class=\"attachment-full size-full wp-image-1042\" alt=\"Newseek Logo\" srcset=\"https:\/\/iamerica.org\/wp-content\/uploads\/2024\/03\/Newsweek.png 2160w, https:\/\/iamerica.org\/wp-content\/uploads\/2024\/03\/Newsweek-300x143.png 300w, https:\/\/iamerica.org\/wp-content\/uploads\/2024\/03\/Newsweek-1024x487.png 1024w, https:\/\/iamerica.org\/wp-content\/uploads\/2024\/03\/Newsweek-768x366.png 768w, https:\/\/iamerica.org\/wp-content\/uploads\/2024\/03\/Newsweek-1536x731.png 1536w, https:\/\/iamerica.org\/wp-content\/uploads\/2024\/03\/Newsweek-2048x975.png 2048w\" sizes=\"(max-width: 2160px) 100vw, 2160px\" \/><\/div><\/a>\n\t\t\t\t<div class=\"elementor-post__text\">\n\t\t\t\t<h3 class=\"elementor-post__title\">\n\t\t\t<a href=\"https:\/\/www.newsweek.com\/this-international-womens-month-honor-immigrant-workers-powering-our-economy-expanding-tps-1878566\" >\n\t\t\t\tNgayong Pandaigdigang Buwan ng Kababaihan, Parangalan ang mga Imigranteng Manggagawa na Pinapalakas ang Ating Ekonomiya sa pamamagitan ng Pagpapalawak ng TPS | Opinyon\t\t\t<\/a>\n\t\t<\/h3>\n\t\t\t\t\t<div class=\"elementor-post__read-more-wrapper\">\n\t\t\n\t\t<a class=\"elementor-post__read-more\" href=\"https:\/\/www.newsweek.com\/this-international-womens-month-honor-immigrant-workers-powering-our-economy-expanding-tps-1878566\" aria-label=\"Magbasa nang higit pa tungkol sa International Women&#039;s Month na ito, Parangalan ang mga Immigrant Workers na Pinapalakas ang Ating Ekonomiya sa pamamagitan ng Pagpapalawak ng TPS | Opinyon\" tabindex=\"-1\" >\n\t\t\tMagbasa pa <i class=\"fa-solid fa-arrow-right\"><\/i>\t\t<\/a>\n\n\t\t\t\t\t<\/div>\n\t\t\t\t<\/div>\n\t\t\t\t<div class=\"elementor-post__meta-data\">\n\t\t\t\t\t<span class=\"elementor-post-date\">\n\t\t\tMarso 13, 2024\t\t<\/span>\n\t\t\t\t<\/div>\n\t\t\t\t\t<\/div>\n\t\t<\/article>\n\t\t\t\t<article class=\"elementor-post elementor-grid-item post-961 post type-post status-publish format-standard has-post-thumbnail hentry category-news\" role=\"listitem\">\n\t\t\t<div class=\"elementor-post__card\">\n\t\t\t\t<a class=\"elementor-post__thumbnail__link\" href=\"https:\/\/www.nytimes.com\/2024\/03\/13\/us\/politics\/seiu-biden-democrats.html\" tabindex=\"-1\" ><div class=\"elementor-post__thumbnail\"><img loading=\"lazy\" decoding=\"async\" width=\"2160\" height=\"1028\" src=\"https:\/\/iamerica.org\/wp-content\/uploads\/2024\/03\/NYT.png\" class=\"attachment-full size-full wp-image-1043\" alt=\"The New York Times logo\" srcset=\"https:\/\/iamerica.org\/wp-content\/uploads\/2024\/03\/NYT.png 2160w, https:\/\/iamerica.org\/wp-content\/uploads\/2024\/03\/NYT-300x143.png 300w, https:\/\/iamerica.org\/wp-content\/uploads\/2024\/03\/NYT-1024x487.png 1024w, https:\/\/iamerica.org\/wp-content\/uploads\/2024\/03\/NYT-768x366.png 768w, https:\/\/iamerica.org\/wp-content\/uploads\/2024\/03\/NYT-1536x731.png 1536w, https:\/\/iamerica.org\/wp-content\/uploads\/2024\/03\/NYT-2048x975.png 2048w\" sizes=\"(max-width: 2160px) 100vw, 2160px\" \/><\/div><\/a>\n\t\t\t\t<div class=\"elementor-post__text\">\n\t\t\t\t<h3 class=\"elementor-post__title\">\n\t\t\t<a href=\"https:\/\/www.nytimes.com\/2024\/03\/13\/us\/politics\/seiu-biden-democrats.html\" >\n\t\t\t\tNagplano ang SEIU ng $200 Milyong Pagsisikap para Tulungan si Biden at ang mga Democrat\t\t\t<\/a>\n\t\t<\/h3>\n\t\t\t\t\t<div class=\"elementor-post__read-more-wrapper\">\n\t\t\n\t\t<a class=\"elementor-post__read-more\" href=\"https:\/\/www.nytimes.com\/2024\/03\/13\/us\/politics\/seiu-biden-democrats.html\" aria-label=\"Magbasa nang higit pa tungkol sa Mga Plano ng SEIU $200 Milyong Pagsisikap na Tulungan si Biden at mga Demokratiko\" tabindex=\"-1\" >\n\t\t\tMagbasa pa <i class=\"fa-solid fa-arrow-right\"><\/i>\t\t<\/a>\n\n\t\t\t\t\t<\/div>\n\t\t\t\t<\/div>\n\t\t\t\t<div class=\"elementor-post__meta-data\">\n\t\t\t\t\t<span class=\"elementor-post-date\">\n\t\t\tMarso 13, 2024\t\t<\/span>\n\t\t\t\t<\/div>\n\t\t\t\t\t<\/div>\n\t\t<\/article>\n\t\t\t\t<article class=\"elementor-post elementor-grid-item post-2138 post type-post status-publish format-standard has-post-thumbnail hentry category-pressrelease\" role=\"listitem\">\n\t\t\t<div class=\"elementor-post__card\">\n\t\t\t\t<a class=\"elementor-post__thumbnail__link\" href=\"https:\/\/seiu.org\/2024\/02\/seius-henry-we-need-balance-not-a-one-sided-approach-to-our-nations-immigration-challenges\" tabindex=\"-1\" ><div class=\"elementor-post__thumbnail\"><img fetchpriority=\"high\" decoding=\"async\" width=\"1081\" height=\"515\" src=\"https:\/\/iamerica.org\/wp-content\/uploads\/2024\/06\/iAmerica_PressReleaseArtboard-2-copy-5.png\" class=\"attachment-full size-full wp-image-2162\" alt=\"\" srcset=\"https:\/\/iamerica.org\/wp-content\/uploads\/2024\/06\/iAmerica_PressReleaseArtboard-2-copy-5.png 1081w, https:\/\/iamerica.org\/wp-content\/uploads\/2024\/06\/iAmerica_PressReleaseArtboard-2-copy-5-300x143.png 300w, https:\/\/iamerica.org\/wp-content\/uploads\/2024\/06\/iAmerica_PressReleaseArtboard-2-copy-5-1024x488.png 1024w, https:\/\/iamerica.org\/wp-content\/uploads\/2024\/06\/iAmerica_PressReleaseArtboard-2-copy-5-768x366.png 768w\" sizes=\"(max-width: 1081px) 100vw, 1081px\" \/><\/div><\/a>\n\t\t\t\t<div class=\"elementor-post__text\">\n\t\t\t\t<h3 class=\"elementor-post__title\">\n\t\t\t<a href=\"https:\/\/seiu.org\/2024\/02\/seius-henry-we-need-balance-not-a-one-sided-approach-to-our-nations-immigration-challenges\" >\n\t\t\t\tHenry ng SEIU: Kailangan natin ng balanse, hindi isang panig na diskarte sa mga hamon sa imigrasyon ng ating bansa\t\t\t<\/a>\n\t\t<\/h3>\n\t\t\t\t\t<div class=\"elementor-post__read-more-wrapper\">\n\t\t\n\t\t<a class=\"elementor-post__read-more\" href=\"https:\/\/seiu.org\/2024\/02\/seius-henry-we-need-balance-not-a-one-sided-approach-to-our-nations-immigration-challenges\" aria-label=\"Magbasa nang higit pa tungkol kay Henry ng SEIU: Kailangan natin ng balanse, hindi isang panig na diskarte sa mga hamon sa imigrasyon ng ating bansa\" tabindex=\"-1\" >\n\t\t\tMagbasa pa <i class=\"fa-solid fa-arrow-right\"><\/i>\t\t<\/a>\n\n\t\t\t\t\t<\/div>\n\t\t\t\t<\/div>\n\t\t\t\t<div class=\"elementor-post__meta-data\">\n\t\t\t\t\t<span class=\"elementor-post-date\">\n\t\t\tPebrero 5, 2024\t\t<\/span>\n\t\t\t\t<\/div>\n\t\t\t\t\t<\/div>\n\t\t<\/article>\n\t\t\t\t<\/div>\n\t\t\t\t\t<span class=\"e-load-more-spinner\">\n\t\t\t\t<svg aria-hidden=\"true\" class=\"e-font-icon-svg e-fas-spinner\" viewbox=\"0 0 512 512\" xmlns=\"http:\/\/www.w3.org\/2000\/svg\"><path d=\"M304 48c0 26.51-21.49 48-48 48s-48-21.49-48-48 21.49-48 48-48 48 21.49 48 48zm-48 368c-26.51 0-48 21.49-48 48s21.49 48 48 48 48-21.49 48-48-21.49-48-48-48zm208-208c-26.51 0-48 21.49-48 48s21.49 48 48 48 48-21.49 48-48-21.49-48-48-48zM96 256c0-26.51-21.49-48-48-48S0 229.49 0 256s21.49 48 48 48 48-21.49 48-48zm12.922 99.078c-26.51 0-48 21.49-48 48s21.49 48 48 48 48-21.49 48-48c0-26.509-21.491-48-48-48zm294.156 0c-26.51 0-48 21.49-48 48s21.49 48 48 48 48-21.49 48-48c0-26.509-21.49-48-48-48zM108.922 60.922c-26.51 0-48 21.49-48 48s21.49 48 48 48 48-21.49 48-48-21.491-48-48-48z\"><\/path><\/svg>\t\t\t<\/span>\n\t\t\n\t\t\t\t<div class=\"e-load-more-anchor\" data-page=\"1\" data-max-page=\"2\" data-next-page=\"https:\/\/iamerica.org\/tl\/wp-json\/wp\/v2\/pages\/972\/page\/2\/\"><\/div>\n\t\t\t\t<div class=\"elementor-button-wrapper\">\n\t\t\t<a class=\"elementor-button elementor-size-sm\" role=\"button\">\n\t\t\t\t\t\t<span class=\"elementor-button-content-wrapper\">\n\t\t\t\t\t\t\t\t\t<span class=\"elementor-button-text\">Mag-load pa<\/span>\n\t\t\t\t\t<\/span>\n\t\t\t\t\t<\/a>\n\t\t<\/div>\n\t\t\t\t<div class=\"e-load-more-message\"><\/div>\n\t\t\t\t\t\t<\/div>\n\t\t\t\t<\/div>\n\t\t\t\t\t<\/div>\n\t\t<\/div>\n\t\t\t\t\t<\/div>\n\t\t<\/section>\n\t\t\t\t<\/div>","protected":false},"excerpt":{"rendered":"","protected":false},"author":1,"featured_media":1111,"parent":0,"menu_order":0,"comment_status":"closed","ping_status":"closed","template":"","meta":{"footnotes":"","_links_to":"","_links_to_target":""},"class_list":["post-972","page","type-page","status-publish","has-post-thumbnail","hentry"],"yoast_head":"<!-- This site is optimized with the Yoast SEO plugin v27.3 - https:\/\/yoast.com\/product\/yoast-seo-wordpress\/ -->\n<title>News - iAmerica<\/title>\n<meta name=\"description\" content=\"Stay updated with iAmerica News. Get the latest updates, stories, and information on immigrant rights, advocacy, and community events.\" \/>\n<meta name=\"robots\" content=\"index, follow, max-snippet:-1, max-image-preview:large, max-video-preview:-1\" \/>\n<link rel=\"canonical\" href=\"https:\/\/iamerica.org\/tl\/news\/\" \/>\n<meta property=\"og:locale\" content=\"en_US\" \/>\n<meta property=\"og:type\" content=\"article\" \/>\n<meta property=\"og:title\" content=\"News - iAmerica\" \/>\n<meta property=\"og:description\" content=\"Stay updated with iAmerica News. Get the latest updates, stories, and information on immigrant rights, advocacy, and community events.\" \/>\n<meta property=\"og:url\" content=\"https:\/\/iamerica.org\/tl\/news\/\" \/>\n<meta property=\"og:site_name\" content=\"iAmerica\" \/>\n<meta property=\"article:publisher\" content=\"https:\/\/www.facebook.com\/iAmericaorg\/\" \/>\n<meta property=\"article:modified_time\" content=\"2024-07-10T22:18:44+00:00\" \/>\n<meta property=\"og:image\" content=\"https:\/\/iamerica.org\/wp-content\/uploads\/2024\/05\/News.png\" \/>\n\t<meta property=\"og:image:width\" content=\"2160\" \/>\n\t<meta property=\"og:image:height\" content=\"353\" \/>\n\t<meta property=\"og:image:type\" content=\"image\/png\" \/>\n<meta name=\"twitter:card\" content=\"summary_large_image\" \/>\n<meta name=\"twitter:site\" content=\"@iamericaorg\" \/>\n<meta name=\"twitter:label1\" content=\"Est. reading time\" \/>\n\t<meta name=\"twitter:data1\" content=\"1 minute\" \/>\n<script type=\"application\/ld+json\" class=\"yoast-schema-graph\">{\"@context\":\"https:\\\/\\\/schema.org\",\"@graph\":[{\"@type\":\"WebPage\",\"@id\":\"https:\\\/\\\/iamerica.org\\\/ar\\\/news\\\/\",\"url\":\"https:\\\/\\\/iamerica.org\\\/ar\\\/news\\\/\",\"name\":\"News - iAmerica\",\"isPartOf\":{\"@id\":\"https:\\\/\\\/iamerica.org\\\/ru\\\/#website\"},\"primaryImageOfPage\":{\"@id\":\"https:\\\/\\\/iamerica.org\\\/ar\\\/news\\\/#primaryimage\"},\"image\":{\"@id\":\"https:\\\/\\\/iamerica.org\\\/ar\\\/news\\\/#primaryimage\"},\"thumbnailUrl\":\"https:\\\/\\\/iamerica.org\\\/wp-content\\\/uploads\\\/2024\\\/05\\\/News.png\",\"datePublished\":\"2024-05-22T14:52:35+00:00\",\"dateModified\":\"2024-07-10T22:18:44+00:00\",\"description\":\"Stay updated with iAmerica News. Get the latest updates, stories, and information on immigrant rights, advocacy, and community events.\",\"breadcrumb\":{\"@id\":\"https:\\\/\\\/iamerica.org\\\/ar\\\/news\\\/#breadcrumb\"},\"inLanguage\":\"tl\",\"potentialAction\":[{\"@type\":\"ReadAction\",\"target\":[\"https:\\\/\\\/iamerica.org\\\/ar\\\/news\\\/\"]}]},{\"@type\":\"ImageObject\",\"inLanguage\":\"tl\",\"@id\":\"https:\\\/\\\/iamerica.org\\\/ar\\\/news\\\/#primaryimage\",\"url\":\"https:\\\/\\\/iamerica.org\\\/wp-content\\\/uploads\\\/2024\\\/05\\\/News.png\",\"contentUrl\":\"https:\\\/\\\/iamerica.org\\\/wp-content\\\/uploads\\\/2024\\\/05\\\/News.png\",\"width\":2160,\"height\":353},{\"@type\":\"BreadcrumbList\",\"@id\":\"https:\\\/\\\/iamerica.org\\\/ar\\\/news\\\/#breadcrumb\",\"itemListElement\":[{\"@type\":\"ListItem\",\"position\":1,\"name\":\"Home\",\"item\":\"https:\\\/\\\/iamerica.org\\\/\"},{\"@type\":\"ListItem\",\"position\":2,\"name\":\"News\"}]},{\"@type\":\"WebSite\",\"@id\":\"https:\\\/\\\/iamerica.org\\\/ru\\\/#website\",\"url\":\"https:\\\/\\\/iamerica.org\\\/ru\\\/\",\"name\":\"iAmerica\",\"description\":\"\",\"publisher\":{\"@id\":\"https:\\\/\\\/iamerica.org\\\/ru\\\/#organization\"},\"potentialAction\":[{\"@type\":\"SearchAction\",\"target\":{\"@type\":\"EntryPoint\",\"urlTemplate\":\"https:\\\/\\\/iamerica.org\\\/ru\\\/?s={search_term_string}\"},\"query-input\":{\"@type\":\"PropertyValueSpecification\",\"valueRequired\":true,\"valueName\":\"search_term_string\"}}],\"inLanguage\":\"tl\"},{\"@type\":\"Organization\",\"@id\":\"https:\\\/\\\/iamerica.org\\\/ru\\\/#organization\",\"name\":\"iAmerica\",\"url\":\"https:\\\/\\\/iamerica.org\\\/ru\\\/\",\"logo\":{\"@type\":\"ImageObject\",\"inLanguage\":\"tl\",\"@id\":\"https:\\\/\\\/iamerica.org\\\/ru\\\/#\\\/schema\\\/logo\\\/image\\\/\",\"url\":\"https:\\\/\\\/iamerica.org\\\/wp-content\\\/uploads\\\/2024\\\/05\\\/iAmerica_Logo_Navy.png\",\"contentUrl\":\"https:\\\/\\\/iamerica.org\\\/wp-content\\\/uploads\\\/2024\\\/05\\\/iAmerica_Logo_Navy.png\",\"width\":2309,\"height\":626,\"caption\":\"iAmerica\"},\"image\":{\"@id\":\"https:\\\/\\\/iamerica.org\\\/ru\\\/#\\\/schema\\\/logo\\\/image\\\/\"},\"sameAs\":[\"https:\\\/\\\/www.facebook.com\\\/iAmericaorg\\\/\",\"https:\\\/\\\/x.com\\\/iamericaorg\",\"https:\\\/\\\/www.instagram.com\\\/iamericaorg\"]}]}<\/script>\n<!-- \/ Yoast SEO plugin. -->","yoast_head_json":{"title":"Balita - iAmerica","description":"Manatiling updated sa iAmerica News. Kunin ang pinakabagong mga update, kwento, at impormasyon sa mga karapatan ng imigrante, adbokasiya, at mga kaganapan sa komunidad.","robots":{"index":"index","follow":"follow","max-snippet":"max-snippet:-1","max-image-preview":"max-image-preview:large","max-video-preview":"max-video-preview:-1"},"canonical":"https:\/\/iamerica.org\/tl\/news\/","og_locale":"en_US","og_type":"article","og_title":"News - iAmerica","og_description":"Stay updated with iAmerica News. Get the latest updates, stories, and information on immigrant rights, advocacy, and community events.","og_url":"https:\/\/iamerica.org\/tl\/news\/","og_site_name":"iAmerica","article_publisher":"https:\/\/www.facebook.com\/iAmericaorg\/","article_modified_time":"2024-07-10T22:18:44+00:00","og_image":[{"width":2160,"height":353,"url":"https:\/\/iamerica.org\/wp-content\/uploads\/2024\/05\/News.png","type":"image\/png"}],"twitter_card":"summary_large_image","twitter_site":"@iamericaorg","twitter_misc":{"Est. reading time":"1 minute"},"schema":{"@context":"https:\/\/schema.org","@graph":[{"@type":"WebPage","@id":"https:\/\/iamerica.org\/ar\/news\/","url":"https:\/\/iamerica.org\/ar\/news\/","name":"Balita - iAmerica","isPartOf":{"@id":"https:\/\/iamerica.org\/ru\/#website"},"primaryImageOfPage":{"@id":"https:\/\/iamerica.org\/ar\/news\/#primaryimage"},"image":{"@id":"https:\/\/iamerica.org\/ar\/news\/#primaryimage"},"thumbnailUrl":"https:\/\/iamerica.org\/wp-content\/uploads\/2024\/05\/News.png","datePublished":"2024-05-22T14:52:35+00:00","dateModified":"2024-07-10T22:18:44+00:00","description":"Manatiling updated sa iAmerica News. Kunin ang pinakabagong mga update, kwento, at impormasyon sa mga karapatan ng imigrante, adbokasiya, at mga kaganapan sa komunidad.","breadcrumb":{"@id":"https:\/\/iamerica.org\/ar\/news\/#breadcrumb"},"inLanguage":"tl","potentialAction":[{"@type":"ReadAction","target":["https:\/\/iamerica.org\/ar\/news\/"]}]},{"@type":"ImageObject","inLanguage":"tl","@id":"https:\/\/iamerica.org\/ar\/news\/#primaryimage","url":"https:\/\/iamerica.org\/wp-content\/uploads\/2024\/05\/News.png","contentUrl":"https:\/\/iamerica.org\/wp-content\/uploads\/2024\/05\/News.png","width":2160,"height":353},{"@type":"BreadcrumbList","@id":"https:\/\/iamerica.org\/ar\/news\/#breadcrumb","itemListElement":[{"@type":"ListItem","position":1,"name":"Home","item":"https:\/\/iamerica.org\/"},{"@type":"ListItem","position":2,"name":"News"}]},{"@type":"WebSite","@id":"https:\/\/iamerica.org\/ru\/#website","url":"https:\/\/iamerica.org\/ru\/","name":"iAmerica","description":"","publisher":{"@id":"https:\/\/iamerica.org\/ru\/#organization"},"potentialAction":[{"@type":"SearchAction","target":{"@type":"EntryPoint","urlTemplate":"https:\/\/iamerica.org\/ru\/?s={search_term_string}"},"query-input":{"@type":"PropertyValueSpecification","valueRequired":true,"valueName":"search_term_string"}}],"inLanguage":"tl"},{"@type":"Organization","@id":"https:\/\/iamerica.org\/ru\/#organization","name":"iAmerica","url":"https:\/\/iamerica.org\/ru\/","logo":{"@type":"ImageObject","inLanguage":"tl","@id":"https:\/\/iamerica.org\/ru\/#\/schema\/logo\/image\/","url":"https:\/\/iamerica.org\/wp-content\/uploads\/2024\/05\/iAmerica_Logo_Navy.png","contentUrl":"https:\/\/iamerica.org\/wp-content\/uploads\/2024\/05\/iAmerica_Logo_Navy.png","width":2309,"height":626,"caption":"iAmerica"},"image":{"@id":"https:\/\/iamerica.org\/ru\/#\/schema\/logo\/image\/"},"sameAs":["https:\/\/www.facebook.com\/iAmericaorg\/","https:\/\/x.com\/iamericaorg","https:\/\/www.instagram.com\/iamericaorg"]}]}},"_links":{"self":[{"href":"https:\/\/iamerica.org\/tl\/wp-json\/wp\/v2\/pages\/972","targetHints":{"allow":["GET"]}}],"collection":[{"href":"https:\/\/iamerica.org\/tl\/wp-json\/wp\/v2\/pages"}],"about":[{"href":"https:\/\/iamerica.org\/tl\/wp-json\/wp\/v2\/types\/page"}],"author":[{"embeddable":true,"href":"https:\/\/iamerica.org\/tl\/wp-json\/wp\/v2\/users\/1"}],"replies":[{"embeddable":true,"href":"https:\/\/iamerica.org\/tl\/wp-json\/wp\/v2\/comments?post=972"}],"version-history":[{"count":0,"href":"https:\/\/iamerica.org\/tl\/wp-json\/wp\/v2\/pages\/972\/revisions"}],"wp:featuredmedia":[{"embeddable":true,"href":"https:\/\/iamerica.org\/tl\/wp-json\/wp\/v2\/media\/1111"}],"wp:attachment":[{"href":"https:\/\/iamerica.org\/tl\/wp-json\/wp\/v2\/media?parent=972"}],"curies":[{"name":"wp","href":"https:\/\/api.w.org\/{rel}","templated":true}]}}