{"id":972,"date":"2024-05-22T14:52:35","date_gmt":"2024-05-22T14:52:35","guid":{"rendered":"https:\/\/iamerica.wpenginepowered.com\/?page_id=972"},"modified":"2024-07-10T18:18:44","modified_gmt":"2024-07-10T22:18:44","slug":"news","status":"publish","type":"page","link":"https:\/\/iamerica.org\/vi\/news\/","title":{"rendered":"Tin t\u1ee9c"},"content":{"rendered":"<div data-elementor-type=\"wp-page\" data-elementor-id=\"972\" class=\"elementor elementor-972\" data-elementor-post-type=\"page\">\n\t\t\t\t\t\t<section class=\"elementor-section elementor-top-section elementor-element elementor-element-162f136 elementor-section-boxed elementor-section-height-default elementor-section-height-default\" data-id=\"162f136\" data-element_type=\"section\" data-e-type=\"section\">\n\t\t\t\t\t\t<div class=\"elementor-container elementor-column-gap-default\">\n\t\t\t\t\t<div class=\"elementor-column elementor-col-100 elementor-top-column elementor-element elementor-element-65d03f1\" data-id=\"65d03f1\" data-element_type=\"column\" data-e-type=\"column\">\n\t\t\t<div class=\"elementor-widget-wrap elementor-element-populated\">\n\t\t\t\t\t\t<div class=\"elementor-element elementor-element-98caf0c elementor-grid-1 elementor-posts--thumbnail-left featured elementor-grid-tablet-2 elementor-grid-mobile-1 elementor-widget elementor-widget-posts\" data-id=\"98caf0c\" data-element_type=\"widget\" data-e-type=\"widget\" data-settings=\"{&quot;classic_columns&quot;:&quot;1&quot;,&quot;classic_row_gap&quot;:{&quot;unit&quot;:&quot;px&quot;,&quot;size&quot;:40,&quot;sizes&quot;:[]},&quot;classic_columns_tablet&quot;:&quot;2&quot;,&quot;classic_columns_mobile&quot;:&quot;1&quot;,&quot;classic_row_gap_widescreen&quot;:{&quot;unit&quot;:&quot;px&quot;,&quot;size&quot;:&quot;&quot;,&quot;sizes&quot;:[]},&quot;classic_row_gap_laptop&quot;:{&quot;unit&quot;:&quot;px&quot;,&quot;size&quot;:&quot;&quot;,&quot;sizes&quot;:[]},&quot;classic_row_gap_tablet_extra&quot;:{&quot;unit&quot;:&quot;px&quot;,&quot;size&quot;:&quot;&quot;,&quot;sizes&quot;:[]},&quot;classic_row_gap_tablet&quot;:{&quot;unit&quot;:&quot;px&quot;,&quot;size&quot;:&quot;&quot;,&quot;sizes&quot;:[]},&quot;classic_row_gap_mobile_extra&quot;:{&quot;unit&quot;:&quot;px&quot;,&quot;size&quot;:&quot;&quot;,&quot;sizes&quot;:[]},&quot;classic_row_gap_mobile&quot;:{&quot;unit&quot;:&quot;px&quot;,&quot;size&quot;:&quot;&quot;,&quot;sizes&quot;:[]}}\" data-widget_type=\"posts.classic\">\n\t\t\t\t<div class=\"elementor-widget-container\">\n\t\t\t\t\t\t\t<div class=\"elementor-posts-container elementor-posts elementor-posts--skin-classic elementor-grid\" role=\"list\">\n\t\t\t\t<article class=\"elementor-post elementor-grid-item post-2940 post type-post status-publish format-standard has-post-thumbnail hentry category-pressrelease\" role=\"listitem\">\n\t\t\t\t<a class=\"elementor-post__thumbnail__link\" href=\"https:\/\/seiu.org\/2025\/06\/statement-seiu-president-april-verrett-on-david-huertas-release-from-federal-custody\" tabindex=\"-1\" >\n\t\t\t<div class=\"elementor-post__thumbnail\"><img fetchpriority=\"high\" decoding=\"async\" width=\"1081\" height=\"515\" src=\"https:\/\/iamerica.org\/wp-content\/uploads\/2024\/06\/iAmerica_PressReleaseArtboard-2-copy-5.png\" class=\"attachment-full size-full wp-image-2162\" alt=\"\" srcset=\"https:\/\/iamerica.org\/wp-content\/uploads\/2024\/06\/iAmerica_PressReleaseArtboard-2-copy-5.png 1081w, https:\/\/iamerica.org\/wp-content\/uploads\/2024\/06\/iAmerica_PressReleaseArtboard-2-copy-5-300x143.png 300w, https:\/\/iamerica.org\/wp-content\/uploads\/2024\/06\/iAmerica_PressReleaseArtboard-2-copy-5-1024x488.png 1024w, https:\/\/iamerica.org\/wp-content\/uploads\/2024\/06\/iAmerica_PressReleaseArtboard-2-copy-5-768x366.png 768w\" sizes=\"(max-width: 1081px) 100vw, 1081px\" \/><\/div>\n\t\t<\/a>\n\t\t\t\t<div class=\"elementor-post__text\">\n\t\t\t\t<h2 class=\"elementor-post__title\">\n\t\t\t<a href=\"https:\/\/seiu.org\/2025\/06\/statement-seiu-president-april-verrett-on-david-huertas-release-from-federal-custody\" >\n\t\t\t\tCh\u1ee7 t\u1ecbch SEIU April Verrett v\u1ec1 vi\u1ec7c David Huerta \u0111\u01b0\u1ee3c th\u1ea3 kh\u1ecfi nh\u00e0 t\u00f9 li\u00ean bang\t\t\t<\/a>\n\t\t<\/h2>\n\t\t\t\t<div class=\"elementor-post__meta-data\">\n\t\t\t\t\t<span class=\"elementor-post-date\">\n\t\t\tTh\u00e1ng S\u00e1u 9, 2025\t\t<\/span>\n\t\t\t\t<\/div>\n\t\t\t\t<div class=\"elementor-post__excerpt\">\n\t\t\t\t\t<\/div>\n\t\t\n\t\t<a class=\"elementor-post__read-more\" href=\"https:\/\/seiu.org\/2025\/06\/statement-seiu-president-april-verrett-on-david-huertas-release-from-federal-custody\" aria-label=\"\u0110\u1ecdc th\u00eam v\u1ec1 Ch\u1ee7 t\u1ecbch SEIU April Verrett v\u1ec1 vi\u1ec7c David Huerta \u0111\u01b0\u1ee3c th\u1ea3 kh\u1ecfi nh\u00e0 t\u00f9 li\u00ean bang\" tabindex=\"-1\" >\n\t\t\t\u0110\u1ecdc th\u00eam <i class=\"fa-solid fa-arrow-right\"><\/i>\t\t<\/a>\n\n\t\t\t\t<\/div>\n\t\t\t\t<\/article>\n\t\t\t\t<\/div>\n\t\t\n\t\t\t\t\t\t<\/div>\n\t\t\t\t<\/div>\n\t\t\t\t\t<\/div>\n\t\t<\/div>\n\t\t\t\t\t<\/div>\n\t\t<\/section>\n\t\t\t\t<section class=\"elementor-section elementor-top-section elementor-element elementor-element-7d1a83a elementor-section-boxed elementor-section-height-default elementor-section-height-default\" data-id=\"7d1a83a\" data-element_type=\"section\" data-e-type=\"section\">\n\t\t\t\t\t\t<div class=\"elementor-container elementor-column-gap-default\">\n\t\t\t\t\t<div class=\"elementor-column elementor-col-100 elementor-top-column elementor-element elementor-element-e848435\" data-id=\"e848435\" data-element_type=\"column\" data-e-type=\"column\">\n\t\t\t<div class=\"elementor-widget-wrap elementor-element-populated\">\n\t\t\t\t\t\t<div class=\"elementor-element elementor-element-240330a elementor-grid-3 elementor-grid-tablet-2 elementor-grid-mobile-1 elementor-posts--thumbnail-top elementor-card-shadow-yes elementor-posts__hover-gradient load-more-align-center elementor-widget elementor-widget-posts\" data-id=\"240330a\" data-element_type=\"widget\" data-e-type=\"widget\" data-settings=\"{&quot;pagination_type&quot;:&quot;load_more_on_click&quot;,&quot;cards_columns&quot;:&quot;3&quot;,&quot;cards_columns_tablet&quot;:&quot;2&quot;,&quot;cards_columns_mobile&quot;:&quot;1&quot;,&quot;cards_row_gap&quot;:{&quot;unit&quot;:&quot;px&quot;,&quot;size&quot;:35,&quot;sizes&quot;:[]},&quot;cards_row_gap_widescreen&quot;:{&quot;unit&quot;:&quot;px&quot;,&quot;size&quot;:&quot;&quot;,&quot;sizes&quot;:[]},&quot;cards_row_gap_laptop&quot;:{&quot;unit&quot;:&quot;px&quot;,&quot;size&quot;:&quot;&quot;,&quot;sizes&quot;:[]},&quot;cards_row_gap_tablet_extra&quot;:{&quot;unit&quot;:&quot;px&quot;,&quot;size&quot;:&quot;&quot;,&quot;sizes&quot;:[]},&quot;cards_row_gap_tablet&quot;:{&quot;unit&quot;:&quot;px&quot;,&quot;size&quot;:&quot;&quot;,&quot;sizes&quot;:[]},&quot;cards_row_gap_mobile_extra&quot;:{&quot;unit&quot;:&quot;px&quot;,&quot;size&quot;:&quot;&quot;,&quot;sizes&quot;:[]},&quot;cards_row_gap_mobile&quot;:{&quot;unit&quot;:&quot;px&quot;,&quot;size&quot;:&quot;&quot;,&quot;sizes&quot;:[]},&quot;load_more_spinner&quot;:{&quot;value&quot;:&quot;fas fa-spinner&quot;,&quot;library&quot;:&quot;fa-solid&quot;}}\" data-widget_type=\"posts.cards\">\n\t\t\t\t<div class=\"elementor-widget-container\">\n\t\t\t\t\t\t\t<div class=\"elementor-posts-container elementor-posts elementor-posts--skin-cards elementor-grid\" role=\"list\">\n\t\t\t\t<article class=\"elementor-post elementor-grid-item post-2931 post type-post status-publish format-standard has-post-thumbnail hentry category-pressrelease\" role=\"listitem\">\n\t\t\t<div class=\"elementor-post__card\">\n\t\t\t\t<a class=\"elementor-post__thumbnail__link\" href=\"https:\/\/seiu.org\/2025\/05\/seiu-celebrates-judges-decision-that-will-result-in-the-release-of-union-member-lewelyn-auntie-lynn-dixon-from-ice-detention-center\" tabindex=\"-1\" ><div class=\"elementor-post__thumbnail\"><img decoding=\"async\" width=\"1081\" height=\"515\" src=\"https:\/\/iamerica.org\/wp-content\/uploads\/2024\/06\/iAmerica_PressReleaseArtboard-2-copy-2.png\" class=\"attachment-full size-full wp-image-2160\" alt=\"\" srcset=\"https:\/\/iamerica.org\/wp-content\/uploads\/2024\/06\/iAmerica_PressReleaseArtboard-2-copy-2.png 1081w, https:\/\/iamerica.org\/wp-content\/uploads\/2024\/06\/iAmerica_PressReleaseArtboard-2-copy-2-300x143.png 300w, https:\/\/iamerica.org\/wp-content\/uploads\/2024\/06\/iAmerica_PressReleaseArtboard-2-copy-2-1024x488.png 1024w, https:\/\/iamerica.org\/wp-content\/uploads\/2024\/06\/iAmerica_PressReleaseArtboard-2-copy-2-768x366.png 768w\" sizes=\"(max-width: 1081px) 100vw, 1081px\" \/><\/div><\/a>\n\t\t\t\t<div class=\"elementor-post__text\">\n\t\t\t\t<h3 class=\"elementor-post__title\">\n\t\t\t<a href=\"https:\/\/seiu.org\/2025\/05\/seiu-celebrates-judges-decision-that-will-result-in-the-release-of-union-member-lewelyn-auntie-lynn-dixon-from-ice-detention-center\" >\n\t\t\t\tSEIU \u0103n m\u1eebng quy\u1ebft \u0111\u1ecbnh c\u1ee7a th\u1ea9m ph\u00e1n s\u1ebd d\u1eabn \u0111\u1ebfn vi\u1ec7c th\u1ea3 th\u00e0nh vi\u00ean c\u00f4ng \u0111o\u00e0n Lewelyn \u201cAuntie Lynn\u201d Dixon kh\u1ecfi Trung t\u00e2m giam gi\u1eef ICE\t\t\t<\/a>\n\t\t<\/h3>\n\t\t\t\t\t<div class=\"elementor-post__read-more-wrapper\">\n\t\t\n\t\t<a class=\"elementor-post__read-more\" href=\"https:\/\/seiu.org\/2025\/05\/seiu-celebrates-judges-decision-that-will-result-in-the-release-of-union-member-lewelyn-auntie-lynn-dixon-from-ice-detention-center\" aria-label=\"\u0110\u1ecdc th\u00eam v\u1ec1 SEIU \u0103n m\u1eebng quy\u1ebft \u0111\u1ecbnh c\u1ee7a th\u1ea9m ph\u00e1n d\u1eabn \u0111\u1ebfn vi\u1ec7c th\u1ea3 th\u00e0nh vi\u00ean c\u00f4ng \u0111o\u00e0n Lewelyn \u201cAuntie Lynn\u201d Dixon kh\u1ecfi Trung t\u00e2m giam gi\u1eef ICE\" tabindex=\"-1\" >\n\t\t\t\u0110\u1ecdc th\u00eam <i class=\"fa-solid fa-arrow-right\"><\/i>\t\t<\/a>\n\n\t\t\t\t\t<\/div>\n\t\t\t\t<\/div>\n\t\t\t\t<div class=\"elementor-post__meta-data\">\n\t\t\t\t\t<span class=\"elementor-post-date\">\n\t\t\tNg\u00e0y 30 th\u00e1ng 5 n\u0103m 2025\t\t<\/span>\n\t\t\t\t<\/div>\n\t\t\t\t\t<\/div>\n\t\t<\/article>\n\t\t\t\t<article class=\"elementor-post elementor-grid-item post-2933 post type-post status-publish format-standard has-post-thumbnail hentry category-news\" role=\"listitem\">\n\t\t\t<div class=\"elementor-post__card\">\n\t\t\t\t<a class=\"elementor-post__thumbnail__link\" href=\"https:\/\/www.kuow.org\/stories\/filipina-green-card-holder-and-uw-worker-released-from-tacoma-ice-center\" tabindex=\"-1\" ><div class=\"elementor-post__thumbnail\"><img decoding=\"async\" width=\"1691\" height=\"1268\" src=\"https:\/\/iamerica.org\/wp-content\/uploads\/2025\/06\/npr-article-lewelyn.jpeg\" class=\"attachment-full size-full wp-image-2934\" alt=\"\" srcset=\"https:\/\/iamerica.org\/wp-content\/uploads\/2025\/06\/npr-article-lewelyn.jpeg 1691w, https:\/\/iamerica.org\/wp-content\/uploads\/2025\/06\/npr-article-lewelyn-300x225.jpeg 300w, https:\/\/iamerica.org\/wp-content\/uploads\/2025\/06\/npr-article-lewelyn-1024x768.jpeg 1024w, https:\/\/iamerica.org\/wp-content\/uploads\/2025\/06\/npr-article-lewelyn-768x576.jpeg 768w, https:\/\/iamerica.org\/wp-content\/uploads\/2025\/06\/npr-article-lewelyn-1536x1152.jpeg 1536w, https:\/\/iamerica.org\/wp-content\/uploads\/2025\/06\/npr-article-lewelyn-16x12.jpeg 16w\" sizes=\"(max-width: 1691px) 100vw, 1691px\" \/><\/div><\/a>\n\t\t\t\t<div class=\"elementor-post__text\">\n\t\t\t\t<h3 class=\"elementor-post__title\">\n\t\t\t<a href=\"https:\/\/www.kuow.org\/stories\/filipina-green-card-holder-and-uw-worker-released-from-tacoma-ice-center\" >\n\t\t\t\tNPR Network: Ng\u01b0\u1eddi Philippines s\u1edf h\u1eefu th\u1ebb xanh v\u00e0 c\u00f4ng nh\u00e2n UW \u0111\u01b0\u1ee3c th\u1ea3 kh\u1ecfi trung t\u00e2m ICE Tacoma\t\t\t<\/a>\n\t\t<\/h3>\n\t\t\t\t\t<div class=\"elementor-post__read-more-wrapper\">\n\t\t\n\t\t<a class=\"elementor-post__read-more\" href=\"https:\/\/www.kuow.org\/stories\/filipina-green-card-holder-and-uw-worker-released-from-tacoma-ice-center\" aria-label=\"\u0110\u1ecdc th\u00eam v\u1ec1 NPR Network: Ng\u01b0\u1eddi s\u1edf h\u1eefu th\u1ebb xanh Philippines v\u00e0 c\u00f4ng nh\u00e2n UW \u0111\u01b0\u1ee3c th\u1ea3 kh\u1ecfi trung t\u00e2m ICE Tacoma\" tabindex=\"-1\" >\n\t\t\t\u0110\u1ecdc th\u00eam <i class=\"fa-solid fa-arrow-right\"><\/i>\t\t<\/a>\n\n\t\t\t\t\t<\/div>\n\t\t\t\t<\/div>\n\t\t\t\t<div class=\"elementor-post__meta-data\">\n\t\t\t\t\t<span class=\"elementor-post-date\">\n\t\t\tNg\u00e0y 29 th\u00e1ng 5 n\u0103m 2025\t\t<\/span>\n\t\t\t\t<\/div>\n\t\t\t\t\t<\/div>\n\t\t<\/article>\n\t\t\t\t<article class=\"elementor-post elementor-grid-item post-2932 post type-post status-publish format-standard has-post-thumbnail hentry category-news\" role=\"listitem\">\n\t\t\t<div class=\"elementor-post__card\">\n\t\t\t\t<a class=\"elementor-post__thumbnail__link\" href=\"https:\/\/www.nbcnews.com\/news\/latino\/venezuelans-tps-fear-deported-supreme-court-ruling-rcna208716\" tabindex=\"-1\" ><div class=\"elementor-post__thumbnail\"><img loading=\"lazy\" decoding=\"async\" width=\"1000\" height=\"667\" src=\"https:\/\/iamerica.org\/wp-content\/uploads\/2025\/05\/nbc-article-tps-venezuelan.webp\" class=\"attachment-full size-full wp-image-2935\" alt=\"\" srcset=\"https:\/\/iamerica.org\/wp-content\/uploads\/2025\/05\/nbc-article-tps-venezuelan.webp 1000w, https:\/\/iamerica.org\/wp-content\/uploads\/2025\/05\/nbc-article-tps-venezuelan-300x200.webp 300w, https:\/\/iamerica.org\/wp-content\/uploads\/2025\/05\/nbc-article-tps-venezuelan-768x512.webp 768w, https:\/\/iamerica.org\/wp-content\/uploads\/2025\/05\/nbc-article-tps-venezuelan-18x12.webp 18w\" sizes=\"(max-width: 1000px) 100vw, 1000px\" \/><\/div><\/a>\n\t\t\t\t<div class=\"elementor-post__text\">\n\t\t\t\t<h3 class=\"elementor-post__title\">\n\t\t\t<a href=\"https:\/\/www.nbcnews.com\/news\/latino\/venezuelans-tps-fear-deported-supreme-court-ruling-rcna208716\" >\n\t\t\t\tNBC News: Nh\u1eefng ng\u01b0\u1eddi Venezuela n\u00e0y \u0111ang \u1edf Hoa K\u1ef3 m\u1ed9t c\u00e1ch h\u1ee3p ph\u00e1p, nh\u01b0ng l\u1ec7nh c\u1ee7a T\u00f2a \u00e1n T\u1ed1i cao v\u1ec1 TPS \u0111ang \u0111\u1ea3o l\u1ed9n cu\u1ed9c s\u1ed1ng c\u1ee7a h\u1ecd\t\t\t<\/a>\n\t\t<\/h3>\n\t\t\t\t\t<div class=\"elementor-post__read-more-wrapper\">\n\t\t\n\t\t<a class=\"elementor-post__read-more\" href=\"https:\/\/www.nbcnews.com\/news\/latino\/venezuelans-tps-fear-deported-supreme-court-ruling-rcna208716\" aria-label=\"\u0110\u1ecdc th\u00eam v\u1ec1 NBC News: Nh\u1eefng ng\u01b0\u1eddi Venezuela n\u00e0y \u0111ang \u1edf Hoa K\u1ef3 m\u1ed9t c\u00e1ch h\u1ee3p ph\u00e1p, nh\u01b0ng l\u1ec7nh c\u1ee7a T\u00f2a \u00e1n T\u1ed1i cao v\u1ec1 TPS \u0111ang \u0111\u1ea3o l\u1ed9n cu\u1ed9c s\u1ed1ng c\u1ee7a h\u1ecd\" tabindex=\"-1\" >\n\t\t\t\u0110\u1ecdc th\u00eam <i class=\"fa-solid fa-arrow-right\"><\/i>\t\t<\/a>\n\n\t\t\t\t\t<\/div>\n\t\t\t\t<\/div>\n\t\t\t\t<div class=\"elementor-post__meta-data\">\n\t\t\t\t\t<span class=\"elementor-post-date\">\n\t\t\tNg\u00e0y 27 th\u00e1ng 5 n\u0103m 2025\t\t<\/span>\n\t\t\t\t<\/div>\n\t\t\t\t\t<\/div>\n\t\t<\/article>\n\t\t\t\t<article class=\"elementor-post elementor-grid-item post-2924 post type-post status-publish format-standard has-post-thumbnail hentry category-pressrelease\" role=\"listitem\">\n\t\t\t<div class=\"elementor-post__card\">\n\t\t\t\t<a class=\"elementor-post__thumbnail__link\" href=\"https:\/\/seiu.org\/2025\/05\/seius-saenz-stripping-tps-from-350-000-venezuelans-will-devastate-families-communities-economy\" tabindex=\"-1\" ><div class=\"elementor-post__thumbnail\"><img loading=\"lazy\" decoding=\"async\" width=\"1081\" height=\"515\" src=\"https:\/\/iamerica.org\/wp-content\/uploads\/2024\/06\/iAmerica_PressReleaseArtboard-2-copy-4.png\" class=\"attachment-full size-full wp-image-2161\" alt=\"\" srcset=\"https:\/\/iamerica.org\/wp-content\/uploads\/2024\/06\/iAmerica_PressReleaseArtboard-2-copy-4.png 1081w, https:\/\/iamerica.org\/wp-content\/uploads\/2024\/06\/iAmerica_PressReleaseArtboard-2-copy-4-300x143.png 300w, https:\/\/iamerica.org\/wp-content\/uploads\/2024\/06\/iAmerica_PressReleaseArtboard-2-copy-4-1024x488.png 1024w, https:\/\/iamerica.org\/wp-content\/uploads\/2024\/06\/iAmerica_PressReleaseArtboard-2-copy-4-768x366.png 768w\" sizes=\"(max-width: 1081px) 100vw, 1081px\" \/><\/div><\/a>\n\t\t\t\t<div class=\"elementor-post__text\">\n\t\t\t\t<h3 class=\"elementor-post__title\">\n\t\t\t<a href=\"https:\/\/seiu.org\/2025\/05\/seius-saenz-stripping-tps-from-350-000-venezuelans-will-devastate-families-communities-economy\" >\n\t\t\t\tS\u00e1enz c\u1ee7a SEIU: Vi\u1ec7c t\u01b0\u1edbc TPS kh\u1ecfi 350.000 ng\u01b0\u1eddi Venezuela s\u1ebd t\u00e0n ph\u00e1 c\u00e1c gia \u0111\u00ecnh, c\u1ed9ng \u0111\u1ed3ng v\u00e0 n\u1ec1n kinh t\u1ebf\t\t\t<\/a>\n\t\t<\/h3>\n\t\t\t\t\t<div class=\"elementor-post__read-more-wrapper\">\n\t\t\n\t\t<a class=\"elementor-post__read-more\" href=\"https:\/\/seiu.org\/2025\/05\/seius-saenz-stripping-tps-from-350-000-venezuelans-will-devastate-families-communities-economy\" aria-label=\"\u0110\u1ecdc th\u00eam v\u1ec1 S\u00e1enz c\u1ee7a SEIU: Vi\u1ec7c t\u01b0\u1edbc TPS kh\u1ecfi 350.000 ng\u01b0\u1eddi Venezuela s\u1ebd t\u00e0n ph\u00e1 gia \u0111\u00ecnh, c\u1ed9ng \u0111\u1ed3ng v\u00e0 n\u1ec1n kinh t\u1ebf\" tabindex=\"-1\" >\n\t\t\t\u0110\u1ecdc th\u00eam <i class=\"fa-solid fa-arrow-right\"><\/i>\t\t<\/a>\n\n\t\t\t\t\t<\/div>\n\t\t\t\t<\/div>\n\t\t\t\t<div class=\"elementor-post__meta-data\">\n\t\t\t\t\t<span class=\"elementor-post-date\">\n\t\t\tTh\u00e1ng N\u0103m 20, 2025\t\t<\/span>\n\t\t\t\t<\/div>\n\t\t\t\t\t<\/div>\n\t\t<\/article>\n\t\t\t\t<article class=\"elementor-post elementor-grid-item post-2916 post type-post status-publish format-standard has-post-thumbnail hentry category-pressrelease\" role=\"listitem\">\n\t\t\t<div class=\"elementor-post__card\">\n\t\t\t\t<a class=\"elementor-post__thumbnail__link\" href=\"https:\/\/www.seiu.org\/2025\/05\/seiu-celebrates-the-release-of-cliona-ward-union-member-and-caregiver-following-nationwide-advocacy\" tabindex=\"-1\" ><div class=\"elementor-post__thumbnail\"><img fetchpriority=\"high\" decoding=\"async\" width=\"1081\" height=\"515\" src=\"https:\/\/iamerica.org\/wp-content\/uploads\/2024\/06\/iAmerica_PressReleaseArtboard-2-copy-5.png\" class=\"attachment-full size-full wp-image-2162\" alt=\"\" srcset=\"https:\/\/iamerica.org\/wp-content\/uploads\/2024\/06\/iAmerica_PressReleaseArtboard-2-copy-5.png 1081w, https:\/\/iamerica.org\/wp-content\/uploads\/2024\/06\/iAmerica_PressReleaseArtboard-2-copy-5-300x143.png 300w, https:\/\/iamerica.org\/wp-content\/uploads\/2024\/06\/iAmerica_PressReleaseArtboard-2-copy-5-1024x488.png 1024w, https:\/\/iamerica.org\/wp-content\/uploads\/2024\/06\/iAmerica_PressReleaseArtboard-2-copy-5-768x366.png 768w\" sizes=\"(max-width: 1081px) 100vw, 1081px\" \/><\/div><\/a>\n\t\t\t\t<div class=\"elementor-post__text\">\n\t\t\t\t<h3 class=\"elementor-post__title\">\n\t\t\t<a href=\"https:\/\/www.seiu.org\/2025\/05\/seiu-celebrates-the-release-of-cliona-ward-union-member-and-caregiver-following-nationwide-advocacy\" >\n\t\t\t\tSEIU \u0103n m\u1eebng vi\u1ec7c Cliona Ward, th\u00e0nh vi\u00ean c\u00f4ng \u0111o\u00e0n v\u00e0 ng\u01b0\u1eddi ch\u0103m s\u00f3c \u0111\u01b0\u1ee3c tr\u1ea3 t\u1ef1 do, sau khi v\u1eadn \u0111\u1ed9ng tr\u00ean to\u00e0n qu\u1ed1c\t\t\t<\/a>\n\t\t<\/h3>\n\t\t\t\t\t<div class=\"elementor-post__read-more-wrapper\">\n\t\t\n\t\t<a class=\"elementor-post__read-more\" href=\"https:\/\/www.seiu.org\/2025\/05\/seiu-celebrates-the-release-of-cliona-ward-union-member-and-caregiver-following-nationwide-advocacy\" aria-label=\"\u0110\u1ecdc th\u00eam v\u1ec1 SEIU \u0103n m\u1eebng vi\u1ec7c Cliona Ward, th\u00e0nh vi\u00ean c\u00f4ng \u0111o\u00e0n v\u00e0 ng\u01b0\u1eddi ch\u0103m s\u00f3c \u0111\u01b0\u1ee3c tr\u1ea3 t\u1ef1 do, sau chi\u1ebfn d\u1ecbch v\u1eadn \u0111\u1ed9ng to\u00e0n qu\u1ed1c\" tabindex=\"-1\" >\n\t\t\t\u0110\u1ecdc th\u00eam <i class=\"fa-solid fa-arrow-right\"><\/i>\t\t<\/a>\n\n\t\t\t\t\t<\/div>\n\t\t\t\t<\/div>\n\t\t\t\t<div class=\"elementor-post__meta-data\">\n\t\t\t\t\t<span class=\"elementor-post-date\">\n\t\t\tTh\u00e1ng N\u0103m 7, 2025\t\t<\/span>\n\t\t\t\t<\/div>\n\t\t\t\t\t<\/div>\n\t\t<\/article>\n\t\t\t\t<article class=\"elementor-post elementor-grid-item post-2782 post type-post status-publish format-standard has-post-thumbnail hentry category-pressrelease\" role=\"listitem\">\n\t\t\t<div class=\"elementor-post__card\">\n\t\t\t\t<a class=\"elementor-post__thumbnail__link\" href=\"https:\/\/www.seiu.org\/2025\/03\/statement-by-seiu-president-april-verrett-on-tufts-graduate-student-detained-by-ice\" tabindex=\"-1\" ><div class=\"elementor-post__thumbnail\"><img decoding=\"async\" width=\"1081\" height=\"515\" src=\"https:\/\/iamerica.org\/wp-content\/uploads\/2024\/06\/iAmerica_PressReleaseArtboard-2-copy-2.png\" class=\"attachment-full size-full wp-image-2160\" alt=\"\" srcset=\"https:\/\/iamerica.org\/wp-content\/uploads\/2024\/06\/iAmerica_PressReleaseArtboard-2-copy-2.png 1081w, https:\/\/iamerica.org\/wp-content\/uploads\/2024\/06\/iAmerica_PressReleaseArtboard-2-copy-2-300x143.png 300w, https:\/\/iamerica.org\/wp-content\/uploads\/2024\/06\/iAmerica_PressReleaseArtboard-2-copy-2-1024x488.png 1024w, https:\/\/iamerica.org\/wp-content\/uploads\/2024\/06\/iAmerica_PressReleaseArtboard-2-copy-2-768x366.png 768w\" sizes=\"(max-width: 1081px) 100vw, 1081px\" \/><\/div><\/a>\n\t\t\t\t<div class=\"elementor-post__text\">\n\t\t\t\t<h3 class=\"elementor-post__title\">\n\t\t\t<a href=\"https:\/\/www.seiu.org\/2025\/03\/statement-by-seiu-president-april-verrett-on-tufts-graduate-student-detained-by-ice\" >\n\t\t\t\tTuy\u00ean b\u1ed1 c\u1ee7a Ch\u1ee7 t\u1ecbch SEIU April Verrett v\u1ec1 Sinh vi\u00ean t\u1ed1t nghi\u1ec7p Tufts b\u1ecb ICE giam gi\u1eef\t\t\t<\/a>\n\t\t<\/h3>\n\t\t\t\t\t<div class=\"elementor-post__read-more-wrapper\">\n\t\t\n\t\t<a class=\"elementor-post__read-more\" href=\"https:\/\/www.seiu.org\/2025\/03\/statement-by-seiu-president-april-verrett-on-tufts-graduate-student-detained-by-ice\" aria-label=\"\u0110\u1ecdc th\u00eam v\u1ec1 Tuy\u00ean b\u1ed1 c\u1ee7a Ch\u1ee7 t\u1ecbch SEIU April Verrett v\u1ec1 Sinh vi\u00ean t\u1ed1t nghi\u1ec7p Tufts b\u1ecb ICE giam gi\u1eef\" tabindex=\"-1\" >\n\t\t\t\u0110\u1ecdc th\u00eam <i class=\"fa-solid fa-arrow-right\"><\/i>\t\t<\/a>\n\n\t\t\t\t\t<\/div>\n\t\t\t\t<\/div>\n\t\t\t\t<div class=\"elementor-post__meta-data\">\n\t\t\t\t\t<span class=\"elementor-post-date\">\n\t\t\tTh\u00e1ng Ba 26, 2025\t\t<\/span>\n\t\t\t\t<\/div>\n\t\t\t\t\t<\/div>\n\t\t<\/article>\n\t\t\t\t<article class=\"elementor-post elementor-grid-item post-2780 post type-post status-publish format-standard has-post-thumbnail hentry category-pressrelease\" role=\"listitem\">\n\t\t\t<div class=\"elementor-post__card\">\n\t\t\t\t<a class=\"elementor-post__thumbnail__link\" href=\"https:\/\/seiu.org\/2025\/03\/seius-verrett-demands-immediate-release-of-mahmoud-khalil-end-relentless-attack-on-free-speech\" tabindex=\"-1\" ><div class=\"elementor-post__thumbnail\"><img loading=\"lazy\" decoding=\"async\" width=\"1081\" height=\"515\" src=\"https:\/\/iamerica.org\/wp-content\/uploads\/2024\/06\/iAmerica_PressReleaseArtboard-2-copy-4.png\" class=\"attachment-full size-full wp-image-2161\" alt=\"\" srcset=\"https:\/\/iamerica.org\/wp-content\/uploads\/2024\/06\/iAmerica_PressReleaseArtboard-2-copy-4.png 1081w, https:\/\/iamerica.org\/wp-content\/uploads\/2024\/06\/iAmerica_PressReleaseArtboard-2-copy-4-300x143.png 300w, https:\/\/iamerica.org\/wp-content\/uploads\/2024\/06\/iAmerica_PressReleaseArtboard-2-copy-4-1024x488.png 1024w, https:\/\/iamerica.org\/wp-content\/uploads\/2024\/06\/iAmerica_PressReleaseArtboard-2-copy-4-768x366.png 768w\" sizes=\"(max-width: 1081px) 100vw, 1081px\" \/><\/div><\/a>\n\t\t\t\t<div class=\"elementor-post__text\">\n\t\t\t\t<h3 class=\"elementor-post__title\">\n\t\t\t<a href=\"https:\/\/seiu.org\/2025\/03\/seius-verrett-demands-immediate-release-of-mahmoud-khalil-end-relentless-attack-on-free-speech\" >\n\t\t\t\tVerrett c\u1ee7a SEIU y\u00eau c\u1ea7u tr\u1ea3 t\u1ef1 do ngay l\u1eadp t\u1ee9c cho Mahmoud Khalil, ch\u1ea5m d\u1ee9t cu\u1ed9c t\u1ea5n c\u00f4ng kh\u00f4ng ng\u1eebng ngh\u1ec9 v\u00e0o quy\u1ec1n t\u1ef1 do ng\u00f4n lu\u1eadn\t\t\t<\/a>\n\t\t<\/h3>\n\t\t\t\t\t<div class=\"elementor-post__read-more-wrapper\">\n\t\t\n\t\t<a class=\"elementor-post__read-more\" href=\"https:\/\/seiu.org\/2025\/03\/seius-verrett-demands-immediate-release-of-mahmoud-khalil-end-relentless-attack-on-free-speech\" aria-label=\"\u0110\u1ecdc th\u00eam v\u1ec1 Verrett c\u1ee7a SEIU y\u00eau c\u1ea7u tr\u1ea3 t\u1ef1 do ngay l\u1eadp t\u1ee9c cho Mahmoud Khalil, ch\u1ea5m d\u1ee9t cu\u1ed9c t\u1ea5n c\u00f4ng kh\u00f4ng ng\u1eebng v\u00e0o quy\u1ec1n t\u1ef1 do ng\u00f4n lu\u1eadn\" tabindex=\"-1\" >\n\t\t\t\u0110\u1ecdc th\u00eam <i class=\"fa-solid fa-arrow-right\"><\/i>\t\t<\/a>\n\n\t\t\t\t\t<\/div>\n\t\t\t\t<\/div>\n\t\t\t\t<div class=\"elementor-post__meta-data\">\n\t\t\t\t\t<span class=\"elementor-post-date\">\n\t\t\tTh\u00e1ng Ba 13, 2025\t\t<\/span>\n\t\t\t\t<\/div>\n\t\t\t\t\t<\/div>\n\t\t<\/article>\n\t\t\t\t<article class=\"elementor-post elementor-grid-item post-2762 post type-post status-publish format-standard has-post-thumbnail hentry category-pressrelease\" role=\"listitem\">\n\t\t\t<div class=\"elementor-post__card\">\n\t\t\t\t<a class=\"elementor-post__thumbnail__link\" href=\"https:\/\/www.seiu.org\/2025\/02\/seius-verrett-ripping-away-tps-for-haitian-immigrants-is-a-direct-attack-on-working-families-our-economy\" tabindex=\"-1\" ><div class=\"elementor-post__thumbnail\"><img fetchpriority=\"high\" decoding=\"async\" width=\"1081\" height=\"515\" src=\"https:\/\/iamerica.org\/wp-content\/uploads\/2024\/06\/iAmerica_PressReleaseArtboard-2-copy-5.png\" class=\"attachment-full size-full wp-image-2162\" alt=\"\" srcset=\"https:\/\/iamerica.org\/wp-content\/uploads\/2024\/06\/iAmerica_PressReleaseArtboard-2-copy-5.png 1081w, https:\/\/iamerica.org\/wp-content\/uploads\/2024\/06\/iAmerica_PressReleaseArtboard-2-copy-5-300x143.png 300w, https:\/\/iamerica.org\/wp-content\/uploads\/2024\/06\/iAmerica_PressReleaseArtboard-2-copy-5-1024x488.png 1024w, https:\/\/iamerica.org\/wp-content\/uploads\/2024\/06\/iAmerica_PressReleaseArtboard-2-copy-5-768x366.png 768w\" sizes=\"(max-width: 1081px) 100vw, 1081px\" \/><\/div><\/a>\n\t\t\t\t<div class=\"elementor-post__text\">\n\t\t\t\t<h3 class=\"elementor-post__title\">\n\t\t\t<a href=\"https:\/\/www.seiu.org\/2025\/02\/seius-verrett-ripping-away-tps-for-haitian-immigrants-is-a-direct-attack-on-working-families-our-economy\" >\n\t\t\t\tVerrett c\u1ee7a SEIU: Vi\u1ec7c t\u01b0\u1edbc b\u1ecf TPS \u0111\u1ed1i v\u1edbi ng\u01b0\u1eddi nh\u1eadp c\u01b0 Haiti l\u00e0 m\u1ed9t cu\u1ed9c t\u1ea5n c\u00f4ng tr\u1ef1c ti\u1ebfp v\u00e0o c\u00e1c gia \u0111\u00ecnh lao \u0111\u1ed9ng v\u00e0 n\u1ec1n kinh t\u1ebf c\u1ee7a ch\u00fang ta\t\t\t<\/a>\n\t\t<\/h3>\n\t\t\t\t\t<div class=\"elementor-post__read-more-wrapper\">\n\t\t\n\t\t<a class=\"elementor-post__read-more\" href=\"https:\/\/www.seiu.org\/2025\/02\/seius-verrett-ripping-away-tps-for-haitian-immigrants-is-a-direct-attack-on-working-families-our-economy\" aria-label=\"\u0110\u1ecdc th\u00eam v\u1ec1 Verrett c\u1ee7a SEIU: Vi\u1ec7c t\u01b0\u1edbc b\u1ecf TPS \u0111\u1ed1i v\u1edbi ng\u01b0\u1eddi nh\u1eadp c\u01b0 Haiti l\u00e0 m\u1ed9t cu\u1ed9c t\u1ea5n c\u00f4ng tr\u1ef1c ti\u1ebfp v\u00e0o c\u00e1c gia \u0111\u00ecnh lao \u0111\u1ed9ng, n\u1ec1n kinh t\u1ebf c\u1ee7a ch\u00fang ta\" tabindex=\"-1\" >\n\t\t\t\u0110\u1ecdc th\u00eam <i class=\"fa-solid fa-arrow-right\"><\/i>\t\t<\/a>\n\n\t\t\t\t\t<\/div>\n\t\t\t\t<\/div>\n\t\t\t\t<div class=\"elementor-post__meta-data\">\n\t\t\t\t\t<span class=\"elementor-post-date\">\n\t\t\tTh\u00e1ng Hai 20, 2025\t\t<\/span>\n\t\t\t\t<\/div>\n\t\t\t\t\t<\/div>\n\t\t<\/article>\n\t\t\t\t<article class=\"elementor-post elementor-grid-item post-2758 post type-post status-publish format-standard has-post-thumbnail hentry category-pressrelease\" role=\"listitem\">\n\t\t\t<div class=\"elementor-post__card\">\n\t\t\t\t<a class=\"elementor-post__thumbnail__link\" href=\"https:\/\/seiu.org\/2025\/02\/seius-saenz-venezuelans-with-temporary-protected-status-contribute-to-our-economy-in-countless-ways-sending-them-back-is-not-only-cruel-its-senseless\" tabindex=\"-1\" ><div class=\"elementor-post__thumbnail\"><img decoding=\"async\" width=\"1081\" height=\"515\" src=\"https:\/\/iamerica.org\/wp-content\/uploads\/2024\/06\/iAmerica_PressReleaseArtboard-2-copy-2.png\" class=\"attachment-full size-full wp-image-2160\" alt=\"\" srcset=\"https:\/\/iamerica.org\/wp-content\/uploads\/2024\/06\/iAmerica_PressReleaseArtboard-2-copy-2.png 1081w, https:\/\/iamerica.org\/wp-content\/uploads\/2024\/06\/iAmerica_PressReleaseArtboard-2-copy-2-300x143.png 300w, https:\/\/iamerica.org\/wp-content\/uploads\/2024\/06\/iAmerica_PressReleaseArtboard-2-copy-2-1024x488.png 1024w, https:\/\/iamerica.org\/wp-content\/uploads\/2024\/06\/iAmerica_PressReleaseArtboard-2-copy-2-768x366.png 768w\" sizes=\"(max-width: 1081px) 100vw, 1081px\" \/><\/div><\/a>\n\t\t\t\t<div class=\"elementor-post__text\">\n\t\t\t\t<h3 class=\"elementor-post__title\">\n\t\t\t<a href=\"https:\/\/seiu.org\/2025\/02\/seius-saenz-venezuelans-with-temporary-protected-status-contribute-to-our-economy-in-countless-ways-sending-them-back-is-not-only-cruel-its-senseless\" >\n\t\t\t\tS\u00e1enz c\u1ee7a SEIU: Ng\u01b0\u1eddi Venezuela c\u00f3 Quy ch\u1ebf b\u1ea3o v\u1ec7 t\u1ea1m th\u1eddi \u0111\u00f3ng g\u00f3p cho n\u1ec1n kinh t\u1ebf c\u1ee7a ch\u00fang ta theo v\u00f4 s\u1ed1 c\u00e1ch \u2013 vi\u1ec7c tr\u1ee5c xu\u1ea5t h\u1ecd v\u1ec1 n\u01b0\u1edbc kh\u00f4ng ch\u1ec9 t\u00e0n nh\u1eabn m\u00e0 c\u00f2n v\u00f4 ngh\u0129a\t\t\t<\/a>\n\t\t<\/h3>\n\t\t\t\t\t<div class=\"elementor-post__read-more-wrapper\">\n\t\t\n\t\t<a class=\"elementor-post__read-more\" href=\"https:\/\/seiu.org\/2025\/02\/seius-saenz-venezuelans-with-temporary-protected-status-contribute-to-our-economy-in-countless-ways-sending-them-back-is-not-only-cruel-its-senseless\" aria-label=\"\u0110\u1ecdc th\u00eam v\u1ec1 S\u00e1enz c\u1ee7a SEIU: Ng\u01b0\u1eddi Venezuela c\u00f3 Quy ch\u1ebf b\u1ea3o v\u1ec7 t\u1ea1m th\u1eddi \u0111\u00f3ng g\u00f3p cho n\u1ec1n kinh t\u1ebf c\u1ee7a ch\u00fang ta theo v\u00f4 s\u1ed1 c\u00e1ch \u2013 vi\u1ec7c g\u1eedi h\u1ecd tr\u1edf v\u1ec1 kh\u00f4ng ch\u1ec9 t\u00e0n nh\u1eabn m\u00e0 c\u00f2n v\u00f4 ngh\u0129a\" tabindex=\"-1\" >\n\t\t\t\u0110\u1ecdc th\u00eam <i class=\"fa-solid fa-arrow-right\"><\/i>\t\t<\/a>\n\n\t\t\t\t\t<\/div>\n\t\t\t\t<\/div>\n\t\t\t\t<div class=\"elementor-post__meta-data\">\n\t\t\t\t\t<span class=\"elementor-post-date\">\n\t\t\tTh\u00e1ng Hai 3, 2025\t\t<\/span>\n\t\t\t\t<\/div>\n\t\t\t\t\t<\/div>\n\t\t<\/article>\n\t\t\t\t<article class=\"elementor-post elementor-grid-item post-2756 post type-post status-publish format-standard has-post-thumbnail hentry category-pressrelease\" role=\"listitem\">\n\t\t\t<div class=\"elementor-post__card\">\n\t\t\t\t<a class=\"elementor-post__thumbnail__link\" href=\"https:\/\/seiu.org\/2025\/01\/saenz-del-seiu-por-mas-que-el-presidente-trump-intente-dividirnos-los-trabajadores-continuan-estando-unidos\" tabindex=\"-1\" ><div class=\"elementor-post__thumbnail\"><img loading=\"lazy\" decoding=\"async\" width=\"1081\" height=\"515\" src=\"https:\/\/iamerica.org\/wp-content\/uploads\/2024\/06\/iAmerica_PressReleaseArtboard-2-copy-4.png\" class=\"attachment-full size-full wp-image-2161\" alt=\"\" srcset=\"https:\/\/iamerica.org\/wp-content\/uploads\/2024\/06\/iAmerica_PressReleaseArtboard-2-copy-4.png 1081w, https:\/\/iamerica.org\/wp-content\/uploads\/2024\/06\/iAmerica_PressReleaseArtboard-2-copy-4-300x143.png 300w, https:\/\/iamerica.org\/wp-content\/uploads\/2024\/06\/iAmerica_PressReleaseArtboard-2-copy-4-1024x488.png 1024w, https:\/\/iamerica.org\/wp-content\/uploads\/2024\/06\/iAmerica_PressReleaseArtboard-2-copy-4-768x366.png 768w\" sizes=\"(max-width: 1081px) 100vw, 1081px\" \/><\/div><\/a>\n\t\t\t\t<div class=\"elementor-post__text\">\n\t\t\t\t<h3 class=\"elementor-post__title\">\n\t\t\t<a href=\"https:\/\/seiu.org\/2025\/01\/saenz-del-seiu-por-mas-que-el-presidente-trump-intente-dividirnos-los-trabajadores-continuan-estando-unidos\" >\n\t\t\t\tS\u00e1enz del SEIU: &#039;Por m\u00e1s que el Presidente Trump c\u00f3 \u00fd \u0111\u1ecbnh chia r\u1ebd, los trabajadores contin\u00faan estando unidos&#039;\t\t\t<\/a>\n\t\t<\/h3>\n\t\t\t\t\t<div class=\"elementor-post__read-more-wrapper\">\n\t\t\n\t\t<a class=\"elementor-post__read-more\" href=\"https:\/\/seiu.org\/2025\/01\/saenz-del-seiu-por-mas-que-el-presidente-trump-intente-dividirnos-los-trabajadores-continuan-estando-unidos\" aria-label=\"\u0110\u1ecdc th\u00eam v\u1ec1 S\u00e1enz del SEIU: &#039;Por m\u00e1s que el Presidente Trump \u00fd \u0111\u1ecbnh chia r\u1ebd, los trabajadores contin\u00faan estando unidos&#039;\" tabindex=\"-1\" >\n\t\t\t\u0110\u1ecdc th\u00eam <i class=\"fa-solid fa-arrow-right\"><\/i>\t\t<\/a>\n\n\t\t\t\t\t<\/div>\n\t\t\t\t<\/div>\n\t\t\t\t<div class=\"elementor-post__meta-data\">\n\t\t\t\t\t<span class=\"elementor-post-date\">\n\t\t\tTh\u00e1ng M\u1ed9t 20, 2025\t\t<\/span>\n\t\t\t\t<\/div>\n\t\t\t\t\t<\/div>\n\t\t<\/article>\n\t\t\t\t<article class=\"elementor-post elementor-grid-item post-2755 post type-post status-publish format-standard has-post-thumbnail hentry category-pressrelease\" role=\"listitem\">\n\t\t\t<div class=\"elementor-post__card\">\n\t\t\t\t<a class=\"elementor-post__thumbnail__link\" href=\"https:\/\/seiu.org\/2025\/01\/seius-saenz-action-on-tps-keeps-families-safe-and-together\" tabindex=\"-1\" ><div class=\"elementor-post__thumbnail\"><img fetchpriority=\"high\" decoding=\"async\" width=\"1081\" height=\"515\" src=\"https:\/\/iamerica.org\/wp-content\/uploads\/2024\/06\/iAmerica_PressReleaseArtboard-2-copy-5.png\" class=\"attachment-full size-full wp-image-2162\" alt=\"\" srcset=\"https:\/\/iamerica.org\/wp-content\/uploads\/2024\/06\/iAmerica_PressReleaseArtboard-2-copy-5.png 1081w, https:\/\/iamerica.org\/wp-content\/uploads\/2024\/06\/iAmerica_PressReleaseArtboard-2-copy-5-300x143.png 300w, https:\/\/iamerica.org\/wp-content\/uploads\/2024\/06\/iAmerica_PressReleaseArtboard-2-copy-5-1024x488.png 1024w, https:\/\/iamerica.org\/wp-content\/uploads\/2024\/06\/iAmerica_PressReleaseArtboard-2-copy-5-768x366.png 768w\" sizes=\"(max-width: 1081px) 100vw, 1081px\" \/><\/div><\/a>\n\t\t\t\t<div class=\"elementor-post__text\">\n\t\t\t\t<h3 class=\"elementor-post__title\">\n\t\t\t<a href=\"https:\/\/seiu.org\/2025\/01\/seius-saenz-action-on-tps-keeps-families-safe-and-together\" >\n\t\t\t\tS\u00e1enz c\u1ee7a SEIU: H\u00e0nh \u0111\u1ed9ng v\u1ec1 TPS gi\u00fap c\u00e1c gia \u0111\u00ecnh an to\u00e0n v\u00e0 \u0111o\u00e0n k\u1ebft\t\t\t<\/a>\n\t\t<\/h3>\n\t\t\t\t\t<div class=\"elementor-post__read-more-wrapper\">\n\t\t\n\t\t<a class=\"elementor-post__read-more\" href=\"https:\/\/seiu.org\/2025\/01\/seius-saenz-action-on-tps-keeps-families-safe-and-together\" aria-label=\"\u0110\u1ecdc th\u00eam v\u1ec1 S\u00e1enz c\u1ee7a SEIU: H\u00e0nh \u0111\u1ed9ng v\u1ec1 TPS gi\u00fap c\u00e1c gia \u0111\u00ecnh an to\u00e0n v\u00e0 \u0111o\u00e0n k\u1ebft\" tabindex=\"-1\" >\n\t\t\t\u0110\u1ecdc th\u00eam <i class=\"fa-solid fa-arrow-right\"><\/i>\t\t<\/a>\n\n\t\t\t\t\t<\/div>\n\t\t\t\t<\/div>\n\t\t\t\t<div class=\"elementor-post__meta-data\">\n\t\t\t\t\t<span class=\"elementor-post-date\">\n\t\t\tTh\u00e1ng M\u1ed9t 10, 2025\t\t<\/span>\n\t\t\t\t<\/div>\n\t\t\t\t\t<\/div>\n\t\t<\/article>\n\t\t\t\t<article class=\"elementor-post elementor-grid-item post-2723 post type-post status-publish format-standard has-post-thumbnail hentry category-pressrelease\" role=\"listitem\">\n\t\t\t<div class=\"elementor-post__card\">\n\t\t\t\t<a class=\"elementor-post__thumbnail__link\" href=\"https:\/\/www.seiu.org\/2025\/01\/seius-verrett-condemns-house-vote-urges-senate-to-reject-immigrant-incarceration-bill\" tabindex=\"-1\" ><div class=\"elementor-post__thumbnail\"><img decoding=\"async\" width=\"1081\" height=\"515\" src=\"https:\/\/iamerica.org\/wp-content\/uploads\/2024\/06\/iAmerica_PressReleaseArtboard-2-copy-2.png\" class=\"attachment-full size-full wp-image-2160\" alt=\"\" srcset=\"https:\/\/iamerica.org\/wp-content\/uploads\/2024\/06\/iAmerica_PressReleaseArtboard-2-copy-2.png 1081w, https:\/\/iamerica.org\/wp-content\/uploads\/2024\/06\/iAmerica_PressReleaseArtboard-2-copy-2-300x143.png 300w, https:\/\/iamerica.org\/wp-content\/uploads\/2024\/06\/iAmerica_PressReleaseArtboard-2-copy-2-1024x488.png 1024w, https:\/\/iamerica.org\/wp-content\/uploads\/2024\/06\/iAmerica_PressReleaseArtboard-2-copy-2-768x366.png 768w\" sizes=\"(max-width: 1081px) 100vw, 1081px\" \/><\/div><\/a>\n\t\t\t\t<div class=\"elementor-post__text\">\n\t\t\t\t<h3 class=\"elementor-post__title\">\n\t\t\t<a href=\"https:\/\/www.seiu.org\/2025\/01\/seius-verrett-condemns-house-vote-urges-senate-to-reject-immigrant-incarceration-bill\" >\n\t\t\t\tVerrett c\u1ee7a SEIU l\u00ean \u00e1n cu\u1ed9c b\u1ecf phi\u1ebfu c\u1ee7a H\u1ea1 vi\u1ec7n, th\u00fac gi\u1ee5c Th\u01b0\u1ee3ng vi\u1ec7n b\u00e1c b\u1ecf d\u1ef1 lu\u1eadt giam gi\u1eef ng\u01b0\u1eddi nh\u1eadp c\u01b0\t\t\t<\/a>\n\t\t<\/h3>\n\t\t\t\t\t<div class=\"elementor-post__read-more-wrapper\">\n\t\t\n\t\t<a class=\"elementor-post__read-more\" href=\"https:\/\/www.seiu.org\/2025\/01\/seius-verrett-condemns-house-vote-urges-senate-to-reject-immigrant-incarceration-bill\" aria-label=\"\u0110\u1ecdc th\u00eam v\u1ec1 Verrett c\u1ee7a SEIU l\u00ean \u00e1n cu\u1ed9c b\u1ecf phi\u1ebfu c\u1ee7a H\u1ea1 vi\u1ec7n, th\u00fac gi\u1ee5c Th\u01b0\u1ee3ng vi\u1ec7n b\u00e1c b\u1ecf d\u1ef1 lu\u1eadt giam gi\u1eef ng\u01b0\u1eddi nh\u1eadp c\u01b0\" tabindex=\"-1\" >\n\t\t\t\u0110\u1ecdc th\u00eam <i class=\"fa-solid fa-arrow-right\"><\/i>\t\t<\/a>\n\n\t\t\t\t\t<\/div>\n\t\t\t\t<\/div>\n\t\t\t\t<div class=\"elementor-post__meta-data\">\n\t\t\t\t\t<span class=\"elementor-post-date\">\n\t\t\tTh\u00e1ng M\u1ed9t 8, 2025\t\t<\/span>\n\t\t\t\t<\/div>\n\t\t\t\t\t<\/div>\n\t\t<\/article>\n\t\t\t\t<article class=\"elementor-post elementor-grid-item post-2703 post type-post status-publish format-standard has-post-thumbnail hentry category-pressrelease\" role=\"listitem\">\n\t\t\t<div class=\"elementor-post__card\">\n\t\t\t\t<a class=\"elementor-post__thumbnail__link\" href=\"https:\/\/seiu.org\/2024\/09\/seius-verrett-condemns-maga-attacks-on-haitian-immigrants-racism-has-no-place-in-our-society\" tabindex=\"-1\" ><div class=\"elementor-post__thumbnail\"><img loading=\"lazy\" decoding=\"async\" width=\"1081\" height=\"515\" src=\"https:\/\/iamerica.org\/wp-content\/uploads\/2024\/06\/iAmerica_PressReleaseArtboard-2-copy-4.png\" class=\"attachment-full size-full wp-image-2161\" alt=\"\" srcset=\"https:\/\/iamerica.org\/wp-content\/uploads\/2024\/06\/iAmerica_PressReleaseArtboard-2-copy-4.png 1081w, https:\/\/iamerica.org\/wp-content\/uploads\/2024\/06\/iAmerica_PressReleaseArtboard-2-copy-4-300x143.png 300w, https:\/\/iamerica.org\/wp-content\/uploads\/2024\/06\/iAmerica_PressReleaseArtboard-2-copy-4-1024x488.png 1024w, https:\/\/iamerica.org\/wp-content\/uploads\/2024\/06\/iAmerica_PressReleaseArtboard-2-copy-4-768x366.png 768w\" sizes=\"(max-width: 1081px) 100vw, 1081px\" \/><\/div><\/a>\n\t\t\t\t<div class=\"elementor-post__text\">\n\t\t\t\t<h3 class=\"elementor-post__title\">\n\t\t\t<a href=\"https:\/\/seiu.org\/2024\/09\/seius-verrett-condemns-maga-attacks-on-haitian-immigrants-racism-has-no-place-in-our-society\" >\n\t\t\t\tVerrett c\u1ee7a SEIU l\u00ean \u00e1n c\u00e1c cu\u1ed9c t\u1ea5n c\u00f4ng c\u1ee7a MAGA v\u00e0o ng\u01b0\u1eddi nh\u1eadp c\u01b0 Haiti: &#039;Ch\u1ee7 ngh\u0129a ph\u00e2n bi\u1ec7t ch\u1ee7ng t\u1ed9c kh\u00f4ng c\u00f3 ch\u1ed7 \u0111\u1ee9ng trong x\u00e3 h\u1ed9i c\u1ee7a ch\u00fang ta&#039;\t\t\t<\/a>\n\t\t<\/h3>\n\t\t\t\t\t<div class=\"elementor-post__read-more-wrapper\">\n\t\t\n\t\t<a class=\"elementor-post__read-more\" href=\"https:\/\/seiu.org\/2024\/09\/seius-verrett-condemns-maga-attacks-on-haitian-immigrants-racism-has-no-place-in-our-society\" aria-label=\"\u0110\u1ecdc th\u00eam v\u1ec1 Verrett c\u1ee7a SEIU l\u00ean \u00e1n c\u00e1c cu\u1ed9c t\u1ea5n c\u00f4ng c\u1ee7a MAGA v\u00e0o ng\u01b0\u1eddi nh\u1eadp c\u01b0 Haiti: &#039;Ch\u1ee7 ngh\u0129a ph\u00e2n bi\u1ec7t ch\u1ee7ng t\u1ed9c kh\u00f4ng c\u00f3 ch\u1ed7 \u0111\u1ee9ng trong x\u00e3 h\u1ed9i c\u1ee7a ch\u00fang ta&#039;\" tabindex=\"-1\" >\n\t\t\t\u0110\u1ecdc th\u00eam <i class=\"fa-solid fa-arrow-right\"><\/i>\t\t<\/a>\n\n\t\t\t\t\t<\/div>\n\t\t\t\t<\/div>\n\t\t\t\t<div class=\"elementor-post__meta-data\">\n\t\t\t\t\t<span class=\"elementor-post-date\">\n\t\t\tTh\u00e1ng Ch\u00edn 18, 2024\t\t<\/span>\n\t\t\t\t<\/div>\n\t\t\t\t\t<\/div>\n\t\t<\/article>\n\t\t\t\t<article class=\"elementor-post elementor-grid-item post-2633 post type-post status-publish format-standard has-post-thumbnail hentry category-pressrelease\" role=\"listitem\">\n\t\t\t<div class=\"elementor-post__card\">\n\t\t\t\t<a class=\"elementor-post__thumbnail__link\" href=\"https:\/\/www.seiu.org\/2024\/08\/seius-saenz-condemns-federal-judge-pausing-program-to-support-undocumented-spouses-this-is-an-anti-family-decision\" tabindex=\"-1\" ><div class=\"elementor-post__thumbnail\"><img fetchpriority=\"high\" decoding=\"async\" width=\"1081\" height=\"515\" src=\"https:\/\/iamerica.org\/wp-content\/uploads\/2024\/06\/iAmerica_PressReleaseArtboard-2-copy-5.png\" class=\"attachment-full size-full wp-image-2162\" alt=\"\" srcset=\"https:\/\/iamerica.org\/wp-content\/uploads\/2024\/06\/iAmerica_PressReleaseArtboard-2-copy-5.png 1081w, https:\/\/iamerica.org\/wp-content\/uploads\/2024\/06\/iAmerica_PressReleaseArtboard-2-copy-5-300x143.png 300w, https:\/\/iamerica.org\/wp-content\/uploads\/2024\/06\/iAmerica_PressReleaseArtboard-2-copy-5-1024x488.png 1024w, https:\/\/iamerica.org\/wp-content\/uploads\/2024\/06\/iAmerica_PressReleaseArtboard-2-copy-5-768x366.png 768w\" sizes=\"(max-width: 1081px) 100vw, 1081px\" \/><\/div><\/a>\n\t\t\t\t<div class=\"elementor-post__text\">\n\t\t\t\t<h3 class=\"elementor-post__title\">\n\t\t\t<a href=\"https:\/\/www.seiu.org\/2024\/08\/seius-saenz-condemns-federal-judge-pausing-program-to-support-undocumented-spouses-this-is-an-anti-family-decision\" >\n\t\t\t\tS\u00e1enz c\u1ee7a SEIU l\u00ean \u00e1n th\u1ea9m ph\u00e1n li\u00ean bang t\u1ea1m d\u1eebng ch\u01b0\u01a1ng tr\u00ecnh h\u1ed7 tr\u1ee3 nh\u1eefng ng\u01b0\u1eddi ph\u1ed1i ng\u1eabu kh\u00f4ng c\u00f3 gi\u1ea5y t\u1edd: &#039;\u0110\u00e2y l\u00e0 quy\u1ebft \u0111\u1ecbnh ch\u1ed1ng l\u1ea1i gia \u0111\u00ecnh&#039;\t\t\t<\/a>\n\t\t<\/h3>\n\t\t\t\t\t<div class=\"elementor-post__read-more-wrapper\">\n\t\t\n\t\t<a class=\"elementor-post__read-more\" href=\"https:\/\/www.seiu.org\/2024\/08\/seius-saenz-condemns-federal-judge-pausing-program-to-support-undocumented-spouses-this-is-an-anti-family-decision\" aria-label=\"\u0110\u1ecdc th\u00eam v\u1ec1 S\u00e1enz c\u1ee7a SEIU l\u00ean \u00e1n th\u1ea9m ph\u00e1n li\u00ean bang t\u1ea1m d\u1eebng ch\u01b0\u01a1ng tr\u00ecnh h\u1ed7 tr\u1ee3 nh\u1eefng ng\u01b0\u1eddi ph\u1ed1i ng\u1eabu kh\u00f4ng c\u00f3 gi\u1ea5y t\u1edd: &#039;\u0110\u00e2y l\u00e0 quy\u1ebft \u0111\u1ecbnh ch\u1ed1ng l\u1ea1i gia \u0111\u00ecnh&#039;\" tabindex=\"-1\" >\n\t\t\t\u0110\u1ecdc th\u00eam <i class=\"fa-solid fa-arrow-right\"><\/i>\t\t<\/a>\n\n\t\t\t\t\t<\/div>\n\t\t\t\t<\/div>\n\t\t\t\t<div class=\"elementor-post__meta-data\">\n\t\t\t\t\t<span class=\"elementor-post-date\">\n\t\t\tTh\u00e1ng T\u00e1m 27, 2024\t\t<\/span>\n\t\t\t\t<\/div>\n\t\t\t\t\t<\/div>\n\t\t<\/article>\n\t\t\t\t<article class=\"elementor-post elementor-grid-item post-2132 post type-post status-publish format-standard has-post-thumbnail hentry category-pressrelease\" role=\"listitem\">\n\t\t\t<div class=\"elementor-post__card\">\n\t\t\t\t<a class=\"elementor-post__thumbnail__link\" href=\"https:\/\/seiu.org\/2024\/06\/seius-saenz-now-is-not-the-time-to-turn-our-backs-on-immigrants-seeking-refuge\" tabindex=\"-1\" ><div class=\"elementor-post__thumbnail\"><img decoding=\"async\" width=\"1081\" height=\"515\" src=\"https:\/\/iamerica.org\/wp-content\/uploads\/2024\/06\/iAmerica_PressReleaseArtboard-2-copy-2.png\" class=\"attachment-full size-full wp-image-2160\" alt=\"\" srcset=\"https:\/\/iamerica.org\/wp-content\/uploads\/2024\/06\/iAmerica_PressReleaseArtboard-2-copy-2.png 1081w, https:\/\/iamerica.org\/wp-content\/uploads\/2024\/06\/iAmerica_PressReleaseArtboard-2-copy-2-300x143.png 300w, https:\/\/iamerica.org\/wp-content\/uploads\/2024\/06\/iAmerica_PressReleaseArtboard-2-copy-2-1024x488.png 1024w, https:\/\/iamerica.org\/wp-content\/uploads\/2024\/06\/iAmerica_PressReleaseArtboard-2-copy-2-768x366.png 768w\" sizes=\"(max-width: 1081px) 100vw, 1081px\" \/><\/div><\/a>\n\t\t\t\t<div class=\"elementor-post__text\">\n\t\t\t\t<h3 class=\"elementor-post__title\">\n\t\t\t<a href=\"https:\/\/seiu.org\/2024\/06\/seius-saenz-now-is-not-the-time-to-turn-our-backs-on-immigrants-seeking-refuge\" >\n\t\t\t\tSEIU&#039;s S\u00e1enz: B\u00e2y gi\u1edd kh\u00f4ng ph\u1ea3i l\u00e0 l\u00fac quay l\u01b0ng l\u1ea1i v\u1edbi nh\u1eefng ng\u01b0\u1eddi nh\u1eadp c\u01b0 \u0111ang t\u00ecm n\u01a1i \u1ea9n n\u00e1u\t\t\t<\/a>\n\t\t<\/h3>\n\t\t\t\t\t<div class=\"elementor-post__read-more-wrapper\">\n\t\t\n\t\t<a class=\"elementor-post__read-more\" href=\"https:\/\/seiu.org\/2024\/06\/seius-saenz-now-is-not-the-time-to-turn-our-backs-on-immigrants-seeking-refuge\" aria-label=\"\u0110\u1ecdc th\u00eam v\u1ec1 S\u00e1enz c\u1ee7a SEIU: B\u00e2y gi\u1edd kh\u00f4ng ph\u1ea3i l\u00e0 l\u00fac quay l\u01b0ng l\u1ea1i v\u1edbi nh\u1eefng ng\u01b0\u1eddi nh\u1eadp c\u01b0 \u0111ang t\u00ecm ki\u1ebfm n\u01a1i t\u1ecb n\u1ea1n\" tabindex=\"-1\" >\n\t\t\t\u0110\u1ecdc th\u00eam <i class=\"fa-solid fa-arrow-right\"><\/i>\t\t<\/a>\n\n\t\t\t\t\t<\/div>\n\t\t\t\t<\/div>\n\t\t\t\t<div class=\"elementor-post__meta-data\">\n\t\t\t\t\t<span class=\"elementor-post-date\">\n\t\t\tTh\u00e1ng S\u00e1u 4, 2024\t\t<\/span>\n\t\t\t\t<\/div>\n\t\t\t\t\t<\/div>\n\t\t<\/article>\n\t\t\t\t<article class=\"elementor-post elementor-grid-item post-1786 post type-post status-publish format-standard has-post-thumbnail hentry category-news\" role=\"listitem\">\n\t\t\t<div class=\"elementor-post__card\">\n\t\t\t\t<a class=\"elementor-post__thumbnail__link\" href=\"https:\/\/www.newsweek.com\/money-shouldnt-barrier-citizenship-united-states-opinion-1898457\" tabindex=\"-1\" ><div class=\"elementor-post__thumbnail\"><img loading=\"lazy\" decoding=\"async\" width=\"2160\" height=\"1028\" src=\"https:\/\/iamerica.org\/wp-content\/uploads\/2024\/03\/Newsweek.png\" class=\"attachment-full size-full wp-image-1042\" alt=\"Newseek Logo\" srcset=\"https:\/\/iamerica.org\/wp-content\/uploads\/2024\/03\/Newsweek.png 2160w, https:\/\/iamerica.org\/wp-content\/uploads\/2024\/03\/Newsweek-300x143.png 300w, https:\/\/iamerica.org\/wp-content\/uploads\/2024\/03\/Newsweek-1024x487.png 1024w, https:\/\/iamerica.org\/wp-content\/uploads\/2024\/03\/Newsweek-768x366.png 768w, https:\/\/iamerica.org\/wp-content\/uploads\/2024\/03\/Newsweek-1536x731.png 1536w, https:\/\/iamerica.org\/wp-content\/uploads\/2024\/03\/Newsweek-2048x975.png 2048w\" sizes=\"(max-width: 2160px) 100vw, 2160px\" \/><\/div><\/a>\n\t\t\t\t<div class=\"elementor-post__text\">\n\t\t\t\t<h3 class=\"elementor-post__title\">\n\t\t\t<a href=\"https:\/\/www.newsweek.com\/money-shouldnt-barrier-citizenship-united-states-opinion-1898457\" >\n\t\t\t\tTi\u1ec1n kh\u00f4ng n\u00ean l\u00e0 r\u00e0o c\u1ea3n \u0111\u1ed1i v\u1edbi quy\u1ec1n c\u00f4ng d\u00e2n \u1edf Hoa K\u1ef3\t\t\t<\/a>\n\t\t<\/h3>\n\t\t\t\t\t<div class=\"elementor-post__read-more-wrapper\">\n\t\t\n\t\t<a class=\"elementor-post__read-more\" href=\"https:\/\/www.newsweek.com\/money-shouldnt-barrier-citizenship-united-states-opinion-1898457\" aria-label=\"\u0110\u1ecdc th\u00eam v\u1ec1 Ti\u1ec1n kh\u00f4ng n\u00ean l\u00e0 r\u00e0o c\u1ea3n \u0111\u1ed1i v\u1edbi quy\u1ec1n c\u00f4ng d\u00e2n t\u1ea1i Hoa K\u1ef3\" tabindex=\"-1\" >\n\t\t\t\u0110\u1ecdc th\u00eam <i class=\"fa-solid fa-arrow-right\"><\/i>\t\t<\/a>\n\n\t\t\t\t\t<\/div>\n\t\t\t\t<\/div>\n\t\t\t\t<div class=\"elementor-post__meta-data\">\n\t\t\t\t\t<span class=\"elementor-post-date\">\n\t\t\tTh\u00e1ng S\u00e1u 3, 2024\t\t<\/span>\n\t\t\t\t<\/div>\n\t\t\t\t\t<\/div>\n\t\t<\/article>\n\t\t\t\t<article class=\"elementor-post elementor-grid-item post-2134 post type-post status-publish format-standard has-post-thumbnail hentry category-pressrelease\" role=\"listitem\">\n\t\t\t<div class=\"elementor-post__card\">\n\t\t\t\t<a class=\"elementor-post__thumbnail__link\" href=\"https:\/\/seiu.org\/2024\/05\/seius-mary-kay-henry-applauds-extension-of-affordable-care-act-benefits-to-daca-recipients\" tabindex=\"-1\" ><div class=\"elementor-post__thumbnail\"><img decoding=\"async\" width=\"1081\" height=\"515\" src=\"https:\/\/iamerica.org\/wp-content\/uploads\/2024\/06\/iAmerica_PressReleaseArtboard-2-copy-2.png\" class=\"attachment-full size-full wp-image-2160\" alt=\"\" srcset=\"https:\/\/iamerica.org\/wp-content\/uploads\/2024\/06\/iAmerica_PressReleaseArtboard-2-copy-2.png 1081w, https:\/\/iamerica.org\/wp-content\/uploads\/2024\/06\/iAmerica_PressReleaseArtboard-2-copy-2-300x143.png 300w, https:\/\/iamerica.org\/wp-content\/uploads\/2024\/06\/iAmerica_PressReleaseArtboard-2-copy-2-1024x488.png 1024w, https:\/\/iamerica.org\/wp-content\/uploads\/2024\/06\/iAmerica_PressReleaseArtboard-2-copy-2-768x366.png 768w\" sizes=\"(max-width: 1081px) 100vw, 1081px\" \/><\/div><\/a>\n\t\t\t\t<div class=\"elementor-post__text\">\n\t\t\t\t<h3 class=\"elementor-post__title\">\n\t\t\t<a href=\"https:\/\/seiu.org\/2024\/05\/seius-mary-kay-henry-applauds-extension-of-affordable-care-act-benefits-to-daca-recipients\" >\n\t\t\t\tMary Kay Henry c\u1ee7a SEIU hoan ngh\u00eanh vi\u1ec7c m\u1edf r\u1ed9ng c\u00e1c l\u1ee3i \u00edch c\u1ee7a \u0110\u1ea1o lu\u1eadt Ch\u0103m s\u00f3c Gi\u00e1 c\u1ea3 ph\u1ea3i ch\u0103ng cho Ng\u01b0\u1eddi nh\u1eadn DACA\t\t\t<\/a>\n\t\t<\/h3>\n\t\t\t\t\t<div class=\"elementor-post__read-more-wrapper\">\n\t\t\n\t\t<a class=\"elementor-post__read-more\" href=\"https:\/\/seiu.org\/2024\/05\/seius-mary-kay-henry-applauds-extension-of-affordable-care-act-benefits-to-daca-recipients\" aria-label=\"\u0110\u1ecdc th\u00eam v\u1ec1 Mary Kay Henry c\u1ee7a SEIU hoan ngh\u00eanh vi\u1ec7c m\u1edf r\u1ed9ng c\u00e1c quy\u1ec1n l\u1ee3i c\u1ee7a \u0110\u1ea1o lu\u1eadt ch\u0103m s\u00f3c s\u1ee9c kh\u1ecfe gi\u00e1 c\u1ea3 ph\u1ea3i ch\u0103ng cho nh\u1eefng ng\u01b0\u1eddi nh\u1eadn DACA\" tabindex=\"-1\" >\n\t\t\t\u0110\u1ecdc th\u00eam <i class=\"fa-solid fa-arrow-right\"><\/i>\t\t<\/a>\n\n\t\t\t\t\t<\/div>\n\t\t\t\t<\/div>\n\t\t\t\t<div class=\"elementor-post__meta-data\">\n\t\t\t\t\t<span class=\"elementor-post-date\">\n\t\t\tTh\u00e1ng N\u0103m 3, 2024\t\t<\/span>\n\t\t\t\t<\/div>\n\t\t\t\t\t<\/div>\n\t\t<\/article>\n\t\t\t\t<article class=\"elementor-post elementor-grid-item post-2136 post type-post status-publish format-standard has-post-thumbnail hentry category-pressrelease\" role=\"listitem\">\n\t\t\t<div class=\"elementor-post__card\">\n\t\t\t\t<a class=\"elementor-post__thumbnail__link\" href=\"https:\/\/seiu.org\/2024\/03\/seius-henry-federal-spending-bill-reflects-many-of-our-nations-priorities-but-more-work-has-to-be-done-on-road-ahead\" tabindex=\"-1\" ><div class=\"elementor-post__thumbnail\"><img loading=\"lazy\" decoding=\"async\" width=\"1081\" height=\"515\" src=\"https:\/\/iamerica.org\/wp-content\/uploads\/2024\/06\/iAmerica_PressReleaseArtboard-2-copy-4.png\" class=\"attachment-full size-full wp-image-2161\" alt=\"\" srcset=\"https:\/\/iamerica.org\/wp-content\/uploads\/2024\/06\/iAmerica_PressReleaseArtboard-2-copy-4.png 1081w, https:\/\/iamerica.org\/wp-content\/uploads\/2024\/06\/iAmerica_PressReleaseArtboard-2-copy-4-300x143.png 300w, https:\/\/iamerica.org\/wp-content\/uploads\/2024\/06\/iAmerica_PressReleaseArtboard-2-copy-4-1024x488.png 1024w, https:\/\/iamerica.org\/wp-content\/uploads\/2024\/06\/iAmerica_PressReleaseArtboard-2-copy-4-768x366.png 768w\" sizes=\"(max-width: 1081px) 100vw, 1081px\" \/><\/div><\/a>\n\t\t\t\t<div class=\"elementor-post__text\">\n\t\t\t\t<h3 class=\"elementor-post__title\">\n\t\t\t<a href=\"https:\/\/seiu.org\/2024\/03\/seius-henry-federal-spending-bill-reflects-many-of-our-nations-priorities-but-more-work-has-to-be-done-on-road-ahead\" >\n\t\t\t\tHenry c\u1ee7a SEIU: D\u1ef1 lu\u1eadt chi ti\u00eau li\u00ean bang ph\u1ea3n \u00e1nh nhi\u1ec1u \u01b0u ti\u00ean c\u1ee7a qu\u1ed1c gia ch\u00fang ta nh\u01b0ng v\u1eabn c\u00f2n nhi\u1ec1u vi\u1ec7c ph\u1ea3i l\u00e0m tr\u00ean con \u0111\u01b0\u1eddng ph\u00eda tr\u01b0\u1edbc\t\t\t<\/a>\n\t\t<\/h3>\n\t\t\t\t\t<div class=\"elementor-post__read-more-wrapper\">\n\t\t\n\t\t<a class=\"elementor-post__read-more\" href=\"https:\/\/seiu.org\/2024\/03\/seius-henry-federal-spending-bill-reflects-many-of-our-nations-priorities-but-more-work-has-to-be-done-on-road-ahead\" aria-label=\"\u0110\u1ecdc th\u00eam v\u1ec1 Henry c\u1ee7a SEIU: D\u1ef1 lu\u1eadt chi ti\u00eau li\u00ean bang ph\u1ea3n \u00e1nh nhi\u1ec1u \u01b0u ti\u00ean c\u1ee7a qu\u1ed1c gia ch\u00fang ta nh\u01b0ng v\u1eabn c\u00f2n nhi\u1ec1u vi\u1ec7c ph\u1ea3i l\u00e0m tr\u00ean con \u0111\u01b0\u1eddng ph\u00eda tr\u01b0\u1edbc\" tabindex=\"-1\" >\n\t\t\t\u0110\u1ecdc th\u00eam <i class=\"fa-solid fa-arrow-right\"><\/i>\t\t<\/a>\n\n\t\t\t\t\t<\/div>\n\t\t\t\t<\/div>\n\t\t\t\t<div class=\"elementor-post__meta-data\">\n\t\t\t\t\t<span class=\"elementor-post-date\">\n\t\t\tTh\u00e1ng Ba 23, 2024\t\t<\/span>\n\t\t\t\t<\/div>\n\t\t\t\t\t<\/div>\n\t\t<\/article>\n\t\t\t\t<article class=\"elementor-post elementor-grid-item post-958 post type-post status-publish format-standard has-post-thumbnail hentry category-news\" role=\"listitem\">\n\t\t\t<div class=\"elementor-post__card\">\n\t\t\t\t<a class=\"elementor-post__thumbnail__link\" href=\"https:\/\/www.newsweek.com\/this-international-womens-month-honor-immigrant-workers-powering-our-economy-expanding-tps-1878566\" tabindex=\"-1\" ><div class=\"elementor-post__thumbnail\"><img loading=\"lazy\" decoding=\"async\" width=\"2160\" height=\"1028\" src=\"https:\/\/iamerica.org\/wp-content\/uploads\/2024\/03\/Newsweek.png\" class=\"attachment-full size-full wp-image-1042\" alt=\"Newseek Logo\" srcset=\"https:\/\/iamerica.org\/wp-content\/uploads\/2024\/03\/Newsweek.png 2160w, https:\/\/iamerica.org\/wp-content\/uploads\/2024\/03\/Newsweek-300x143.png 300w, https:\/\/iamerica.org\/wp-content\/uploads\/2024\/03\/Newsweek-1024x487.png 1024w, https:\/\/iamerica.org\/wp-content\/uploads\/2024\/03\/Newsweek-768x366.png 768w, https:\/\/iamerica.org\/wp-content\/uploads\/2024\/03\/Newsweek-1536x731.png 1536w, https:\/\/iamerica.org\/wp-content\/uploads\/2024\/03\/Newsweek-2048x975.png 2048w\" sizes=\"(max-width: 2160px) 100vw, 2160px\" \/><\/div><\/a>\n\t\t\t\t<div class=\"elementor-post__text\">\n\t\t\t\t<h3 class=\"elementor-post__title\">\n\t\t\t<a href=\"https:\/\/www.newsweek.com\/this-international-womens-month-honor-immigrant-workers-powering-our-economy-expanding-tps-1878566\" >\n\t\t\t\tThis International Women\u2019s Month, Honor the Immigrant Workers Powering Our Economy by Expanding TPS | Opinion\t\t\t<\/a>\n\t\t<\/h3>\n\t\t\t\t\t<div class=\"elementor-post__read-more-wrapper\">\n\t\t\n\t\t<a class=\"elementor-post__read-more\" href=\"https:\/\/www.newsweek.com\/this-international-womens-month-honor-immigrant-workers-powering-our-economy-expanding-tps-1878566\" aria-label=\"\u0110\u1ecdc th\u00eam v\u1ec1 Th\u00e1ng Ph\u1ee5 n\u1eef Qu\u1ed1c t\u1ebf n\u00e0y, T\u00f4n vinh nh\u1eefng Ng\u01b0\u1eddi lao \u0111\u1ed9ng nh\u1eadp c\u01b0 th\u00fac \u0111\u1ea9y n\u1ec1n kinh t\u1ebf c\u1ee7a ch\u00fang ta b\u1eb1ng c\u00e1ch m\u1edf r\u1ed9ng TPS | \u00dd ki\u1ebfn\" tabindex=\"-1\" >\n\t\t\t\u0110\u1ecdc th\u00eam <i class=\"fa-solid fa-arrow-right\"><\/i>\t\t<\/a>\n\n\t\t\t\t\t<\/div>\n\t\t\t\t<\/div>\n\t\t\t\t<div class=\"elementor-post__meta-data\">\n\t\t\t\t\t<span class=\"elementor-post-date\">\n\t\t\tTh\u00e1ng Ba 13, 2024\t\t<\/span>\n\t\t\t\t<\/div>\n\t\t\t\t\t<\/div>\n\t\t<\/article>\n\t\t\t\t<article class=\"elementor-post elementor-grid-item post-961 post type-post status-publish format-standard has-post-thumbnail hentry category-news\" role=\"listitem\">\n\t\t\t<div class=\"elementor-post__card\">\n\t\t\t\t<a class=\"elementor-post__thumbnail__link\" href=\"https:\/\/www.nytimes.com\/2024\/03\/13\/us\/politics\/seiu-biden-democrats.html\" tabindex=\"-1\" ><div class=\"elementor-post__thumbnail\"><img loading=\"lazy\" decoding=\"async\" width=\"2160\" height=\"1028\" src=\"https:\/\/iamerica.org\/wp-content\/uploads\/2024\/03\/NYT.png\" class=\"attachment-full size-full wp-image-1043\" alt=\"The New York Times logo\" srcset=\"https:\/\/iamerica.org\/wp-content\/uploads\/2024\/03\/NYT.png 2160w, https:\/\/iamerica.org\/wp-content\/uploads\/2024\/03\/NYT-300x143.png 300w, https:\/\/iamerica.org\/wp-content\/uploads\/2024\/03\/NYT-1024x487.png 1024w, https:\/\/iamerica.org\/wp-content\/uploads\/2024\/03\/NYT-768x366.png 768w, https:\/\/iamerica.org\/wp-content\/uploads\/2024\/03\/NYT-1536x731.png 1536w, https:\/\/iamerica.org\/wp-content\/uploads\/2024\/03\/NYT-2048x975.png 2048w\" sizes=\"(max-width: 2160px) 100vw, 2160px\" \/><\/div><\/a>\n\t\t\t\t<div class=\"elementor-post__text\">\n\t\t\t\t<h3 class=\"elementor-post__title\">\n\t\t\t<a href=\"https:\/\/www.nytimes.com\/2024\/03\/13\/us\/politics\/seiu-biden-democrats.html\" >\n\t\t\t\tSEIU l\u00ean k\u1ebf ho\u1ea1ch n\u1ed7 l\u1ef1c $200 tri\u1ec7u \u0111\u1ec3 h\u1ed7 tr\u1ee3 Biden v\u00e0 \u0111\u1ea3ng D\u00e2n ch\u1ee7\t\t\t<\/a>\n\t\t<\/h3>\n\t\t\t\t\t<div class=\"elementor-post__read-more-wrapper\">\n\t\t\n\t\t<a class=\"elementor-post__read-more\" href=\"https:\/\/www.nytimes.com\/2024\/03\/13\/us\/politics\/seiu-biden-democrats.html\" aria-label=\"\u0110\u1ecdc th\u00eam v\u1ec1 SEIU l\u00ean k\u1ebf ho\u1ea1ch n\u1ed7 l\u1ef1c $200 tri\u1ec7u \u0111\u1ec3 h\u1ed7 tr\u1ee3 Biden v\u00e0 \u0111\u1ea3ng D\u00e2n ch\u1ee7\" tabindex=\"-1\" >\n\t\t\t\u0110\u1ecdc th\u00eam <i class=\"fa-solid fa-arrow-right\"><\/i>\t\t<\/a>\n\n\t\t\t\t\t<\/div>\n\t\t\t\t<\/div>\n\t\t\t\t<div class=\"elementor-post__meta-data\">\n\t\t\t\t\t<span class=\"elementor-post-date\">\n\t\t\tTh\u00e1ng Ba 13, 2024\t\t<\/span>\n\t\t\t\t<\/div>\n\t\t\t\t\t<\/div>\n\t\t<\/article>\n\t\t\t\t<article class=\"elementor-post elementor-grid-item post-2138 post type-post status-publish format-standard has-post-thumbnail hentry category-pressrelease\" role=\"listitem\">\n\t\t\t<div class=\"elementor-post__card\">\n\t\t\t\t<a class=\"elementor-post__thumbnail__link\" href=\"https:\/\/seiu.org\/2024\/02\/seius-henry-we-need-balance-not-a-one-sided-approach-to-our-nations-immigration-challenges\" tabindex=\"-1\" ><div class=\"elementor-post__thumbnail\"><img fetchpriority=\"high\" decoding=\"async\" width=\"1081\" height=\"515\" src=\"https:\/\/iamerica.org\/wp-content\/uploads\/2024\/06\/iAmerica_PressReleaseArtboard-2-copy-5.png\" class=\"attachment-full size-full wp-image-2162\" alt=\"\" srcset=\"https:\/\/iamerica.org\/wp-content\/uploads\/2024\/06\/iAmerica_PressReleaseArtboard-2-copy-5.png 1081w, https:\/\/iamerica.org\/wp-content\/uploads\/2024\/06\/iAmerica_PressReleaseArtboard-2-copy-5-300x143.png 300w, https:\/\/iamerica.org\/wp-content\/uploads\/2024\/06\/iAmerica_PressReleaseArtboard-2-copy-5-1024x488.png 1024w, https:\/\/iamerica.org\/wp-content\/uploads\/2024\/06\/iAmerica_PressReleaseArtboard-2-copy-5-768x366.png 768w\" sizes=\"(max-width: 1081px) 100vw, 1081px\" \/><\/div><\/a>\n\t\t\t\t<div class=\"elementor-post__text\">\n\t\t\t\t<h3 class=\"elementor-post__title\">\n\t\t\t<a href=\"https:\/\/seiu.org\/2024\/02\/seius-henry-we-need-balance-not-a-one-sided-approach-to-our-nations-immigration-challenges\" >\n\t\t\t\tHenry c\u1ee7a SEIU: Ch\u00fang ta c\u1ea7n s\u1ef1 c\u00e2n b\u1eb1ng, kh\u00f4ng ph\u1ea3i l\u00e0 c\u00e1ch ti\u1ebfp c\u1eadn m\u1ed9t chi\u1ec1u \u0111\u1ed1i v\u1edbi nh\u1eefng th\u00e1ch th\u1ee9c v\u1ec1 nh\u1eadp c\u01b0 c\u1ee7a qu\u1ed1c gia ch\u00fang ta\t\t\t<\/a>\n\t\t<\/h3>\n\t\t\t\t\t<div class=\"elementor-post__read-more-wrapper\">\n\t\t\n\t\t<a class=\"elementor-post__read-more\" href=\"https:\/\/seiu.org\/2024\/02\/seius-henry-we-need-balance-not-a-one-sided-approach-to-our-nations-immigration-challenges\" aria-label=\"\u0110\u1ecdc th\u00eam v\u1ec1 Henry c\u1ee7a SEIU: Ch\u00fang ta c\u1ea7n s\u1ef1 c\u00e2n b\u1eb1ng, kh\u00f4ng ph\u1ea3i l\u00e0 c\u00e1ch ti\u1ebfp c\u1eadn m\u1ed9t chi\u1ec1u \u0111\u1ed1i v\u1edbi nh\u1eefng th\u00e1ch th\u1ee9c v\u1ec1 nh\u1eadp c\u01b0 c\u1ee7a qu\u1ed1c gia ch\u00fang ta\" tabindex=\"-1\" >\n\t\t\t\u0110\u1ecdc th\u00eam <i class=\"fa-solid fa-arrow-right\"><\/i>\t\t<\/a>\n\n\t\t\t\t\t<\/div>\n\t\t\t\t<\/div>\n\t\t\t\t<div class=\"elementor-post__meta-data\">\n\t\t\t\t\t<span class=\"elementor-post-date\">\n\t\t\tTh\u00e1ng Hai 5, 2024\t\t<\/span>\n\t\t\t\t<\/div>\n\t\t\t\t\t<\/div>\n\t\t<\/article>\n\t\t\t\t<\/div>\n\t\t\t\t\t<span class=\"e-load-more-spinner\">\n\t\t\t\t<svg aria-hidden=\"true\" class=\"e-font-icon-svg e-fas-spinner\" viewbox=\"0 0 512 512\" xmlns=\"http:\/\/www.w3.org\/2000\/svg\"><path d=\"M304 48c0 26.51-21.49 48-48 48s-48-21.49-48-48 21.49-48 48-48 48 21.49 48 48zm-48 368c-26.51 0-48 21.49-48 48s21.49 48 48 48 48-21.49 48-48-21.49-48-48-48zm208-208c-26.51 0-48 21.49-48 48s21.49 48 48 48 48-21.49 48-48-21.49-48-48-48zM96 256c0-26.51-21.49-48-48-48S0 229.49 0 256s21.49 48 48 48 48-21.49 48-48zm12.922 99.078c-26.51 0-48 21.49-48 48s21.49 48 48 48 48-21.49 48-48c0-26.509-21.491-48-48-48zm294.156 0c-26.51 0-48 21.49-48 48s21.49 48 48 48 48-21.49 48-48c0-26.509-21.49-48-48-48zM108.922 60.922c-26.51 0-48 21.49-48 48s21.49 48 48 48 48-21.49 48-48-21.491-48-48-48z\"><\/path><\/svg>\t\t\t<\/span>\n\t\t\n\t\t\t\t<div class=\"e-load-more-anchor\" data-page=\"1\" data-max-page=\"2\" data-next-page=\"https:\/\/iamerica.org\/vi\/wp-json\/wp\/v2\/pages\/972\/page\/2\/\"><\/div>\n\t\t\t\t<div class=\"elementor-button-wrapper\">\n\t\t\t<a class=\"elementor-button elementor-size-sm\" role=\"button\">\n\t\t\t\t\t\t<span class=\"elementor-button-content-wrapper\">\n\t\t\t\t\t\t\t\t\t<span class=\"elementor-button-text\">T\u1ea3i th\u00eam<\/span>\n\t\t\t\t\t<\/span>\n\t\t\t\t\t<\/a>\n\t\t<\/div>\n\t\t\t\t<div class=\"e-load-more-message\"><\/div>\n\t\t\t\t\t\t<\/div>\n\t\t\t\t<\/div>\n\t\t\t\t\t<\/div>\n\t\t<\/div>\n\t\t\t\t\t<\/div>\n\t\t<\/section>\n\t\t\t\t<\/div>","protected":false},"excerpt":{"rendered":"","protected":false},"author":1,"featured_media":1111,"parent":0,"menu_order":0,"comment_status":"closed","ping_status":"closed","template":"","meta":{"footnotes":"","_links_to":"","_links_to_target":""},"class_list":["post-972","page","type-page","status-publish","has-post-thumbnail","hentry"],"yoast_head":"<!-- This site is optimized with the Yoast SEO plugin v27.3 - https:\/\/yoast.com\/product\/yoast-seo-wordpress\/ -->\n<title>News - iAmerica<\/title>\n<meta name=\"description\" content=\"Stay updated with iAmerica News. Get the latest updates, stories, and information on immigrant rights, advocacy, and community events.\" \/>\n<meta name=\"robots\" content=\"index, follow, max-snippet:-1, max-image-preview:large, max-video-preview:-1\" \/>\n<link rel=\"canonical\" href=\"https:\/\/iamerica.org\/vi\/news\/\" \/>\n<meta property=\"og:locale\" content=\"vi_VN\" \/>\n<meta property=\"og:type\" content=\"article\" \/>\n<meta property=\"og:title\" content=\"News - iAmerica\" \/>\n<meta property=\"og:description\" content=\"Stay updated with iAmerica News. Get the latest updates, stories, and information on immigrant rights, advocacy, and community events.\" \/>\n<meta property=\"og:url\" content=\"https:\/\/iamerica.org\/vi\/news\/\" \/>\n<meta property=\"og:site_name\" content=\"iAmerica\" \/>\n<meta property=\"article:publisher\" content=\"https:\/\/www.facebook.com\/iAmericaorg\/\" \/>\n<meta property=\"article:modified_time\" content=\"2024-07-10T22:18:44+00:00\" \/>\n<meta property=\"og:image\" content=\"https:\/\/iamerica.org\/wp-content\/uploads\/2024\/05\/News.png\" \/>\n\t<meta property=\"og:image:width\" content=\"2160\" \/>\n\t<meta property=\"og:image:height\" content=\"353\" \/>\n\t<meta property=\"og:image:type\" content=\"image\/png\" \/>\n<meta name=\"twitter:card\" content=\"summary_large_image\" \/>\n<meta name=\"twitter:site\" content=\"@iamericaorg\" \/>\n<meta name=\"twitter:label1\" content=\"\u01af\u1edbc t\u00ednh th\u1eddi gian \u0111\u1ecdc\" \/>\n\t<meta name=\"twitter:data1\" content=\"1 ph\u00fat\" \/>\n<script type=\"application\/ld+json\" class=\"yoast-schema-graph\">{\"@context\":\"https:\\\/\\\/schema.org\",\"@graph\":[{\"@type\":\"WebPage\",\"@id\":\"https:\\\/\\\/iamerica.org\\\/ar\\\/news\\\/\",\"url\":\"https:\\\/\\\/iamerica.org\\\/ar\\\/news\\\/\",\"name\":\"News - iAmerica\",\"isPartOf\":{\"@id\":\"https:\\\/\\\/iamerica.org\\\/ru\\\/#website\"},\"primaryImageOfPage\":{\"@id\":\"https:\\\/\\\/iamerica.org\\\/ar\\\/news\\\/#primaryimage\"},\"image\":{\"@id\":\"https:\\\/\\\/iamerica.org\\\/ar\\\/news\\\/#primaryimage\"},\"thumbnailUrl\":\"https:\\\/\\\/iamerica.org\\\/wp-content\\\/uploads\\\/2024\\\/05\\\/News.png\",\"datePublished\":\"2024-05-22T14:52:35+00:00\",\"dateModified\":\"2024-07-10T22:18:44+00:00\",\"description\":\"Stay updated with iAmerica News. Get the latest updates, stories, and information on immigrant rights, advocacy, and community events.\",\"breadcrumb\":{\"@id\":\"https:\\\/\\\/iamerica.org\\\/ar\\\/news\\\/#breadcrumb\"},\"inLanguage\":\"vi\",\"potentialAction\":[{\"@type\":\"ReadAction\",\"target\":[\"https:\\\/\\\/iamerica.org\\\/ar\\\/news\\\/\"]}]},{\"@type\":\"ImageObject\",\"inLanguage\":\"vi\",\"@id\":\"https:\\\/\\\/iamerica.org\\\/ar\\\/news\\\/#primaryimage\",\"url\":\"https:\\\/\\\/iamerica.org\\\/wp-content\\\/uploads\\\/2024\\\/05\\\/News.png\",\"contentUrl\":\"https:\\\/\\\/iamerica.org\\\/wp-content\\\/uploads\\\/2024\\\/05\\\/News.png\",\"width\":2160,\"height\":353},{\"@type\":\"BreadcrumbList\",\"@id\":\"https:\\\/\\\/iamerica.org\\\/ar\\\/news\\\/#breadcrumb\",\"itemListElement\":[{\"@type\":\"ListItem\",\"position\":1,\"name\":\"Home\",\"item\":\"https:\\\/\\\/iamerica.org\\\/\"},{\"@type\":\"ListItem\",\"position\":2,\"name\":\"News\"}]},{\"@type\":\"WebSite\",\"@id\":\"https:\\\/\\\/iamerica.org\\\/ru\\\/#website\",\"url\":\"https:\\\/\\\/iamerica.org\\\/ru\\\/\",\"name\":\"iAmerica\",\"description\":\"\",\"publisher\":{\"@id\":\"https:\\\/\\\/iamerica.org\\\/ru\\\/#organization\"},\"potentialAction\":[{\"@type\":\"SearchAction\",\"target\":{\"@type\":\"EntryPoint\",\"urlTemplate\":\"https:\\\/\\\/iamerica.org\\\/ru\\\/?s={search_term_string}\"},\"query-input\":{\"@type\":\"PropertyValueSpecification\",\"valueRequired\":true,\"valueName\":\"search_term_string\"}}],\"inLanguage\":\"vi\"},{\"@type\":\"Organization\",\"@id\":\"https:\\\/\\\/iamerica.org\\\/ru\\\/#organization\",\"name\":\"iAmerica\",\"url\":\"https:\\\/\\\/iamerica.org\\\/ru\\\/\",\"logo\":{\"@type\":\"ImageObject\",\"inLanguage\":\"vi\",\"@id\":\"https:\\\/\\\/iamerica.org\\\/ru\\\/#\\\/schema\\\/logo\\\/image\\\/\",\"url\":\"https:\\\/\\\/iamerica.org\\\/wp-content\\\/uploads\\\/2024\\\/05\\\/iAmerica_Logo_Navy.png\",\"contentUrl\":\"https:\\\/\\\/iamerica.org\\\/wp-content\\\/uploads\\\/2024\\\/05\\\/iAmerica_Logo_Navy.png\",\"width\":2309,\"height\":626,\"caption\":\"iAmerica\"},\"image\":{\"@id\":\"https:\\\/\\\/iamerica.org\\\/ru\\\/#\\\/schema\\\/logo\\\/image\\\/\"},\"sameAs\":[\"https:\\\/\\\/www.facebook.com\\\/iAmericaorg\\\/\",\"https:\\\/\\\/x.com\\\/iamericaorg\",\"https:\\\/\\\/www.instagram.com\\\/iamericaorg\"]}]}<\/script>\n<!-- \/ Yoast SEO plugin. -->","yoast_head_json":{"title":"Tin t\u1ee9c - iAmerica","description":"C\u1eadp nh\u1eadt tin t\u1ee9c v\u1edbi iAmerica News. Nh\u1eadn nh\u1eefng tin t\u1ee9c, c\u00e2u chuy\u1ec7n v\u00e0 th\u00f4ng tin m\u1edbi nh\u1ea5t v\u1ec1 quy\u1ec1n c\u1ee7a ng\u01b0\u1eddi nh\u1eadp c\u01b0, ho\u1ea1t \u0111\u1ed9ng v\u1eadn \u0111\u1ed9ng v\u00e0 c\u00e1c s\u1ef1 ki\u1ec7n c\u1ed9ng \u0111\u1ed3ng.","robots":{"index":"index","follow":"follow","max-snippet":"max-snippet:-1","max-image-preview":"max-image-preview:large","max-video-preview":"max-video-preview:-1"},"canonical":"https:\/\/iamerica.org\/vi\/news\/","og_locale":"vi_VN","og_type":"article","og_title":"News - iAmerica","og_description":"Stay updated with iAmerica News. Get the latest updates, stories, and information on immigrant rights, advocacy, and community events.","og_url":"https:\/\/iamerica.org\/vi\/news\/","og_site_name":"iAmerica","article_publisher":"https:\/\/www.facebook.com\/iAmericaorg\/","article_modified_time":"2024-07-10T22:18:44+00:00","og_image":[{"width":2160,"height":353,"url":"https:\/\/iamerica.org\/wp-content\/uploads\/2024\/05\/News.png","type":"image\/png"}],"twitter_card":"summary_large_image","twitter_site":"@iamericaorg","twitter_misc":{"\u01af\u1edbc t\u00ednh th\u1eddi gian \u0111\u1ecdc":"1 ph\u00fat"},"schema":{"@context":"https:\/\/schema.org","@graph":[{"@type":"WebPage","@id":"https:\/\/iamerica.org\/ar\/news\/","url":"https:\/\/iamerica.org\/ar\/news\/","name":"Tin t\u1ee9c - iAmerica","isPartOf":{"@id":"https:\/\/iamerica.org\/ru\/#website"},"primaryImageOfPage":{"@id":"https:\/\/iamerica.org\/ar\/news\/#primaryimage"},"image":{"@id":"https:\/\/iamerica.org\/ar\/news\/#primaryimage"},"thumbnailUrl":"https:\/\/iamerica.org\/wp-content\/uploads\/2024\/05\/News.png","datePublished":"2024-05-22T14:52:35+00:00","dateModified":"2024-07-10T22:18:44+00:00","description":"C\u1eadp nh\u1eadt tin t\u1ee9c v\u1edbi iAmerica News. Nh\u1eadn nh\u1eefng tin t\u1ee9c, c\u00e2u chuy\u1ec7n v\u00e0 th\u00f4ng tin m\u1edbi nh\u1ea5t v\u1ec1 quy\u1ec1n c\u1ee7a ng\u01b0\u1eddi nh\u1eadp c\u01b0, ho\u1ea1t \u0111\u1ed9ng v\u1eadn \u0111\u1ed9ng v\u00e0 c\u00e1c s\u1ef1 ki\u1ec7n c\u1ed9ng \u0111\u1ed3ng.","breadcrumb":{"@id":"https:\/\/iamerica.org\/ar\/news\/#breadcrumb"},"inLanguage":"vi","potentialAction":[{"@type":"ReadAction","target":["https:\/\/iamerica.org\/ar\/news\/"]}]},{"@type":"ImageObject","inLanguage":"vi","@id":"https:\/\/iamerica.org\/ar\/news\/#primaryimage","url":"https:\/\/iamerica.org\/wp-content\/uploads\/2024\/05\/News.png","contentUrl":"https:\/\/iamerica.org\/wp-content\/uploads\/2024\/05\/News.png","width":2160,"height":353},{"@type":"BreadcrumbList","@id":"https:\/\/iamerica.org\/ar\/news\/#breadcrumb","itemListElement":[{"@type":"ListItem","position":1,"name":"Home","item":"https:\/\/iamerica.org\/"},{"@type":"ListItem","position":2,"name":"News"}]},{"@type":"WebSite","@id":"https:\/\/iamerica.org\/ru\/#website","url":"https:\/\/iamerica.org\/ru\/","name":"iM\u1ef9","description":"","publisher":{"@id":"https:\/\/iamerica.org\/ru\/#organization"},"potentialAction":[{"@type":"SearchAction","target":{"@type":"EntryPoint","urlTemplate":"https:\/\/iamerica.org\/ru\/?s={search_term_string}"},"query-input":{"@type":"PropertyValueSpecification","valueRequired":true,"valueName":"search_term_string"}}],"inLanguage":"vi"},{"@type":"Organization","@id":"https:\/\/iamerica.org\/ru\/#organization","name":"iM\u1ef9","url":"https:\/\/iamerica.org\/ru\/","logo":{"@type":"ImageObject","inLanguage":"vi","@id":"https:\/\/iamerica.org\/ru\/#\/schema\/logo\/image\/","url":"https:\/\/iamerica.org\/wp-content\/uploads\/2024\/05\/iAmerica_Logo_Navy.png","contentUrl":"https:\/\/iamerica.org\/wp-content\/uploads\/2024\/05\/iAmerica_Logo_Navy.png","width":2309,"height":626,"caption":"iAmerica"},"image":{"@id":"https:\/\/iamerica.org\/ru\/#\/schema\/logo\/image\/"},"sameAs":["https:\/\/www.facebook.com\/iAmericaorg\/","https:\/\/x.com\/iamericaorg","https:\/\/www.instagram.com\/iamericaorg"]}]}},"_links":{"self":[{"href":"https:\/\/iamerica.org\/vi\/wp-json\/wp\/v2\/pages\/972","targetHints":{"allow":["GET"]}}],"collection":[{"href":"https:\/\/iamerica.org\/vi\/wp-json\/wp\/v2\/pages"}],"about":[{"href":"https:\/\/iamerica.org\/vi\/wp-json\/wp\/v2\/types\/page"}],"author":[{"embeddable":true,"href":"https:\/\/iamerica.org\/vi\/wp-json\/wp\/v2\/users\/1"}],"replies":[{"embeddable":true,"href":"https:\/\/iamerica.org\/vi\/wp-json\/wp\/v2\/comments?post=972"}],"version-history":[{"count":0,"href":"https:\/\/iamerica.org\/vi\/wp-json\/wp\/v2\/pages\/972\/revisions"}],"wp:featuredmedia":[{"embeddable":true,"href":"https:\/\/iamerica.org\/vi\/wp-json\/wp\/v2\/media\/1111"}],"wp:attachment":[{"href":"https:\/\/iamerica.org\/vi\/wp-json\/wp\/v2\/media?parent=972"}],"curies":[{"name":"wp","href":"https:\/\/api.w.org\/{rel}","templated":true}]}}